{"id":10185,"date":"2021-04-07T05:45:59","date_gmt":"2021-04-07T04:45:59","guid":{"rendered":"http:\/\/old.libradio.org\/?page_id=10185"},"modified":"2022-11-21T12:15:23","modified_gmt":"2022-11-21T11:15:23","slug":"c-l-s-cercle-de-lecture-sociale","status":"publish","type":"page","link":"https:\/\/old.libradio.org\/?page_id=10185","title":{"rendered":"C.L.S.-Cercle de lecture sociale"},"content":{"rendered":"<hr \/>\n<p>Textes lus, in\u00e9dits au format audio, ayant trait \u00e0 la critique et la transformation sociale radicale. Pr\u00e9sentation. [ATTENTION: archives des LIVE dessous]<\/p>\n<div style=\"width: 400px;\" class=\"wp-video\"><!--[if lt IE 9]><script>document.createElement('video');<\/script><![endif]-->\n<video class=\"wp-video-shortcode\" id=\"video-10185-1\" width=\"400\" height=\"250\" preload=\"metadata\" controls=\"controls\"><source type=\"video\/mp4\" src=\"https:\/\/old.libradio.org\/wp-content\/uploads\/2021\/04\/insta-intro27.mp4?_=1\" \/><a href=\"https:\/\/old.libradio.org\/wp-content\/uploads\/2021\/04\/insta-intro27.mp4\">https:\/\/old.libradio.org\/wp-content\/uploads\/2021\/04\/insta-intro27.mp4<\/a><\/video><\/div>\n<p>Le Cercle de Lecture Sociale, quelques consid\u00e9rations liminaires. <a href=\"https:\/\/old.libradio.org\/wp-content\/uploads\/2021\/04\/CLS_E_1.pdf\"><strong>CLS_E_1|PDF<\/strong><\/a><\/p>\n<ul>\n<li>Canal TELEGRAM pour pr\u00e9parer les lectures et distribuer les sources: <strong><a href=\"https:\/\/t.me\/csl_cercledelecturesociales\" target=\"_blank\" rel=\"noopener\">ICI<\/a><\/strong><\/li>\n<li>Instance PEERTUBE pour archiver et diffuser les contenus: <strong><a href=\"https:\/\/video.liberta.vip\/video-channels\/cercle_de_lecture_sociale\/videos\" target=\"_blank\" rel=\"noopener\">ICI<\/a><\/strong><\/li>\n<\/ul>\n<p><center><br \/>\n<a href=\"https:\/\/old.libradio.org\/wp-content\/uploads\/2022\/05\/cls_logo_1.png\"><img decoding=\"async\" loading=\"lazy\" class=\"aligncenter size-medium wp-image-12360\" src=\"https:\/\/old.libradio.org\/wp-content\/uploads\/2022\/05\/cls_logo_1-225x300.png\" alt=\"\" width=\"225\" height=\"300\" srcset=\"https:\/\/old.libradio.org\/wp-content\/uploads\/2022\/05\/cls_logo_1-225x300.png 225w, https:\/\/old.libradio.org\/wp-content\/uploads\/2022\/05\/cls_logo_1.png 378w\" sizes=\"(max-width: 225px) 100vw, 225px\" \/><\/a><\/center><\/p>\n<p>Contact mail: <strong>info@libradio.org<\/strong><\/p>\n<p><span style=\"font-size: x-large;\">Pourquoi?<\/span><\/p>\n<p>Visibiliser et mettre \u00e0 disposition au format audio des textes m\u00e9connus ou inaccessibles et \u00e9pars. Leur rendre leur souffle, r\u00e9volutionnaire et les r\u00e9installer dans leur contextes.<\/p>\n<p><span style=\"font-size: x-large;\">Comment?<\/span><br \/>\nD\u00e9busquer des textes originaux, les contextualiser et les faire r\u00e9sonner avec le souffle de leur temps et celui qui les rend, aujourd&rsquo;hui encore ou \u00e0 nouveau, essentiels \u00e9nergiques, dynamiques et fervents.<\/p>\n<p><span style=\"font-size: x-large;\">Qui?<\/span><br \/>\nToustexs qui souhaitons pr\u00eater notre voix, notre c\u0153ur et nos tripes. Soit pour lire soit pour chercher, soit pour compl\u00e9ter les notices bibliographiques. Bienvenue.<\/p>\n<p><span style=\"font-size: x-large;\"><strong><span style=\"color: #xxxxxx;\"><br \/>\nC-L-S les sessions <\/span><\/strong><\/span><br \/>\n[R\u00e9pertoire exhaustif en pied de page]<\/p>\n<hr \/>\n<p><em><strong>Le mouvement Provo (CLS du 20 novembre 2022)<\/strong><\/em><\/p>\n<p>Le mouvement <b>Provo<\/b> est un groupe contestataire et libertaire ayant \u00ab\u00a0anim\u00e9\u00a0\u00bb la vie politico-sociale des Pays-Bas dans les ann\u00e9es 1965-1970 : se r\u00e9clamant \u00e9cologique, antimonarchiste et anti-imp\u00e9rialiste.<\/p>\n<p><span class=\"citation\">\u00ab\u00a0Les provos pr\u00eachent le rejet des disciplines et des hi\u00e9rarchies de la soci\u00e9t\u00e9 industrielle, de l&rsquo;Est comme de l&rsquo;Ouest, au profit d&rsquo;une soci\u00e9t\u00e9 dite \u00ab\u00a0ludique\u00a0\u00bb, o\u00f9 les virtualit\u00e9s cr\u00e9atrices de chacun pourraient s&rsquo;exercer dans une sorte de r\u00e9volution permanente dans le jeu, qui rel\u00e9guerait au second plan les cloisonnements impos\u00e9s par la division du travail<sup id=\"cite_ref-3\" class=\"reference\"><a href=\"https:\/\/fr.wikipedia.org\/wiki\/Provo_(mouvement)#cite_note-3\">3<\/a><\/sup>.\u00a0\u00bb<\/span><\/p>\n<p>Note: vous entendrez, lors de la lecture du dernier texte, le mot \u00ab\u00a0donquikotisme\u00a0\u00bb&#8230; nous avons mit trop longtemps \u00e0 comprendre qu&rsquo;il s&rsquo;agissait d&rsquo;une r\u00e9f\u00e9rence \u00e0 Don Quichotte, l&rsquo;oeuvre litt\u00e9raire, d\u00e9sol\u00e9e pour cette erreur.<\/p>\n<!--[if lt IE 9]><script>document.createElement('audio');<\/script><![endif]-->\n<audio class=\"wp-audio-shortcode\" id=\"audio-10185-1\" preload=\"none\" style=\"width: 100%;\" controls=\"controls\"><source type=\"audio\/mpeg\" src=\"https:\/\/old.libradio.org\/wp-content\/uploads\/2022\/11\/201122-provos.mp3?_=1\" \/><a href=\"https:\/\/old.libradio.org\/wp-content\/uploads\/2022\/11\/201122-provos.mp3\">https:\/\/old.libradio.org\/wp-content\/uploads\/2022\/11\/201122-provos.mp3<\/a><\/audio>\n<p>Sources:<\/p>\n<p><strong><a href=\"https:\/\/old.libradio.org\/wp-content\/uploads\/2022\/11\/01-300666-Combat_-_organe_du_Mouvement_..._bd6t533187g.pdf\" target=\"_blank\" rel=\"noopener\">Combat 30.06.66<\/a><\/strong><\/p>\n<p><strong><a href=\"https:\/\/old.libradio.org\/wp-content\/uploads\/2022\/11\/limpartial-15novembre1966.pdf\" target=\"_blank\" rel=\"noopener\">L&rsquo;impartial 15.06.66<\/a><\/strong><\/p>\n<p><strong><a href=\"https:\/\/old.libradio.org\/wp-content\/uploads\/2022\/11\/05-111167-En_avant_-_bulletin_hebdomadaire_...Armee_du_bpt6k3202691k.pdf\" target=\"_blank\" rel=\"noopener\">En avant 11.11.67<\/a><\/strong><\/p>\n<p><strong><a href=\"https:\/\/old.libradio.org\/wp-content\/uploads\/2022\/11\/06-construire-3avril1968-.pdf\" target=\"_blank\" rel=\"noopener\">Construire 03.04.68<\/a><\/strong><\/p>\n<p><strong><a href=\"https:\/\/fr.wikipedia.org\/wiki\/Provo_(mouvement)\" target=\"_blank\" rel=\"noopener\">Les Provos sur Wikip\u00e9dia<\/a><\/strong><\/p>\n<p><a href=\"https:\/\/old.libradio.org\/wp-content\/uploads\/2022\/11\/affiche-4.jpg\"><img decoding=\"async\" loading=\"lazy\" class=\"alignnone size-medium wp-image-12936\" src=\"https:\/\/old.libradio.org\/wp-content\/uploads\/2022\/11\/affiche-4-300x202.jpg\" alt=\"\" width=\"300\" height=\"202\" srcset=\"https:\/\/old.libradio.org\/wp-content\/uploads\/2022\/11\/affiche-4-300x202.jpg 300w, https:\/\/old.libradio.org\/wp-content\/uploads\/2022\/11\/affiche-4.jpg 756w\" sizes=\"(max-width: 300px) 100vw, 300px\" \/><\/a><\/p>\n<hr \/>\n<p><em><strong>LA LIBERTE 1886-1887 (CLS du 06 novembre 2022)<\/strong><\/em><\/p>\n<p>Organe communiste anarchiste imprim\u00e9 en Belgique pendant environ 1 an, \u00e0 hauteur de 5 num\u00e9ros. Parce que partout o\u00f9 sont les anarchistes, des journaux existent ! Deux articles et deux po\u00e8mes sont lus.<\/p>\n<audio class=\"wp-audio-shortcode\" id=\"audio-10185-2\" preload=\"none\" style=\"width: 100%;\" controls=\"controls\"><source type=\"audio\/mpeg\" src=\"https:\/\/old.libradio.org\/wp-content\/uploads\/2022\/11\/2022-11-06_12h32m44s-2.mp3?_=2\" \/><a href=\"https:\/\/old.libradio.org\/wp-content\/uploads\/2022\/11\/2022-11-06_12h32m44s-2.mp3\">https:\/\/old.libradio.org\/wp-content\/uploads\/2022\/11\/2022-11-06_12h32m44s-2.mp3<\/a><\/audio>\n<p>Sources :<\/p>\n<p><a href=\"https:\/\/old.libradio.org\/wp-content\/uploads\/2022\/11\/ARC-MUND-ANAR-30-14-LIBERTE-18861023.pdf\">La Libert\u00e9 23.10.1886<\/a><\/p>\n<p><a href=\"https:\/\/old.libradio.org\/wp-content\/uploads\/2022\/11\/ARC-MUND-ANAR-30-14-LIBERTE-18861030.pdf\">La Libert\u00e9 30.10.1886<\/a><\/p>\n<p><a href=\"https:\/\/old.libradio.org\/wp-content\/uploads\/2022\/11\/ARC-MUND-ANAR-30-14-LIBERTE-18870501.pdf\">La Libert\u00e9 01.05.1987<\/a><\/p>\n<p><a href=\"https:\/\/old.libradio.org\/wp-content\/uploads\/2022\/11\/ARC-MUND-ANAR-30-14-LIBERTE-18870515.pdf\">La Libert\u00e9 15.05.1887<\/a><\/p>\n<p><a href=\"https:\/\/old.libradio.org\/wp-content\/uploads\/2022\/11\/Liconoclasta_1.jpg\"><img decoding=\"async\" loading=\"lazy\" class=\"alignnone size-medium wp-image-12846\" src=\"https:\/\/old.libradio.org\/wp-content\/uploads\/2022\/11\/Liconoclasta_1-219x300.jpg\" alt=\"\" width=\"219\" height=\"300\" srcset=\"https:\/\/old.libradio.org\/wp-content\/uploads\/2022\/11\/Liconoclasta_1-219x300.jpg 219w, https:\/\/old.libradio.org\/wp-content\/uploads\/2022\/11\/Liconoclasta_1.jpg 700w\" sizes=\"(max-width: 219px) 100vw, 219px\" \/><\/a><\/p>\n<hr \/>\n<p><em><strong>K\u014cTOKU SH\u016aSUI 1871-1911 (CLS du 23 octobre 2022)<br \/>\n<\/strong><\/em><\/p>\n<p>Pionnier du socialisme japonais, K\u014dtoku Sh\u016bsui (dont le vrai nom personnel est Denjir\u014d) \u00e9volua \u00e0 la fin de sa vie vers l&rsquo;anarcho-syndicalisme. Il exer\u00e7a sur le mouvement socialiste du Japon une influence de premier plan par ses brillants \u00e9crits. Son nom reste associ\u00e9 au complot de haute trahison de 1910 dont on ne sait s&rsquo;il exista vraiment, mais qui servit de pr\u00e9texte \u00e0 l&rsquo;ex\u00e9cution de K\u014dtoku et de onze autres anarchistes.<\/p>\n<audio class=\"wp-audio-shortcode\" id=\"audio-10185-3\" preload=\"none\" style=\"width: 100%;\" controls=\"controls\"><source type=\"audio\/mpeg\" src=\"https:\/\/old.libradio.org\/wp-content\/uploads\/2022\/10\/102322-kotoku.mp3?_=3\" \/><a href=\"https:\/\/old.libradio.org\/wp-content\/uploads\/2022\/10\/102322-kotoku.mp3\">https:\/\/old.libradio.org\/wp-content\/uploads\/2022\/10\/102322-kotoku.mp3<\/a><\/audio>\n<p><a href=\"https:\/\/old.libradio.org\/wp-content\/uploads\/2022\/10\/Martyrsanarchistesjaponais.jpg\"><img decoding=\"async\" loading=\"lazy\" class=\"alignnone size-medium wp-image-12809\" src=\"https:\/\/old.libradio.org\/wp-content\/uploads\/2022\/10\/Martyrsanarchistesjaponais-192x300.jpg\" alt=\"\" width=\"192\" height=\"300\" srcset=\"https:\/\/old.libradio.org\/wp-content\/uploads\/2022\/10\/Martyrsanarchistesjaponais-192x300.jpg 192w, https:\/\/old.libradio.org\/wp-content\/uploads\/2022\/10\/Martyrsanarchistesjaponais.jpg 512w\" sizes=\"(max-width: 192px) 100vw, 192px\" \/><\/a><\/p>\n<p><strong>Articles lus:<\/strong><\/p>\n<p><a href=\"https:\/\/www.ephemanar.net\/octobre18.html\" target=\"_blank\" rel=\"noopener\"><strong>Ephemanar du 18.11.<\/strong><\/a><\/p>\n<p><strong><a href=\"https:\/\/old.libradio.org\/wp-content\/uploads\/2022\/10\/1-LHumanite_-_journal_socialiste_quotidien_Parti_communiste_bpt6k252631d.pdf\" target=\"_blank\" rel=\"noopener\">L&rsquo;Humanit\u00e9 19.01.1911.<\/a><\/strong><\/p>\n<p><strong><a href=\"https:\/\/old.libradio.org\/wp-content\/uploads\/2022\/10\/2-LRA_19110121.pdf\" target=\"_blank\" rel=\"noopener\">Le R\u00e9veil anarchiste 21.01.1911.<\/a><\/strong><\/p>\n<p><a href=\"https:\/\/old.libradio.org\/wp-content\/uploads\/2022\/10\/3-LHumanite_-_journal_socialiste_quotidien_Parti_communiste_bpt6k252632s.pdf\" target=\"_blank\" rel=\"noopener\"><strong>L&rsquo;Humanit\u00e9 20.01.1911.<\/strong><\/a><\/p>\n<p><strong><a href=\"https:\/\/old.libradio.org\/wp-content\/uploads\/2022\/10\/4-LHumanite_-_journal_socialiste_quotidien_Parti_communiste_bpt6k2526335.pdf\" target=\"_blank\" rel=\"noopener\">L&rsquo;Humanit\u00e9 21.01.1911.<\/a><\/strong><\/p>\n<p><strong><a href=\"https:\/\/old.libradio.org\/wp-content\/uploads\/2022\/10\/5-LHumanite_-_journal_socialiste_quotidien_Parti_communiste_bpt6k252637p.pdf\" target=\"_blank\" rel=\"noopener\">L&rsquo;Humanit\u00e9 25.01.1911.<\/a><\/strong><\/p>\n<hr \/>\n<p><strong><i>Assassinat de F. Ferrer (CLS du 09 octobre 2022)<\/i><\/strong><\/p>\n<p>Les 9 et 10 octobre 1909 un proc\u00e8s exp\u00e9ditif s&rsquo;est tenu en Espagne. A la barre des accus\u00e9s, entre autres,<br \/>\nFrancisco Ferrer.<\/p>\n<p>Initiateur de l&rsquo;\u00e9cole moderne. Une \u00e9cole r\u00e9volutionnaire pour l&rsquo;\u00e9poque ! Une \u00e9cole mixte, la\u00efque, d&rsquo;esprit libertaire bas\u00e9e sur l&rsquo;\u00e9galit\u00e9 sociale et ax\u00e9e sur l&rsquo;enseignement du savoir, le respect de la nature l&rsquo;autonomie et la collaboration entre les enfants.<\/p>\n<p>Cette \u00e9cole ouverte en 1901 fut ferm\u00e9e en 1906 apr\u00e8s qu&rsquo;un des professeurs soit m\u00eal\u00e9 \u00e0 un attenta \u00e0 la bombe. En 1909, \u00e0 la suite des \u00e9v\u00e9nements de la semaine tragique \u00e0 Barcelone, il est accus\u00e9, notamment par le clerg\u00e9 catholique, d&rsquo;en \u00eatre l&rsquo;un des instigateurs.<\/p>\n<p>Condamn\u00e9 \u00e0 mort par un tribunal militaire \u00e0 l&rsquo;issue d&rsquo;une parodie de proc\u00e8s, il est fusill\u00e9 le 13 octobre. Son ex\u00e9cution provoque un important mouvement international de protestation. Martyr de la cause libertaire il rejoint la longue liste des anarchistes qui ont \u00e9t\u00e9 tu\u00e9s pour ce qu&rsquo;ils repr\u00e9sentaient. L&rsquo;ordre sans le pouvoir, l&rsquo;autonomie, l&rsquo;\u00e9galit\u00e9 sociale.<\/p>\n<audio class=\"wp-audio-shortcode\" id=\"audio-10185-4\" preload=\"none\" style=\"width: 100%;\" controls=\"controls\"><source type=\"audio\/mpeg\" src=\"https:\/\/old.libradio.org\/wp-content\/uploads\/2022\/10\/100922-cls-ferrer.mp3?_=4\" \/><a href=\"https:\/\/old.libradio.org\/wp-content\/uploads\/2022\/10\/100922-cls-ferrer.mp3\">https:\/\/old.libradio.org\/wp-content\/uploads\/2022\/10\/100922-cls-ferrer.mp3<\/a><\/audio>\n<p><a href=\"https:\/\/old.libradio.org\/wp-content\/uploads\/2022\/10\/Francisco_Ferrer.jpg\"><img decoding=\"async\" loading=\"lazy\" class=\"aligncenter wp-image-12762 size-medium\" src=\"https:\/\/old.libradio.org\/wp-content\/uploads\/2022\/10\/Francisco_Ferrer-233x300.jpg\" alt=\"\" width=\"233\" height=\"300\" srcset=\"https:\/\/old.libradio.org\/wp-content\/uploads\/2022\/10\/Francisco_Ferrer-233x300.jpg 233w, https:\/\/old.libradio.org\/wp-content\/uploads\/2022\/10\/Francisco_Ferrer.jpg 588w\" sizes=\"(max-width: 233px) 100vw, 233px\" \/><\/a><\/p>\n<p><strong>Articles lus:<\/strong><\/p>\n<p><strong><a href=\"https:\/\/old.libradio.org\/wp-content\/uploads\/2022\/10\/0810-LHumanite\u0301_-_journal_socialiste_quotidien_Parti_communiste_bpt6k2521675.pdf\">L&rsquo;Humanite\u0301 08.10.1909.<\/a><\/strong><\/p>\n<p><strong><a href=\"https:\/\/old.libradio.org\/wp-content\/uploads\/2022\/10\/0910-LHumanite\u0301_-_journal_socialiste_quotidien_Parti_communiste_bpt6k252168j-moi.pdf\">L&rsquo;Humanite\u0301 09.10.1909.<\/a><\/strong><\/p>\n<p><strong><a href=\"https:\/\/old.libradio.org\/wp-content\/uploads\/2022\/10\/0910-LRA_19091009-moi.pdf\">Le R\u00e9veil Anarchiste 09.10.1909.<\/a><\/strong><\/p>\n<p><strong><a href=\"https:\/\/old.libradio.org\/wp-content\/uploads\/2022\/10\/1310-LHumanite\u0301_-_journal_socialiste_quotidien_Parti_communiste_bpt6k252172m-moi.pdf\">L&rsquo;Humanite\u0301 13.10.1909.<\/a><\/strong><\/p>\n<p><strong><a href=\"https:\/\/old.libradio.org\/wp-content\/uploads\/2022\/10\/1410-JDJ_19091014.pdf\">Journal du Jura 14.10.1909.<\/a><\/strong><\/p>\n<p><strong><a href=\"https:\/\/old.libradio.org\/wp-content\/uploads\/2022\/10\/1410-LHumanite\u0301_-_journal_socialiste_quotidien_Parti_communiste_bpt6k2521730.pdf\">L&rsquo;Humanite\u0301 14.10.1909.<\/a><\/strong><\/p>\n<p><strong><a href=\"https:\/\/old.libradio.org\/wp-content\/uploads\/2022\/10\/201034-LRA_19341020.pdf\">Le R\u00e9veil Anarchiste 20.10.1934.<\/a><\/strong><\/p>\n<hr \/>\n<p><strong><i>R\u00e9pression de la Critical Mass (CLS du 25 septembre 2022)<br \/>\n<\/i><\/strong><\/p>\n<p><strong><br \/>\n<\/strong>Amiexs du v\u00e9lo,<\/p>\n<p>ce dimanche, le CLS a donn\u00e9 un peu de voix pour les rebelles du bitume, les r\u00eaveurs en bande! Pour ne pas oublier, pour ne pas pardonner, parce que la rue est un droit et qu&rsquo;il faut le reprendre, nous partageons avec vous ces quelques textes qui reviennent sur le contexte suisse mais aussi international. Bonne \u00e9coute!<\/p>\n<audio class=\"wp-audio-shortcode\" id=\"audio-10185-5\" preload=\"none\" style=\"width: 100%;\" controls=\"controls\"><source type=\"audio\/mpeg\" src=\"https:\/\/old.libradio.org\/wp-content\/uploads\/2022\/09\/092522-cls-critical-mass.mp3?_=5\" \/><a href=\"https:\/\/old.libradio.org\/wp-content\/uploads\/2022\/09\/092522-cls-critical-mass.mp3\">https:\/\/old.libradio.org\/wp-content\/uploads\/2022\/09\/092522-cls-critical-mass.mp3<\/a><\/audio>\n<p><strong>Les liens des articles :<\/strong><\/p>\n<p>1\/ <a href=\"https:\/\/www.sfgate.com\/news\/article\/PAGE-ONE-S-F-Bike-Chaos-250-Arrests-2815897.php\">Chaos cycliste \u00e0 San Francisco (1997)<\/a><\/p>\n<p>2\/ <a href=\"https:\/\/renverse.co\/infos-locales\/article\/contre-la-repression-de-la-critical-mass-de-geneve-rendez-vous-le-28-aout-2727\">Article de Renverse (2020)<\/a><\/p>\n<p>3\/ <a href=\"https:\/\/cmsupport.wordpress.com\/2008\/07\/22\/83107-critical-mass-legal-support-summary-and-rnc-update\/\">Article de la Minneapolis Critical Mass Arrestee Support (2008)<\/a><\/p>\n<p>4\/ <a href=\"https:\/\/www.rts.ch\/info\/regions\/geneve\/12589734-verdict-en-demiteinte-pour-les-cyclistes-de-critical-mass.html\">Verdict en demi-teinte pour les cyclistes de la Critical Mass (2021)<\/a><\/p>\n<ul>\n<li>Une superbe <a href=\"https:\/\/criticalmass.fandom.com\/wiki\/Timeline_First_Rides\">encyclop\u00e9die<\/a> riche d&rsquo;informations sur les Critical<\/li>\n<li>Le documentaire <a href=\"https:\/\/www.imdb.com\/title\/tt0784837\/\">\u00ab\u00a0Still we ride\u00a0\u00bb (2005)<\/a> qui raconte la r\u00e9pression \u00e0 la Critical Mass du 27.08.2004 \u00e0 New York (R\u00e9alisation :\u00a0Andrew Lynn, Elizabeth Press, Chris Ryan)<\/li>\n<li>Le livre pr\u00e9cieux \u00e9dit\u00e9 par Chris Carlsson, appel\u00e9 <a href=\"https:\/\/www.google.fr\/books\/edition\/Critical_Mass\/iVpHsLMgiCcC?hl=en&amp;gbpv=0\">\u00ab\u00a0Critical Mass, Bicycling&rsquo;s Defiant Celebration\u00a0\u00bb (2002)<\/a><\/li>\n<li>Autres articles int\u00e9ressants &#8230;\n<ul>\n<li><a href=\"https:\/\/www.sfgate.com\/news\/article\/Brown-Take-bikes-of-busted-cyclists-3107116.php\">San Francisco, 1997<\/a><\/li>\n<li><a href=\"http:\/\/www.mediastudy.com\/articles\/av5-27-04.html\">Buffalo, 2003<\/a> &#8211; tristement renomm\u00e9e la critical massacre&#8230;<\/li>\n<li>New York, 2004 <a href=\"http:\/\/edition.cnn.com\/2004\/ALLPOLITICS\/08\/28\/rnc.bike.protest\/\">(1)<\/a> et <a href=\"https:\/\/usatoday30.usatoday.com\/news\/nation\/2004-11-15-bikes-new-york_x.htm\">(2)<\/a>&#8211; arrestations de masse<\/li>\n<li><a href=\"https:\/\/www.democracynow.org\/2005\/3\/28\/nypd_attempts_to_criminalize_bike_riders\">New York, 2005<\/a> &#8211; criminalisation des Critical Mass<\/li>\n<li><a href=\"https:\/\/news.google.com\/newspapers?id=pF1WAAAAIBAJ&amp;sjid=qfADAAAAIBAJ&amp;pg=4190%2C4508834\">Oregon, 2006<\/a> &#8211; de la difficult\u00e9 de r\u00e9primer quand on ne trouve pas de leader&#8230;<\/li>\n<li><a href=\"https:\/\/www.indymedia.org.uk\/en\/regions\/world\/2006\/05\/339278.html\">Stockholm, 2006<\/a><\/li>\n<li><a href=\"https:\/\/www.nytimes.com\/2010\/04\/24\/nyregion\/24pogan.html\">New York, 2008<\/a> &#8211; mensonge policier \u00e0 la Critical Mass de 2007<\/li>\n<li><a href=\"https:\/\/bikeportland.org\/2011\/11\/23\/the-bike-swarm-evolves-into-a-movement-of-its-own-62399\">New York, 2011<\/a> &#8211; les bikes swarm d&rsquo;Occupy Wall Street<\/li>\n<li><a href=\"https:\/\/www.theguardian.com\/environment\/bike-blog\/2012\/jul\/30\/critical-mass-arrest-olympic-games?newsfeed=true\">Londres, 2012<\/a> &#8211; les JO encercl\u00e9s<\/li>\n<\/ul>\n<\/li>\n<\/ul>\n<p><a href=\"https:\/\/old.libradio.org\/wp-content\/uploads\/2022\/10\/flyer.png\"><img decoding=\"async\" loading=\"lazy\" class=\"alignnone size-medium wp-image-12747\" src=\"https:\/\/old.libradio.org\/wp-content\/uploads\/2022\/10\/flyer-300x190.png\" alt=\"\" width=\"300\" height=\"190\" srcset=\"https:\/\/old.libradio.org\/wp-content\/uploads\/2022\/10\/flyer-300x190.png 300w, https:\/\/old.libradio.org\/wp-content\/uploads\/2022\/10\/flyer-768x487.png 768w, https:\/\/old.libradio.org\/wp-content\/uploads\/2022\/10\/flyer.png 1018w\" sizes=\"(max-width: 300px) 100vw, 300px\" \/><\/a><\/p>\n<hr \/>\n<p><strong><i>03 janvier 2022- Si\u00e8ge de Stepney (CLS du 11 septembre 2022)<br \/>\n<\/i><\/strong><\/p>\n<p><strong><br \/>\n<\/strong>Tr\u00e8s ch\u00e8resx toutesx,<\/p>\n<p>C&rsquo;est encore une fois lourds de tristesse que l&rsquo;\u00e9quipe de librAdio prend le micro. TAZ nous a quitt\u00e9. Ce grand d\u00e9fenseur de la gauche radicale genevoise, premier p\u00e9daleur de la critical du temps o\u00f9 il le pouvait encore, nous laisse un nouveau vide incommensurable. Merci pour ce que tu \u00e9tais et pour tout ce que tu laisses dans nos c\u0153urs et dans nos t\u00eates, on t&rsquo;aime pour toujours.<\/p>\n<p>Lors de ce CLS nous te rendons hommage \u00e0 notre fa\u00e7on, via les prises de paroles lors du proc\u00e8s des inculp\u00e9esx de la critical (26 ao\u00fbt). Puis, on parle un peu de Kramps aussi; parce que se taire c&rsquo;est oublier, vous serez toujours l\u00e0.<\/p>\n<p><a href=\"https:\/\/old.libradio.org\/wp-content\/uploads\/2022\/09\/taz.jpg\"><img decoding=\"async\" loading=\"lazy\" class=\"aligncenter wp-image-12710\" src=\"https:\/\/old.libradio.org\/wp-content\/uploads\/2022\/09\/taz-200x300.jpg\" alt=\"\" width=\"284\" height=\"426\" srcset=\"https:\/\/old.libradio.org\/wp-content\/uploads\/2022\/09\/taz-200x300.jpg 200w, https:\/\/old.libradio.org\/wp-content\/uploads\/2022\/09\/taz-682x1024.jpg 682w, https:\/\/old.libradio.org\/wp-content\/uploads\/2022\/09\/taz-768x1152.jpg 768w, https:\/\/old.libradio.org\/wp-content\/uploads\/2022\/09\/taz.jpg 853w\" sizes=\"(max-width: 284px) 100vw, 284px\" \/><\/a><\/p>\n<p>Pour finir, on papote de ce moment historique \u00e0 Londres, o\u00f9 une bataille a oppos\u00e9 forces de l&rsquo;ordre et anarchistes lors d&rsquo;un si\u00e8ge dont peu ressortirons indemnes.<\/p>\n<div style=\"width: 750px;\" class=\"wp-video\"><video class=\"wp-video-shortcode\" id=\"video-10185-2\" width=\"750\" height=\"422\" preload=\"metadata\" controls=\"controls\"><source type=\"video\/mp4\" src=\"https:\/\/old.libradio.org\/wp-content\/uploads\/2022\/09\/CLS-2022-09-11-14-09-18.mp4?_=2\" \/><a href=\"https:\/\/old.libradio.org\/wp-content\/uploads\/2022\/09\/CLS-2022-09-11-14-09-18.mp4\">https:\/\/old.libradio.org\/wp-content\/uploads\/2022\/09\/CLS-2022-09-11-14-09-18.mp4<\/a><\/video><\/div>\n<hr \/>\n<p><i>La Maison de Paille \u00e0 Lausanne, autoconstruction d&rsquo;\u00e9cologie radicale et incendie criminel.<\/i><\/p>\n<p>En 2007 adjacent \u00e0 l&rsquo;Espace Autog\u00e9r\u00e9, un projet op\u00e9rationnel et un laboratoire d&rsquo;\u00e9cologie radicale eurent cours.<\/p>\n<p>Une construction de paille venait questionner les logements, les mat\u00e9riaux, leur qualit\u00e9 et proximit\u00e9 et l&rsquo;impact sur la plan\u00e8te que l&rsquo;on observait. Projet participatif et collaboratif de p\u00e9dagogie populaire. Les passantexs furent invit\u00e9s \u00e0 visiter et \u00e0 s&rsquo;informer aupr\u00e8s des habitantexs de la construction.<\/p>\n<p>La municipalit\u00e9 de Lausanne ne retint rien du fait, harcela les construct&rsquo;heureuses emp\u00eachant la poursuite du projet qui se fini par un incendiaire criminel dont nous paraissent indubitables les commanditaires. Nous lisons les archives de T&rsquo;OKup, journal interstitiel de la mouvance anarca-alterna-feminista-pr\u00e9caire et antifa.<\/p>\n<p><a href=\"https:\/\/old.libradio.org\/wp-content\/uploads\/2022\/05\/moins7.jpg\"><img decoding=\"async\" loading=\"lazy\" class=\"aligncenter size-medium wp-image-12378\" src=\"https:\/\/old.libradio.org\/wp-content\/uploads\/2022\/05\/moins7-300x146.jpg\" alt=\"\" width=\"300\" height=\"146\" srcset=\"https:\/\/old.libradio.org\/wp-content\/uploads\/2022\/05\/moins7-300x146.jpg 300w, https:\/\/old.libradio.org\/wp-content\/uploads\/2022\/05\/moins7-768x373.jpg 768w, https:\/\/old.libradio.org\/wp-content\/uploads\/2022\/05\/moins7-1024x498.jpg 1024w, https:\/\/old.libradio.org\/wp-content\/uploads\/2022\/05\/moins7-600x292.jpg 600w\" sizes=\"(max-width: 300px) 100vw, 300px\" \/><\/a><br \/>\nUn ajout du journal MOINS! d&rsquo;\u00c9cologie sociale, avec une lettre de lecteur qui en dit long sur les attitudes renferm\u00e9es, acrimonieuses des \u00e9diles ou responsable de quoi. Bonne \u00e9coute, les sources sont publi\u00e9es in extenso dessous.<\/p>\n<audio class=\"wp-audio-shortcode\" id=\"audio-10185-6\" preload=\"none\" style=\"width: 100%;\" controls=\"controls\"><source type=\"audio\/mpeg\" src=\"https:\/\/old.libradio.org\/wp-content\/uploads\/2022\/05\/CLS_MaisonPaille_Master.mp3?_=6\" \/><a href=\"https:\/\/old.libradio.org\/wp-content\/uploads\/2022\/05\/CLS_MaisonPaille_Master.mp3\">https:\/\/old.libradio.org\/wp-content\/uploads\/2022\/05\/CLS_MaisonPaille_Master.mp3<\/a><\/audio>\n<p><a href=\"https:\/\/old.libradio.org\/wp-content\/uploads\/2022\/05\/CLS_MaisonPaille_Master.mp3\"><strong>\u00c9coute et t\u00e9l\u00e9chargement.<\/strong><\/a><\/p>\n\n\t\t<style type=\"text\/css\">\n\t\t\t#gallery-1 {\n\t\t\t\tmargin: auto;\n\t\t\t}\n\t\t\t#gallery-1 .gallery-item {\n\t\t\t\tfloat: left;\n\t\t\t\tmargin-top: 10px;\n\t\t\t\ttext-align: center;\n\t\t\t\twidth: 16%;\n\t\t\t}\n\t\t\t#gallery-1 img {\n\t\t\t\tborder: 2px solid #cfcfcf;\n\t\t\t}\n\t\t\t#gallery-1 .gallery-caption {\n\t\t\t\tmargin-left: 0;\n\t\t\t}\n\t\t\t\/* see gallery_shortcode() in wp-includes\/media.php *\/\n\t\t<\/style>\n\t\t<div id='gallery-1' class='gallery galleryid-10185 gallery-columns-6 gallery-size-thumbnail'><dl class='gallery-item'>\n\t\t\t<dt class='gallery-icon landscape'>\n\t\t\t\t<a href='https:\/\/old.libradio.org\/?attachment_id=12371#main'><img width=\"150\" height=\"150\" src=\"https:\/\/old.libradio.org\/wp-content\/uploads\/2022\/05\/tok1-150x150.jpg\" class=\"attachment-thumbnail size-thumbnail\" alt=\"\" decoding=\"async\" loading=\"lazy\" \/><\/a>\n\t\t\t<\/dt><\/dl><dl class='gallery-item'>\n\t\t\t<dt class='gallery-icon landscape'>\n\t\t\t\t<a href='https:\/\/old.libradio.org\/?attachment_id=12372#main'><img width=\"150\" height=\"150\" src=\"https:\/\/old.libradio.org\/wp-content\/uploads\/2022\/05\/tok2-150x150.jpg\" class=\"attachment-thumbnail size-thumbnail\" alt=\"\" decoding=\"async\" loading=\"lazy\" \/><\/a>\n\t\t\t<\/dt><\/dl><dl class='gallery-item'>\n\t\t\t<dt class='gallery-icon portrait'>\n\t\t\t\t<a href='https:\/\/old.libradio.org\/?attachment_id=12373#main'><img width=\"150\" height=\"150\" src=\"https:\/\/old.libradio.org\/wp-content\/uploads\/2022\/05\/tok3-150x150.jpg\" class=\"attachment-thumbnail size-thumbnail\" alt=\"\" decoding=\"async\" loading=\"lazy\" \/><\/a>\n\t\t\t<\/dt><\/dl><dl class='gallery-item'>\n\t\t\t<dt class='gallery-icon landscape'>\n\t\t\t\t<a href='https:\/\/old.libradio.org\/?attachment_id=12374#main'><img width=\"150\" height=\"150\" src=\"https:\/\/old.libradio.org\/wp-content\/uploads\/2022\/05\/tok4-150x150.jpg\" class=\"attachment-thumbnail size-thumbnail\" alt=\"\" decoding=\"async\" loading=\"lazy\" \/><\/a>\n\t\t\t<\/dt><\/dl><dl class='gallery-item'>\n\t\t\t<dt class='gallery-icon landscape'>\n\t\t\t\t<a href='https:\/\/old.libradio.org\/?attachment_id=12375#main'><img width=\"150\" height=\"150\" src=\"https:\/\/old.libradio.org\/wp-content\/uploads\/2022\/05\/tok5-150x150.jpg\" class=\"attachment-thumbnail size-thumbnail\" alt=\"\" decoding=\"async\" loading=\"lazy\" \/><\/a>\n\t\t\t<\/dt><\/dl><dl class='gallery-item'>\n\t\t\t<dt class='gallery-icon landscape'>\n\t\t\t\t<a href='https:\/\/old.libradio.org\/?attachment_id=12376#main'><img width=\"150\" height=\"150\" src=\"https:\/\/old.libradio.org\/wp-content\/uploads\/2022\/05\/tok6-150x150.jpg\" class=\"attachment-thumbnail size-thumbnail\" alt=\"\" decoding=\"async\" loading=\"lazy\" \/><\/a>\n\t\t\t<\/dt><\/dl><br style=\"clear: both\" \/>\n\t\t<\/div>\n\n<p><strong><strong><a href=\"https:\/\/old.libradio.org\/wp-content\/uploads\/2022\/05\/cls_text_maisondepaille.pdf\"><strong>CLS_text_maisondepaille<\/strong><\/a><br \/>\n<\/strong><\/strong><\/p>\n<hr \/>\n<p><strong><strong><br \/>\n<i>Black Friday, une appellation frelat\u00e9e.<\/i><\/strong><\/strong><\/p>\n<p>Le Black Friday, que dissimule cette locution dans son assertion contemporaine\u00a0? Quelle en est l&rsquo;usage contemporain qui en est promu, pourquoi et comment en sommes-nous arriv\u00e9s l\u00e0\u00a0?<\/p>\n<p>Et lorsque l&rsquo;on entrouvre nos archives combatives, celle de l&rsquo;histoire sociale, parfois m\u00e9connue, occult\u00e9e ou dont ont biaise le sens, qu&rsquo;y trouve-t-on\u00a0?<\/p>\n<p>Alors que voici la c\u00e9l\u00e9bration du capitalisme pr\u00e9dateur, la promotion du consum\u00e9risme compulsif, ali\u00e9n\u00e9, l&rsquo;on aurait int\u00e9r\u00eat \u00e0 recouvrer notre pass\u00e9 et d&rsquo;en nourrir les pr\u00e9sents alentours et nos aspirations.<\/p>\n<p><a href=\"https:\/\/old.libradio.org\/wp-content\/uploads\/2022\/05\/revbf.jpg\"><img decoding=\"async\" loading=\"lazy\" class=\"aligncenter size-medium wp-image-12340\" src=\"https:\/\/old.libradio.org\/wp-content\/uploads\/2022\/05\/revbf-300x179.jpg\" alt=\"\" width=\"300\" height=\"179\" srcset=\"https:\/\/old.libradio.org\/wp-content\/uploads\/2022\/05\/revbf-300x179.jpg 300w, https:\/\/old.libradio.org\/wp-content\/uploads\/2022\/05\/revbf-768x457.jpg 768w, https:\/\/old.libradio.org\/wp-content\/uploads\/2022\/05\/revbf-600x357.jpg 600w, https:\/\/old.libradio.org\/wp-content\/uploads\/2022\/05\/revbf.jpg 910w\" sizes=\"(max-width: 300px) 100vw, 300px\" \/><\/a><br \/>\nBlack Friday, le 11 novembre 1887 \u00e0 Chicago. 4 anarchistes innocents furent pendus. Un autre se suicida la veille dans sa cellule.<br \/>\nLe Black friday, contemporain, atrophie boulimique du capitalisme de consommation.<\/p>\n<p>Entre les deux, l&rsquo;oubli, le d\u00e9ni, l&rsquo;ignorance et la mauvaises intentions. Mais nous voil\u00e0 alertes et r\u00e9soluexs \u00e0 la lutte. Rejoins nous, notre pass\u00e9 s&rsquo;en vient nourrir les luttes du pr\u00e9sent et le d\u00e9passement des horizons du capitalisme pr\u00e9dateur morbide et meurtrier.<\/p>\n<p>Voici puis\u00e9es dans le Cri du Peuple de Jules Vall\u00e8s, communard imp\u00e9tueux, puis dans le R\u00e9veil Anarchiste de Gen\u00e8ve, de Louis Bertoni,typographe anarchiste voici ce que la presse d\u2019antan relatait du Black Friday et la mani\u00e8re si obsc\u00e8ne, vulgaire et violente que le capitalisme op\u00e8re sa m\u00e9tabolisation.<\/p>\n<audio class=\"wp-audio-shortcode\" id=\"audio-10185-7\" preload=\"none\" style=\"width: 100%;\" controls=\"controls\"><source type=\"audio\/mpeg\" src=\"https:\/\/old.libradio.org\/wp-content\/uploads\/2022\/05\/bf_master.mp3?_=7\" \/><a href=\"https:\/\/old.libradio.org\/wp-content\/uploads\/2022\/05\/bf_master.mp3\">https:\/\/old.libradio.org\/wp-content\/uploads\/2022\/05\/bf_master.mp3<\/a><\/audio>\n<p><strong><strong><a href=\"https:\/\/old.libradio.org\/wp-content\/uploads\/2022\/05\/bf_master.mp3\">\u00c9coute et t\u00e9l\u00e9chargemement<\/a><\/strong><\/strong><\/p>\n\n\t\t<style type=\"text\/css\">\n\t\t\t#gallery-2 {\n\t\t\t\tmargin: auto;\n\t\t\t}\n\t\t\t#gallery-2 .gallery-item {\n\t\t\t\tfloat: left;\n\t\t\t\tmargin-top: 10px;\n\t\t\t\ttext-align: center;\n\t\t\t\twidth: 25%;\n\t\t\t}\n\t\t\t#gallery-2 img {\n\t\t\t\tborder: 2px solid #cfcfcf;\n\t\t\t}\n\t\t\t#gallery-2 .gallery-caption {\n\t\t\t\tmargin-left: 0;\n\t\t\t}\n\t\t\t\/* see gallery_shortcode() in wp-includes\/media.php *\/\n\t\t<\/style>\n\t\t<div id='gallery-2' class='gallery galleryid-10185 gallery-columns-4 gallery-size-medium'><dl class='gallery-item'>\n\t\t\t<dt class='gallery-icon portrait'>\n\t\t\t\t<a href='https:\/\/old.libradio.org\/?attachment_id=12341#main'><img width=\"288\" height=\"300\" src=\"https:\/\/old.libradio.org\/wp-content\/uploads\/2022\/05\/bf1-288x300.jpg\" class=\"attachment-medium size-medium\" alt=\"\" decoding=\"async\" loading=\"lazy\" srcset=\"https:\/\/old.libradio.org\/wp-content\/uploads\/2022\/05\/bf1-288x300.jpg 288w, https:\/\/old.libradio.org\/wp-content\/uploads\/2022\/05\/bf1-768x801.jpg 768w, https:\/\/old.libradio.org\/wp-content\/uploads\/2022\/05\/bf1-981x1024.jpg 981w, https:\/\/old.libradio.org\/wp-content\/uploads\/2022\/05\/bf1-600x626.jpg 600w\" sizes=\"(max-width: 288px) 100vw, 288px\" \/><\/a>\n\t\t\t<\/dt><\/dl><dl class='gallery-item'>\n\t\t\t<dt class='gallery-icon landscape'>\n\t\t\t\t<a href='https:\/\/old.libradio.org\/?attachment_id=12342#main'><img width=\"300\" height=\"231\" src=\"https:\/\/old.libradio.org\/wp-content\/uploads\/2022\/05\/bf2-300x231.jpg\" class=\"attachment-medium size-medium\" alt=\"\" decoding=\"async\" loading=\"lazy\" srcset=\"https:\/\/old.libradio.org\/wp-content\/uploads\/2022\/05\/bf2-300x231.jpg 300w, https:\/\/old.libradio.org\/wp-content\/uploads\/2022\/05\/bf2-768x591.jpg 768w, https:\/\/old.libradio.org\/wp-content\/uploads\/2022\/05\/bf2-1024x789.jpg 1024w, https:\/\/old.libradio.org\/wp-content\/uploads\/2022\/05\/bf2-600x462.jpg 600w, https:\/\/old.libradio.org\/wp-content\/uploads\/2022\/05\/bf2.jpg 1896w\" sizes=\"(max-width: 300px) 100vw, 300px\" \/><\/a>\n\t\t\t<\/dt><\/dl><dl class='gallery-item'>\n\t\t\t<dt class='gallery-icon portrait'>\n\t\t\t\t<a href='https:\/\/old.libradio.org\/?attachment_id=12343#main'><img width=\"207\" height=\"300\" src=\"https:\/\/old.libradio.org\/wp-content\/uploads\/2022\/05\/bf3-207x300.jpg\" class=\"attachment-medium size-medium\" alt=\"\" decoding=\"async\" loading=\"lazy\" srcset=\"https:\/\/old.libradio.org\/wp-content\/uploads\/2022\/05\/bf3-207x300.jpg 207w, https:\/\/old.libradio.org\/wp-content\/uploads\/2022\/05\/bf3-768x1113.jpg 768w, https:\/\/old.libradio.org\/wp-content\/uploads\/2022\/05\/bf3-706x1024.jpg 706w, https:\/\/old.libradio.org\/wp-content\/uploads\/2022\/05\/bf3-600x870.jpg 600w, https:\/\/old.libradio.org\/wp-content\/uploads\/2022\/05\/bf3.jpg 1432w\" sizes=\"(max-width: 207px) 100vw, 207px\" \/><\/a>\n\t\t\t<\/dt><\/dl><dl class='gallery-item'>\n\t\t\t<dt class='gallery-icon landscape'>\n\t\t\t\t<a href='https:\/\/old.libradio.org\/?attachment_id=12344#main'><img width=\"300\" height=\"246\" src=\"https:\/\/old.libradio.org\/wp-content\/uploads\/2022\/05\/bf4-300x246.jpg\" class=\"attachment-medium size-medium\" alt=\"\" decoding=\"async\" loading=\"lazy\" srcset=\"https:\/\/old.libradio.org\/wp-content\/uploads\/2022\/05\/bf4-300x246.jpg 300w, https:\/\/old.libradio.org\/wp-content\/uploads\/2022\/05\/bf4-768x629.jpg 768w, https:\/\/old.libradio.org\/wp-content\/uploads\/2022\/05\/bf4-1024x839.jpg 1024w, https:\/\/old.libradio.org\/wp-content\/uploads\/2022\/05\/bf4-600x492.jpg 600w, https:\/\/old.libradio.org\/wp-content\/uploads\/2022\/05\/bf4.jpg 1684w\" sizes=\"(max-width: 300px) 100vw, 300px\" \/><\/a>\n\t\t\t<\/dt><\/dl><br style=\"clear: both\" \/>\n\t\t<\/div>\n\n<p><strong><strong><br \/>\n<a href=\"https:\/\/old.libradio.org\/wp-content\/uploads\/2022\/05\/Le_Cri_du_peuple_organized.pdf\"><strong>Le Cri du Peuple (Jules Vall\u00e8s)<\/strong><\/a><br \/>\n<\/strong><\/strong><\/p>\n<hr \/>\n<p><strong><strong><br \/>\n<i>18 d\u00e9cembre 1871. Proc\u00e8s de Louise MICHEL. LA COMMUNE.<\/i><\/strong><\/strong><\/p>\n<p><iframe loading=\"lazy\" title=\"YouTube video player\" src=\"https:\/\/www.youtube.com\/embed\/7RMuzPyHn6I\" width=\"310\" height=\"195\" frameborder=\"0\" allowfullscreen=\"allowfullscreen\"><\/iframe><\/p>\n<p>Louise Michel : Ce que je r\u00e9clame de vous, qui vous affirmez conseil de guerre, qui vous donnez comme mes juges, qui ne vous cachez pas comme la commission des gr\u00e2ces, de vous qui \u00eates des militaires et qui jugez \u00e0 la face de tous, c\u2019est le champ de Satory, o\u00f9 sont d\u00e9j\u00e0 tomb\u00e9s nos fr\u00e8res.<\/p>\n<p>Il faut me retrancher de la soci\u00e9t\u00e9 ; on vous dit de le faire; eh bien ! le commissaire de la R\u00e9publique a raison. Puisqu\u2019il semble que tout coeur qui bat pour la libert\u00e9 n\u2019a droit qu\u2019\u00e0 un peu de plomb, j\u2019en r\u00e9clame une part, moi!<\/p>\n<p><strong><strong>Si vous me laissez vivre, je ne cesserai de crier vengeance, et je d\u00e9noncerai \u00e0 la vengeance de mes fr\u00e8res les assassins de la commission des gr\u00e2ces\u2026 . J\u2019ai fini\u2026 . Si vous n\u2019\u00eates pas des l\u00e2ches, tuez-moi\u2026<\/strong><\/strong><\/p>\n<ol>\n<li style=\"list-style-type: none;\">\n<ol>LIENS ACCOL\u00c9S<\/ol>\n<\/li>\n<\/ol>\n<p><a href=\"https:\/\/old.libradio.org\/wp-content\/uploads\/2021\/12\/M\u00e9moires_de_Louise_Michel_Appendice_I.pdf\"><strong>M\u00e9moires de Louise Michel_Appendice_I<\/strong><\/a><br \/>\n<a href=\"https:\/\/old.libradio.org\/wp-content\/uploads\/2021\/12\/M\u00e9moires_de_Louise_Michel_Appendice_II.pdf\"><strong>M\u00e9moires de Louise Michel_Appendice_II<\/strong><\/a><br \/>\n<a href=\"https:\/\/old.libradio.org\/wp-content\/uploads\/2021\/12\/M\u00e9moires_de_Louise_Michel_Appendice_III.pdf\"><strong>M\u00e9moires de Louise Michel_Appendice_III<\/strong><\/a><br \/>\n<a href=\"https:\/\/old.libradio.org\/wp-content\/uploads\/2021\/12\/M\u00e9moires_de_Louise_Michel_\u00e9crits_Les_Proc\u00e8s_organized.pdf\"><strong>M\u00e9moires de Louise Michel_\u00c9crits_Les_Proc\u00e8s<\/strong><\/a><br \/>\n<a href=\"https:\/\/old.libradio.org\/wp-content\/uploads\/2021\/12\/cridupeuple_communeproclam\u00e9e_organized.pdf\"><strong>Le Cri du peuple_La Commune proclam\u00e9e<\/strong><\/a><\/p>\n<hr \/>\n<p><strong><strong><i>04 d\u00e9cembre 1969- Assassinat de Fred Hampton et Marck Clark du BPP-Black Panther Party<\/i><\/strong><\/strong><\/p>\n<p><a href=\"https:\/\/old.libradio.org\/wp-content\/uploads\/2021\/12\/cls_clendy.png\"><img decoding=\"async\" loading=\"lazy\" class=\"alignleft size-medium wp-image-11839\" src=\"https:\/\/old.libradio.org\/wp-content\/uploads\/2021\/12\/cls_clendy-238x300.png\" alt=\"\" width=\"238\" height=\"300\" srcset=\"https:\/\/old.libradio.org\/wp-content\/uploads\/2021\/12\/cls_clendy-238x300.png 238w, https:\/\/old.libradio.org\/wp-content\/uploads\/2021\/12\/cls_clendy.png 556w\" sizes=\"(max-width: 238px) 100vw, 238px\" \/><\/a><\/p>\n<p>Lecture en public du CLS Cercle de Lecture Sociale, depuis le Quartier Libre \u00e0 Clendy-Dessous Yverdon. Magnifique \u00e9crin r\u00e9appropri\u00e9 \u00e0 l&rsquo;Utopie concr\u00e8te et l&rsquo;autogestions, depuis me mois d&rsquo;octobre 2021 d\u00e9j\u00e0.<\/p>\n<p>Nous lisons des sources d&rsquo;\u00e9poque, locales-r\u00e9gionales et nous revenons sur un \u00e9pisode tragique de l&rsquo;Histoire sociale, de la m\u00e9moire combative. Fin 1969, sous l&rsquo;impulsion du directeur du F.B.I. J.Edgard Hoover, des assassinats politiques au dessein de d\u00e9cimer le Black Panther Party ont cours.<\/p>\n<p>Exp\u00e9ditions qualifi\u00e9es de \u00ab\u00a0gestapistes\u00a0\u00bb par le maire de Seattle. Voici les lectures s\u00e9lectives de quelques articles embl\u00e9matiques dont on trouve les sources dessous.<\/p>\n<p>Le Black Panther Party n\u00e9 apr\u00e8s l&rsquo;assassinat de MalcolmX; anticapitaliste, anticlassisste et antiraciste, \u00e9tait compos\u00e9 et anim\u00e9 en majorit\u00e9 de femmes. A l&rsquo;autod\u00e9fense de la communaut\u00e9 afro-am\u00e9ricaine, le BPP \u0153uvrait \u00e0 la sant\u00e9 et au bien \u00eatre de la communaut\u00e9 noire am\u00e9ricaine. Magasins gratuits, cliniques gratuites et petits d\u00e9jeun\u00e9s pour les enfants gratuits&#8230;<\/p>\n<p>Le BPP luttait contre la pauvret\u00e9 qui qu&rsquo;elle afflige et tentait des alliances de classe, dont celle du Rainbow Coalition qui d\u00e9clencha tr\u00e8s probablement l&rsquo;assassinat de Fred Hampton et Mark Clark que l&rsquo;on relate ici.<\/p>\n<audio class=\"wp-audio-shortcode\" id=\"audio-10185-8\" preload=\"none\" style=\"width: 100%;\" controls=\"controls\"><source type=\"audio\/mpeg\" src=\"https:\/\/old.libradio.org\/wp-content\/uploads\/2021\/12\/CLS_BPP_Master.mp3?_=8\" \/><a href=\"https:\/\/old.libradio.org\/wp-content\/uploads\/2021\/12\/CLS_BPP_Master.mp3\">https:\/\/old.libradio.org\/wp-content\/uploads\/2021\/12\/CLS_BPP_Master.mp3<\/a><\/audio>\n<p><strong><strong><a href=\"https:\/\/old.libradio.org\/wp-content\/uploads\/2021\/12\/CLS_BPP_Master.mp3\"><strong>\u00c9coute et t\u00e9l\u00e9chargement<\/strong><\/a><\/strong><\/strong><\/p>\n<ol>\n<li style=\"list-style-type: none;\">\n<ol>LIENS ACCOL\u00c9S<\/ol>\n<\/li>\n<\/ol>\n<p><a href=\"https:\/\/old.libradio.org\/wp-content\/uploads\/2021\/12\/bp_dec69_organized.pdf\"><strong>Journal du Black Panther Party_dec.1969<\/strong><\/a><br \/>\n<a href=\"https:\/\/old.libradio.org\/wp-content\/uploads\/2021\/12\/bpp1_Avanti_organized_surli.pdf\"><strong>Avanti_Journal Socialiste (IT)<\/strong><\/a><br \/>\n<a href=\"https:\/\/old.libradio.org\/wp-content\/uploads\/2021\/12\/bpp4_GDL_1969_12_17_organized_surli.pdf\"><strong>Gazette de Lausanne 17.12.1969<\/strong><\/a><br \/>\n<a href=\"https:\/\/old.libradio.org\/wp-content\/uploads\/2021\/12\/bpp5_GDL_1970_01_23_organized-1_surli.pdf\"><strong>Gazette de Lausanne 23.01.1970<\/strong><\/a><\/p>\n<ol>\n<li style=\"list-style-type: none;\"><\/li>\n<\/ol>\n\n\t\t<style type=\"text\/css\">\n\t\t\t#gallery-3 {\n\t\t\t\tmargin: auto;\n\t\t\t}\n\t\t\t#gallery-3 .gallery-item {\n\t\t\t\tfloat: left;\n\t\t\t\tmargin-top: 10px;\n\t\t\t\ttext-align: center;\n\t\t\t\twidth: 20%;\n\t\t\t}\n\t\t\t#gallery-3 img {\n\t\t\t\tborder: 2px solid #cfcfcf;\n\t\t\t}\n\t\t\t#gallery-3 .gallery-caption {\n\t\t\t\tmargin-left: 0;\n\t\t\t}\n\t\t\t\/* see gallery_shortcode() in wp-includes\/media.php *\/\n\t\t<\/style>\n\t\t<div id='gallery-3' class='gallery galleryid-10185 gallery-columns-5 gallery-size-thumbnail'><dl class='gallery-item'>\n\t\t\t<dt class='gallery-icon portrait'>\n\t\t\t\t<a href='https:\/\/old.libradio.org\/?attachment_id=11852#main'><img width=\"150\" height=\"150\" src=\"https:\/\/old.libradio.org\/wp-content\/uploads\/2021\/12\/jevoistoutpage2-150x150.png\" class=\"attachment-thumbnail size-thumbnail\" alt=\"\" decoding=\"async\" loading=\"lazy\" \/><\/a>\n\t\t\t<\/dt><\/dl><dl class='gallery-item'>\n\t\t\t<dt class='gallery-icon landscape'>\n\t\t\t\t<a href='https:\/\/old.libradio.org\/?attachment_id=11855#main'><img width=\"150\" height=\"150\" src=\"https:\/\/old.libradio.org\/wp-content\/uploads\/2021\/12\/Jevoistoutpage1-1-150x150.png\" class=\"attachment-thumbnail size-thumbnail\" alt=\"\" decoding=\"async\" loading=\"lazy\" \/><\/a>\n\t\t\t<\/dt><\/dl><dl class='gallery-item'>\n\t\t\t<dt class='gallery-icon landscape'>\n\t\t\t\t<a href='https:\/\/old.libradio.org\/?attachment_id=11846#main'><img width=\"150\" height=\"150\" src=\"https:\/\/old.libradio.org\/wp-content\/uploads\/2021\/12\/Feuillevevey-150x150.png\" class=\"attachment-thumbnail size-thumbnail\" alt=\"\" decoding=\"async\" loading=\"lazy\" \/><\/a>\n\t\t\t<\/dt><\/dl><dl class='gallery-item'>\n\t\t\t<dt class='gallery-icon portrait'>\n\t\t\t\t<a href='https:\/\/old.libradio.org\/?attachment_id=11845#main'><img width=\"150\" height=\"150\" src=\"https:\/\/old.libradio.org\/wp-content\/uploads\/2021\/12\/FeuilleLausanne-150x150.png\" class=\"attachment-thumbnail size-thumbnail\" alt=\"\" decoding=\"async\" loading=\"lazy\" \/><\/a>\n\t\t\t<\/dt><\/dl><dl class='gallery-item'>\n\t\t\t<dt class='gallery-icon landscape'>\n\t\t\t\t<a href='https:\/\/old.libradio.org\/?attachment_id=11844#main'><img width=\"150\" height=\"150\" src=\"https:\/\/old.libradio.org\/wp-content\/uploads\/2021\/12\/gdl_bpp1-150x150.png\" class=\"attachment-thumbnail size-thumbnail\" alt=\"\" decoding=\"async\" loading=\"lazy\" \/><\/a>\n\t\t\t<\/dt><\/dl><br style=\"clear: both\" \/>\n\t\t<\/div>\n\n<hr \/>\n<p><strong><strong><i>09 novembre 1932, massacre fasciste \u00e0 Gen\u00e8ve.<\/i><br \/>\nLectures du dimanche 07 novembre, d\u00e9di\u00e9e aux tragiques \u00e9v\u00e9nements de Plainpalais \u00e0 Gen\u00e8ve.<br \/>\nLINE UP<\/strong><\/strong><\/p>\n<p>9 Nov.1932-Massacre fasciste \u00e0 Gen\u00e8ve. 6 \u00e9pisodes pour recouvrer des sources d&rsquo;\u00e9poques.<\/p>\n<p>1_Flyer<br \/>\nAnnonce de la lecture d\u00e9di\u00e9e du CLS Cercle de Lecture Sociale, pour une m\u00e9moire combative et pour l&rsquo;Histoire sociale. Rejoins la gangue, pour lire, \u00e9couter ou quoi\u00a0!<\/p>\n<p>2_Rassemblement<br \/>\nAnnonce du rassemblement antifasciste du 09 novembre 2021 d\u00e8s 17h30.<br \/>\nHommage aux treize victimes de la tuerie de masse.<\/p>\n<p>3_Discours et R\u00e9veil Anarchiste<br \/>\nDiscours pr\u00e9vu sur l&rsquo;esplanade d&rsquo;UNiMAIL devant la Pierre du Souvenir d\u00e9di\u00e9 \u00e0 la m\u00e9moire du 09 novembre 1932. Merci aux orga et article du R\u00e9veil Anarchiste de Luigi Bertoni du 03 d\u00e9cembre 1932<\/p>\n<p>4_Intro \u00c9mission<br \/>\nPr\u00e9sentation de l&rsquo;\u00e9mission du CLS Cercle de Lecture Sociale sur libradio.org<br \/>\nHommage m\u00e9moriel \u00e0 Herv\u00e9 Mandundu, tu\u00e9 par balle par la police le 6 novembre 2016<\/p>\n<p>5_3 Articles. Le Droit du Peuple-Le Populaire-Le Droit du Peuple<br \/>\nMot liminaire pour le CLS et LibrAdio. Presse engag\u00e9e. Le Droit du Peuple Journal de L\u00e9on Nicole du 09 novembre et du 12 novembre 1932 et Le Populaire organe du SFIO en France du 11 novembre 1932.<\/p>\n<p>6_Extro. St-Just, \u00ab\u00a0Pas de libert\u00e9 pour les ennemis de la libert\u00e9\u00a0\u00bb. B\u00e9rurier Noir\u00a0:La jeunesse emmerde le front national. L&rsquo;Ami de Morges journal r\u00e9actionnaire, bi-hebdomadaire du 12 novembre 1932.<\/p>\n<p>1-2<br \/>\n<iframe loading=\"lazy\" title=\"YouTube video player\" src=\"https:\/\/www.youtube.com\/embed\/9xFQrlaCjSE\" width=\"300\" height=\"190\" frameborder=\"0\" allowfullscreen=\"allowfullscreen\"><\/iframe> <iframe loading=\"lazy\" title=\"YouTube video player\" src=\"https:\/\/www.youtube.com\/embed\/KojaaiXOnw0\" width=\"300\" height=\"190\" frameborder=\"0\" allowfullscreen=\"allowfullscreen\"><\/iframe><\/p>\n<p>3-4<br \/>\n<iframe loading=\"lazy\" title=\"YouTube video player\" src=\"https:\/\/www.youtube.com\/embed\/IrqFNZZolek\" width=\"300\" height=\"190\" frameborder=\"0\" allowfullscreen=\"allowfullscreen\"><\/iframe> <iframe loading=\"lazy\" title=\"YouTube video player\" src=\"https:\/\/www.youtube.com\/embed\/BqbrjbihqaY\" width=\"300\" height=\"190\" frameborder=\"0\" allowfullscreen=\"allowfullscreen\"><\/iframe><\/p>\n<p>5-6<br \/>\n<iframe loading=\"lazy\" title=\"YouTube video player\" src=\"https:\/\/www.youtube.com\/embed\/U0S1ABMfMik\" width=\"300\" height=\"190\" frameborder=\"0\" allowfullscreen=\"allowfullscreen\"><\/iframe> <iframe loading=\"lazy\" title=\"YouTube video player\" src=\"https:\/\/www.youtube.com\/embed\/FITFq4q3MRM\" width=\"300\" height=\"190\" frameborder=\"0\" allowfullscreen=\"allowfullscreen\"><\/iframe><\/p>\n<p>Page d\u00e9di\u00e9e sur le site de la CGAS-Communaut\u00e9 genevoise d&rsquo;action syndicale. <a href=\"http:\/\/www.cgas.ch\/SPIP\/spip.php?article3891\" target=\"_blank\" rel=\"noopener\"><strong>http:\/\/www.cgas.ch\/SPIP\/spip.php?article3891<\/strong><\/a><\/p>\n<p><strong><strong>Fac-Simil\u00e9 de la presse combative d&rsquo;\u00e9poque, en l&rsquo;esp\u00e8ce le quotidien de L\u00e9on Nicole qui fut incarc\u00e9r\u00e9 au lendemain de la tuerie. <a href=\"https:\/\/old.libradio.org\/wp-content\/uploads\/2021\/11\/09nov32_Facsimile2.pdf\"><strong>Le Droit du Peuple, num. du 10 novembre 1932<\/strong><\/a><strong><br \/>\n<\/strong><\/strong><\/strong><\/p>\n<hr \/>\n<p><strong><strong><strong><br \/>\n<i>11 septembre 1973 Putsch militaire au Chili.<\/i><\/strong><\/strong><\/strong><\/p>\n<p>Une histoire postcoloniale. A l&rsquo;aune de la Doctrine Monroe qui d\u00e9signe l&rsquo;Am\u00e9rique Latine comme un terrain privatis\u00e9, une chasse gard\u00e9e et un grenier. Mais \u00e9galement comme une zone d&rsquo;influence et donc aux antipodes des tentatives altruistes, populaires qui eurent cours au Chili dans les ann\u00e9es 70<\/p>\n<p>Si le fond est obsc\u00e8ne, la forme r\u00e9pond aux m\u00eames habitus. Le bonus est d&rsquo;avoir mutualis\u00e9 les m\u00e9thodes de torture et internationalis\u00e9 les dictatures de concert des pays voisins tels la Bolivie, l&rsquo;Argentine, l&rsquo;Uruguay, le Paraguay et le Br\u00e9sil.<\/p>\n<p>Nous lisons des articles parus imm\u00e9diatement apr\u00e8s le coup d&rsquo;Etat miliaire qui vit le g\u00e9n\u00e9ral Pinochet, un grad\u00e9 bureaucrate et opportunistes qui \u00e0 chaque \u00e9chelon gravit augmentait son d\u00e9lire autoritaire pour finir par imposer une dictature sanguinaire au chili jusqu&rsquo;en 1990<\/p>\n<p><strong><strong><strong><iframe loading=\"lazy\" title=\"YouTube video player\" src=\"https:\/\/www.youtube.com\/embed\/xnvGZ2MNdms\" width=\"400\" height=\"250\" frameborder=\"0\" allowfullscreen=\"allowfullscreen\"><\/iframe><br \/>\n<\/strong><\/strong><\/strong><\/p>\n<ol>\n<li style=\"list-style-type: none;\">\n<ol>LIENS ACCOL\u00c9S<\/ol>\n<\/li>\n<\/ol>\n<ol>\n<li style=\"list-style-type: none;\">\n<ol>_<\/ol>\n<\/li>\n<\/ol>\n<p><a href=\"https:\/\/old.libradio.org\/wp-content\/uploads\/2021\/09\/CChi2_organized.pdf\"><strong>Gazzette de Lausanne 12.11.1973<\/strong><\/a><\/p>\n<ol>\n<li style=\"list-style-type: none;\">\n<ol>_<\/ol>\n<\/li>\n<\/ol>\n<p><a href=\"https:\/\/old.libradio.org\/wp-content\/uploads\/2021\/09\/Cchi4_organized.pdf\"><strong>Le Matin Tribune13.11.1973<\/strong><\/a><\/p>\n<ol>\n<li style=\"list-style-type: none;\">\n<ol>_<\/ol>\n<\/li>\n<\/ol>\n<p><a href=\"https:\/\/old.libradio.org\/wp-content\/uploads\/2021\/09\/Cchi5_organized.pdf\"><strong>Feuille d&rsquo;avis de Vevey 13.11.1973<\/strong><\/a><\/p>\n<ol>\n<li style=\"list-style-type: none;\">\n<ol>_<\/ol>\n<\/li>\n<\/ol>\n<p><a href=\"https:\/\/old.libradio.org\/wp-content\/uploads\/2021\/09\/CChi6_organized.pdf\"><strong>Journal d&rsquo;Yverdon 12.11.1973<\/strong><\/a><\/p>\n<ol>\n<li style=\"list-style-type: none;\">\n<ol>_<\/ol>\n<\/li>\n<\/ol>\n<p><a href=\"https:\/\/old.libradio.org\/wp-content\/uploads\/2021\/09\/CChi7_organized.pdf\"><strong>Solidarit\u00e9 ouvri\u00e8re. Octobre 1973<\/strong><\/a><\/p>\n<ol>\n<li style=\"list-style-type: none;\">\n<ol>_<\/ol>\n<\/li>\n<\/ol>\n<p><a href=\"https:\/\/old.libradio.org\/wp-content\/uploads\/2021\/09\/CChi8_IT_organized.pdf\"><strong>L&rsquo;Unit\u00e0 (IT) 13.11.1973<\/strong><\/a><\/p>\n<ol>\n<li style=\"list-style-type: none;\"><\/li>\n<\/ol>\n<p><iframe loading=\"lazy\" title=\"YouTube video player\" src=\"https:\/\/www.youtube.com\/embed\/ufHIrEEl0_o\" width=\"310\" height=\"195\" frameborder=\"0\" allowfullscreen=\"allowfullscreen\"><\/iframe><\/p>\n<ol>\n<li style=\"list-style-type: none;\"><\/li>\n<\/ol>\n\n\t\t<style type=\"text\/css\">\n\t\t\t#gallery-4 {\n\t\t\t\tmargin: auto;\n\t\t\t}\n\t\t\t#gallery-4 .gallery-item {\n\t\t\t\tfloat: left;\n\t\t\t\tmargin-top: 10px;\n\t\t\t\ttext-align: center;\n\t\t\t\twidth: 20%;\n\t\t\t}\n\t\t\t#gallery-4 img {\n\t\t\t\tborder: 2px solid #cfcfcf;\n\t\t\t}\n\t\t\t#gallery-4 .gallery-caption {\n\t\t\t\tmargin-left: 0;\n\t\t\t}\n\t\t\t\/* see gallery_shortcode() in wp-includes\/media.php *\/\n\t\t<\/style>\n\t\t<div id='gallery-4' class='gallery galleryid-10185 gallery-columns-5 gallery-size-thumbnail'><dl class='gallery-item'>\n\t\t\t<dt class='gallery-icon portrait'>\n\t\t\t\t<a href='https:\/\/old.libradio.org\/?attachment_id=11529#main'><img width=\"150\" height=\"150\" src=\"https:\/\/old.libradio.org\/wp-content\/uploads\/2021\/09\/chi1-150x150.png\" class=\"attachment-thumbnail size-thumbnail\" alt=\"\" decoding=\"async\" loading=\"lazy\" \/><\/a>\n\t\t\t<\/dt><\/dl><dl class='gallery-item'>\n\t\t\t<dt class='gallery-icon portrait'>\n\t\t\t\t<a href='https:\/\/old.libradio.org\/?attachment_id=11530#main'><img width=\"150\" height=\"150\" src=\"https:\/\/old.libradio.org\/wp-content\/uploads\/2021\/09\/chi2-150x150.png\" class=\"attachment-thumbnail size-thumbnail\" alt=\"\" decoding=\"async\" loading=\"lazy\" \/><\/a>\n\t\t\t<\/dt><\/dl><dl class='gallery-item'>\n\t\t\t<dt class='gallery-icon portrait'>\n\t\t\t\t<a href='https:\/\/old.libradio.org\/?attachment_id=11531#main'><img width=\"150\" height=\"150\" src=\"https:\/\/old.libradio.org\/wp-content\/uploads\/2021\/09\/chi3-150x150.png\" class=\"attachment-thumbnail size-thumbnail\" alt=\"\" decoding=\"async\" loading=\"lazy\" \/><\/a>\n\t\t\t<\/dt><\/dl><dl class='gallery-item'>\n\t\t\t<dt class='gallery-icon landscape'>\n\t\t\t\t<a href='https:\/\/old.libradio.org\/?attachment_id=11532#main'><img width=\"150\" height=\"150\" src=\"https:\/\/old.libradio.org\/wp-content\/uploads\/2021\/09\/chi4-150x150.png\" class=\"attachment-thumbnail size-thumbnail\" alt=\"\" decoding=\"async\" loading=\"lazy\" \/><\/a>\n\t\t\t<\/dt><\/dl><dl class='gallery-item'>\n\t\t\t<dt class='gallery-icon portrait'>\n\t\t\t\t<a href='https:\/\/old.libradio.org\/?attachment_id=11533#main'><img width=\"150\" height=\"150\" src=\"https:\/\/old.libradio.org\/wp-content\/uploads\/2021\/09\/chi5-150x150.png\" class=\"attachment-thumbnail size-thumbnail\" alt=\"\" decoding=\"async\" loading=\"lazy\" \/><\/a>\n\t\t\t<\/dt><\/dl><br style=\"clear: both\" \/>\n\t\t<\/div>\n\n<ol>\n<li style=\"list-style-type: none;\"><\/li>\n<\/ol>\n\n\t\t<style type=\"text\/css\">\n\t\t\t#gallery-5 {\n\t\t\t\tmargin: auto;\n\t\t\t}\n\t\t\t#gallery-5 .gallery-item {\n\t\t\t\tfloat: left;\n\t\t\t\tmargin-top: 10px;\n\t\t\t\ttext-align: center;\n\t\t\t\twidth: 20%;\n\t\t\t}\n\t\t\t#gallery-5 img {\n\t\t\t\tborder: 2px solid #cfcfcf;\n\t\t\t}\n\t\t\t#gallery-5 .gallery-caption {\n\t\t\t\tmargin-left: 0;\n\t\t\t}\n\t\t\t\/* see gallery_shortcode() in wp-includes\/media.php *\/\n\t\t<\/style>\n\t\t<div id='gallery-5' class='gallery galleryid-10185 gallery-columns-5 gallery-size-thumbnail'><dl class='gallery-item'>\n\t\t\t<dt class='gallery-icon landscape'>\n\t\t\t\t<a href='https:\/\/old.libradio.org\/?attachment_id=11540#main'><img width=\"150\" height=\"150\" src=\"https:\/\/old.libradio.org\/wp-content\/uploads\/2021\/09\/chi10-150x150.png\" class=\"attachment-thumbnail size-thumbnail\" alt=\"\" decoding=\"async\" loading=\"lazy\" \/><\/a>\n\t\t\t<\/dt><\/dl><dl class='gallery-item'>\n\t\t\t<dt class='gallery-icon portrait'>\n\t\t\t\t<a href='https:\/\/old.libradio.org\/?attachment_id=11539#main'><img width=\"150\" height=\"150\" src=\"https:\/\/old.libradio.org\/wp-content\/uploads\/2021\/09\/chi9-150x150.png\" class=\"attachment-thumbnail size-thumbnail\" alt=\"\" decoding=\"async\" loading=\"lazy\" \/><\/a>\n\t\t\t<\/dt><\/dl><dl class='gallery-item'>\n\t\t\t<dt class='gallery-icon landscape'>\n\t\t\t\t<a href='https:\/\/old.libradio.org\/?attachment_id=11538#main'><img width=\"150\" height=\"150\" src=\"https:\/\/old.libradio.org\/wp-content\/uploads\/2021\/09\/chi8-150x150.png\" class=\"attachment-thumbnail size-thumbnail\" alt=\"\" decoding=\"async\" loading=\"lazy\" \/><\/a>\n\t\t\t<\/dt><\/dl><dl class='gallery-item'>\n\t\t\t<dt class='gallery-icon portrait'>\n\t\t\t\t<a href='https:\/\/old.libradio.org\/?attachment_id=11537#main'><img width=\"150\" height=\"150\" src=\"https:\/\/old.libradio.org\/wp-content\/uploads\/2021\/09\/chi7-150x150.png\" class=\"attachment-thumbnail size-thumbnail\" alt=\"\" decoding=\"async\" loading=\"lazy\" \/><\/a>\n\t\t\t<\/dt><\/dl><dl class='gallery-item'>\n\t\t\t<dt class='gallery-icon portrait'>\n\t\t\t\t<a href='https:\/\/old.libradio.org\/?attachment_id=11536#main'><img width=\"150\" height=\"150\" src=\"https:\/\/old.libradio.org\/wp-content\/uploads\/2021\/09\/Chi6.2-150x150.png\" class=\"attachment-thumbnail size-thumbnail\" alt=\"\" decoding=\"async\" loading=\"lazy\" \/><\/a>\n\t\t\t<\/dt><\/dl><br style=\"clear: both\" \/>\n\t\t<\/div>\n\n<hr \/>\n<p><strong><strong><strong><i>26 avril 1937, bombardement de Gernika<\/i><\/strong><\/strong><\/strong><\/p>\n<p>Une alliance maudite. Une tentative de false flag (op\u00e9ration sous couverture). Une strat\u00e9gie militaire qui s&rsquo;<br \/>\nenfonce dans l&rsquo;horreur et la menace du pire. Voici ce qui caract\u00e9rise le bombardement de Gernika, petite ville paisible \u00e0 forte connotation symbolique en Euskadi, au Pays Basque.<\/p>\n<p>Pendant plus de quatre heures, des bombardiers de la L\u00e9gion Condor nazie et un contingent d&rsquo;avions fascistes italiens r\u00e9duirent \u00e0 n\u00e9ant une ville ouverte, exempte de protection, de d\u00e9fense ni de troupes. La Luftwaffe exp\u00e9rimentait une nouvelle modalit\u00e9, un degr\u00e9 suppl\u00e9mentaire dans l&rsquo;horreur de la guerre d&rsquo;agression; le bombardement de saturation autrement dit le tapis de bombe.<\/p>\n<p>Nous revisitons cet \u00e9pisode funeste, hautement symbolique et extr\u00eamement actuel, au devant du monde alentour qui recourt aux fake news et \u00e0 la d\u00e9sinformation de masse, et dont on voit bien comment les \u00c9tats-Majors ont int\u00e9gr\u00e9 le fait de Gernika.<\/p>\n<p><a href=\"https:\/\/old.libradio.org\/wp-content\/uploads\/2021\/08\/JDG_guernica_ill.png\"><img decoding=\"async\" loading=\"lazy\" class=\"alignleft size-medium wp-image-11488\" src=\"https:\/\/old.libradio.org\/wp-content\/uploads\/2021\/08\/JDG_guernica_ill-300x283.png\" alt=\"\" width=\"300\" height=\"283\" srcset=\"https:\/\/old.libradio.org\/wp-content\/uploads\/2021\/08\/JDG_guernica_ill-300x283.png 300w, https:\/\/old.libradio.org\/wp-content\/uploads\/2021\/08\/JDG_guernica_ill-768x724.png 768w, https:\/\/old.libradio.org\/wp-content\/uploads\/2021\/08\/JDG_guernica_ill-1024x965.png 1024w, https:\/\/old.libradio.org\/wp-content\/uploads\/2021\/08\/JDG_guernica_ill-600x565.png 600w, https:\/\/old.libradio.org\/wp-content\/uploads\/2021\/08\/JDG_guernica_ill.png 1728w\" sizes=\"(max-width: 300px) 100vw, 300px\" \/><\/a><\/p>\n<p>Les civils, les innocents, les personnes vuln\u00e9rables sont TOUJOURS celles et ceux qui payent le plus lourd tribu, au devant \u00e9galement des alliances maudites, en l&rsquo;esp\u00e8ce Franco, Hitler et Mussolini, mais dont on observe les versions compl\u00e9tement distinctes certes, mais calqu\u00e9es sur des assemblements, des collaborations et des alliances pour le moins d\u00e9plorables qui ont cours ici et maintenant.<\/p>\n<p>Sources d&rsquo;\u00e9poques et locales, la lecture des ces parutions donnent \u00e0 mieux comprendre ce qui se tramait \u00e0 Gernika, et d\u00e9montre la continuit\u00e9 de la fabrication de l&rsquo;horreur dans l&rsquo;esprit des va-t-en-guerre, stimul\u00e9e par les pr\u00e9dateurs tous azimuts, expansionnistes caciques de tous pays et leur volont\u00e9 de puissance, de pr\u00e9dation sans limite.<\/p>\n<p><strong><strong><strong><iframe loading=\"lazy\" title=\"YouTube video player\" src=\"https:\/\/www.youtube.com\/embed\/AReJzUklufA\" width=\"400\" height=\"250\" frameborder=\"0\" allowfullscreen=\"allowfullscreen\"><\/iframe><\/strong><\/strong><\/strong><\/p>\n<ol>\n<li style=\"list-style-type: none;\">\n<ol>LIENS ACCOL\u00c9S<\/ol>\n<\/li>\n<\/ol>\n<p><a href=\"https:\/\/old.libradio.org\/wp-content\/uploads\/2021\/08\/Guenika_IMPRESS1_rv_A3.pdf\"><strong>L&rsquo;Huma 2017 et Gavroche 1987<\/strong><\/a><br \/>\n<a href=\"https:\/\/old.libradio.org\/wp-content\/uploads\/2021\/08\/Guenika_IMPRESS2_rv_A3.pdf\"><strong>Gazette de Lausanne 1937<\/strong><\/a><br \/>\n<a href=\"https:\/\/old.libradio.org\/wp-content\/uploads\/2021\/08\/Guenika_IMPRESS3_rv_A3.pdf\"><strong>L&rsquo;Huma, Le Populaire, Journal des D\u00e9bats 1937<\/strong><\/a><br \/>\n<a href=\"https:\/\/old.libradio.org\/wp-content\/uploads\/2021\/08\/Gavroche_orwell_organized.pdf\"><strong>Gavroche. Mots de G. Orwell 1995<\/strong><\/a><br \/>\n<a href=\"https:\/\/old.libradio.org\/wp-content\/uploads\/2021\/08\/Ce_soir_quirnica_organized.pdf\"><strong>Journal \u00ab\u00a0Ce soir\u00a0\u00bb Quirnica (Gernika) 1937<\/strong><\/a><br \/>\n<a href=\"https:\/\/old.libradio.org\/wp-content\/uploads\/2021\/08\/LEcho_dAlger_Guernica_organized.pdf\"><strong>L&rsquo;Echo d&rsquo;Alger 1937<\/strong><\/a><\/p>\n<hr \/>\n<p><strong><strong><strong><i>L&rsquo;affaire Sacco et Vanzetti<\/i><\/strong><\/strong><\/strong><\/p>\n<p>Incarc\u00e9r\u00e9s sans aucune preuve \u00e0 charge et sur des t\u00e9moignages orient\u00e9s. Alors que Celestino Madeiros avoua \u00eatre l&rsquo;auteur de l&rsquo;homicide imput\u00e9 aux anarchistes; Nicola Sacco et Bartolomeo Vanzetti, deux \u00e9migrants italiens furent d\u00e9tenus sept ann\u00e9es et cent jours dans la \u00ab\u00a0Maison de la mort\u00a0\u00bb de la prison de Charlestown, pr\u00e8s de Boston, Massachusetts, USA.<\/p>\n<p>Malgr\u00e9 des protestations de masse dans le monde entier, in\u00e9dites et redoubl\u00e9es, rien ne leur fut conc\u00e9d\u00e9 dans ce qu&rsquo;il convient d&rsquo;appeler par son nom; une pers\u00e9cution judiciaire contre qui incarnait des id\u00e9aux sociaux inaudibles pour l&rsquo;appareil d&rsquo;Etat.<\/p>\n<p>A l&rsquo;aune du 23 ao\u00fbt, date de l&rsquo;ex\u00e9cution par \u00e9lectrocution des deux innocents, nous nous proposons de lire quelques sources locales et d&rsquo;\u00e9poque, qui relatent la triste affaire et en donnent toute la mesure partout dans le monde.<\/p>\n<p>Les documents sont disponibles en PDF ci-dessous. Il s&rsquo;agit du p\u00e9riodique \u00ab\u00a0Le R\u00e9veil anarchiste\u00a0\u00bb cr\u00e9e par le typographe anarchiste Luigi Bertoni \u00e0 Gen\u00e8ve et de fragments de l&rsquo;Unit\u00e0, organe du PCI, parti communiste italien. Les dates retenues sont 1927, 1947 et 1977, toujours autour de la fin du moi d&rsquo;ao\u00fbt.<\/p>\n<p><strong><strong><strong><iframe loading=\"lazy\" title=\"YouTube video player\" src=\"https:\/\/www.youtube.com\/embed\/hcfSKLBV8rk\" width=\"400\" height=\"250\" frameborder=\"0\" allowfullscreen=\"allowfullscreen\"><\/iframe><br \/>\n<\/strong><\/strong><\/strong><\/p>\n<ol>\n<li style=\"list-style-type: none;\">\n<ol>LIENS ACCOL\u00c9S<\/ol>\n<\/li>\n<\/ol>\n\n\t\t<style type=\"text\/css\">\n\t\t\t#gallery-6 {\n\t\t\t\tmargin: auto;\n\t\t\t}\n\t\t\t#gallery-6 .gallery-item {\n\t\t\t\tfloat: left;\n\t\t\t\tmargin-top: 10px;\n\t\t\t\ttext-align: center;\n\t\t\t\twidth: 50%;\n\t\t\t}\n\t\t\t#gallery-6 img {\n\t\t\t\tborder: 2px solid #cfcfcf;\n\t\t\t}\n\t\t\t#gallery-6 .gallery-caption {\n\t\t\t\tmargin-left: 0;\n\t\t\t}\n\t\t\t\/* see gallery_shortcode() in wp-includes\/media.php *\/\n\t\t<\/style>\n\t\t<div id='gallery-6' class='gallery galleryid-10185 gallery-columns-2 gallery-size-medium'><dl class='gallery-item'>\n\t\t\t<dt class='gallery-icon landscape'>\n\t\t\t\t<a href='https:\/\/old.libradio.org\/?attachment_id=11456#main'><img width=\"300\" height=\"278\" src=\"https:\/\/old.libradio.org\/wp-content\/uploads\/2021\/08\/sv47-300x278.png\" class=\"attachment-medium size-medium\" alt=\"\" decoding=\"async\" loading=\"lazy\" srcset=\"https:\/\/old.libradio.org\/wp-content\/uploads\/2021\/08\/sv47-300x278.png 300w, https:\/\/old.libradio.org\/wp-content\/uploads\/2021\/08\/sv47-768x712.png 768w, https:\/\/old.libradio.org\/wp-content\/uploads\/2021\/08\/sv47-1024x949.png 1024w, https:\/\/old.libradio.org\/wp-content\/uploads\/2021\/08\/sv47-600x556.png 600w, https:\/\/old.libradio.org\/wp-content\/uploads\/2021\/08\/sv47.png 1800w\" sizes=\"(max-width: 300px) 100vw, 300px\" \/><\/a>\n\t\t\t<\/dt><\/dl><dl class='gallery-item'>\n\t\t\t<dt class='gallery-icon portrait'>\n\t\t\t\t<a href='https:\/\/old.libradio.org\/?attachment_id=11457#main'><img width=\"290\" height=\"300\" src=\"https:\/\/old.libradio.org\/wp-content\/uploads\/2021\/08\/sv77-290x300.png\" class=\"attachment-medium size-medium\" alt=\"\" decoding=\"async\" loading=\"lazy\" srcset=\"https:\/\/old.libradio.org\/wp-content\/uploads\/2021\/08\/sv77-290x300.png 290w, https:\/\/old.libradio.org\/wp-content\/uploads\/2021\/08\/sv77-768x794.png 768w, https:\/\/old.libradio.org\/wp-content\/uploads\/2021\/08\/sv77-991x1024.png 991w, https:\/\/old.libradio.org\/wp-content\/uploads\/2021\/08\/sv77-600x620.png 600w, https:\/\/old.libradio.org\/wp-content\/uploads\/2021\/08\/sv77.png 1676w\" sizes=\"(max-width: 290px) 100vw, 290px\" \/><\/a>\n\t\t\t<\/dt><\/dl><br style=\"clear: both\" \/>\n\t\t<\/div>\n\n<ol>\n<li style=\"list-style-type: none;\">\n<ol>_<\/ol>\n<\/li>\n<\/ol>\n<p><a href=\"https:\/\/old.libradio.org\/wp-content\/uploads\/2021\/08\/r\u00e9veil5.pdf\"><strong>[R5]R\u00e9veil anarchiste 03.11.1927 n\u00b0726<\/strong><\/a><\/p>\n<ol>\n<li style=\"list-style-type: none;\">\n<ol>_<\/ol>\n<\/li>\n<\/ol>\n<p><a href=\"https:\/\/old.libradio.org\/wp-content\/uploads\/2021\/08\/R\u00e9veil6.1.pdf\"><strong>[R6]R\u00e9veil anarchiste 24.08.1929 n\u00b0777<\/strong><\/a><\/p>\n<ol>\n<li style=\"list-style-type: none;\">\n<ol>_<\/ol>\n<\/li>\n<\/ol>\n<p><a href=\"https:\/\/old.libradio.org\/wp-content\/uploads\/2021\/08\/r\u00e9veil7.1.pdf\"><strong>[R7]R\u00e9veil anarchiste 17.11.1927 n\u00b0727<\/strong><\/a><\/p>\n<ol>\n<li style=\"list-style-type: none;\">\n<ol>_<\/ol>\n<\/li>\n<\/ol>\n<p><a href=\"https:\/\/old.libradio.org\/wp-content\/uploads\/2021\/08\/sv_chanson.pdf\"><strong>Chanson m\u00e9morielle par Ennio Morricone et Joan Baez<\/strong><\/a><\/p>\n<hr \/>\n<p><strong><strong><strong><i>Solidarit\u00e9 avec les r\u00e9sistantexs en Espagne.<\/i><\/strong><\/strong><\/strong><\/p>\n<p>Si la guerre d&rsquo;Espagne d\u00e9bute le 17 juillet 1936, voici une parmi les nombreuses illustrations de la solidarit\u00e9 internationaliste qui eut cours en Suisse.<\/p>\n<p>Rappelons que les jeunes brigadistes qui joignirent la lutte furent poursuivi par la justice militaire \u00e0 leur retour en Suisse pour s&rsquo;\u00eatre battu au c\u00f4t\u00e9 et pour la r\u00e9publique contre le fascisme.<\/p>\n<p>D\u00e9sormais et apr\u00e8s un long processus et des gens bien d\u00e9ter, un monument aux brigadistes si\u00e8ge \u00e0 Gen\u00e8ve, \u00e0 l&rsquo;entr\u00e9e de la rue Dancet, coinc\u00e9 entre les boulevards et les parkings. La honte.<\/p>\n\n\t\t<style type=\"text\/css\">\n\t\t\t#gallery-7 {\n\t\t\t\tmargin: auto;\n\t\t\t}\n\t\t\t#gallery-7 .gallery-item {\n\t\t\t\tfloat: left;\n\t\t\t\tmargin-top: 10px;\n\t\t\t\ttext-align: center;\n\t\t\t\twidth: 100%;\n\t\t\t}\n\t\t\t#gallery-7 img {\n\t\t\t\tborder: 2px solid #cfcfcf;\n\t\t\t}\n\t\t\t#gallery-7 .gallery-caption {\n\t\t\t\tmargin-left: 0;\n\t\t\t}\n\t\t\t\/* see gallery_shortcode() in wp-includes\/media.php *\/\n\t\t<\/style>\n\t\t<div id='gallery-7' class='gallery galleryid-10185 gallery-columns-1 gallery-size-medium'><dl class='gallery-item'>\n\t\t\t<dt class='gallery-icon portrait'>\n\t\t\t\t<a href='https:\/\/old.libradio.org\/?attachment_id=11236#main'><img width=\"208\" height=\"300\" src=\"https:\/\/old.libradio.org\/wp-content\/uploads\/2021\/08\/victoire-208x300.png\" class=\"attachment-medium size-medium\" alt=\"\" decoding=\"async\" loading=\"lazy\" srcset=\"https:\/\/old.libradio.org\/wp-content\/uploads\/2021\/08\/victoire-208x300.png 208w, https:\/\/old.libradio.org\/wp-content\/uploads\/2021\/08\/victoire-768x1108.png 768w, https:\/\/old.libradio.org\/wp-content\/uploads\/2021\/08\/victoire-710x1024.png 710w, https:\/\/old.libradio.org\/wp-content\/uploads\/2021\/08\/victoire-600x865.png 600w, https:\/\/old.libradio.org\/wp-content\/uploads\/2021\/08\/victoire.png 1664w\" sizes=\"(max-width: 208px) 100vw, 208px\" \/><\/a>\n\t\t\t<\/dt><\/dl><br style=\"clear: both\" \/>\n\t\t<\/div>\n\n<p><center><a href=\"https:\/\/old.libradio.org\/wp-content\/uploads\/2021\/08\/r\u00e9veil4.pdf\"><strong>\u00c9xemplaire int\u00e9gral PDF<\/strong><\/a><\/center><\/p>\n<ul>\n<li><strong><strong><strong>Lecture de l&rsquo;article du \u00ab\u00a0R\u00e9veil anarchiste\u00a0\u00bb n\u00b0954 du 23 ao\u00fbt 1936 Il y sont relat\u00e9 deux prises de parole solidaire avec les combattantexs de la Guerre d&rsquo;Espagne et les calomnies \u00e0 l&rsquo;instar de l&rsquo;incurie des gouvernements voisins.<\/strong><\/strong><\/strong><\/li>\n<\/ul>\n<audio class=\"wp-audio-shortcode\" id=\"audio-10185-9\" preload=\"none\" style=\"width: 100%;\" controls=\"controls\"><source type=\"audio\/mpeg\" src=\"https:\/\/old.libradio.org\/wp-content\/uploads\/2021\/08\/Victoria_Espagne_Tapis_Master.mp3?_=9\" \/><a href=\"https:\/\/old.libradio.org\/wp-content\/uploads\/2021\/08\/Victoria_Espagne_Tapis_Master.mp3\">https:\/\/old.libradio.org\/wp-content\/uploads\/2021\/08\/Victoria_Espagne_Tapis_Master.mp3<\/a><\/audio>\n<p><strong><strong><strong><a href=\"https:\/\/old.libradio.org\/wp-content\/uploads\/2021\/08\/Victoria_Espagne_Tapis_Master.mp3\"><strong><span style=\"font-size: small;\">\u00c9coute et t\u00e9l\u00e9chargement<\/span><\/strong><\/a><\/strong><\/strong><\/strong><\/p>\n\n\t\t<style type=\"text\/css\">\n\t\t\t#gallery-8 {\n\t\t\t\tmargin: auto;\n\t\t\t}\n\t\t\t#gallery-8 .gallery-item {\n\t\t\t\tfloat: left;\n\t\t\t\tmargin-top: 10px;\n\t\t\t\ttext-align: center;\n\t\t\t\twidth: 50%;\n\t\t\t}\n\t\t\t#gallery-8 img {\n\t\t\t\tborder: 2px solid #cfcfcf;\n\t\t\t}\n\t\t\t#gallery-8 .gallery-caption {\n\t\t\t\tmargin-left: 0;\n\t\t\t}\n\t\t\t\/* see gallery_shortcode() in wp-includes\/media.php *\/\n\t\t<\/style>\n\t\t<div id='gallery-8' class='gallery galleryid-10185 gallery-columns-2 gallery-size-large'><dl class='gallery-item'>\n\t\t\t<dt class='gallery-icon landscape'>\n\t\t\t\t<a href='https:\/\/old.libradio.org\/?attachment_id=11229#main'><img width=\"750\" height=\"621\" src=\"https:\/\/old.libradio.org\/wp-content\/uploads\/2021\/08\/brigade.1-1024x848.png\" class=\"attachment-large size-large\" alt=\"\" decoding=\"async\" loading=\"lazy\" srcset=\"https:\/\/old.libradio.org\/wp-content\/uploads\/2021\/08\/brigade.1-1024x848.png 1024w, https:\/\/old.libradio.org\/wp-content\/uploads\/2021\/08\/brigade.1-300x248.png 300w, https:\/\/old.libradio.org\/wp-content\/uploads\/2021\/08\/brigade.1-768x636.png 768w, https:\/\/old.libradio.org\/wp-content\/uploads\/2021\/08\/brigade.1-600x497.png 600w, https:\/\/old.libradio.org\/wp-content\/uploads\/2021\/08\/brigade.1.png 1444w\" sizes=\"(max-width: 750px) 100vw, 750px\" \/><\/a>\n\t\t\t<\/dt><\/dl><dl class='gallery-item'>\n\t\t\t<dt class='gallery-icon landscape'>\n\t\t\t\t<a href='https:\/\/old.libradio.org\/?attachment_id=11230#main'><img width=\"750\" height=\"493\" src=\"https:\/\/old.libradio.org\/wp-content\/uploads\/2021\/08\/brigade.2-1024x673.png\" class=\"attachment-large size-large\" alt=\"\" decoding=\"async\" loading=\"lazy\" srcset=\"https:\/\/old.libradio.org\/wp-content\/uploads\/2021\/08\/brigade.2-1024x673.png 1024w, https:\/\/old.libradio.org\/wp-content\/uploads\/2021\/08\/brigade.2-300x197.png 300w, https:\/\/old.libradio.org\/wp-content\/uploads\/2021\/08\/brigade.2-768x504.png 768w, https:\/\/old.libradio.org\/wp-content\/uploads\/2021\/08\/brigade.2-600x394.png 600w\" sizes=\"(max-width: 750px) 100vw, 750px\" \/><\/a>\n\t\t\t<\/dt><\/dl><br style=\"clear: both\" \/>\n\t\t<\/div>\n\n<p><center><a href=\"https:\/\/old.libradio.org\/wp-content\/uploads\/2021\/08\/Br1.pdf\"><strong>PDF-P.1<\/strong><\/a> | <a href=\"https:\/\/old.libradio.org\/wp-content\/uploads\/2021\/08\/Br2.pdf\"><strong>PDF-P.2<\/strong><\/a><\/center><\/p>\n<p><iframe loading=\"lazy\" title=\"YouTube video player\" src=\"https:\/\/www.youtube.com\/embed\/LPOP-Ke5MH0\" width=\"400\" height=\"250\" frameborder=\"0\" allowfullscreen=\"allowfullscreen\"><\/iframe><\/p>\n<p><strong><strong><strong><u>Les travaux en cours:<\/u>(Rejoins l&rsquo;\u00e9quipe! (Canal Telegram dessus)<br \/>\n150 ans de la Commune de Paris<br \/>\nDu 18 Mars au 28 Mai, 72 jours durant, la Commune de Paris fut un parangon d&rsquo;utopie concr\u00e8te au c\u0153ur de la b\u00eate. Revisitons-l\u00e0 au travers de sources premi\u00e8res, de documents d&rsquo;\u00e9poque, lu de tel sorte que l&rsquo;on puisse de nos jours entendre la port\u00e9e des esp\u00e9rances et des pratiques qui eurent cours jusqu&rsquo;\u00e0 leur extinction dans le sang par un pouvoir aux aguets.<br \/>\n<\/strong><\/strong><\/strong><\/p>\n<hr \/>\n<p><strong><strong><strong><br \/>\nPremier ao\u00fbt 2021. F\u00eate (anti)nationale suisse. Alors que l&rsquo;on c\u00e9l\u00e8bre tous azimuts et d&rsquo;un seul bloc l&rsquo;esprit patriotique et national, LibrAdio par cette action symbolique tente de surgir une critique des d\u00e9rives in\u00e9vitables, dont l&rsquo;histoire abonde d&rsquo;\u00e9l\u00e9ments de tout temps et en tous lieux. Lecture LIVE et une version \u00ab\u00a0studio\u00a0\u00bb contig\u00fce. No pasaran!<\/strong><\/strong><\/strong><\/p>\n<p><strong><strong><strong><iframe loading=\"lazy\" title=\"YouTube video player\" src=\"https:\/\/www.youtube.com\/embed\/yydPYpfufW8\" width=\"310\" height=\"195\" frameborder=\"0\" allowfullscreen=\"allowfullscreen\"><\/iframe> <iframe loading=\"lazy\" title=\"YouTube video player\" src=\"https:\/\/www.youtube.com\/embed\/n4HqaBh9CrI\" width=\"310\" height=\"195\" frameborder=\"0\" allowfullscreen=\"allowfullscreen\"><\/iframe><br \/>\n<\/strong><\/strong><\/strong><\/p>\n<hr \/>\n<p><strong><strong><strong><a href=\"https:\/\/old.libradio.org\/wp-content\/uploads\/2021\/04\/clsbandeau2.png\"><img decoding=\"async\" loading=\"lazy\" class=\"aligncenter size-medium wp-image-10231\" src=\"https:\/\/old.libradio.org\/wp-content\/uploads\/2021\/04\/clsbandeau2-300x94.png\" alt=\"\" width=\"300\" height=\"94\" srcset=\"https:\/\/old.libradio.org\/wp-content\/uploads\/2021\/04\/clsbandeau2-300x94.png 300w, https:\/\/old.libradio.org\/wp-content\/uploads\/2021\/04\/clsbandeau2-768x242.png 768w, https:\/\/old.libradio.org\/wp-content\/uploads\/2021\/04\/clsbandeau2-1024x322.png 1024w, https:\/\/old.libradio.org\/wp-content\/uploads\/2021\/04\/clsbandeau2-600x189.png 600w\" sizes=\"(max-width: 300px) 100vw, 300px\" \/><\/a><\/strong><\/strong><\/strong><\/p>\n<p><u>Travaux \u00e0 venir:<\/u><br \/>\nLe 19 avril 1943 et pendant 27 jours, 220 r\u00e9sistantexs retranch\u00e9exs* dans le Ghetto de Varsovie; qui \u00e0 ce moment-l\u00e0 ne comptait plus que 70&rsquo;000 \u00e2mes apr\u00e8s en avoir recens\u00e9 450&rsquo;000, un groupe de femmes et d&rsquo;hommes conscients du sort qui les attendait, r\u00e9sist\u00e8rent les armes \u00e0 la main \u00e0 l&rsquo;envahisseur nazi. Apr\u00e8s 27 jours il n&rsquo;en restait que 40.<\/p>\n<p>*Chiffre selon Marek Edelman, r\u00e9sistant bundiste puis cardiologue, un des derniers survivants du soul\u00e8vement.<\/p>\n<p><strong><strong><strong>R\u00c9PERTOIRE DES LECTURES<\/strong><\/strong><\/strong><\/p>\n<hr \/>\n<p><strong><strong><strong>[B1]_Bloc 1<br \/>\n<\/strong><\/strong><\/strong><\/p>\n<table border=\"2\" width=\"100%\">\n<tbody>\n<tr>\n<td width=\"33%\">CLS-L#01|<a href=\"https:\/\/video.liberta.vip\/videos\/watch\/playlist\/3d447e52-ff0d-427a-97e7-a57206bf562f\" target=\"_blank\" rel=\"noopener\">Alix Payen_P1<\/a><\/td>\n<td width=\"33%\">CLS-L#05|<a href=\"https:\/\/video.liberta.vip\/videos\/watch\/e972a7ef-9eb2-4742-9a20-b7ceac239fbe\" target=\"_blank\" rel=\"noopener\">Adolphe Cl\u00e9mence, Thiers l&rsquo;assassin.<\/a><\/td>\n<td width=\"34%\">CLS-L#09|<a href=\"https:\/\/video.liberta.vip\/videos\/watch\/8e2919e5-1a6b-48ce-b273-4536ab1ca99c\" target=\"_blank\" rel=\"noopener\">Ruth B\u00f6siger<\/a><\/td>\n<\/tr>\n<tr>\n<td width=\"33%\">CLS-L#02|<a href=\"https:\/\/video.liberta.vip\/videos\/watch\/549d6a8e-0bda-4068-b972-23861851ea29\" target=\"_blank\" rel=\"noopener\">Gustave Lefran\u00e7ais<\/a><\/td>\n<td width=\"33%\">CLS-L#06|<a href=\"https:\/\/video.liberta.vip\/videos\/watch\/5523ba6f-d55b-4ba2-be9d-e61dd7a5093b\" target=\"_blank\" rel=\"noopener\">Le 18 mars par J. Vall\u00e8s<\/a><\/td>\n<td width=\"34%\">CLS-L#10|<a href=\"https:\/\/video.liberta.vip\/videos\/watch\/1bfd4282-8d6b-49a6-b24d-670f1ee728bd\" target=\"_blank\" rel=\"noopener\">Club du MontRouge<\/a><\/td>\n<\/tr>\n<tr>\n<td width=\"33%\">CLS-L#03|<a href=\"https:\/\/video.liberta.vip\/videos\/watch\/835918c8-bfb3-41cb-ab1a-aaa4ae7d42c9\" target=\"_blank\" rel=\"noopener\">Libert\u00e9 de la presse<\/a><\/td>\n<td width=\"33%\">CLS-L#07|<a href=\"https:\/\/video.liberta.vip\/videos\/watch\/8a4d1569-47f1-48db-ab74-26da64325bec\" target=\"_blank\" rel=\"noopener\">La Commune. Journal<\/a><\/td>\n<td width=\"34%\">CLS-L#11|<a href=\"https:\/\/video.liberta.vip\/videos\/watch\/acf66215-ea9c-4587-a9c3-64023fa5d61f\" target=\"_blank\" rel=\"noopener\">ZAD de la Colline<\/a><\/td>\n<\/tr>\n<tr>\n<td width=\"33%\">CLS-L#04|<a href=\"https:\/\/video.liberta.vip\/videos\/watch\/8bbc25ad-5512-4c71-9c67-7b20b04772cf\" target=\"_blank\" rel=\"noopener\">La Commune par l&rsquo;I.S.<\/a><\/td>\n<td width=\"33%\">CLS-L#08|<a href=\"https:\/\/video.liberta.vip\/videos\/watch\/923b4891-3245-45aa-9b85-6d3919268ac1\" target=\"_blank\" rel=\"noopener\">Victorine Brocher<\/a><\/td>\n<td width=\"34%\">CLS-L#12|<a href=\"https:\/\/video.liberta.vip\/videos\/watch\/eea3ecf0-cde5-42e7-8cab-b97128a9b447\" target=\"_blank\" rel=\"noopener\">Alix Payen_P2<\/a><\/td>\n<\/tr>\n<\/tbody>\n<\/table>\n<p>[B2]_Bloc 2<\/p>\n<table border=\"2\" width=\"100%\">\n<tbody>\n<tr>\n<td width=\"33%\">CLS-L#01|<a href=\"https:\/\/video.liberta.vip\/videos\/watch\/9a106dac-1178-4194-91a6-aab05567cdfa\" target=\"_blank\" rel=\"noopener\">Lettre \u00e0 G.I. Abdallah<\/a><\/td>\n<td width=\"33%\">CLS-L#05|<a href=\"https:\/\/video.liberta.vip\/videos\/watch\/22db73d7-ec2c-4d37-8004-4c3ebbab7b74\" target=\"_blank\" rel=\"noopener\">D\u00e9c\u00e8s d&rsquo;\u00c9mile Eudes, presse dissonante.<\/a><\/td>\n<td width=\"34%\">CLS-L#09|<a href=\"https:\/\/video.liberta.vip\/videos\/watch\/642f5e58-88e2-4633-9252-2b55b6f3383c\" target=\"_blank\" rel=\"noopener\">Alix Payen, partie 4<\/a><\/td>\n<\/tr>\n<tr>\n<td width=\"33%\">CLS-L#02|<a href=\"https:\/\/video.liberta.vip\/videos\/watch\/6df87e06-be31-4d4c-944b-516ebf1ed9d0\" target=\"_blank\" rel=\"noopener\">Sang de l&rsquo;Affiche Rouge<\/a><\/td>\n<td width=\"33%\">CLS-L#06|<a href=\"https:\/\/video.liberta.vip\/videos\/watch\/67ed9fee-55b1-42db-b0c4-1544935399b2\" target=\"_blank\" rel=\"noopener\">D\u00e9c\u00e8s d&rsquo;\u00c9mile Eudes, relat\u00e9 par l&rsquo;Intransigeant<\/a><\/td>\n<td width=\"34%\">CLS-L#10|<a href=\"https:\/\/video.liberta.vip\/videos\/watch\/01ad5f55-73d9-489d-b303-5e5adfed68c0\" target=\"_blank\" rel=\"noopener\">Rencontres Anarchistes \u00e0 St-Imier en 2022<\/a>|#RIA2022<\/td>\n<\/tr>\n<tr>\n<td width=\"33%\">CLS-L#03|<a href=\"https:\/\/video.liberta.vip\/videos\/watch\/5bdb299f-c6de-4dc6-853e-566367988104\" target=\"_blank\" rel=\"noopener\">Club de la Boule Noire<\/a><\/td>\n<td width=\"33%\">CLS-L#07|<a href=\"https:\/\/video.liberta.vip\/videos\/watch\/93229c5f-3eef-4c83-8594-11bf87001852\" target=\"_blank\" rel=\"noopener\">La mort d&rsquo;Eug\u00e8ne Varlin. Par M.Vuillaume<\/a><\/td>\n<td width=\"34%\">CLS-L#11|<\/td>\n<\/tr>\n<tr>\n<td width=\"33%\">CLS-L#04|<a href=\"https:\/\/video.liberta.vip\/videos\/watch\/5b4e0810-22d7-4f47-93b5-2826ee48b1a4\" target=\"_blank\" rel=\"noopener\">Alix Payen, 3\u00e8me partie<\/a><\/td>\n<td width=\"33%\">CLS-L#08|<a href=\"https:\/\/video.liberta.vip\/videos\/watch\/27558cbb-85f8-40c9-98f8-c7717a40ef25\" target=\"_blank\" rel=\"noopener\">Derni\u00e8res heures de la Commune. \u00c9lie Reclus<\/a><\/td>\n<td width=\"34%\">CLS-L#12|<\/td>\n<\/tr>\n<\/tbody>\n<\/table>\n<p>ARCHIVES des LIVE!<\/p>\n<p>16.01.2022|<strong>ATTENTION SC\u00c9ANCE REPORT\u00c9E POUR MESURE DE PRUDENCE SANITAIRE. <\/strong>Les Ann\u00e9es de Plomb. Premi\u00e8re partie<\/p>\n<p>D.16.01.22 Lectures du CLS Les Ann\u00e9es de Plomb, \u00e9pisode 1. Attentats fascistes sous fausse banni\u00e8re. Collusions internationales y compris via la Suisse. Le fascisme assassine! Teaser joint, attention: images explicites. Rejoins le Canal Telegram: https:\/\/t.me\/csl_cercledelecturesociales<br \/>\n***<\/p>\n<blockquote class=\"instagram-media\" style=\"background: #FFF; border: 0; border-radius: 3px; box-shadow: 0 0 1px 0 rgba(0,0,0,0.5),0 1px 10px 0 rgba(0,0,0,0.15); margin: 1px; max-width: 300px; min-width: 176px; padding: 0; width: calc(100% - 2px);\" data-instgrm-permalink=\"https:\/\/www.instagram.com\/tv\/CYnxASyryax\/?utm_source=ig_embed&amp;utm_campaign=loading\" data-instgrm-version=\"14\">\n<div style=\"padding: 16px;\">\n<div style=\"display: flex; flex-direction: row; align-items: center;\">\n<div style=\"background-color: #f4f4f4; border-radius: 50%; flex-grow: 0; height: 40px; margin-right: 14px; width: 40px;\"><\/div>\n<div style=\"display: flex; flex-direction: column; flex-grow: 1; justify-content: center;\">\n<div style=\"background-color: #f4f4f4; border-radius: 4px; flex-grow: 0; height: 14px; margin-bottom: 6px; width: 100px;\"><\/div>\n<div style=\"background-color: #f4f4f4; border-radius: 4px; flex-grow: 0; height: 14px; width: 60px;\"><\/div>\n<\/div>\n<\/div>\n<div style=\"padding: 19% 0;\"><\/div>\n<div style=\"display: block; height: 50px; margin: 0 auto 12px; width: 50px;\"><\/div>\n<div style=\"padding-top: 8px;\">\n<div style=\"color: #3897f0; font-family: Arial,sans-serif; font-size: 14px; font-style: normal; font-weight: 550; line-height: 18px;\">Voir cette publication sur Instagram<\/div>\n<\/div>\n<div style=\"padding: 12.5% 0;\"><\/div>\n<div style=\"display: flex; flex-direction: row; margin-bottom: 14px; align-items: center;\">\n<div>\n<div style=\"background-color: #f4f4f4; border-radius: 50%; height: 12.5px; width: 12.5px; transform: translateX(0px) translateY(7px);\"><\/div>\n<div style=\"background-color: #f4f4f4; height: 12.5px; transform: rotate(-45deg) translateX(3px) translateY(1px); width: 12.5px; flex-grow: 0; margin-right: 14px; margin-left: 2px;\"><\/div>\n<div style=\"background-color: #f4f4f4; border-radius: 50%; height: 12.5px; width: 12.5px; transform: translateX(9px) translateY(-18px);\"><\/div>\n<\/div>\n<div style=\"margin-left: 8px;\">\n<div style=\"background-color: #f4f4f4; border-radius: 50%; flex-grow: 0; height: 20px; width: 20px;\"><\/div>\n<div style=\"width: 0; height: 0; border-top: 2px solid transparent; border-left: 6px solid #f4f4f4; border-bottom: 2px solid transparent; transform: translateX(16px) translateY(-4px) rotate(30deg);\"><\/div>\n<\/div>\n<div style=\"margin-left: auto;\">\n<div style=\"width: 0px; border-top: 8px solid #F4F4F4; border-right: 8px solid transparent; transform: translateY(16px);\"><\/div>\n<div style=\"background-color: #f4f4f4; flex-grow: 0; height: 12px; width: 16px; transform: translateY(-4px);\"><\/div>\n<div style=\"width: 0; height: 0; border-top: 8px solid #F4F4F4; border-left: 8px solid transparent; transform: translateY(-4px) translateX(8px);\"><\/div>\n<\/div>\n<\/div>\n<div style=\"display: flex; flex-direction: column; flex-grow: 1; justify-content: center; margin-bottom: 24px;\">\n<div style=\"background-color: #f4f4f4; border-radius: 4px; flex-grow: 0; height: 14px; margin-bottom: 6px; width: 224px;\"><\/div>\n<div style=\"background-color: #f4f4f4; border-radius: 4px; flex-grow: 0; height: 14px; width: 144px;\"><\/div>\n<\/div>\n<p style=\"color: #c9c8cd; font-family: Arial,sans-serif; font-size: 14px; line-height: 17px; margin-bottom: 0; margin-top: 8px; overflow: hidden; padding: 8px 0 7px; text-align: center; text-overflow: ellipsis; white-space: nowrap;\"><a style=\"color: #c9c8cd; font-family: Arial,sans-serif; font-size: 14px; font-style: normal; font-weight: normal; line-height: 17px; text-decoration: none;\" href=\"https:\/\/www.instagram.com\/tv\/CYnxASyryax\/?utm_source=ig_embed&amp;utm_campaign=loading\" target=\"_blank\" rel=\"noopener\">Une publication partag\u00e9e par radiolibre (@libradiogeneve)<\/a><\/p>\n<\/div>\n<\/blockquote>\n<p><script async=\"\" src=\"\/\/www.instagram.com\/embed.js\"><\/script><iframe loading=\"lazy\" title=\"YouTube video player\" src=\"https:\/\/www.youtube.com\/embed\/ptl4WrS_eD0\" width=\"460\" height=\"280\" frameborder=\"0\" allowfullscreen=\"allowfullscreen\"><\/iframe><\/p>\n<p>***<\/p>\n<p>LIENS ACCOL\u00c9S<br \/>\n_Sous peu.<\/p>\n<hr \/>\n<p><strong><strong><strong>30.12.2021|Les Sanculotides. No\u00ebl anticonsum\u00e9riste, antipatriarcal et ath\u00e9e.<\/strong><\/strong><\/strong><\/p>\n<p>Treizi\u00e8me \u00e9dition par contumace mais sans se d\u00e9faire des valeurs de solidarit\u00e9 en p\u00e9riode de consum\u00e9risme compulsif et aveugle.<\/p>\n<p>Alors que le n\u00e9o lumpen-prol\u00e9tariat renforce la position du capitalisme pr\u00e9dateur, que s&rsquo;ajoutent encore \u00e0 l&rsquo;ivresse alcoolique et aux violences faites aux femmes les bondieuseries idol\u00e2tres, voici la sainte alliance du sabre et du goupillon qui r\u00f4de.<\/p>\n<p>Quittons ces billeves\u00e9es; retroussons-nous les manches et changeons de monde. Signatures requises d&rsquo;urgence pour la r\u00e9f\u00e9rendum contre Frontex, l&rsquo;agence europ\u00e9enne de gardes-fronti\u00e8res. Lettres aux prisonniers politiques et une histoire de squat aux P\u00e2quis. 20h pr\u00e9cise.<\/p>\n<blockquote class=\"wp-embedded-content\" data-secret=\"07rl5l3Uo2\"><p><a href=\"https:\/\/frontex-referendum.ch\/fr\/\">Il nous faut 50k<\/a><\/p><\/blockquote>\n<p><iframe class=\"wp-embedded-content\" sandbox=\"allow-scripts\" security=\"restricted\" style=\"position: absolute; clip: rect(1px, 1px, 1px, 1px);\" title=\"\u00ab\u00a0Il nous faut 50k\u00a0\u00bb &#8212; Frontex Referendum\" src=\"https:\/\/frontex-referendum.ch\/fr\/embed\/#?secret=KDpnyCkrJg#?secret=07rl5l3Uo2\" data-secret=\"07rl5l3Uo2\" width=\"600\" height=\"338\" frameborder=\"0\" marginwidth=\"0\" marginheight=\"0\" scrolling=\"no\"><\/iframe><\/p>\n<p><strong><strong><strong><iframe loading=\"lazy\" title=\"YouTube video player\" src=\"https:\/\/www.youtube.com\/embed\/ssUQh_1xwP8\" width=\"360\" height=\"215\" frameborder=\"0\" allowfullscreen=\"allowfullscreen\"><\/iframe><br \/>\n<\/strong><\/strong><\/strong><\/p>\n<hr \/>\n<p><strong><strong><strong>26.12.2021|Le Prieur\u00e9. Histoire du premier squat politique \u00e0 Gen\u00e8ve.<\/strong><\/strong><\/strong><\/p>\n<p>5h30 du matin, ce 20 d\u00e9cembre 1971, la police \u00e9vacue brutalement les occupantexs du Squat du Prieur\u00e9 aux P\u00e2quis \u00e0 Gen\u00e8ve et d\u00e9moli la b\u00e2tisse, ancien hospice et l&rsquo;infirmerie Butini dans la foul\u00e9e.<\/p>\n<p>Dans la foul\u00e9e la b\u00e2tisse, une ancienne infirmerie sociale est d\u00e9truite, comme pour emp\u00eacher une r\u00e9occupation ult\u00e9rieure mais aussi pour effacer l&rsquo;utopie op\u00e9rationnelle qui y si\u00e9geait.<\/p>\n<p>Pour la m\u00e9moire. Pour l&rsquo;histoire sociale. Pour r\u00e9assembler la continuit\u00e9 des luttes de hier, d&rsquo;aujourd&rsquo;hui et de demain; voici une session du CLS-Cercle de Lecture Sociale d\u00e9di\u00e9e.<\/p>\n<p><strong><strong><strong><iframe loading=\"lazy\" title=\"YouTube video player\" src=\"https:\/\/www.youtube.com\/embed\/ISPDyqZsSCk\" width=\"310\" height=\"195\" frameborder=\"0\" allowfullscreen=\"allowfullscreen\"><\/iframe><\/strong><\/strong><\/strong><\/p>\n<ol>\n<li style=\"list-style-type: none;\">\n<ol>LIENS ACCOL\u00c9S<\/ol>\n<\/li>\n<\/ol>\n\n\t\t<style type=\"text\/css\">\n\t\t\t#gallery-9 {\n\t\t\t\tmargin: auto;\n\t\t\t}\n\t\t\t#gallery-9 .gallery-item {\n\t\t\t\tfloat: left;\n\t\t\t\tmargin-top: 10px;\n\t\t\t\ttext-align: center;\n\t\t\t\twidth: 16%;\n\t\t\t}\n\t\t\t#gallery-9 img {\n\t\t\t\tborder: 2px solid #cfcfcf;\n\t\t\t}\n\t\t\t#gallery-9 .gallery-caption {\n\t\t\t\tmargin-left: 0;\n\t\t\t}\n\t\t\t\/* see gallery_shortcode() in wp-includes\/media.php *\/\n\t\t<\/style>\n\t\t<div id='gallery-9' class='gallery galleryid-10185 gallery-columns-6 gallery-size-thumbnail'><dl class='gallery-item'>\n\t\t\t<dt class='gallery-icon landscape'>\n\t\t\t\t<a href='https:\/\/old.libradio.org\/?attachment_id=11934#main'><img width=\"150\" height=\"150\" src=\"https:\/\/old.libradio.org\/wp-content\/uploads\/2021\/12\/PR_1-150x150.png\" class=\"attachment-thumbnail size-thumbnail\" alt=\"\" decoding=\"async\" loading=\"lazy\" \/><\/a>\n\t\t\t<\/dt><\/dl><dl class='gallery-item'>\n\t\t\t<dt class='gallery-icon portrait'>\n\t\t\t\t<a href='https:\/\/old.libradio.org\/?attachment_id=11935#main'><img width=\"150\" height=\"150\" src=\"https:\/\/old.libradio.org\/wp-content\/uploads\/2021\/12\/PR_2-150x150.png\" class=\"attachment-thumbnail size-thumbnail\" alt=\"\" decoding=\"async\" loading=\"lazy\" \/><\/a>\n\t\t\t<\/dt><\/dl><dl class='gallery-item'>\n\t\t\t<dt class='gallery-icon portrait'>\n\t\t\t\t<a href='https:\/\/old.libradio.org\/?attachment_id=11936#main'><img width=\"150\" height=\"150\" src=\"https:\/\/old.libradio.org\/wp-content\/uploads\/2021\/12\/PR_3-150x150.png\" class=\"attachment-thumbnail size-thumbnail\" alt=\"\" decoding=\"async\" loading=\"lazy\" \/><\/a>\n\t\t\t<\/dt><\/dl><dl class='gallery-item'>\n\t\t\t<dt class='gallery-icon portrait'>\n\t\t\t\t<a href='https:\/\/old.libradio.org\/?attachment_id=11937#main'><img width=\"150\" height=\"150\" src=\"https:\/\/old.libradio.org\/wp-content\/uploads\/2021\/12\/PR_4-150x150.png\" class=\"attachment-thumbnail size-thumbnail\" alt=\"\" decoding=\"async\" loading=\"lazy\" \/><\/a>\n\t\t\t<\/dt><\/dl><dl class='gallery-item'>\n\t\t\t<dt class='gallery-icon landscape'>\n\t\t\t\t<a href='https:\/\/old.libradio.org\/?attachment_id=11938#main'><img width=\"150\" height=\"150\" src=\"https:\/\/old.libradio.org\/wp-content\/uploads\/2021\/12\/PR_5-150x150.png\" class=\"attachment-thumbnail size-thumbnail\" alt=\"\" decoding=\"async\" loading=\"lazy\" \/><\/a>\n\t\t\t<\/dt><\/dl><dl class='gallery-item'>\n\t\t\t<dt class='gallery-icon landscape'>\n\t\t\t\t<a href='https:\/\/old.libradio.org\/?attachment_id=11939#main'><img width=\"150\" height=\"150\" src=\"https:\/\/old.libradio.org\/wp-content\/uploads\/2021\/12\/PR_6-150x150.png\" class=\"attachment-thumbnail size-thumbnail\" alt=\"\" decoding=\"async\" loading=\"lazy\" \/><\/a>\n\t\t\t<\/dt><\/dl><br style=\"clear: both\" \/>\n\t\t<\/div>\n\n<ol>\n<li style=\"list-style-type: none;\"><\/li>\n<\/ol>\n\n\t\t<style type=\"text\/css\">\n\t\t\t#gallery-10 {\n\t\t\t\tmargin: auto;\n\t\t\t}\n\t\t\t#gallery-10 .gallery-item {\n\t\t\t\tfloat: left;\n\t\t\t\tmargin-top: 10px;\n\t\t\t\ttext-align: center;\n\t\t\t\twidth: 16%;\n\t\t\t}\n\t\t\t#gallery-10 img {\n\t\t\t\tborder: 2px solid #cfcfcf;\n\t\t\t}\n\t\t\t#gallery-10 .gallery-caption {\n\t\t\t\tmargin-left: 0;\n\t\t\t}\n\t\t\t\/* see gallery_shortcode() in wp-includes\/media.php *\/\n\t\t<\/style>\n\t\t<div id='gallery-10' class='gallery galleryid-10185 gallery-columns-6 gallery-size-thumbnail'><dl class='gallery-item'>\n\t\t\t<dt class='gallery-icon landscape'>\n\t\t\t\t<a href='https:\/\/old.libradio.org\/?attachment_id=11940#main'><img width=\"150\" height=\"150\" src=\"https:\/\/old.libradio.org\/wp-content\/uploads\/2021\/12\/PR_7-150x150.png\" class=\"attachment-thumbnail size-thumbnail\" alt=\"\" decoding=\"async\" loading=\"lazy\" \/><\/a>\n\t\t\t<\/dt><\/dl><dl class='gallery-item'>\n\t\t\t<dt class='gallery-icon landscape'>\n\t\t\t\t<a href='https:\/\/old.libradio.org\/?attachment_id=11941#main'><img width=\"150\" height=\"150\" src=\"https:\/\/old.libradio.org\/wp-content\/uploads\/2021\/12\/PR_9-150x150.png\" class=\"attachment-thumbnail size-thumbnail\" alt=\"\" decoding=\"async\" loading=\"lazy\" \/><\/a>\n\t\t\t<\/dt><\/dl><dl class='gallery-item'>\n\t\t\t<dt class='gallery-icon landscape'>\n\t\t\t\t<a href='https:\/\/old.libradio.org\/?attachment_id=11942#main'><img width=\"150\" height=\"150\" src=\"https:\/\/old.libradio.org\/wp-content\/uploads\/2021\/12\/PR_10-150x150.png\" class=\"attachment-thumbnail size-thumbnail\" alt=\"\" decoding=\"async\" loading=\"lazy\" \/><\/a>\n\t\t\t<\/dt><\/dl><dl class='gallery-item'>\n\t\t\t<dt class='gallery-icon landscape'>\n\t\t\t\t<a href='https:\/\/old.libradio.org\/?attachment_id=11943#main'><img width=\"150\" height=\"150\" src=\"https:\/\/old.libradio.org\/wp-content\/uploads\/2021\/12\/PR_11-150x150.png\" class=\"attachment-thumbnail size-thumbnail\" alt=\"\" decoding=\"async\" loading=\"lazy\" \/><\/a>\n\t\t\t<\/dt><\/dl><dl class='gallery-item'>\n\t\t\t<dt class='gallery-icon landscape'>\n\t\t\t\t<a href='https:\/\/old.libradio.org\/?attachment_id=11944#main'><img width=\"150\" height=\"150\" src=\"https:\/\/old.libradio.org\/wp-content\/uploads\/2021\/12\/PR_12-150x150.png\" class=\"attachment-thumbnail size-thumbnail\" alt=\"\" decoding=\"async\" loading=\"lazy\" \/><\/a>\n\t\t\t<\/dt><\/dl><dl class='gallery-item'>\n\t\t\t<dt class='gallery-icon landscape'>\n\t\t\t\t<a href='https:\/\/old.libradio.org\/?attachment_id=11945#main'><img width=\"150\" height=\"150\" src=\"https:\/\/old.libradio.org\/wp-content\/uploads\/2021\/12\/PR_13-150x150.png\" class=\"attachment-thumbnail size-thumbnail\" alt=\"\" decoding=\"async\" loading=\"lazy\" \/><\/a>\n\t\t\t<\/dt><\/dl><br style=\"clear: both\" \/>\n\t\t<\/div>\n\n<hr \/>\n<p><strong><strong><strong>19.12.2021|Quartier Libre, Clendy-Dessous, Yverdon.<\/strong><\/strong><\/strong><\/p>\n<p>De nombreux \u00e9pisodes ont \u00e9maill\u00e9 l&rsquo;histoire contemporaine helv\u00e8te, qui en disent long sur la culture du secret et du contr\u00f4le social. Lorsqu&rsquo;un \u00e9dile, Grand conseiller zurichois, Conseiller national \u00e0 Bern, Lieutenant-Colonel et surtout anticommuniste z\u00e9l\u00e9&#8230;<\/p>\n<p>Quand un tel p\u00e9digr\u00e9e commet des fiches secr\u00e8tes sur les \u00ab\u00a0subversifs\u00a0\u00bb et les \u00ab\u00a0s\u00e9ditieux\u00a0\u00bb, qu&rsquo;il organise un r\u00e9seau occulte de collecte d&rsquo;information, y compris en stipendiant des coll\u00e9giens mineurs, et qu&rsquo;il entreprend de divulguer ces informations; on approche des listes noires du maccarthysme version suisse&#8230;<\/p>\n<p><strong><strong><strong>En cours de r\u00e9enregistrement&#8230;<\/strong><\/strong><\/strong><\/p>\n<ol>\n<li style=\"list-style-type: none;\">\n<ol>LIENS ACCOL\u00c9S<\/ol>\n<\/li>\n<\/ol>\n\n\t\t<style type=\"text\/css\">\n\t\t\t#gallery-11 {\n\t\t\t\tmargin: auto;\n\t\t\t}\n\t\t\t#gallery-11 .gallery-item {\n\t\t\t\tfloat: left;\n\t\t\t\tmargin-top: 10px;\n\t\t\t\ttext-align: center;\n\t\t\t\twidth: 16%;\n\t\t\t}\n\t\t\t#gallery-11 img {\n\t\t\t\tborder: 2px solid #cfcfcf;\n\t\t\t}\n\t\t\t#gallery-11 .gallery-caption {\n\t\t\t\tmargin-left: 0;\n\t\t\t}\n\t\t\t\/* see gallery_shortcode() in wp-includes\/media.php *\/\n\t\t<\/style>\n\t\t<div id='gallery-11' class='gallery galleryid-10185 gallery-columns-6 gallery-size-thumbnail'><dl class='gallery-item'>\n\t\t\t<dt class='gallery-icon portrait'>\n\t\t\t\t<a href='https:\/\/old.libradio.org\/?attachment_id=11916#main'><img width=\"150\" height=\"150\" src=\"https:\/\/old.libradio.org\/wp-content\/uploads\/2021\/12\/C1.1_Cincera8_24H_24.11.1976-150x150.png\" class=\"attachment-thumbnail size-thumbnail\" alt=\"\" decoding=\"async\" loading=\"lazy\" \/><\/a>\n\t\t\t<\/dt><\/dl><dl class='gallery-item'>\n\t\t\t<dt class='gallery-icon landscape'>\n\t\t\t\t<a href='https:\/\/old.libradio.org\/?attachment_id=11917#main'><img width=\"150\" height=\"150\" src=\"https:\/\/old.libradio.org\/wp-content\/uploads\/2021\/12\/C1.2_Cincera9_LeMatin_24.11.1976-150x150.png\" class=\"attachment-thumbnail size-thumbnail\" alt=\"\" decoding=\"async\" loading=\"lazy\" \/><\/a>\n\t\t\t<\/dt><\/dl><dl class='gallery-item'>\n\t\t\t<dt class='gallery-icon landscape'>\n\t\t\t\t<a href='https:\/\/old.libradio.org\/?attachment_id=11918#main'><img width=\"150\" height=\"150\" src=\"https:\/\/old.libradio.org\/wp-content\/uploads\/2021\/12\/C1.3_Cincera22_GdL_26.11.76-150x150.png\" class=\"attachment-thumbnail size-thumbnail\" alt=\"\" decoding=\"async\" loading=\"lazy\" \/><\/a>\n\t\t\t<\/dt><\/dl><dl class='gallery-item'>\n\t\t\t<dt class='gallery-icon landscape'>\n\t\t\t\t<a href='https:\/\/old.libradio.org\/?attachment_id=11919#main'><img width=\"150\" height=\"150\" src=\"https:\/\/old.libradio.org\/wp-content\/uploads\/2021\/12\/C1.4_Cincera23_LutteSyndicale_01.12.76-150x150.png\" class=\"attachment-thumbnail size-thumbnail\" alt=\"\" decoding=\"async\" loading=\"lazy\" \/><\/a>\n\t\t\t<\/dt><\/dl><dl class='gallery-item'>\n\t\t\t<dt class='gallery-icon landscape'>\n\t\t\t\t<a href='https:\/\/old.libradio.org\/?attachment_id=11920#main'><img width=\"150\" height=\"150\" src=\"https:\/\/old.libradio.org\/wp-content\/uploads\/2021\/12\/C1.5_Cincera24_FTCP_17.12.76-150x150.png\" class=\"attachment-thumbnail size-thumbnail\" alt=\"\" decoding=\"async\" loading=\"lazy\" \/><\/a>\n\t\t\t<\/dt><\/dl><dl class='gallery-item'>\n\t\t\t<dt class='gallery-icon landscape'>\n\t\t\t\t<a href='https:\/\/old.libradio.org\/?attachment_id=11921#main'><img width=\"150\" height=\"150\" src=\"https:\/\/old.libradio.org\/wp-content\/uploads\/2021\/12\/C1.6_Cincera26_FCTA_17.12.76-150x150.png\" class=\"attachment-thumbnail size-thumbnail\" alt=\"\" decoding=\"async\" loading=\"lazy\" \/><\/a>\n\t\t\t<\/dt><\/dl><br style=\"clear: both\" \/>\n\t\t<\/div>\n\n<ol>\n<li style=\"list-style-type: none;\"><\/li>\n<\/ol>\n\n\t\t<style type=\"text\/css\">\n\t\t\t#gallery-12 {\n\t\t\t\tmargin: auto;\n\t\t\t}\n\t\t\t#gallery-12 .gallery-item {\n\t\t\t\tfloat: left;\n\t\t\t\tmargin-top: 10px;\n\t\t\t\ttext-align: center;\n\t\t\t\twidth: 25%;\n\t\t\t}\n\t\t\t#gallery-12 img {\n\t\t\t\tborder: 2px solid #cfcfcf;\n\t\t\t}\n\t\t\t#gallery-12 .gallery-caption {\n\t\t\t\tmargin-left: 0;\n\t\t\t}\n\t\t\t\/* see gallery_shortcode() in wp-includes\/media.php *\/\n\t\t<\/style>\n\t\t<div id='gallery-12' class='gallery galleryid-10185 gallery-columns-4 gallery-size-thumbnail'><dl class='gallery-item'>\n\t\t\t<dt class='gallery-icon landscape'>\n\t\t\t\t<a href='https:\/\/old.libradio.org\/?attachment_id=11922#main'><img width=\"150\" height=\"150\" src=\"https:\/\/old.libradio.org\/wp-content\/uploads\/2021\/12\/C2.1_Cincera15_Express_10dec1976-150x150.png\" class=\"attachment-thumbnail size-thumbnail\" alt=\"\" decoding=\"async\" loading=\"lazy\" \/><\/a>\n\t\t\t<\/dt><\/dl><dl class='gallery-item'>\n\t\t\t<dt class='gallery-icon landscape'>\n\t\t\t\t<a href='https:\/\/old.libradio.org\/?attachment_id=11923#main'><img width=\"150\" height=\"150\" src=\"https:\/\/old.libradio.org\/wp-content\/uploads\/2021\/12\/C2.2_Cincera25_Nouvelliste_28.11.76-150x150.png\" class=\"attachment-thumbnail size-thumbnail\" alt=\"\" decoding=\"async\" loading=\"lazy\" \/><\/a>\n\t\t\t<\/dt><\/dl><dl class='gallery-item'>\n\t\t\t<dt class='gallery-icon portrait'>\n\t\t\t\t<a href='https:\/\/old.libradio.org\/?attachment_id=11924#main'><img width=\"150\" height=\"150\" src=\"https:\/\/old.libradio.org\/wp-content\/uploads\/2021\/12\/C2.3_Cincera13_LExpress_07.12.1977-150x150.png\" class=\"attachment-thumbnail size-thumbnail\" alt=\"\" decoding=\"async\" loading=\"lazy\" \/><\/a>\n\t\t\t<\/dt><\/dl><dl class='gallery-item'>\n\t\t\t<dt class='gallery-icon landscape'>\n\t\t\t\t<a href='https:\/\/old.libradio.org\/?attachment_id=11925#main'><img width=\"150\" height=\"150\" src=\"https:\/\/old.libradio.org\/wp-content\/uploads\/2021\/12\/C2.4_Cincera7_Chut_1977_l\u00e9ger-150x150.png\" class=\"attachment-thumbnail size-thumbnail\" alt=\"\" decoding=\"async\" loading=\"lazy\" \/><\/a>\n\t\t\t<\/dt><\/dl><br style=\"clear: both\" \/>\n\t\t<\/div>\n\n<ol>\n<li style=\"list-style-type: none;\"><\/li>\n<\/ol>\n\n\t\t<style type=\"text\/css\">\n\t\t\t#gallery-13 {\n\t\t\t\tmargin: auto;\n\t\t\t}\n\t\t\t#gallery-13 .gallery-item {\n\t\t\t\tfloat: left;\n\t\t\t\tmargin-top: 10px;\n\t\t\t\ttext-align: center;\n\t\t\t\twidth: 25%;\n\t\t\t}\n\t\t\t#gallery-13 img {\n\t\t\t\tborder: 2px solid #cfcfcf;\n\t\t\t}\n\t\t\t#gallery-13 .gallery-caption {\n\t\t\t\tmargin-left: 0;\n\t\t\t}\n\t\t\t\/* see gallery_shortcode() in wp-includes\/media.php *\/\n\t\t<\/style>\n\t\t<div id='gallery-13' class='gallery galleryid-10185 gallery-columns-4 gallery-size-thumbnail'><dl class='gallery-item'>\n\t\t\t<dt class='gallery-icon portrait'>\n\t\t\t\t<a href='https:\/\/old.libradio.org\/?attachment_id=11926#main'><img width=\"150\" height=\"150\" src=\"https:\/\/old.libradio.org\/wp-content\/uploads\/2021\/12\/C3.1_Cincera18_JdG_17.11.77-150x150.png\" class=\"attachment-thumbnail size-thumbnail\" alt=\"\" decoding=\"async\" loading=\"lazy\" \/><\/a>\n\t\t\t<\/dt><\/dl><dl class='gallery-item'>\n\t\t\t<dt class='gallery-icon landscape'>\n\t\t\t\t<a href='https:\/\/old.libradio.org\/?attachment_id=11927#main'><img width=\"150\" height=\"150\" src=\"https:\/\/old.libradio.org\/wp-content\/uploads\/2021\/12\/C3.2_Cincera_GdL_29.01.78-150x150.png\" class=\"attachment-thumbnail size-thumbnail\" alt=\"\" decoding=\"async\" loading=\"lazy\" \/><\/a>\n\t\t\t<\/dt><\/dl><dl class='gallery-item'>\n\t\t\t<dt class='gallery-icon portrait'>\n\t\t\t\t<a href='https:\/\/old.libradio.org\/?attachment_id=11928#main'><img width=\"150\" height=\"150\" src=\"https:\/\/old.libradio.org\/wp-content\/uploads\/2021\/12\/C3.3_Cincera5_remplacementLeMatinDimanche_15.12.2002-150x150.png\" class=\"attachment-thumbnail size-thumbnail\" alt=\"\" decoding=\"async\" loading=\"lazy\" \/><\/a>\n\t\t\t<\/dt><\/dl><dl class='gallery-item'>\n\t\t\t<dt class='gallery-icon landscape'>\n\t\t\t\t<a href='https:\/\/old.libradio.org\/?attachment_id=11929#main'><img width=\"150\" height=\"150\" src=\"https:\/\/old.libradio.org\/wp-content\/uploads\/2021\/12\/C3.4_Cincera_23_PresseNordVaudois_02.11.2004-150x150.png\" class=\"attachment-thumbnail size-thumbnail\" alt=\"\" decoding=\"async\" loading=\"lazy\" \/><\/a>\n\t\t\t<\/dt><\/dl><br style=\"clear: both\" \/>\n\t\t<\/div>\n\n<hr \/>\n<p><strong><strong><strong>12.12.2021|L&rsquo;Atelier \u00e0 l&rsquo;Usine. Lecture LIVE du CLS Cercle de Lecture Sociale<\/strong><\/strong><\/strong><\/p>\n<p>Le 12 septembre 1977 mourait assassin\u00e9, dans les ge\u00f4le de l&rsquo;Apartheid sudafricain, Steve Biko, fondateur du mouvement Black Consciousness. Alors tout juste trentenaire, il incarnait un espoir et un projet op\u00e9rationnel antiraciste, anticapitaliste, f\u00e9ministe et socia. Les circonstances de sa mort sont particuli\u00e8rement horribles.<\/p>\n<p>Il est battu \u00e0 plusieurs reprise laiss\u00e9 gisant dans sa cellule au milieu des ses fluides corporels. Le chef de la police J. Kruger, avec d\u00e9sinvolture annoncera d&rsquo;abord une gr\u00e8ve de la faim fictive puis d\u00e9clara qu&rsquo;il y avait \u00ab\u00a0bien des mani\u00e8res de se blesser \u00e0 la t\u00eate\u00a0\u00bb&#8230;(!) Nous proc\u00e9dons \u00e0 la lecture d&rsquo;une s\u00e9lection de quotidiens locaux d&rsquo;\u00e9poque et ajoutons nos sources ci-dessous. Bonne \u00e9coute!<\/p>\n<p><iframe loading=\"lazy\" title=\"YouTube video player\" src=\"https:\/\/www.youtube.com\/embed\/FXBMt_8KCvI\" width=\"310\" height=\"195\" frameborder=\"0\" allowfullscreen=\"allowfullscreen\"><\/iframe><\/p>\n<p><strong><strong><strong>LIENS ACCOL\u00c9S<br \/>\n<\/strong><\/strong><\/strong><\/p>\n\n\t\t<style type=\"text\/css\">\n\t\t\t#gallery-14 {\n\t\t\t\tmargin: auto;\n\t\t\t}\n\t\t\t#gallery-14 .gallery-item {\n\t\t\t\tfloat: left;\n\t\t\t\tmargin-top: 10px;\n\t\t\t\ttext-align: center;\n\t\t\t\twidth: 20%;\n\t\t\t}\n\t\t\t#gallery-14 img {\n\t\t\t\tborder: 2px solid #cfcfcf;\n\t\t\t}\n\t\t\t#gallery-14 .gallery-caption {\n\t\t\t\tmargin-left: 0;\n\t\t\t}\n\t\t\t\/* see gallery_shortcode() in wp-includes\/media.php *\/\n\t\t<\/style>\n\t\t<div id='gallery-14' class='gallery galleryid-10185 gallery-columns-5 gallery-size-thumbnail'><dl class='gallery-item'>\n\t\t\t<dt class='gallery-icon landscape'>\n\t\t\t\t<a href='https:\/\/old.libradio.org\/?attachment_id=11881#main'><img width=\"150\" height=\"150\" src=\"https:\/\/old.libradio.org\/wp-content\/uploads\/2021\/12\/BikoA.I15JdG16.09.77-150x150.png\" class=\"attachment-thumbnail size-thumbnail\" alt=\"\" decoding=\"async\" loading=\"lazy\" \/><\/a>\n\t\t\t<\/dt><\/dl><dl class='gallery-item'>\n\t\t\t<dt class='gallery-icon landscape'>\n\t\t\t\t<a href='https:\/\/old.libradio.org\/?attachment_id=11882#main'><img width=\"150\" height=\"150\" src=\"https:\/\/old.libradio.org\/wp-content\/uploads\/2021\/12\/Biko8A.VIJdG14.11.77-150x150.jpg\" class=\"attachment-thumbnail size-thumbnail\" alt=\"\" decoding=\"async\" loading=\"lazy\" \/><\/a>\n\t\t\t<\/dt><\/dl><dl class='gallery-item'>\n\t\t\t<dt class='gallery-icon portrait'>\n\t\t\t\t<a href='https:\/\/old.libradio.org\/?attachment_id=11883#main'><img width=\"150\" height=\"150\" src=\"https:\/\/old.libradio.org\/wp-content\/uploads\/2021\/12\/Biko10A.VIIJDG15.11.77-150x150.png\" class=\"attachment-thumbnail size-thumbnail\" alt=\"\" decoding=\"async\" loading=\"lazy\" \/><\/a>\n\t\t\t<\/dt><\/dl><dl class='gallery-item'>\n\t\t\t<dt class='gallery-icon portrait'>\n\t\t\t\t<a href='https:\/\/old.libradio.org\/?attachment_id=11884#main'><img width=\"150\" height=\"150\" src=\"https:\/\/old.libradio.org\/wp-content\/uploads\/2021\/12\/Biko12A.IVGdL10.10.77-150x150.png\" class=\"attachment-thumbnail size-thumbnail\" alt=\"\" decoding=\"async\" loading=\"lazy\" \/><\/a>\n\t\t\t<\/dt><\/dl><dl class='gallery-item'>\n\t\t\t<dt class='gallery-icon landscape'>\n\t\t\t\t<a href='https:\/\/old.libradio.org\/?attachment_id=11886#main'><img width=\"150\" height=\"150\" src=\"https:\/\/old.libradio.org\/wp-content\/uploads\/2021\/12\/Biko13A.VjdG11.11.77-150x150.png\" class=\"attachment-thumbnail size-thumbnail\" alt=\"\" decoding=\"async\" loading=\"lazy\" \/><\/a>\n\t\t\t<\/dt><\/dl><br style=\"clear: both\" \/>\n\t\t<\/div>\n\n\n\t\t<style type=\"text\/css\">\n\t\t\t#gallery-15 {\n\t\t\t\tmargin: auto;\n\t\t\t}\n\t\t\t#gallery-15 .gallery-item {\n\t\t\t\tfloat: left;\n\t\t\t\tmargin-top: 10px;\n\t\t\t\ttext-align: center;\n\t\t\t\twidth: 25%;\n\t\t\t}\n\t\t\t#gallery-15 img {\n\t\t\t\tborder: 2px solid #cfcfcf;\n\t\t\t}\n\t\t\t#gallery-15 .gallery-caption {\n\t\t\t\tmargin-left: 0;\n\t\t\t}\n\t\t\t\/* see gallery_shortcode() in wp-includes\/media.php *\/\n\t\t<\/style>\n\t\t<div id='gallery-15' class='gallery galleryid-10185 gallery-columns-4 gallery-size-thumbnail'><dl class='gallery-item'>\n\t\t\t<dt class='gallery-icon landscape'>\n\t\t\t\t<a href='https:\/\/old.libradio.org\/?attachment_id=11887#main'><img width=\"150\" height=\"150\" src=\"https:\/\/old.libradio.org\/wp-content\/uploads\/2021\/12\/Biko14A.IIIJdG8-9.10.77-150x150.png\" class=\"attachment-thumbnail size-thumbnail\" alt=\"\" decoding=\"async\" loading=\"lazy\" \/><\/a>\n\t\t\t<\/dt><\/dl><dl class='gallery-item'>\n\t\t\t<dt class='gallery-icon landscape'>\n\t\t\t\t<a href='https:\/\/old.libradio.org\/?attachment_id=11888#main'><img width=\"150\" height=\"150\" src=\"https:\/\/old.libradio.org\/wp-content\/uploads\/2021\/12\/Biko16A.VIIIJdG26-27.11.1977-150x150.png\" class=\"attachment-thumbnail size-thumbnail\" alt=\"\" decoding=\"async\" loading=\"lazy\" \/><\/a>\n\t\t\t<\/dt><\/dl><dl class='gallery-item'>\n\t\t\t<dt class='gallery-icon landscape'>\n\t\t\t\t<a href='https:\/\/old.libradio.org\/?attachment_id=11889#main'><img width=\"150\" height=\"150\" src=\"https:\/\/old.libradio.org\/wp-content\/uploads\/2021\/12\/Biko18A.IIJdG21.09.77-150x150.png\" class=\"attachment-thumbnail size-thumbnail\" alt=\"\" decoding=\"async\" loading=\"lazy\" \/><\/a>\n\t\t\t<\/dt><\/dl><dl class='gallery-item'>\n\t\t\t<dt class='gallery-icon landscape'>\n\t\t\t\t<a href='https:\/\/old.libradio.org\/?attachment_id=11891#main'><img width=\"150\" height=\"150\" src=\"https:\/\/old.libradio.org\/wp-content\/uploads\/2021\/12\/biko22A.IX01.12.77.JournduValais-150x150.png\" class=\"attachment-thumbnail size-thumbnail\" alt=\"\" decoding=\"async\" loading=\"lazy\" \/><\/a>\n\t\t\t<\/dt><\/dl><br style=\"clear: both\" \/>\n\t\t<\/div>\n\n<p><strong><strong><a href=\"https:\/\/old.libradio.org\/wp-content\/uploads\/2021\/12\/Biko21A.XEXR_19771210p32_organized-1.pdf\"><strong>L&rsquo;Express_10.12.77<\/strong><\/a><br \/>\n<a href=\"https:\/\/old.libradio.org\/wp-content\/uploads\/2021\/12\/Biko1_bp24.09.77_organized.pdf\"><strong>The Black Panther_24.09.77<\/strong><\/a><br \/>\n<a href=\"https:\/\/old.libradio.org\/wp-content\/uploads\/2021\/12\/Biko4_estvaudois14.09.77_organized.pdf\"><strong>L&rsquo;Est vaudois_14.09.77<\/strong><\/a><br \/>\n<a href=\"https:\/\/old.libradio.org\/wp-content\/uploads\/2021\/12\/Biko5_Journdyverdon14.09.77_organized.pdf\"><strong>Journal d&rsquo;Yverdon_14.09.77<\/strong><\/a><br \/>\n<\/strong><\/strong><\/p>\n<hr \/>\n<p><strong><strong><strong>04.12.2021|Quartier Libre de Clendy-Dessous \u00e0 Yverdon. LibrAdio et le CLS<\/strong><\/strong><\/strong><\/p>\n<p>Visite et interview \u00e0 la Maison d&rsquo;Ailleurs pour l&rsquo;expo : \u00ab\u00a0Je est un Monstre\u00a0\u00bb puis pour un \u00e9change avec les habitantexs du Quartier Libre.<br \/>\nEnsuite lectures su CLS, \u00ab\u00a0L&rsquo;Affaire Fred Hampton\u00a0\u00bb jeune activiste du Black Panther Party assassin\u00e9 par la police en compagnie de Marc Clark \u00e0 l&rsquo;aube du 04 d\u00e9cembre 1969.<\/p>\n<p>PROGRAMME<\/p>\n<p>13h30 Maison d&rsquo;ailleurs, entretien avec Marc Atallah, conservateur de la Maison<br \/>\n13h45 \u00c9change avec des habitantexs du Quartier Libre<br \/>\n&#8211;<br \/>\n16h30 Lecture du CLS depuis Clendy-Dessous<\/p>\n<p>Alors que la Commission d&rsquo;enqu\u00eate ad hoc statuait que les 14 policiers avaient agit en \u00e9tat de l\u00e9gitime d\u00e9fense, il est av\u00e9r\u00e9 que le policier infiltr\u00e9 avait drogu\u00e9 la veille Fred Hampton qui dormait \u00e0 poings ferm\u00e9s au moment des faits.<\/p>\n<p><strong><strong><strong><iframe loading=\"lazy\" title=\"YouTube video player\" src=\"https:\/\/www.youtube.com\/embed\/bYIY3q-gRP0\" width=\"310\" height=\"195\" frameborder=\"0\" allowfullscreen=\"allowfullscreen\"><\/iframe><br \/>\n<\/strong><\/strong><\/strong><\/p>\n<hr \/>\n<p><strong><strong><strong>28.11.2021|Gen\u00e8ve, manifestation antifasciste du 24 novembre 2021<\/strong><\/strong><\/strong><\/p>\n<p>\u00ab\u00a0Alors que nous marquions un pause respiratoire, place de la Navigation aux P\u00e2quis, accompagn\u00e9 d&rsquo;un ami qui me soutenait dans l&rsquo;exercice de nos droits et devoirs d\u00e9mocratiques, je soufflais quelques instant, ma maladie me l&rsquo;impose.<\/p>\n<p>Huit policiers en tenue d&rsquo;assaut nous ont encercl\u00e9 et harcel\u00e9 une heure durant, \u00e9videment pour rien. Nous nous \u00e9tions d\u00e9clar\u00e9s comme tels, malade et claudiquant et accompagant altruiste. Il \u00e9taient loins les risques de d\u00e9lit de fuite du cardiaque, la chiquenaude du canc\u00e9reux.\u00a0\u00bb<\/p>\n<p><iframe loading=\"lazy\" title=\"YouTube video player\" src=\"https:\/\/www.youtube.com\/embed\/wa8D6ZrVq2w\" width=\"310\" height=\"195\" frameborder=\"0\" allowfullscreen=\"allowfullscreen\"><\/iframe><\/p>\n<p><strong><strong>LIENS ACCOL\u00c9S<br \/>\n_Lettre une:<a href=\"https:\/\/old.libradio.org\/wp-content\/uploads\/2021\/11\/keuf1.pdf\"><strong>PDF-1<\/strong><\/a><br \/>\n_Lettre deux:<a href=\"https:\/\/old.libradio.org\/wp-content\/uploads\/2021\/11\/Fulzio1.pdf\"><strong>PDF-2<\/strong><\/a><br \/>\n_Appel antifasciste: <a href=\"https:\/\/old.libradio.org\/wp-content\/uploads\/2021\/11\/antifa_decla-1.pdf\"><strong>PDF-3<\/strong><\/a><\/strong><\/strong><\/p>\n<hr \/>\n<p><strong><strong><strong>21.11.2021|L&rsquo;Anarchie selon des anarchistes<\/strong><\/strong><\/strong><\/p>\n<p><iframe loading=\"lazy\" title=\"YouTube video player\" src=\"https:\/\/www.youtube.com\/embed\/9t2tDYCy9Zw\" width=\"310\" height=\"195\" frameborder=\"0\" allowfullscreen=\"allowfullscreen\"><\/iframe> <iframe loading=\"lazy\" title=\"YouTube video player\" src=\"https:\/\/www.youtube.com\/embed\/ck_5w2DF1hQ\" width=\"310\" height=\"195\" frameborder=\"0\" allowfullscreen=\"allowfullscreen\"><\/iframe><\/p>\n<p>Fragments de la presse libertaire et anarchiste d&rsquo;antan. R\u00e9cits et t\u00e9moignages de praticiennexs de l&rsquo;anarchie.<\/p>\n<p>D\u00e9busquons ce qui se cache derri\u00e8re ce mot controvers\u00e9 et ce qui se trame parmi celles et ceux qui s&rsquo;en revendiquent&#8230;<\/p>\n<p>Philosophie, id\u00e9ologie, paradigme et praxis. L&rsquo;anarchie est-ce la chaos ou aux antipodes, est-ce \u00abl&rsquo;ordre moins le pouvoir\u00bb?<\/p>\n<p>Nous nous appuyons sur la pl\u00e9thorique et diserte presse anarchiste pour clarifier les postures, les positions et les aspirations.<\/p>\n<p>Lectures live du CLS Cercle de Lecture Sociale, les dimanches dans l&rsquo;apr\u00e8s-midi sur www.libradio.org<\/p>\n<p><strong><strong><strong>Tu peux nous y rejoindre pour \u00e0 peu pr\u00e8s tout. Canal Telegram sous la rubrique CLS sur Libradio.<br \/>\n<\/strong><\/strong><\/strong><\/p>\n<hr \/>\n<p><strong><strong><strong>14.11.2021|Nous revenons sur les obs\u00e8ques des Martyrs de Chicago.<br \/>\nQuelques jalons. 1886 usine McCormik, Chicago. La classe ouvri\u00e8re est sur le point de se mobiliser en masse pour la journ\u00e9e de huit heures.<\/strong><\/strong><\/strong><\/p>\n<p>Le premier puis le quatre mai des manifestations ont cours. Les Pinkerton y sont infiltr\u00e9s. Le soir du quatre, une bombe explose. On en rendra responsable les anarchistes.<\/p>\n<p>Cinq seront condamn\u00e9s \u00e0 mort quatre furent pendu le 11 novembre. Aux obs\u00e8ques du 13 une foule consid\u00e9rable accompagna les cercueils.<\/p>\n<p>Quelques ann\u00e9es plus tard le 1er Mai, f\u00eate des travailleuses et des travailleurs vint consacr\u00e9 la m\u00e9moire des Martyrs innocents.<\/p>\n<p><strong><strong><strong><iframe loading=\"lazy\" title=\"YouTube video player\" src=\"https:\/\/www.youtube.com\/embed\/JyNG7cxGYlw\" width=\"310\" height=\"195\" frameborder=\"0\" allowfullscreen=\"allowfullscreen\"><\/iframe><br \/>\n<\/strong><\/strong><\/strong><\/p>\n<ol>\n<li style=\"list-style-type: none;\">\n<ol>SOURCES<\/ol>\n<\/li>\n<\/ol>\n<p><a href=\"https:\/\/old.libradio.org\/wp-content\/uploads\/2021\/11\/Figaro_organized_surli.pdf\"><strong>Le Figaro<\/strong><\/a><br \/>\n<a href=\"https:\/\/old.libradio.org\/wp-content\/uploads\/2021\/11\/La_Libert\u00e9_organized_surli.pdf\"><strong>La Libert\u00e9<\/strong><\/a><br \/>\n<a href=\"https:\/\/old.libradio.org\/wp-content\/uploads\/2021\/11\/larevolte1-n10.pdf\"><strong>la R\u00e9volte<\/strong><\/a><br \/>\n<a href=\"https:\/\/old.libradio.org\/wp-content\/uploads\/2021\/11\/Le_Cri_du_peuple_13_organized_surli.pdf\"><strong>Le Cri du peuple_13<\/strong><\/a><br \/>\n<a href=\"https:\/\/old.libradio.org\/wp-content\/uploads\/2021\/11\/Le_Cri_du_peuple_14_organized.pdf\"><strong>Le Cri du peuple_14<\/strong><\/a><br \/>\n<a href=\"https:\/\/old.libradio.org\/wp-content\/uploads\/2021\/11\/TDG_organized_surli.pdf\"><strong>La Tribune de Gen\u00e8ve<\/strong><\/a><\/p>\n<hr \/>\n<p><strong><strong><strong>07.11.2021|Le 09 novembre 1932, massacre fasciste \u00e0 Gen\u00e8ve. Treize morts et soixante-cinq bless\u00e9s<\/strong><\/strong><\/strong><\/p>\n<p>La presse bourgeoise d&rsquo;antan fut impitoyable alors que des innocents d\u00e9sarm\u00e9s, certains antifascistes, d&rsquo;autres simples badauds, furent fauch\u00e9s par la mitraille des jeunes recrues mobilis\u00e9es contre la manifestation antifasciste \u00e0 Plainpalais|Gen\u00e8ve.<\/p>\n<p>Nous revenons sur les faits et prenons la temp\u00e9rature des journaux d&rsquo;\u00e9poque y compris de la presse internationale. Live dimanche \u00e0 14h. Hommage \u00e0 Herv\u00e9 Mundunda victime de violence polici\u00e8re, abbatu le 06 novembre 2016 \u00e0 Bex|VD en pr\u00e9ambule.<\/p>\n<div style=\"width: 285px;\" class=\"wp-video\"><video class=\"wp-video-shortcode\" id=\"video-10185-3\" width=\"285\" height=\"195\" preload=\"metadata\" controls=\"controls\"><source type=\"video\/mp4\" src=\"https:\/\/old.libradio.org\/wp-content\/uploads\/2021\/11\/youtoub09nov32.mp4?_=3\" \/><a href=\"https:\/\/old.libradio.org\/wp-content\/uploads\/2021\/11\/youtoub09nov32.mp4\">https:\/\/old.libradio.org\/wp-content\/uploads\/2021\/11\/youtoub09nov32.mp4<\/a><\/video><\/div>\n<p><strong><strong><strong><br \/>\nLIVE \u2193<br \/>\n<iframe loading=\"lazy\" title=\"YouTube video player\" src=\"https:\/\/www.youtube.com\/embed\/QSaHZvYKh-0\" width=\"285\" height=\"195\" frameborder=\"0\" allowfullscreen=\"allowfullscreen\"><\/iframe><br \/>\n<\/strong><\/strong><\/strong><\/p>\n<hr \/>\n<p><strong><strong><strong>17.10.2021|Sankara, un proc\u00e8s pour recouvrer une m\u00e9moire et un h\u00e9ritage combatif. Lisa Lugrin, le Voyage pour la Vie. BD zapatiste. Une contre-colonisation de la g\u00e9ographie Europe rebelle!<\/strong><\/strong><\/strong><\/p>\n<p><a href=\"https:\/\/old.libradio.org\/wp-content\/uploads\/2021\/10\/BdZap_ill1.png\"><img decoding=\"async\" loading=\"lazy\" class=\"alignleft size-thumbnail wp-image-11597\" src=\"https:\/\/old.libradio.org\/wp-content\/uploads\/2021\/10\/BdZap_ill1-150x150.png\" alt=\"\" width=\"200\" height=\"200\" \/><\/a><\/p>\n<p><a href=\"https:\/\/old.libradio.org\/wp-content\/uploads\/2021\/10\/sank0.png\"><img decoding=\"async\" loading=\"lazy\" class=\"alignleft size-medium wp-image-11596\" src=\"https:\/\/old.libradio.org\/wp-content\/uploads\/2021\/10\/sank0-251x300.png\" alt=\"\" width=\"200\" height=\"200\" \/><\/a><\/p>\n<p>Une session double dimanche qui met en exergue les luttes sociales et l&rsquo;importance d&rsquo;en recenser les faits, d&rsquo;en relayer les propos, d&rsquo;en c\u00e9l\u00e9brer et d&rsquo;en accompagner les intentions.<\/p>\n<p>Mettre au centre de nos univers les valeurs et les pratiques de celles et ceux qui retournent le monde ancien et qui veillent \u00e0 ce que nous forgions des outils horizontaux; d\u00e9mocratiques altruistes et solidaires.<\/p>\n<p>Zapatistes et sankaristes ont plus en commun qu&rsquo;on ne veut bien l&rsquo;ignorer. D&rsquo;en savoir plus, nos quotidiens s&rsquo;en nourriraient avantageusement. Alors n&rsquo;attendons plus! Approche!<\/p>\n<p><strong><strong><strong><iframe loading=\"lazy\" title=\"YouTube video player\" src=\"https:\/\/www.youtube.com\/embed\/-Pa3HU8tKgQ\" width=\"310\" height=\"195\" frameborder=\"0\" allowfullscreen=\"allowfullscreen\"><\/iframe><br \/>\n<\/strong><\/strong><\/strong><\/p>\n<hr \/>\n<p><strong><strong><strong>03.10.2021|\u00a0\u00bbBoycottage et Sabottage\u00a0\u00bb LIVE 14h<\/strong><\/strong><\/strong><\/p>\n<p>Lors du congr\u00e8s de la CGT, la conf\u00e9d\u00e9ration g\u00e9n\u00e9rale du travail, dont on peut s&rsquo;entendre sur les origines d\u00e8s 1869, lorsque Nathalie LEMEL et Eug\u00e8ne VARLIN, figures de l&rsquo;anarchisme et de la Commune de Paris cr\u00e9ent la F\u00e9d\u00e9ration Parisienne des Soci\u00e9t\u00e9s Ouvri\u00e8res.<\/p>\n<p>Le premier congr\u00e8s constitutif de la CGT se tient \u00e0 Limoges en 1895. D\u00e8s 1900 La Voix du Peuple en devient l&rsquo;organe de presse, dont on va c\u00e9ans \u00e9noncer quelques lignes.<\/p>\n<p>C&rsquo;est pr\u00e9cis\u00e9ment du Congr\u00e8s de 1897 \u00e0 Toulouse dont nous allons deviser. Et pourquoi icelui? C&rsquo;est en effet un moment charni\u00e8re doubl\u00e9 d&rsquo;une acm\u00e9 du devenir des luttes de la classe ouvri\u00e8re.<\/p>\n<p>Le Congr\u00e8s de Toulouse, habit\u00e9 par un esprit particuli\u00e8rement libertaire, proclame le \u00ab\u00a0Boycottage et le Sabottage\u00a0\u00bb comme modalit\u00e9s des luttes pour l&rsquo;\u00e9mancipation des ouvriers. Voyons cela.<\/p>\n<p><strong><strong><strong><iframe loading=\"lazy\" title=\"YouTube video player\" src=\"https:\/\/www.youtube.com\/embed\/pHmApgEVAuA\" width=\"310\" height=\"195\" frameborder=\"0\" allowfullscreen=\"allowfullscreen\"><\/iframe> <iframe loading=\"lazy\" title=\"YouTube video player\" src=\"https:\/\/www.youtube.com\/embed\/eNCtlT0G3vw\" width=\"310\" height=\"195\" frameborder=\"0\" allowfullscreen=\"allowfullscreen\"><\/iframe><\/strong><\/strong><\/strong><\/p>\n<hr \/>\n<p><strong><strong><strong>25.09.2021|Salon du Livre Anarchiste de Berne-CH<\/strong><\/strong><\/strong><\/p>\n<p>Lecture interpr\u00e9t\u00e9e \u00e0 20h<br \/>\nRecouvrer la m\u00e9moire, l&rsquo;Histoire sociale combative, pour habiter nos valeurs et nos pratiques. Ainsi outill\u00e9, l&rsquo;on postule que ni les renoncements, ni le concessions, \u00e0 fortiori les reculades n&rsquo;aurait plus cours. D&rsquo;un pass\u00e9 confisqu\u00e9 faisons bonne m\u00e9moire et bon usage!<br \/>\n<strong>\u00ab\u00a0Mines de Courri\u00e8res, une ignominie capitaliste. Face aux patrons-assassins, Solidarit\u00e9 ouvri\u00e8re!\u00a0\u00bb<\/strong><\/p>\n<p><strong><strong><iframe loading=\"lazy\" title=\"YouTube video player\" src=\"https:\/\/www.youtube.com\/embed\/g0v6gVDnElk\" width=\"310\" height=\"195\" frameborder=\"0\" allowfullscreen=\"allowfullscreen\"><\/iframe><br \/>\n<\/strong><\/strong><\/p>\n<hr \/>\n<p><strong><strong><strong>11.09.2021|14h LIVE Special CHILI<\/strong><\/strong><\/strong><\/p>\n<p>Le douze on parle du onze. Septembre. Un matin \u00e0 Valparaiso. La marine militaire am\u00e9ricaine man\u0153uvre au large de Valparaiso. Diversion on l&rsquo;apprendra plus tard, pour couvrir une bande de voyous. A 03h du matin Valparaiso tombe sans r\u00e9sister.<\/p>\n<p>A 6h30 l&rsquo;infanterie du g\u00e9n\u00e9ral Pinochet part renverser la d\u00e9mocratie sociale de L&rsquo;Unit\u00e9 Populaire \u00e9lue, et installer la dictature au Chili.<\/p>\n<p>A 09h la Moneda, le palais pr\u00e9sidentiel est assi\u00e9g\u00e9. A midi Salvador Allende, le Camarade pr\u00e9sident se suicide \u00e0 l&rsquo;aide d&rsquo;un AK-47 d&rsquo;une balle sous le menton. Sur ordre du r\u00e9gime militaire il est enterr\u00e9 secr\u00e8tement \u00e0 Vina del Mar. Le Chili bascule dans la violence. Live RadioChimio 14h45<\/p>\n<p><strong><strong><strong><iframe loading=\"lazy\" title=\"YouTube video player\" src=\"https:\/\/www.youtube.com\/embed\/siD-hcykKVQ\" width=\"310\" height=\"190\" frameborder=\"0\" allowfullscreen=\"allowfullscreen\"><\/iframe> <iframe loading=\"lazy\" title=\"YouTube video player\" src=\"https:\/\/www.youtube.com\/embed\/cFWtosyetUw\" width=\"310\" height=\"190\" frameborder=\"0\" allowfullscreen=\"allowfullscreen\"><\/iframe><\/strong><\/strong><\/strong><\/p>\n<ol>\n<li style=\"list-style-type: none;\">\n<ol>LIENS ACCOL\u00c9S<\/ol>\n<\/li>\n<\/ol>\n<ol>_Sous peu (apr\u00e8s le LIVE)<\/ol>\n<hr \/>\n<p><strong><strong><strong><br \/>\n29.08.2021|14h LIVE Special GERNIKA<\/strong><\/strong><\/strong><\/p>\n<p><iframe loading=\"lazy\" title=\"YouTube video player\" src=\"https:\/\/www.youtube.com\/embed\/Gk0zw0Ob_xw\" width=\"310\" height=\"190\" frameborder=\"0\" allowfullscreen=\"allowfullscreen\"><\/iframe> <iframe loading=\"lazy\" title=\"YouTube video player\" src=\"https:\/\/www.youtube.com\/embed\/0sOKLtIhUpU\" width=\"310\" height=\"190\" frameborder=\"0\" allowfullscreen=\"allowfullscreen\"><\/iframe><\/p>\n<p>Lectures de sources d&rsquo;\u00e9poque, quotidiens fran\u00e7ais et helv\u00e8tes, autour du bombardement de Gernika le 26 avril 1937 en Euskadi.<\/p>\n<p>In\u00e9dit \u00e0 plusieurs titres ce bombardement, fruit de l&rsquo;alliance des dictatures europ\u00e9ennes allemande, italienne et espagnole, initia la strat\u00e9gie du \u00ab\u00a0tapis de bombe\u00a0\u00bb ou \u00ab\u00a0bombardement de saturation\u00a0\u00bb qui consiste \u00e0 rayer de la surface un territoire donn\u00e9.<\/p>\n<p>Il s&rsquo;agit \u00e9galement d&rsquo;une tentative de false flag. Franco en effet, d\u00e9clara que ce furent les R\u00e9publicains, les Anarchistes qui incendi\u00e8rent les alentours et nos pas les bombes largu\u00e9es. Ce qui fut finalement d\u00e9menti y compris par l&rsquo;Etat espagnol.<\/p>\n<p><strong><strong><strong>Ce fut enfin un acte de terreur d&rsquo;une barbarie sans confins, contre des civils innocents et d\u00e9sarm\u00e9s. \u00ab\u00a0Pour l&rsquo;exemple\u00a0\u00bb. On en parle dimanche 29 ao\u00fbt.<br \/>\n<\/strong><\/strong><\/strong><\/p>\n<hr \/>\n<p><strong><strong><strong>22.08.2021|14h LIVE SPECIAL SACCO E VANZETTI<br \/>\nDepuis un coin \u00e0 couvert dans Gen\u00e8ve, une lecture collective de sources locales et d&rsquo;\u00e9poque. Le journal bilingue fran\u00e7ais-italien fond\u00e9 par Luigi Bertoni, typographe et anarchiste: \u00ab\u00a0Le R\u00e9veil anarchiste\u00a0\u00bb.<\/strong><\/strong><\/strong><\/p>\n<p>Il s&rsquo;agit d&rsquo;extraits s\u00e9lectionn\u00e9s du num\u00e9ro qui suivi imm\u00e9diatement l&rsquo;ex\u00e9cution des anarchistes Nicola Sacco et Bartolomeo Vanzetti en 1927 puis du num\u00e9ro hommage paru en 1929. Les sources seront publi\u00e9es en m\u00eame temps que le montage final du LIVE.<\/p>\n<p><strong><strong><strong><iframe loading=\"lazy\" title=\"YouTube video player\" src=\"https:\/\/www.youtube.com\/embed\/nb_3GgZ6X4o\" width=\"400\" height=\"250\" frameborder=\"0\" allowfullscreen=\"allowfullscreen\"><\/iframe><br \/>\n<\/strong><\/strong><\/strong><\/p>\n<hr \/>\n<p><strong><strong><strong>17.08.2021|21h00 PREMI\u00c8RE DE L&rsquo;INTERVIEW :\u00a0\u00bbCONTRACEPTION, CONTRACEPTIFS ET CHARGE MENTALE\u00a0\u00bb.<\/strong><\/strong><\/strong><\/p>\n<p>Nous devisons avec V\u00e9ner, activiste f\u00e9ministe de \u00ab\u00a0Engageons les Murs\u00a0\u00bb en r\u00e9action \u00e0 la programmation d&rsquo;un long-m\u00e9trage pro-vie et anti avortement sur une cha\u00eene fran\u00e7aise \u00e0 une heure de grand \u00e9coute, sans aucune indication critique ou mise en garde des propos irrationnels et mensongers qui y sont propag\u00e9.<\/p>\n<p><iframe loading=\"lazy\" title=\"YouTube video player\" src=\"https:\/\/www.youtube.com\/embed\/Dif4LRJdWhQ\" width=\"400\" height=\"250\" frameborder=\"0\" allowfullscreen=\"allowfullscreen\"><\/iframe><\/p>\n<p><strong><strong><strong>Quelques liens utiles<br \/>\n_Planning familial et sant\u00e9 sexuelle \u00e0 Gen\u00e8ve<br \/>\n[https:\/\/www.hug.ch\/sante-sexuelle-et-planning-familial]<br \/>\n_Viol Secours \u00e0 Gen\u00e8ve<br \/>\n[https:\/\/viol-secours.ch\/]<br \/>\n_F-Information \u00e0 Gen\u00e8ve<br \/>\n[https:\/\/www.f-information.org\/]<br \/>\n<\/strong><\/strong><\/strong><\/p>\n<hr \/>\n<p><strong><strong><strong>01.07.2021|16h00 LECTURE INTERNATIONALISTE!<\/strong><\/strong><\/strong><\/p>\n<p>Franck Pavloff. Auteur de la nouvelle :\u00a0\u00bbMatin Brun\u00a0\u00bb dont le titre fait implicitement r\u00e9f\u00e9rence aux S.A. La Sturmabteilung, les \u00ab\u00a0sections d\u2019assauts\u00a0\u00bb organisation paramilitaire du Parti national-socialiste dont na\u00eetra ensuite la SS.<\/p>\n<p>Le r\u00e9cit court et concis d\u00e9nonce le culte de l&rsquo;\u00c9tat-Nation et ses d\u00e9rives autoritaires qui tel un siphon finit par r\u00e9gir tous les aspects du quotidien.<\/p>\n<p><strong><strong><strong><iframe loading=\"lazy\" title=\"YouTube video player\" src=\"https:\/\/www.youtube.com\/embed\/Fuw6jXxVBbo\" width=\"400\" height=\"250\" frameborder=\"0\" allowfullscreen=\"allowfullscreen\"><\/iframe><br \/>\n<\/strong><\/strong><\/strong><\/p>\n<hr \/>\n<hr \/>\n<p><strong><strong><strong><strong>PROCHAINE SESSION: 18.07.2021|10h30 Unboxing!<\/strong><br \/>\n<iframe loading=\"lazy\" title=\"YouTube video player\" src=\"https:\/\/www.youtube.com\/embed\/_xj28NZnfJ0\" width=\"400\" height=\"250\" frameborder=\"0\" allowfullscreen=\"allowfullscreen\"><\/iframe><br \/>\n<\/strong><\/strong><\/strong><\/p>\n<hr \/>\n<p><strong><strong><strong><strong>PROCHAINE SESSION: 22.06.2021|17h00 DESPERTAD!<\/strong><\/strong><\/strong><\/strong><\/p>\n<p>La contre-colonisation zapatiste de la g\u00e9ographie appel\u00e9e Europe va d\u00e9buter par le d\u00e9barquement de l&rsquo;Escadron 4-2-1 \u00e0 Vigo en Galice, \u00c9tat Espagnol ce mardi 22 juin \u00e0 17h.<\/p>\n<p>L\u00e0 ou le le 3 mars 1493 de retour du \u00ab\u00a0Nouveau Monde\u00a0\u00bb, a proximit\u00e9 de Vigo accosta la Pinta. \u00ab\u00a0la Peinte\u00a0\u00bb, une des trois caravelles de la premi\u00e8re exp\u00e9dition de Christophe Colomb en Am\u00e9rique avec La Ni\u00f1a et la Santa Maria, une caraque, qui vont d\u00e9couvrir la premi\u00e8re route transatlantique.<\/p>\n<p>Elle quitta le port de Palos de la Frontera la nuit du 3 ao\u00fbt 1492, pour le 12 octobre 1492 accoster l&rsquo;\u00eele de Guanahani. 22 juin 2022, retour au m\u00eame endroit pour la \u00ab\u00a0Gira por la Vida\u00a0\u00bb zapatiste! Pour les rencontres avec l&rsquo;Europe rebelle \u00ab\u00a0d&rsquo;en bas \u00e0 gauche!\u00a0\u00bb. Et pas que.<\/p>\n<p>Page LibrAdio d\u00e9di\u00e9e <a href=\"https:\/\/old.libradio.org\/?p=9492\" target=\"_blank\" rel=\"noopener\"><strong>ICI<\/strong><\/a> | Lien vers le direct <a href=\"https:\/\/www.facebook.com\/Desinformemonos\/\" target=\"_blank\" rel=\"noopener\"><strong>FCB<\/strong><\/a><\/p>\n<p><strong><strong><iframe loading=\"lazy\" title=\"YouTube video player\" src=\"https:\/\/www.youtube.com\/embed\/e_3UCyBHQ-o\" width=\"400\" height=\"250\" frameborder=\"0\" allowfullscreen=\"allowfullscreen\"><\/iframe><br \/>\n<\/strong><\/strong><\/p>\n<hr \/>\n<p><strong><strong><strong>PROCHAINE SESSION: 29.05.2021 Alerte Rouge!<br \/>\n<\/strong><br \/>\nLien pour le direct facebook. <strong><a href=\"https:\/\/www.facebook.com\/events\/507383663781341\/?ref=newsfeed\" target=\"_blank\" rel=\"noopener\"><span style=\"font-size: x-large;\">ICI<\/span><\/a><\/strong><br \/>\n_Live Youtoube: <strong><a href=\"https:\/\/www.youtube.com\/channel\/UClAxMXBkcLu4zkCzTJXuqVg\" target=\"_blank\" rel=\"noopener\"><span style=\"font-size: x-large;\">ICI<\/span><\/a><\/strong><br \/>\n_https:\/\/xrlausanne.ch\/<br \/>\n_https:\/\/www.facebook.com\/pg\/xrlausanne\/events\/<br \/>\n_https:\/\/www.youtube.com\/channel\/UCufZ9HO6h70YxamWV6xY5yg<br \/>\n_https:\/\/t.me\/xrlausanne<br \/>\n_https:\/\/www.instagram.com\/xrlausanne\/<br \/>\n_https:\/\/twitter.com\/xrlausanne<br \/>\n_https:\/\/www.doctorsforxr.com\/<br \/>\n_https:\/\/actnow4life.com\/<br \/>\n_https:\/\/www.instagram.com\/doctorsforextinctionrebellion\/<br \/>\n_https:\/\/twitter.com\/DoctorsXr<br \/>\n_https:\/\/www.facebook.com\/doctorsforxr\/<\/strong><\/strong><\/p>\n<p><strong><strong><iframe loading=\"lazy\" title=\"YouTube video player\" src=\"https:\/\/www.youtube.com\/embed\/W3f4KCnAokc\" width=\"310\" height=\"215\" frameborder=\"0\" allowfullscreen=\"allowfullscreen\"><\/iframe> <iframe loading=\"lazy\" title=\"YouTube video player\" src=\"https:\/\/www.youtube.com\/embed\/kDi7Q6CoyIE\" width=\"310\" height=\"215\" frameborder=\"0\" allowfullscreen=\"allowfullscreen\"><\/iframe><br \/>\n<\/strong><\/strong><\/p>\n<hr \/>\n<p><center><br \/>\n<iframe loading=\"lazy\" title=\"YouTube video player\" src=\"https:\/\/www.youtube.com\/embed\/0pP0pCJCV4s\" width=\"660\" height=\"285\" frameborder=\"0\" allowfullscreen=\"allowfullscreen\"><\/iframe><\/center><\/p>\n<p>29-05-2021. PLACE DES NATIONS \u00c0 GEN\u00c8VE MIDI PR\u00c9CISES<br \/>\nAVEC BLOUSES BLANCHES, ST\u00c9THOSCOPE, FOULARD\/MOUCHOIR ROUGE.<br \/>\nDR TEDROS, DIRECTEUR DE L&rsquo;OMS NOUS ACCUEILLERA!<\/p>\n<p>\u00abLes preuves sont accablantes : le changement climatique met en danger la sant\u00e9 humaine. Des solutions existent et nous devons agir avec d\u00e9termination pour modifier cette trajectoire\u00bb.<\/p>\n<p>Dr Margaret Chan, Directrice g\u00e9n\u00e9rale de l\u2019OMS en 2015<\/p>\n<p>Depuis cette d\u00e9claration, est-ce que des choses concr\u00e8tes se sont mises en place ? Rien qui ne soit \u00e0 la hauteur de l\u2019urgence climatique.<br \/>\nD\u00e8s lors, que devons-nous faire en tant que soignant\u00b7e\u00b7s ? Nous mobiliser pour que l\u2019urgence climatique et environnementale soit concr\u00e8tement prise en compte !<\/p>\n<p><strong><strong>C&rsquo;est une action l\u00e9gale.<br \/>\nInscription: tinyurl.com\/act-d4xr<br \/>\n<\/strong><\/strong><\/p>\n\n\t\t<style type=\"text\/css\">\n\t\t\t#gallery-16 {\n\t\t\t\tmargin: auto;\n\t\t\t}\n\t\t\t#gallery-16 .gallery-item {\n\t\t\t\tfloat: left;\n\t\t\t\tmargin-top: 10px;\n\t\t\t\ttext-align: center;\n\t\t\t\twidth: 33%;\n\t\t\t}\n\t\t\t#gallery-16 img {\n\t\t\t\tborder: 2px solid #cfcfcf;\n\t\t\t}\n\t\t\t#gallery-16 .gallery-caption {\n\t\t\t\tmargin-left: 0;\n\t\t\t}\n\t\t\t\/* see gallery_shortcode() in wp-includes\/media.php *\/\n\t\t<\/style>\n\t\t<div id='gallery-16' class='gallery galleryid-10185 gallery-columns-3 gallery-size-medium'><dl class='gallery-item'>\n\t\t\t<dt class='gallery-icon portrait'>\n\t\t\t\t<a href='https:\/\/old.libradio.org\/?attachment_id=10788#main'><img width=\"259\" height=\"300\" src=\"https:\/\/old.libradio.org\/wp-content\/uploads\/2021\/05\/Ar1-259x300.png\" class=\"attachment-medium size-medium\" alt=\"\" decoding=\"async\" loading=\"lazy\" srcset=\"https:\/\/old.libradio.org\/wp-content\/uploads\/2021\/05\/Ar1-259x300.png 259w, https:\/\/old.libradio.org\/wp-content\/uploads\/2021\/05\/Ar1-768x888.png 768w, https:\/\/old.libradio.org\/wp-content\/uploads\/2021\/05\/Ar1-886x1024.png 886w, https:\/\/old.libradio.org\/wp-content\/uploads\/2021\/05\/Ar1-600x694.png 600w, https:\/\/old.libradio.org\/wp-content\/uploads\/2021\/05\/Ar1.png 1164w\" sizes=\"(max-width: 259px) 100vw, 259px\" \/><\/a>\n\t\t\t<\/dt><\/dl><dl class='gallery-item'>\n\t\t\t<dt class='gallery-icon landscape'>\n\t\t\t\t<a href='https:\/\/old.libradio.org\/?attachment_id=10789#main'><img width=\"300\" height=\"132\" src=\"https:\/\/old.libradio.org\/wp-content\/uploads\/2021\/05\/Ar2-300x132.jpg\" class=\"attachment-medium size-medium\" alt=\"\" decoding=\"async\" loading=\"lazy\" srcset=\"https:\/\/old.libradio.org\/wp-content\/uploads\/2021\/05\/Ar2-300x132.jpg 300w, https:\/\/old.libradio.org\/wp-content\/uploads\/2021\/05\/Ar2-768x337.jpg 768w, https:\/\/old.libradio.org\/wp-content\/uploads\/2021\/05\/Ar2-1024x449.jpg 1024w, https:\/\/old.libradio.org\/wp-content\/uploads\/2021\/05\/Ar2-600x263.jpg 600w\" sizes=\"(max-width: 300px) 100vw, 300px\" \/><\/a>\n\t\t\t<\/dt><\/dl><dl class='gallery-item'>\n\t\t\t<dt class='gallery-icon landscape'>\n\t\t\t\t<a href='https:\/\/old.libradio.org\/?attachment_id=10790#main'><img width=\"300\" height=\"169\" src=\"https:\/\/old.libradio.org\/wp-content\/uploads\/2021\/05\/Ar3-300x169.jpg\" class=\"attachment-medium size-medium\" alt=\"\" decoding=\"async\" loading=\"lazy\" srcset=\"https:\/\/old.libradio.org\/wp-content\/uploads\/2021\/05\/Ar3-300x169.jpg 300w, https:\/\/old.libradio.org\/wp-content\/uploads\/2021\/05\/Ar3-768x432.jpg 768w, https:\/\/old.libradio.org\/wp-content\/uploads\/2021\/05\/Ar3-1024x576.jpg 1024w, https:\/\/old.libradio.org\/wp-content\/uploads\/2021\/05\/Ar3-600x338.jpg 600w, https:\/\/old.libradio.org\/wp-content\/uploads\/2021\/05\/Ar3.jpg 1920w\" sizes=\"(max-width: 300px) 100vw, 300px\" \/><\/a>\n\t\t\t<\/dt><\/dl><br style=\"clear: both\" \/>\n\t\t<\/div>\n\n<hr \/>\n<p><strong><strong>Mardi 30.03: encercl\u00e9exs, assi\u00e9g\u00e9exs, mais toujours l\u00e0! En esprit pour toujours et presque aussi dans nos corps. \u00c9vac en cours mais Zadio Rad en LIVE!<br \/>\n<iframe loading=\"lazy\" title=\"YouTube video player\" src=\"https:\/\/www.youtube.com\/embed\/Ua2R2Y4T2J0\" width=\"500\" height=\"305\" frameborder=\"0\" allowfullscreen=\"allowfullscreen\"><\/iframe><\/strong><\/strong><\/p>\n<p><strong><strong>Lundi 29.03.2021 Relais de la Radio de la ZAD de la Colline en r\u00e9sistance:<br \/>\nC&rsquo;est en cours, d\u00e9but des blablas vers 15h30-16h \u00e0 la louche.<br \/>\n<iframe loading=\"lazy\" title=\"YouTube video player\" src=\"https:\/\/www.youtube.com\/embed\/mqwEBZfJ_38\" width=\"500\" height=\"300\" frameborder=\"0\" allowfullscreen=\"allowfullscreen\"><\/iframe><\/strong><\/strong><\/p>\n<hr \/>\n<p><strong><strong>\u00c9missions ant\u00e9rieures<\/strong><\/strong><\/p>\n<hr \/>\n<p><strong>Vendredi 15 Mai 02h00. Entretien triangulaire : Gr\u00e8ve du 15 \u00e0 Gen\u00e8ve:<br \/>\nLien: <strong><a href=\"https:\/\/youtu.be\/KVmJk8jFvFg\" target=\"_blank\" rel=\"noopener\">ICI<\/a><\/strong><br \/>\n<\/strong><br \/>\n<iframe loading=\"lazy\" src=\"https:\/\/www.youtube.com\/embed\/KVmJk8jFvFg\" width=\"400\" height=\"250\" frameborder=\"0\" allowfullscreen=\"allowfullscreen\"><\/iframe><\/p>\n<hr \/>\n<div style=\"width: 650px;\" class=\"wp-video\"><video class=\"wp-video-shortcode\" id=\"video-10185-4\" width=\"650\" height=\"350\" preload=\"metadata\" controls=\"controls\"><source type=\"video\/mp4\" src=\"https:\/\/old.libradio.org\/wp-content\/uploads\/2020\/04\/Youtoub_1m_Annonce.mp4?_=4\" \/><a href=\"https:\/\/old.libradio.org\/wp-content\/uploads\/2020\/04\/Youtoub_1m_Annonce.mp4\">https:\/\/old.libradio.org\/wp-content\/uploads\/2020\/04\/Youtoub_1m_Annonce.mp4<\/a><\/video><\/div>\n<p><span style=\"font-size: medium;\"><br \/>\nD\u00e8s 10h30 les camarades lancent la Radio du Premier Mai. [<a href=\"https:\/\/www.youtube.com\/channel\/UC5cjyaZddCrwfkCMO4Hc0Kw\" target=\"_blank\" rel=\"noopener\"><strong>DIRECT<\/strong><\/a>]<br \/>\nLibrAdio pr\u00e9sente tout au long, par interview et d\u00e8s 13h puis \u00e0 16h p\u00e9tantes en direct pour la Manif Virtuelle du Bloc Solidarit\u00e9 Am\u00e9rique Unie! <strong>[<a href=\"https:\/\/www.youtube.com\/channel\/UClAxMXBkcLu4zkCzTJXuqVg\" target=\"_blank\" rel=\"noopener\">DIRECT<\/a>]<\/strong><\/span><\/p>\n<p><strong> LES PODCAST DU PREMIER MAI 2020<\/strong><\/p>\n<hr \/>\n<p>T\u00e9moignages nomades du Premier Mai confin\u00e9 \u00e0 Gen\u00e8ve. Entre abus et impunit\u00e9, les travailleuses invisibilis\u00e9es, les travailleurs \u00e9conduits ou bris\u00e9s ou l&rsquo;inverse. Le prol\u00e9tariat souffre pendant que le patronat ripaille. Jusqu&rsquo;\u00e0 quand!<\/p>\n<p>A gauche: t\u00e9moignages des travailleuses et travailleurs pendant la d\u00e9ambulation du Premier Mai. A droite: d\u00e9clarations des organisations syndicales et entit\u00e9s en lutte depuis l&rsquo;\u00cele Rousseau. [<em>Capsules individuelles disponibles en pied de page<\/em>]<\/p>\n<p><iframe loading=\"lazy\" src=\"https:\/\/www.youtube.com\/embed\/vB1GBWRjb2k\" width=\"350\" height=\"200\" frameborder=\"0\" allowfullscreen=\"allowfullscreen\"><\/iframe> <iframe loading=\"lazy\" src=\"https:\/\/www.youtube.com\/embed\/BAzqKF6wWFQ\" width=\"350\" height=\"200\" frameborder=\"0\" allowfullscreen=\"allowfullscreen\"><\/iframe><\/p>\n<hr \/>\n<p>Texte de Normand Baillargeon in: L&rsquo;ordre moins le pouvoir https:\/\/voir.ca\/normand-baillargeon\/<br \/>\nMusique: Nigra Safo; La Makhnovtchina:https:\/\/www.youtube.com\/watch?v=c_47G&#8230;<br \/>\nExtrait de : La Bande \u00e0 Bonnot, Jaques Brel. Un film de Philippe Fourasti\u00e9 sorti en 1968<br \/>\nLa V\u00e9ritable Historie du Premier Mai.<br \/>\n<a href=\"https:\/\/old.libradio.org\/wp-content\/uploads\/2020\/05\/1M_Lecture_1_Master.mp3\"><strong>\u00c9coute et T\u00e9l\u00e9chargement<\/strong><\/a><br \/>\n<iframe loading=\"lazy\" src=\"https:\/\/www.youtube.com\/embed\/VBBFMJEjSEo\" width=\"350\" height=\"200\" frameborder=\"0\" allowfullscreen=\"allowfullscreen\"><\/iframe><\/p>\n<ul>\n<li>D\u00e8s 10h30 Radio LIVE en stream sur Youtoube selon le lien dessus.<\/li>\n<li>12h Cacerolazo confin\u00e9<br \/>\n<a href=\"https:\/\/old.libradio.org\/wp-content\/uploads\/2020\/05\/1m12h.png\"><img decoding=\"async\" loading=\"lazy\" class=\"aligncenter size-medium wp-image-8960\" src=\"https:\/\/old.libradio.org\/wp-content\/uploads\/2020\/05\/1m12h-300x300.png\" alt=\"\" width=\"300\" height=\"300\" srcset=\"https:\/\/old.libradio.org\/wp-content\/uploads\/2020\/05\/1m12h-300x300.png 300w, https:\/\/old.libradio.org\/wp-content\/uploads\/2020\/05\/1m12h-150x150.png 150w, https:\/\/old.libradio.org\/wp-content\/uploads\/2020\/05\/1m12h-768x768.png 768w, https:\/\/old.libradio.org\/wp-content\/uploads\/2020\/05\/1m12h-600x600.png 600w, https:\/\/old.libradio.org\/wp-content\/uploads\/2020\/05\/1m12h.png 907w\" sizes=\"(max-width: 300px) 100vw, 300px\" \/><\/a><\/li>\n<\/ul>\n<ul>\n<li>D\u00e8s 13h Capsules syndicales et de la Soci\u00e9t\u00e9 civile.<br \/>\n13H00_Capsule#1_Solidarit\u00e9S<br \/>\n<iframe loading=\"lazy\" src=\"https:\/\/www.youtube.com\/embed\/kFKRPaT23SM\" width=\"350\" height=\"200\" frameborder=\"0\" allowfullscreen=\"allowfullscreen\"><\/iframe><br \/>\n<a href=\"https:\/\/old.libradio.org\/wp-content\/uploads\/2020\/05\/1M_D1_Solidarit\u00e9.mp3\"><strong>\u00c9coute et T\u00e9l\u00e9chargement<\/strong><\/a><\/p>\n<p>13h15_Capsule#2_Stages \u00e9quitables \u00e0 l&rsquo;ONU<br \/>\n<iframe loading=\"lazy\" src=\"https:\/\/www.youtube.com\/embed\/YSnKLfX_ogQ\" width=\"350\" height=\"200\" frameborder=\"0\" allowfullscreen=\"allowfullscreen\"><\/iframe><br \/>\n<a href=\"https:\/\/old.libradio.org\/wp-content\/uploads\/2020\/05\/1M_D2Stages_Solidaires.mp3\"><strong>\u00c9coute et T\u00e9l\u00e9chargement<\/strong><\/a><\/p>\n<p>13h30_Capsule#3_Gr\u00e8ve F\u00e9ministe Gen\u00e8ve<br \/>\n<iframe loading=\"lazy\" src=\"https:\/\/www.youtube.com\/embed\/XqjPpPtJsHQ\" width=\"350\" height=\"200\" frameborder=\"0\" allowfullscreen=\"allowfullscreen\"><\/iframe><br \/>\n<a href=\"https:\/\/old.libradio.org\/wp-content\/uploads\/2020\/05\/1M_D3_Gr\u00e8veF\u00e9ministe.mp3\"><strong>\u00c9coute et T\u00e9l\u00e9chargement<\/strong><\/a><\/p>\n<p>13h45_Interview#1_Initiative Stages \u00c9quitables<\/li>\n<\/ul>\n<p><iframe loading=\"lazy\" src=\"https:\/\/www.youtube.com\/embed\/khCQ6toViBE\" width=\"350\" height=\"200\" frameborder=\"0\" allowfullscreen=\"allowfullscreen\"><\/iframe><br \/>\n<a href=\"https:\/\/old.libradio.org\/wp-content\/uploads\/2020\/05\/1M_ITW_Stages_Master.mp3\"><strong>\u00c9coute et T\u00e9l\u00e9chargement<\/strong><\/a><\/p>\n<ul>\n<li>14h00_Interview#2_Lancement SyndiBasa, coalition de syndicats de base et d&rsquo;action directe<br \/>\n<iframe loading=\"lazy\" src=\"https:\/\/www.youtube.com\/embed\/AbFzYSNgkZo\" width=\"350\" height=\"200\" frameborder=\"0\" allowfullscreen=\"allowfullscreen\"><\/iframe><br \/>\n<a href=\"https:\/\/old.libradio.org\/wp-content\/uploads\/2020\/05\/VC_30.04_Master_Master.mp3\"><strong>\u00c9coute et T\u00e9l\u00e9chargemen<\/strong>t<\/a><\/li>\n<li>16h-18h_Manifestation virtuelle en direct par Le Bloc Solidarit\u00e9 Am\u00e9rique Unie.<\/li>\n<\/ul>\n<p><iframe loading=\"lazy\" src=\"https:\/\/www.youtube.com\/embed\/iiwHdIEnkX4\" width=\"350\" height=\"200\" frameborder=\"0\" allowfullscreen=\"allowfullscreen\"><\/iframe><br \/>\nFicher son (MP3) disponible sous peu.<\/p>\n<ul>\n<li>18h30_Interview#3_Art-IE et SUD-VD\/ Association Romande des Travailleurs de L&rsquo;Installation \u00c9lectrique et Solidaires, unitaires, d\u00e9mocratiques. Deux composantes de SyndiBasa.<\/li>\n<\/ul>\n<p><iframe loading=\"lazy\" src=\"https:\/\/www.youtube.com\/embed\/4N6FiiK6ub0\" width=\"350\" height=\"200\" frameborder=\"0\" allowfullscreen=\"allowfullscreen\"><\/iframe><br \/>\n<a href=\"https:\/\/old.libradio.org\/wp-content\/uploads\/2020\/05\/1M_Arti_Sud_Syndi_Master.mp3\"><strong>\u00c9coute et T\u00e9l\u00e9chargement<\/strong><\/a><\/p>\n<hr \/>\n<ol>\n<li style=\"list-style-type: none;\">\n<ol>LIENS ACCOL\u00c9S<\/ol>\n<\/li>\n<\/ol>\n<ol>\n<li style=\"list-style-type: none;\">\n<ol>[https:\/\/www.comite-electros-vaudois.ch\/]<\/ol>\n<\/li>\n<\/ol>\n<ol>\n<li style=\"list-style-type: none;\">\n<ol>[https:\/\/www.sud-vd.ch\/]<\/ol>\n<\/li>\n<\/ol>\n<ol>\n<li style=\"list-style-type: none;\"><\/li>\n<\/ol>\n<ol>\n<li style=\"list-style-type: none;\">\n<ol>[https:\/\/solidarites.ch\/]<\/ol>\n<\/li>\n<\/ol>\n<ol>\n<li style=\"list-style-type: none;\">\n<ol>[https:\/\/solidarites.ch\/geneve\/]<\/ol>\n<\/li>\n<\/ol>\n<ol>\n<li style=\"list-style-type: none;\">\n<ol>[https:\/\/www.facebook.com\/solidarites.ge\/]<\/ol>\n<\/li>\n<\/ol>\n<ol>\n<li style=\"list-style-type: none;\">\n<ol>[https:\/\/www.instagram.com\/solidarites_jeunes_geneve\/]<\/ol>\n<\/li>\n<\/ol>\n<ol>\n<li style=\"list-style-type: none;\"><\/li>\n<\/ol>\n<ol>\n<li style=\"list-style-type: none;\">\n<ol>[https:\/\/www.14juingeneve.ch\/]<\/ol>\n<\/li>\n<\/ol>\n<ol>\n<li style=\"list-style-type: none;\">\n<ol>[https:\/\/www.youtube.com\/channel\/UCbTUJmxqyYfKaZ-h_Qz4ZVw]<\/ol>\n<\/li>\n<\/ol>\n<ol>\n<li style=\"list-style-type: none;\">\n<ol>[https:\/\/www.instagram.com\/grevefeministegeneve\/?hl=fr]<\/ol>\n<\/li>\n<\/ol>\n<ol>\n<li style=\"list-style-type: none;\">\n<ol>[https:\/\/www.facebook.com\/GFgeneve\/?modal=admin_todo_tour]<\/ol>\n<\/li>\n<\/ol>\n<ol>\n<li style=\"list-style-type: none;\"><\/li>\n<\/ol>\n<ol>\n<li style=\"list-style-type: none;\">\n<ol>[https:\/\/www.facebook.com\/PayYourInterns\/]<\/ol>\n<\/li>\n<\/ol>\n<ol>\n<li style=\"list-style-type: none;\">\n<ol>[http:\/\/www.cgas.ch\/SPIP\/]<\/ol>\n<\/li>\n<\/ol>\n\n\t\t<style type=\"text\/css\">\n\t\t\t#gallery-17 {\n\t\t\t\tmargin: auto;\n\t\t\t}\n\t\t\t#gallery-17 .gallery-item {\n\t\t\t\tfloat: left;\n\t\t\t\tmargin-top: 10px;\n\t\t\t\ttext-align: center;\n\t\t\t\twidth: 50%;\n\t\t\t}\n\t\t\t#gallery-17 img {\n\t\t\t\tborder: 2px solid #cfcfcf;\n\t\t\t}\n\t\t\t#gallery-17 .gallery-caption {\n\t\t\t\tmargin-left: 0;\n\t\t\t}\n\t\t\t\/* see gallery_shortcode() in wp-includes\/media.php *\/\n\t\t<\/style>\n\t\t<div id='gallery-17' class='gallery galleryid-10185 gallery-columns-2 gallery-size-medium'><dl class='gallery-item'>\n\t\t\t<dt class='gallery-icon portrait'>\n\t\t\t\t<a href='https:\/\/old.libradio.org\/?attachment_id=8941#main'><img width=\"246\" height=\"300\" src=\"https:\/\/old.libradio.org\/wp-content\/uploads\/2020\/04\/1m20_2-246x300.png\" class=\"attachment-medium size-medium\" alt=\"\" decoding=\"async\" loading=\"lazy\" srcset=\"https:\/\/old.libradio.org\/wp-content\/uploads\/2020\/04\/1m20_2-246x300.png 246w, https:\/\/old.libradio.org\/wp-content\/uploads\/2020\/04\/1m20_2-600x733.png 600w, https:\/\/old.libradio.org\/wp-content\/uploads\/2020\/04\/1m20_2.png 748w\" sizes=\"(max-width: 246px) 100vw, 246px\" \/><\/a>\n\t\t\t<\/dt><\/dl><dl class='gallery-item'>\n\t\t\t<dt class='gallery-icon portrait'>\n\t\t\t\t<a href='https:\/\/old.libradio.org\/?attachment_id=8943#main'><img width=\"186\" height=\"300\" src=\"https:\/\/old.libradio.org\/wp-content\/uploads\/2020\/04\/1m20_1-186x300.png\" class=\"attachment-medium size-medium\" alt=\"\" decoding=\"async\" loading=\"lazy\" srcset=\"https:\/\/old.libradio.org\/wp-content\/uploads\/2020\/04\/1m20_1-186x300.png 186w, https:\/\/old.libradio.org\/wp-content\/uploads\/2020\/04\/1m20_1.png 547w\" sizes=\"(max-width: 186px) 100vw, 186px\" \/><\/a>\n\t\t\t<\/dt><\/dl><br style=\"clear: both\" \/>\n\t\t<\/div>\n\n<hr \/>\n<p>CAPSULES DU PREMIER MAI-D\u00c9AMBULATIONS URBAINES A LA RENCONTRE DES TRAVAILLEURSEXS<\/p>\n<p><iframe loading=\"lazy\" src=\"https:\/\/www.youtube.com\/embed\/j8ZWLQceqAw\" width=\"350\" height=\"200\" frameborder=\"0\" allowfullscreen=\"allowfullscreen\"><\/iframe>||<iframe loading=\"lazy\" src=\"https:\/\/www.youtube.com\/embed\/QCBgjmW7bbw\" width=\"350\" height=\"200\" frameborder=\"0\" allowfullscreen=\"allowfullscreen\"><\/iframe><\/p>\n<p><iframe loading=\"lazy\" src=\"https:\/\/www.youtube.com\/embed\/8qg2NieAhUY\" width=\"350\" height=\"200\" frameborder=\"0\" allowfullscreen=\"allowfullscreen\"><\/iframe>||<iframe loading=\"lazy\" src=\"https:\/\/www.youtube.com\/embed\/zFlSdw_pZ4I\" width=\"350\" height=\"200\" frameborder=\"0\" allowfullscreen=\"allowfullscreen\"><\/iframe><\/p>\n<p><iframe loading=\"lazy\" src=\"https:\/\/www.youtube.com\/embed\/QDGjllBJgVA\" width=\"350\" height=\"200\" frameborder=\"0\" allowfullscreen=\"allowfullscreen\"><\/iframe>||<iframe loading=\"lazy\" src=\"https:\/\/www.youtube.com\/embed\/18hhGqAtPUI\" width=\"350\" height=\"200\" frameborder=\"0\" allowfullscreen=\"allowfullscreen\"><\/iframe><\/p>\n<p><iframe loading=\"lazy\" src=\"https:\/\/www.youtube.com\/embed\/RN89I_gHXU4\" width=\"350\" height=\"200\" frameborder=\"0\" allowfullscreen=\"allowfullscreen\"><\/iframe><\/p>\n<hr \/>\n<p>CAPSULES DU PREMIER MAI-D\u00c9CLARATIONS DES ENTIT\u00c9S COMBATIVES SUR L&rsquo;\u00ceLE ROUSSEAU<\/p>\n<p><iframe loading=\"lazy\" src=\"https:\/\/www.youtube.com\/embed\/j2YJw_2c7x4\" width=\"350\" height=\"200\" frameborder=\"0\" allowfullscreen=\"allowfullscreen\"><\/iframe> | <iframe loading=\"lazy\" src=\"https:\/\/www.youtube.com\/embed\/d0ceiyBpHMc\" width=\"350\" height=\"200\" frameborder=\"0\" allowfullscreen=\"allowfullscreen\"><\/iframe><\/p>\n<p><iframe loading=\"lazy\" src=\"https:\/\/www.youtube.com\/embed\/0QyRgZ5unLI\" width=\"350\" height=\"200\" frameborder=\"0\" allowfullscreen=\"allowfullscreen\"><\/iframe> | <iframe loading=\"lazy\" src=\"https:\/\/www.youtube.com\/embed\/RW1JQ_eQsIs\" width=\"350\" height=\"200\" frameborder=\"0\" allowfullscreen=\"allowfullscreen\"><\/iframe><\/p>\n<p><iframe loading=\"lazy\" src=\"https:\/\/www.youtube.com\/embed\/weztR5k57JU\" width=\"350\" height=\"200\" frameborder=\"0\" allowfullscreen=\"allowfullscreen\"><\/iframe> | <iframe loading=\"lazy\" src=\"https:\/\/www.youtube.com\/embed\/0e4oW-ClSBQ\" width=\"350\" height=\"200\" frameborder=\"0\" allowfullscreen=\"allowfullscreen\"><\/iframe><\/p>\n<p><iframe loading=\"lazy\" src=\"https:\/\/www.youtube.com\/embed\/5up54cVaqE4\" width=\"350\" height=\"200\" frameborder=\"0\" allowfullscreen=\"allowfullscreen\"><\/iframe><\/p>\n<hr \/>\n<p>Clique sur la vignette pour \u00e9couter Libradio<br \/>\n<a href=\"https:\/\/www.youtube.com\/channel\/UClAxMXBkcLu4zkCzTJXuqVg\"><img decoding=\"async\" loading=\"lazy\" class=\"aligncenter size-medium wp-image-7974\" src=\"https:\/\/old.libradio.org\/wp-content\/uploads\/2020\/01\/Lic1-300x225.jpg\" alt=\"\" width=\"400\" height=\"300\" srcset=\"https:\/\/old.libradio.org\/wp-content\/uploads\/2020\/01\/Lic1-300x225.jpg 300w, https:\/\/old.libradio.org\/wp-content\/uploads\/2020\/01\/Lic1-768x576.jpg 768w, https:\/\/old.libradio.org\/wp-content\/uploads\/2020\/01\/Lic1-1024x768.jpg 1024w, https:\/\/old.libradio.org\/wp-content\/uploads\/2020\/01\/Lic1-600x450.jpg 600w, https:\/\/old.libradio.org\/wp-content\/uploads\/2020\/01\/Lic1.jpg 1152w\" sizes=\"(max-width: 400px) 100vw, 400px\" \/><\/a><\/p>\n<p><em><br \/>\nA l&rsquo;occasion de la journ\u00e9e internationale des luttes paysannes, le 17 avril de chaque ann\u00e9e, Marion, Mila et Maude sont all\u00e9es \u00e0 la rencontre de paysannes et paysans qui traversent non sans difficult\u00e9s la crise du Covid-19.<\/em> <strong><a href=\"https:\/\/soundcloud.com\/user-366975172-580865970\/luttes-paysannes-et-covid-19?fbclid=IwAR2L_KJsJL0vDJ2NbZzCiBFyp8_UFqTkdbRWwK-Dy21kM-iOjI514B6yu3I\" target=\"_blank\" rel=\"noopener\">PODCAST<\/a><\/strong>.<\/p>\n<ol>\n<li style=\"list-style-type: none;\">\n<ol>LIENS ACCOL\u00c9S<\/ol>\n<\/li>\n<\/ol>\n<ol>\n<li style=\"list-style-type: none;\">\n<ol>[https:\/\/agriculturedufutur.ch\/]<\/ol>\n<\/li>\n<\/ol>\n<ol>\n<li style=\"list-style-type: none;\">\n<ol>[<\/ol>\n<\/li>\n<\/ol>\n<p><a href=\"https:\/\/old.libradio.org\/wp-content\/uploads\/2020\/04\/Communiqu\u00e9dePresse\u2013Journ\u00e9einternationaledesluttespaysannes.pdf\"><strong>Communiqu\u00e9 de Presse: Journ\u00e9e internationale des luttes paysannes<\/strong>]<\/a><\/p>\n","protected":false},"excerpt":{"rendered":"<p>Textes lus, in\u00e9dits au format audio, ayant trait \u00e0 la critique et la transformation sociale radicale. Pr\u00e9sentation. [ATTENTION: archives des LIVE dessous] Le Cercle de Lecture Sociale, quelques consid\u00e9rations liminaires. CLS_E_1|PDF Canal TELEGRAM pour pr\u00e9parer les lectures et distribuer les sources: ICI Instance PEERTUBE pour archiver et diffuser les contenus: ICI Contact mail: info@libradio.org Pourquoi? [&hellip;]<\/p>\n","protected":false},"author":2,"featured_media":0,"parent":0,"menu_order":0,"comment_status":"closed","ping_status":"closed","template":"","meta":[],"_links":{"self":[{"href":"https:\/\/old.libradio.org\/index.php?rest_route=\/wp\/v2\/pages\/10185"}],"collection":[{"href":"https:\/\/old.libradio.org\/index.php?rest_route=\/wp\/v2\/pages"}],"about":[{"href":"https:\/\/old.libradio.org\/index.php?rest_route=\/wp\/v2\/types\/page"}],"author":[{"embeddable":true,"href":"https:\/\/old.libradio.org\/index.php?rest_route=\/wp\/v2\/users\/2"}],"replies":[{"embeddable":true,"href":"https:\/\/old.libradio.org\/index.php?rest_route=%2Fwp%2Fv2%2Fcomments&post=10185"}],"version-history":[{"count":219,"href":"https:\/\/old.libradio.org\/index.php?rest_route=\/wp\/v2\/pages\/10185\/revisions"}],"predecessor-version":[{"id":12942,"href":"https:\/\/old.libradio.org\/index.php?rest_route=\/wp\/v2\/pages\/10185\/revisions\/12942"}],"wp:attachment":[{"href":"https:\/\/old.libradio.org\/index.php?rest_route=%2Fwp%2Fv2%2Fmedia&parent=10185"}],"curies":[{"name":"wp","href":"https:\/\/api.w.org\/{rel}","templated":true}]}}