{"id":1981,"date":"2016-02-16T23:53:32","date_gmt":"2016-02-16T22:53:32","guid":{"rendered":"http:\/\/old.libradio.org\/?page_id=1981"},"modified":"2020-01-06T06:51:12","modified_gmt":"2020-01-06T05:51:12","slug":"podcast-2016","status":"publish","type":"page","link":"https:\/\/old.libradio.org\/?page_id=1981","title":{"rendered":"Podcast 2016"},"content":{"rendered":"<p><a href=\"https:\/\/www.mixcloud.com\/LibrAdio\/%C3%A9mission-du-23-d%C3%A9cembre\/\"><span style=\"color: #000000; font-family: Calibri;\"><span style=\"text-decoration: underline;\"><strong>\u00c9mission du vendredi 23 d\u00e9cembre durant les Sanculotides.<\/strong><\/span> <\/span><\/a><\/p>\n<p><span style=\"color: #000000; font-family: Calibri;\">Entretien avec Damien qui a particip\u00e9 \u00e0 une r\u00e9cup\u00e9ration \u00e0 Bienne de d\u00e9chets d\u2019une Coop. Intervention de la Police sur la demande de la Coop. Plus d\u2019un millier de franc d\u2019amende par personne. Comment se battre pour que les d\u00e9chets deviennent une propri\u00e9t\u00e9 publique que l\u2019on puisse r\u00e9utiliser et redistribuer \u00a0? <\/span><\/p>\n<p><span style=\"color: #000000; font-family: Calibri;\">\u00a0<\/span><\/p>\n<hr \/>\n<p><span style=\"text-decoration: underline;\"><strong>\u00c9mission du 17 d\u00e9cembre depuis les studios de Fr\u00e9quence Banane.<\/strong><\/span><\/p>\n<p>&nbsp;<\/p>\n<ul>\n<li>Sommaire de l&rsquo;\u00e9mission suivie de la d\u00e9dicace au <a href=\"https:\/\/www.mixcloud.com\/LibrAdio\/sommaire-de-l%C3%A9mission-suivie-de-la-d%C3%A9dicace-au-camarade-anarchiste-pinelli\/\"><strong>compagnon anarchiste Pinelli<\/strong><\/a><\/li>\n<li>Entretien avec le groupe Avo avant leur tourn\u00e9e en Russie <a href=\"https:\/\/www.mixcloud.com\/LibrAdio\/entretien-avec-le-groupe-avo-avant-leur-tourn%C3%A9e-en-russie-partie-1\/\"><strong>Part.I<\/strong><\/a> ; <a href=\"https:\/\/www.mixcloud.com\/LibrAdio\/entretien-avec-le-groupe-avo-avant-leur-tourn%C3%A9e-en-russie-partie-2\/\"><strong>Part.II<\/strong><\/a><\/li>\n<\/ul>\n<ul>Info sur la tourn\u00e9e russe et plus encore&#8230;<a href=\"https:\/\/www.facebook.com\/Avo.Rockband\/?fref=nf&amp;pnref=story\" target=\"_blank\"><strong>AVO<\/strong><\/a>sur facebook.<\/ul>\n<li>Yves et Alec nous pr\u00e9sentent la conf\u00e9rence gesticul\u00e9e \u00ab\u00a0<a href=\"https:\/\/www.mixcloud.com\/LibrAdio\/yves-et-alec-nous-pr%C3%A9sentent-la-conf%C3%A9rence-gesticul%C3%A9e-apr%C3%A8s-moi-le-d%C3%A9luge-tribulation-dun-utopiste\/\"><strong>Apr\u00e8s moi le d\u00e9luge: tribulation d&rsquo;un utopiste<\/strong><\/a>\u00ab\u00a0<\/li>\n<\/ul>\n<p>Conf\u00e9rence le 20 janvier \u00e0 la <a href=\"http:\/\/villatacchini.ch\/evenement\/apres-deluge\/\" target=\"_blank\">Villa Tacchini<\/a>. Dossier de presse.<a href=\"https:\/\/old.libradio.org\/wp-content\/uploads\/2016\/02\/Apr\u00e8s-moi-le-d\u00e9luge-.pdf\">Apr\u00e8s moi le d\u00e9luge !<\/a><\/p>\n<p>&nbsp;<\/p>\n<p><span style=\"color: #000000; font-family: Calibri;\">\u00a0<\/span><\/p>\n<hr \/>\n<p>&nbsp;<\/p>\n<p><span style=\"color: #800080; text-decoration: underline;\">Samedi le 10 d\u00e9cembre 2016, depuis le studio de Fr\u00e9quence Banane \u00e0 Carouge<\/span><\/p>\n<p><a href=\"https:\/\/www.mixcloud.com\/LibrAdio\/%C3%A9mission-du-10-d%C3%A9cembre-2016-1\/\"><strong>1<sup>\u00e8re<\/sup> partie<\/strong>\u00a0<\/a>: intro de l&rsquo;\u00e9mission et quelques mots sur la manifestation de protestation contre la politique r\u00e9pressive d\u2019Erdogan en Turquie.<\/p>\n<p><a title=\"The Staches\" href=\"https:\/\/www.mixcloud.com\/LibrAdio\/%C3%A9mission-du-10-d%C3%A9cembre-2%C3%A8me-parte\/\"><strong>2<sup>\u00e8me<\/sup> partie<\/strong>\u00a0<\/a>: Entretien avec the Staches.<\/p>\n<p><a title=\"Laura Maurilieras\" href=\"https:\/\/www.mixcloud.com\/LibrAdio\/%C3%A9mission-du-10-d%C3%A9cembre-2016-derni%C3%A8re-partie\/\"><strong>3<sup>\u00e8me<\/sup> parte<\/strong>\u00a0<\/a>: Entretien avec Laura Maurilieras sur la kin\u00e9sith\u00e9rapie avec la participation de Claudette Plumey.<\/p>\n<p><span style=\"color: #000000; font-family: Calibri;\">\u00a0<\/span><\/p>\n<hr \/>\n<p><span style=\"text-decoration: underline;\"><strong>\u00c9mission du 03 d\u00e9cembre depuis l&rsquo;<a href=\"https:\/\/www.uog.ch\/\" target=\"_blank\">UOG<\/a>, Universit\u00e9 Ouvri\u00e8re de Gen\u00e8ve.<br \/>\n<\/strong><\/span><\/p>\n<p>D\u00e9bat et d\u00e9codage du trait\u00e9 d\u00e9sastreux TISA [Trade in service agreement|Accord sur le commerce des services] avec Chlo\u00e9 et G\u00e9rard du collectif \u00ab\u00a0<a href=\"http:\/\/stop-tisa.ch\/wordpress\/?page_id=96\" target=\"_blank\">STOP-TISA<\/a>\u00a0\u00bb et Sergio Ghirardi, philosophe situationniste auteur de \u00ab\u00a0Occuper la vie\u00a0\u00bb paru aux \u00e9ditions Chant Libre.<\/p>\n<ul>\n<li><strong><a href=\"https:\/\/www.mixcloud.com\/LibrAdio\/d%C3%A9bat-autour-de-tisa-chlo%C3%A9-et-g%C3%A9rard-du-coll-stop-tisa-et-sergio-ghirardi-auteurde-occuper-la-vie\/\">Part I<\/a><\/strong> [Dur\u00e9e 1h08&prime;]<\/li>\n<li><strong><a href=\"https:\/\/www.mixcloud.com\/LibrAdio\/d%C3%A9bat-autour-de-tisa-chlo%C3%A9-et-g%C3%A9rard-du-coll-stop-tisa-et-sergio-ghirardi-auteur-doccuper-la-vie2\/\">Part II<\/a><\/strong> [Dur\u00e9e 30&prime;]<\/li>\n<li><strong><a href=\"https:\/\/www.mixcloud.com\/LibrAdio\/d%C3%A9bat-autour-de-tisa-chlo%C3%A9-et-g%C3%A9rard-du-coll-stop-tisa-et-sergio-ghirardi-auteur-doccuper-la-vie3\/\">Part III<\/a><\/strong> [Dur\u00e9e 15&prime;]<\/li>\n<\/ul>\n<p>&nbsp;<\/p>\n<p>Entretien avec <strong><a href=\"https:\/\/www.mixcloud.com\/LibrAdio\/entretien-avec-maria-elena-cr%C3%A9atrice-de-poup%C3%A9es\/\">Maria-Elena<\/a><\/strong>; cr\u00e9atrice des \u00ab\u00a0Poup\u00e9es qui ont une \u00e2me\u00a0\u00bb. [Dur\u00e9e 27&prime;]<\/p>\n<p>Chronique de <strong><a href=\"https:\/\/soundcloud.com\/user-203800232\/03122016-5libradio-thierry\">Thierry <\/a><\/strong>\u00e0 propos de la Comm\u00e9moration de Fidel Castro. [Dur\u00e9e 11&prime;]<\/p>\n<p>Entretien avec <strong><a href=\"https:\/\/soundcloud.com\/user-203800232\/03122016-6libradio-wilma\">Wilma<\/a><\/strong>; du collectif Am\u00e9rique Latine-R\u00e9sistance. Organisatrice de l&rsquo;\u00e9v\u00e9nement. [Dur\u00e9e 10&prime;]<\/p>\n<p>&nbsp;<\/p>\n<hr \/>\n<p><span style=\"text-decoration: underline;\"><strong>\u00a0Emission du samedi 26 novembre 2016<\/strong><\/span><\/p>\n<p><a title=\"1\u00e8re partie le 26.11.2016\" href=\"https:\/\/www.mixcloud.com\/LibrAdio\/%C3%A9mission-du-samedi-26-novembre-intro-filmer-cest-exister\/\"><span style=\"color: #000000; font-family: Calibri;\">1<\/span><sup><span style=\"color: #000000; font-family: Calibri; font-size: small;\">\u00e8re<\/span><\/sup><\/a><span style=\"color: #000000; font-family: Calibri;\"><a title=\"1\u00e8re partie le 26.11.2016\" href=\"https:\/\/www.mixcloud.com\/LibrAdio\/%C3%A9mission-du-samedi-26-novembre-intro-filmer-cest-exister\/\"> partie\u00a0<\/a>: sommaire de l\u2019\u00e9mission et quelques mots sur \u00abFilmer c\u2019est exister\u00a0\u00bb, festival de film palestinien. <\/span><\/p>\n<p><a title=\"Solidarit\u00e9 Jeune\" href=\"https:\/\/www.mixcloud.com\/LibrAdio\/solidarit%C3%A9-jeune\/\"><span style=\"color: #000000; font-family: Calibri;\">2<\/span><sup><span style=\"color: #000000; font-family: Calibri; font-size: small;\">\u00e8re<\/span><\/sup><\/a><span style=\"color: #000000; font-family: Calibri;\"><a title=\"Solidarit\u00e9 Jeune\" href=\"https:\/\/www.mixcloud.com\/LibrAdio\/solidarit%C3%A9-jeune\/\"> partie\u00a0<\/a>: Jean Burgenmeister de \u00ab\u00a0Solidarit\u00e9S Jeunes\u00a0\u00bb revient sur l&rsquo;actualit\u00e9 politique locale. Antifascisme, contre-aust\u00e9rit\u00e9; d\u00e9cryptages. <\/span><\/p>\n<p><a title=\"le collectif les Incontr\u00f4lables\" href=\"https:\/\/www.mixcloud.com\/LibrAdio\/le-collctif-lincontr%C3%B4lable\/\"><span style=\"color: #000000; font-family: Calibri;\">3<\/span><sup><span style=\"color: #000000; font-family: Calibri; font-size: small;\">\u00e8me<\/span><\/sup><\/a><span style=\"color: #000000; font-family: Calibri;\"><a title=\"le collectif les Incontr\u00f4lables\" href=\"https:\/\/www.mixcloud.com\/LibrAdio\/le-collctif-lincontr%C3%B4lable\/\"> Partie\u00a0<\/a>: Le collectif libertaire \u00abLes Incontr\u00f4lables\u00bb pr\u00e9sente l\u2019\u00e9v\u00e9nement convivial, ouvert \u00e0 touTEs qui aura lieu \u00e0 la salle du 8, r. Lissignol, le vendredi 02 d\u00e9cembre 2016. <\/span><\/p>\n<p><span style=\"color: #000000; font-family: Calibri;\">\u00a0<\/span><\/p>\n<hr \/>\n<p>&nbsp;<\/p>\n<p>&nbsp;<\/p>\n<p><span style=\"text-decoration: underline;\"><strong>\u00a0\u00c9mission du 19 novembre depuis les studios de Fort-Barreaux<\/strong><\/span><\/p>\n<p>&nbsp;<\/p>\n<ul>\n<li><a href=\"https:\/\/soundcloud.com\/user-203800232\/19112016-1libradio-sommaire\"><strong>Sommaire<\/strong><\/a> de l&rsquo;\u00e9mission<\/li>\n<\/ul>\n<p>Entretien avec Mona Asal, pour les Rencontres cin\u00e9matographiques Palestine: Filmer c&rsquo;est exister.<\/p>\n<ul>\n<li><a href=\"https:\/\/www.mixcloud.com\/LibrAdio\/entretien-avec-mona-pour-les-rencontres-cin%C3%A9matographiques-palestine-filmer-cest-exister-partie-1\/\"><strong>Part. I<\/strong><\/a> [Dur\u00e9e 19&prime;]<\/li>\n<li><a href=\"https:\/\/www.mixcloud.com\/LibrAdio\/entretien-avec-mona-pour-les-rencontres-cin%C3%A9matographiques-palestine-filmer-cest-exister-partie-2\/\"><strong>Part. II<\/strong><\/a> [Dur\u00e9e 24&prime;]<\/li>\n<\/ul>\n<p>Les Rencontres cin\u00e9matographiques Palestine. Du 24 au 27 novembre 2016 \u00e0 Gen\u00e8ve.[<a href=\"www.palestine-fce.ch\" target=\"_blank\">www.palestine-fce.ch<\/a>]<\/p>\n<p>&nbsp;<\/p>\n<ul>\n<li><a href=\"https:\/\/www.frequencebanane.ch\/emissions\/lacomete\/biennale-du-genre-a-lunige\/\" target=\"_blank\"><strong>Podcast<\/strong><\/a> de l&rsquo;entretien avec Brigitte Mantilleri, directrice du service \u00e9galit\u00e9 de l&rsquo;Uni-GE, \u00e0 propos de la Biennale du Genre: [<a href=\"http:\/\/biennaledugenre.ch\/\" target=\"_blank\">www.biennaledugenre.ch<\/a>]. Dur\u00e9e : 42&rsquo;46<\/li>\n<\/ul>\n<p>&nbsp;<\/p>\n<ul>\n<li><a href=\"https:\/\/www.frequencebanane.ch\/emissions\/lacomete\/jungle-de-calais-recit-de-solidarites-et-du-demantelement\/\" target=\"_blank\"><strong>Podcast<\/strong><\/a> de l&rsquo;entretien avec Mahaud Faas, Retour sur l&rsquo;action \u00ab\u00a0Winter is coming for real\u00a0\u00bb, des habits chauds pour les \u00e9xil\u00e9.e.s de la Jungle de Calais. T\u00e9moignages du d\u00e9mant\u00e8lement. Dur\u00e9e: 49&rsquo;48<\/li>\n<\/ul>\n<p>&nbsp;<\/p>\n<ul>\n<li><a href=\"https:\/\/soundcloud.com\/user-91642607-828205528\/brigitte-mantilleri-auteure-de-noel-constant-un-autre-social\" target=\"_blank\">Podcast<\/a> de l&rsquo;entretien avec Brigitte Mantilleri, auteure du livre sur No\u00ebl Constant, fondateur de Carrefour-Rue, figure tut\u00e9laire de l&rsquo;entraide et de la solidarit\u00e9 \u00e0 Gen\u00e8ve. \u00ab\u00a0No\u00ebl Constant, un autre social\u00a0\u00bb paru aux \u00e9ditions de l&rsquo;\u00c2ge d&rsquo;Homme. Dur\u00e9e: 8&rsquo;15<\/li>\n<\/ul>\n<p>&nbsp;<\/p>\n<hr \/>\n<p>&nbsp;<\/p>\n<p><span style=\"text-decoration: underline;\"><strong>\u00c9mission du 12.11. depuis les studios de Fort-Barreau<\/strong><\/span><\/p>\n<p>Le sommaire suivit du <a href=\"https:\/\/www.mixcloud.com\/LibrAdio\/le-sommaire-suivit-du-vain-minutes-l%C3%A9lection-de-remengesau-%C3%A0-palau-micron%C3%A9sie\/\">VAIN Minutes<\/a>: l&rsquo;\u00e9lection de Remengesau \u00e0 Palau, Micron\u00e9sie<\/p>\n<p>D\u00e9dicace de l&rsquo;\u00e9mission au militant anarchiste \u00ab\u00a0<a href=\"https:\/\/soundcloud.com\/user-203800232\/12112016-2libradio-dedicace\">Libertad<\/a>\u00a0\u00bb<\/p>\n<p>Entretien avec Laura pour la Librairie du Boulevard et son nouveau projet: Livres en l&rsquo;air<\/p>\n<p><a href=\"https:\/\/www.mixcloud.com\/LibrAdio\/entretien-avec-laura-pour-la-librairie-du-boulevard-et-son-nouveau-projet-livres-en-lair-partie-1\/\">Part I<\/a> ; <a href=\"https:\/\/www.mixcloud.com\/LibrAdio\/entretien-avec-laura-pour-la-librairie-du-boulevard-et-son-nouveau-projet-livres-en-lair-partie-2\/\">Part II<\/a><\/p>\n<p>Retour sur la mobilisation contre la venue \u00e0 Gen\u00e8ve d&rsquo;<a href=\"https:\/\/soundcloud.com\/user-203800232\/12112016-5libradio-antisoral\">Alain Soral<\/a><\/p>\n<p>&nbsp;<\/p>\n<hr \/>\n<p>&nbsp;<\/p>\n<p><span style=\"text-decoration: underline;\"><strong>\u00c9mission du 09.11. depuis la comm\u00e9moration de la fusillade \u00e0 Plainpalais<\/strong><\/span><\/p>\n<p><a href=\"https:\/\/soundcloud.com\/user-203800232\/09112016-1libradio-intro\">Intro<\/a> de l&rsquo;\u00e9mission<\/p>\n<p>Retour sur le d\u00e9roulement des <a href=\"https:\/\/soundcloud.com\/user-203800232\/09112016-2libradio-deroulement\">faits<\/a> du 9 novembre 1932<\/p>\n<p>Intervention de <a href=\"https:\/\/soundcloud.com\/user-203800232\/09112016-3libradio-claudette\">Claudette<\/a>, pr\u00e9sidente de l&rsquo;ADTS<\/p>\n<p><a href=\"https:\/\/www.mixcloud.com\/LibrAdio\/prises-de-paroles-et-souvenir-des-disparus\/\">Prises de Paroles<\/a> et souvenir des disparus<\/p>\n<p>La <a href=\"https:\/\/www.mixcloud.com\/LibrAdio\/la-communaut%C3%A9-kurde-sexprime-%C3%A0-travers-son-repr%C3%A9sentant\/\">communaut\u00e9 Kurde<\/a> s&rsquo;exprime \u00e0 travers son repr\u00e9sentant<\/p>\n<p>Discussion-d\u00e9bat en compagnie de Marjorie et Pablo de <a href=\"https:\/\/www.mixcloud.com\/LibrAdio\/discussion-d%C3%A9bat-en-compagnie-de-marjorie-et-pablo-de-solidarit%C3%A9s-jeunes\/\">Solidarit\u00e9S Jeunes<\/a><\/p>\n<p>&nbsp;<\/p>\n<p>&nbsp;<\/p>\n<hr \/>\n<p>&nbsp;<\/p>\n<p><span style=\"text-decoration: underline;\"><strong>\u00c9mission 23 octobre 2016<\/strong><\/span><\/p>\n<p>Depuis festival: L&rsquo;arcade est\u00a0\u00e0 vous.<\/p>\n<p>Discussion sur l&rsquo;art et la subversion. Est-ce que l&rsquo;art cautionne le syst\u00e8me capitaliste?<\/p>\n<ul>\n<li><a href=\"https:\/\/www.mixcloud.com\/LibrAdio\/discussion-sur-lart-et-le-consum%C3%A9risme-est-ce-que-lart-catiionne-le-syst%C3%A8me\/\"><strong>Partie 1<\/strong><\/a><\/li>\n<li><a title=\"Partie 2\" href=\"https:\/\/www.mixcloud.com\/LibrAdio\/art-et-subversion-2%C3%A8me-partie\/\">Partie deux<\/a><\/li>\n<\/ul>\n<p>&nbsp;<\/p>\n<hr \/>\n<p>&nbsp;<\/p>\n<p><span style=\"text-decoration: underline;\"><strong>\u00c9mission du 05.11. depuis les studios de Fort-Barreau<\/strong><\/span><\/p>\n<ul>\n<li>Le <a href=\"https:\/\/www.mixcloud.com\/LibrAdio\/le-sommaire-de-l%C3%A9mission-et-d%C3%A9dicace-%C3%A0-guy\/\"><strong>sommaire<\/strong><\/a> de l&rsquo;\u00e9mission et d\u00e9dicace \u00e0 Guy et les personnes hospitalis\u00e9es.<\/li>\n<li>T\u00e9moignage e Ivo Antoni, un migrant d&rsquo;un autre temp<a href=\"https:\/\/www.mixcloud.com\/LibrAdio\/t%C3%A9moignage-dantonivo-partie-1\/\"><strong>Part I<\/strong><\/a> ; <a href=\"https:\/\/www.mixcloud.com\/LibrAdio\/t%C3%A9moignage-dantonivo-partie-2\/\"><strong>Part II<\/strong><\/a><\/li>\n<li><a href=\"https:\/\/www.mixcloud.com\/LibrAdio\/carla-et-alexia-lhistoire-dune-relation-%C3%A9pistolaire\/\"><strong>Carla et Alexia<\/strong><\/a>: l&rsquo;histoire d&rsquo;une relation \u00e9pistolaire 2.0. Quand les m\u00e9dias sociaux sont d\u00e9tourn\u00e9s pour les meilleurs.<\/li>\n<li>Entretien avec <a href=\"https:\/\/www.mixcloud.com\/LibrAdio\/entretien-avec-m%C3%A9linda-danseuse-chor%C3%A9graphe-et-professeure\/\"><strong>M\u00e9linda<\/strong><\/a>: danseuse et chor\u00e9graphe. Lorsque le corps en dit plus long qu&rsquo;un discours&#8230;<\/li>\n<li><a href=\"https:\/\/soundcloud.com\/user-203800232\/05112016-6libradio-croft\"><strong>Croft <\/strong><\/a>nous parle de la situation des Migrants en Europe de l&rsquo;est. pr\u00e9cisement la situation en Hongrie (Intervention en anglais).<\/li>\n<\/ul>\n<p>&nbsp;<\/p>\n<hr \/>\n<p>&nbsp;<\/p>\n<p><span style=\"text-decoration: underline;\"><strong>\u00c9mission du 29.10 depuis les studios de Fort-Barreau<\/strong><\/span><\/p>\n<ul>\n<li>Le sommaire suivit de <a href=\"https:\/\/www.mixcloud.com\/LibrAdio\/le-sommaire-suivit-de-taodao-quelque-part-la-chine-la-rubrique-de-caro\/\"><strong> Tao\/Dao, quelque part la Chine<\/strong><\/a>: la rubrique de Caro.<\/li>\n<li>Carole nous pr\u00e9sente la rubrique: Sp\u00e9l\u00e9ologie en th\u00e9\u00e2tre vivant: <a href=\"https:\/\/www.mixcloud.com\/LibrAdio\/carole-nous-pr%C3%A9sente-sa-sp%C3%A9l%C3%A9ologie-en-th%C3%A9%C3%A2tre-vivant-la-boucherie-de-jobe\/\"><strong>La Boucherie de Job.<\/strong><\/a><\/li>\n<li><a href=\"https:\/\/www.mixcloud.com\/LibrAdio\/marylou-nous-parle-de-lhistoire-des-squatts-%C3%A0-plainpalais\/\"><strong>Marylou<\/strong><\/a> nous parle de l&rsquo;histoire des squatts \u00e0 Plainpalais<\/li>\n<\/ul>\n<p>&nbsp;<\/p>\n<hr \/>\n<p>&nbsp;<\/p>\n<p><strong>\u00ab\u00a0Tes v\u00eatements pour la dignit\u00e9\u00a0\u00bb<\/strong>. Une action de, pour et par les jeunes. R\u00e9coltes d&rsquo;habits dignes en faveur des jeunes migrant.e.s et pr\u00e9caires.<\/p>\n<ul>\n<li><a href=\"https:\/\/www.frequencebanane.ch\/podcast\/entretiens-podcast\/tes-vetements-pour-la-dignite\/\" target=\"_blank\"><strong>Podcast<\/strong><\/a> de 26&prime; capt\u00e9 \u00e0 l&rsquo;Almac\u00e8n lors de \u00ab\u00a0l&rsquo;Arcade est \u00e0 vous\u00a0\u00bb, 22-23.10.2016.<br \/>\nCamille et Axel, du parlement des jeunes \u00e0 Gen\u00e8ve, \u00e9noncent les enjeux d&rsquo;une telle action, ses dates et points de collecte. Page fcb <a href=\"https:\/\/www.facebook.com\/vetementsdignite\/?fref=ts\" target=\"_blank\"><strong>ICI<\/strong><\/a>.<a href=\"https:\/\/old.libradio.org\/wp-content\/uploads\/2016\/02\/v\u00eat2.jpg\"><img decoding=\"async\" loading=\"lazy\" class=\"alignleft size-medium wp-image-2672\" src=\"https:\/\/old.libradio.org\/wp-content\/uploads\/2016\/02\/v\u00eat2-300x97.jpg\" alt=\"v\u00eat2\" width=\"300\" height=\"97\" srcset=\"https:\/\/old.libradio.org\/wp-content\/uploads\/2016\/02\/v\u00eat2-300x97.jpg 300w, https:\/\/old.libradio.org\/wp-content\/uploads\/2016\/02\/v\u00eat2-600x194.jpg 600w, https:\/\/old.libradio.org\/wp-content\/uploads\/2016\/02\/v\u00eat2.jpg 607w\" sizes=\"(max-width: 300px) 100vw, 300px\" \/><\/a><\/p>\n<hr \/>\n<p><span style=\"text-decoration: underline;\"><strong>\u00a0Emission du 15.10 depuis les studios de Fort-Barreau<\/strong><\/span><\/li>\n<li>Le <a href=\"https:\/\/soundcloud.com\/user-203800232\/15102016-1libradio-sommaire\">sommaire<\/a> de l&rsquo;\u00e9mission.<\/li>\n<li>Rolin Wavre nous pr\u00e9sente <a href=\"https:\/\/www.mixcloud.com\/LibrAdio\/rolin-wavre-nous-pr%C3%A9sente-pro-v%C3%A9lo\/\">Pro-V\u00e9lo.<\/a><\/li>\n<li><a href=\"https:\/\/www.mixcloud.com\/LibrAdio\/winter-is-coming-for-real-dans-la-jungle-de-calais-explication-de-mao\/\">Winter is coming for real<\/a> dans la jungle de Calais: explication de Mahaud.<\/li>\n<li><a href=\"https:\/\/www.mixcloud.com\/LibrAdio\/taodao-le-confucianisme-la-rubrique-de-caro-%C3%A0-propos-de-la-chine\/\">Tao\/Dao<\/a>: le confucianisme. La rubrique de Caro \u00e0 propos de la Chine.<\/li>\n<li>\n<hr \/>\n<p><span style=\"text-decoration: underline;\"><strong>\u00a0Emission du 08.10 depuis les studios de Fort-Barreau<\/strong><\/span><\/p>\n<p><a href=\"https:\/\/soundcloud.com\/user-203800232\/08102016-1libradio-sommaire\">Sommaire<\/a> de l&rsquo;\u00e9mission<\/p>\n<p>Le festival <a href=\"https:\/\/soundcloud.com\/user-203800232\/08102016-2libradio-saculotides\">Sanculotides<\/a> se pr\u00e9sente!<\/p>\n<p><a href=\"https:\/\/www.mixcloud.com\/LibrAdio\/taodao-la-rubrique-de-caro-%C3%A0-propos-de-la-chine\/\">Tao\/Dao<\/a>: le confucianisme. La rubrique de Caro \u00e0 propos de la Chine<\/p>\n<p><a href=\"https:\/\/www.mixcloud.com\/LibrAdio\/situation-en-colombie-suite-%C3%A0-la-votation-sur-le-trait%C3%A9-de-paix-avec-les-farc-pr%C3%A9sent%C3%A9e-par-igor\/\">Situation en Colombie<\/a> suite \u00e0 la votation sur le trait\u00e9 de paix avec les FARC pr\u00e9sent\u00e9e par Igor<\/p>\n<p>G\u00e9rard et Jacqueline t\u00e9moignent de la manifestation <a href=\"https:\/\/www.mixcloud.com\/LibrAdio\/g%C3%A9rard-et-jacqueline-t%C3%A9moignent-de-la-manifestation-stop-tisa-%C3%A0-berne\/\">STOP-TISA<\/a> \u00e0 Berne<\/p>\n<p>Podcasts de l&rsquo;entretien avec Laura pour la <a href=\"https:\/\/www.mixcloud.com\/LibrAdio\/podcasts-de-lentretien-avec-laura-pour-la-librairie-du-boulevard\/\">Librairie du Boulevard<\/a><\/p>\n<p>Pr\u00e9sentation de la <a href=\"https:\/\/soundcloud.com\/user-203800232\/08102016-7libradio-bidule-godin\">Bidule<\/a> suivit d&rsquo;un podcast de No\u00ebl Godin, l&rsquo;entarteur<\/p>\n<p>L&rsquo;<a href=\"https:\/\/soundcloud.com\/user-203800232\/08102016-8libradio-arcade\">arcade<\/a> organise la semaine de l&rsquo;horreur: explications<\/p>\n<p>&nbsp;<\/p>\n<hr \/>\n<p><span style=\"text-decoration: underline;\"><strong>\u00a0Emission du 01.10 depuis les studios de Fort-Barreau<\/strong><\/span><\/p>\n<p><a href=\"https:\/\/soundcloud.com\/user-203800232\/01102016-1libradio-sommaire\">Sommaire<\/a> de l&rsquo;\u00e9mission<\/p>\n<p>Pr\u00e9sentation des<a href=\"https:\/\/www.mixcloud.com\/LibrAdio\/pr%C3%A9sentation-des-sanculotides\/\"> Sanculotides<\/a><\/p>\n<p>La voix anonyme de Baudelaire: <a href=\"https:\/\/soundcloud.com\/user-203800232\/01102016-3libradio-anonyme\">Le poison<\/a><\/p>\n<p>Justin Favrod nous pr\u00e9sente la nouvelle revue \u00ab\u00a0Pass\u00e9 Simple\u00a0\u00bb <a href=\"https:\/\/www.mixcloud.com\/LibrAdio\/justin-favrod-nous-pr%C3%A9sente-la-nouvelle-revue-pass%C3%A9-simple\/\">Part. I<\/a> ; <a href=\"https:\/\/www.mixcloud.com\/LibrAdio\/justin-favrod-nous-pr%C3%A9sente-la-nouvelle-revue-pass%C3%A9-simple-deuxi%C3%A8me-partie\/\">Part. II<\/a><\/p>\n<p>Entretien et Mini showcase avec<a href=\"https:\/\/www.mixcloud.com\/LibrAdio\/entretien-en-mini-showcase-avec-isa-rose\/\"> Isa-Rose<\/a><\/p>\n<p>Entretien avec l&rsquo;artiste musicienne<a href=\"https:\/\/www.mixcloud.com\/LibrAdio\/entretien-avec-lartiste-musicienne-le%C3%A7an\/\"> Le\u00e7an<\/a><\/p>\n<p>&nbsp;<\/p>\n<p>&nbsp;<\/p>\n<hr \/>\n<p><span style=\"text-decoration: underline;\"><strong>\u00a0Emission du 17.09 depuis les studios de Fort-Barreau<\/strong><\/span><\/p>\n<p><a href=\"https:\/\/soundcloud.com\/user-963694233\/17092016-1libradio-sommaire\">Sommaire<\/a> de l&rsquo;\u00e9mission<\/p>\n<p>Chronique et podcast sur l&rsquo;<a href=\"https:\/\/soundcloud.com\/user-963694233\/17092016-2libradio-asile\">asile<\/a> : Collectif R, Solidarit\u00e9 Tattes, famille Musa<\/p>\n<p>Entretien avec <a href=\"https:\/\/www.mixcloud.com\/LibrAdio\/entretien-avec-georges-tissot-syndicalisme-cgas-ait\/\">Georges Tissot<\/a> : Syndicalisme, CGAS, AIT<\/p>\n<p>Entretien avec le Label, collectif et association <a href=\"https:\/\/www.mixcloud.com\/LibrAdio\/entretien-avec-le-label-collectif-et-association-effet-tr%C3%A8s-sp%C3%A9cial\/\">Effet tr\u00e8s Sp\u00e9cial <\/a><\/p>\n<p>Chlo\u00e9 et Gerard s&rsquo;expriment pour le collectif <a href=\"https:\/\/www.mixcloud.com\/LibrAdio\/chlo%C3%A9-et-gerard-sexpriment-pour-le-collectif-stop-tisa\/\">Stop Tisa<\/a><\/p>\n<p>&nbsp;<\/p>\n<p>&nbsp;<\/p>\n<hr \/>\n<p>&nbsp;<\/p>\n<p>Emission du 09 et du 10 septembre lors de l&rsquo;inauguration de la biblioth\u00e8que du peuple:<\/p>\n<p><a href=\"https:\/\/soundcloud.com\/user-963694233\/sommaire\">Intro<\/a> de l&rsquo;\u00e9mission<\/p>\n<p>D\u00e9dicace \u00e0 la fratrie <a href=\"https:\/\/soundcloud.com\/user-963694233\/dedicace-a-la-fratrie-musa\">Musa<\/a><\/p>\n<p>Le sommaire suivit du <a href=\"https:\/\/soundcloud.com\/user-963694233\/le-sommaire-suivit-du-podcast-capte-lors-du-renvoi-et-de-la-separation-de-la-fratrie-musa\">podcast<\/a> capt\u00e9 lors du renvoi et de la s\u00e9paration de la Fratrie Musa<\/p>\n<p>Pr\u00e9sentation de <a href=\"https:\/\/soundcloud.com\/user-963694233\/presentation-de-la-bidule-des-ateliers-decriture-et-de-la-tazmobile\">la Bidule<\/a>, des ateliers d&rsquo;\u00e9criture et de la TAZmobile<\/p>\n<p>Entretien avec le Photographe<a href=\"https:\/\/www.mixcloud.com\/LibrAdio\/entretien-avec-le-photographe-max-jacot\/\"> Max Jacot<\/a><\/p>\n<p>Entretien avec<a href=\"https:\/\/soundcloud.com\/user-963694233\/entretien-avec-stop-suicide\"> Stop Suicide<\/a><\/p>\n<p>Entretien avec <a href=\"https:\/\/soundcloud.com\/user-963694233\/10092016-1libradio-ezik\">Ezik<\/a><\/p>\n<p>&nbsp;<\/p>\n<p>&nbsp;<\/p>\n<p>&nbsp;<\/p>\n<hr \/>\n<p>Les Journ\u00e9es du Patrimoine version impertinente, \u00e0 Gen\u00e8ve les 10-11.09.2016 organis\u00e9es aux Grottes par <a href=\"http:\/\/www.preenbulle.ch\/\" target=\"_blank\"><strong>Pr\u00e9 en Bulle<\/strong><\/a>.<br \/>\nPodcast du volume 1 de 2 de la \u00ab\u00a0Visite d&rsquo;Id\u00e9es\u00a0\u00bb par les crieurs de la Croix-Rousse, fameux quartier de la ville de Lyon.<\/p>\n<p><a href=\"https:\/\/old.libradio.org\/wp-content\/uploads\/2016\/02\/visisi2.png\"><img decoding=\"async\" loading=\"lazy\" class=\"alignleft size-medium wp-image-2576\" src=\"https:\/\/old.libradio.org\/wp-content\/uploads\/2016\/02\/visisi2-300x106.png\" alt=\"visisi2\" width=\"300\" height=\"106\" srcset=\"https:\/\/old.libradio.org\/wp-content\/uploads\/2016\/02\/visisi2-300x106.png 300w, https:\/\/old.libradio.org\/wp-content\/uploads\/2016\/02\/visisi2.png 460w\" sizes=\"(max-width: 300px) 100vw, 300px\" \/><\/a><\/p>\n<p>&nbsp;<\/p>\n<p><a href=\"http:\/\/www.ministeredesrapportshumains.com\/p\/visites-didees.html\" target=\"_blank\"><strong>Le Minist\u00e8re des Rapports Humains<\/strong><\/a> op\u00e8re ses sauts truculents au gr\u00e9 de l&rsquo;uchronie et pire encore, dans des bribes de r\u00e9alit\u00e9 qui pourraient bien encore changer le monde&#8230;<\/p>\n<ul>\n<li><a href=\"https:\/\/soundcloud.com\/user-91642607-828205528\/visites-didees-aux-grottes-vol1-partie-14-geneve-10-11092016\" target=\"_blank\"><strong>Vol.1-Part.1de4<\/strong><\/a><\/li>\n<\/ul>\n<p>[Autopalpation et D\u00e9but de la Traboule, dur\u00e9e 13&rsquo;30]<\/p>\n<ul>\n<li><a href=\"https:\/\/soundcloud.com\/user-91642607-828205528\/visites-didees-aux-grottes-vol1-partie-24-geneve-les-10-11092016\" target=\"_blank\"><strong>Vol.1-Part.2de4<\/strong><\/a><\/li>\n<\/ul>\n<p>[Biblioth\u00e8que du Peuple et ACAB, 7&prime;]. Site de la <a href=\"https:\/\/libertaires.noblogs.org\/\" target=\"_blank\"><strong>Biblioth\u00e8que de Peuple<\/strong><\/a>.<\/p>\n<ul>\n<li><a href=\"https:\/\/soundcloud.com\/user-91642607-828205528\/visites-didees-aux-grottes-vol-1-partie-34-geneve-les-10-11092016\" target=\"_blank\"><strong>Vol.1-Part.3de4<\/strong><\/a><\/li>\n<\/ul>\n<p>[CFF et les Occup. Dur\u00e9e 12&rsquo;50&rsquo;]<\/p>\n<ul>\n<li><a href=\"https:\/\/soundcloud.com\/user-91642607-828205528\/visitebrut4\" target=\"_blank\"><strong>Vol.1-Part.4de4<\/strong><\/a><\/li>\n<\/ul>\n<p>[Franchir la route et \u00eelot 13.Dur\u00e9e 7&rsquo;40]. illustrations sonores: Arturo Toscanini et Billy Bragg.<\/p>\n<p>&nbsp;<\/p>\n<ul>\n<li>D&rsquo;ores et d\u00e9j\u00e0, <a href=\"https:\/\/www.mixcloud.com\/kramps\/ap%C3%A9ro-de-lhistoire-aux-grottes\/\" target=\"_blank\"><strong>le podcast<\/strong><\/a> complet des <a href=\"http:\/\/aperosdelhistoire.ch\/\" target=\"_blank\"><strong>Ap\u00e9ros de l&rsquo;Histoire<\/strong><\/a> par Arnaud Bosch. [LesGrottes-11.09.2016-Dur\u00e9e 39&prime;].<\/li>\n<\/ul>\n<p>Les Grottes, la gare Cornavin, les usuriers versus les ouvriers, James Fazy, des incendies et des inondations&#8230; C&rsquo;\u00e9tait mieux avant?<\/p>\n<p><a href=\"https:\/\/old.libradio.org\/wp-content\/uploads\/2016\/02\/histoirelogo.png\"><img decoding=\"async\" loading=\"lazy\" class=\"aligncenter size-full wp-image-2558\" src=\"https:\/\/old.libradio.org\/wp-content\/uploads\/2016\/02\/histoirelogo.png\" alt=\"histoirelogo\" width=\"138\" height=\"135\" \/><\/a><\/p>\n<hr \/>\n<p>&nbsp;<\/p>\n<p><strong>\u00c9mission du 03.09.2016. depuis le studio de Fort-Barreau<br \/>\n<\/strong><\/p>\n<ul>\n<li><a href=\"https:\/\/www.mixcloud.com\/LibrAdio\/03092016-sommaire-de-l%C3%A9mission\/\"><strong>Sommaire<\/strong><\/a> de l&rsquo;\u00e9mission.<\/li>\n<li>Pr\u00e9sentation du Mouvement:<a href=\"https:\/\/www.mixcloud.com\/LibrAdio\/pr%C3%A9sentation-du-mouvement-turc-academics-for-peace\/\"><strong>Academics for Peace<\/strong><\/a>. Enseignant.e.s et chercheur.e.s pour la paix en Turquie.<\/li>\n<li>Migrant.e.s: le cas de la <a href=\"https:\/\/www.mixcloud.com\/LibrAdio\/migrants-le-cas-de-la-fratrie-musa-au-temple-des-paqu%C3%AEs\/\"><strong>Fratrie Musa<\/strong><\/a> au Temple des P\u00e2quis.<\/li>\n<li>Inauguration de la <a href=\"https:\/\/www.mixcloud.com\/LibrAdio\/inauguration-de-la-biblioth%C3%A8que-du-peuple\/\"><strong>Biblioth\u00e8que du peuple<\/strong><\/a>.<\/li>\n<li>Alarme de la <a href=\"http:\/\/www.cgas.ch\/SPIP\/\" target=\"_blank\"><strong>C.G.A.S.<\/strong><\/a> pour le oui \u00e0 l&rsquo;<a href=\"https:\/\/www.mixcloud.com\/LibrAdio\/alarme-de-la-cgas-pour-le-oui-%C3%A0-lavs-plus\/\">.<strong>AVS plus<\/strong><\/a><\/li>\n<li>Le festival des Nationalit\u00e9s organis\u00e9 par l&rsquo;<a href=\"https:\/\/www.mixcloud.com\/LibrAdio\/le-festival-des-nationalit%C3%A9s-organis%C3%A9-par-lamnd\/\"><strong>AMND<\/strong><\/a>, <a href=\"http:\/\/www.amnd.ch\/\" target=\"_blank\"><strong>association maman n\u2019deye diallo<\/strong><\/a><\/li>\n<li><a href=\"https:\/\/www.mixcloud.com\/LibrAdio\/madel%C3%A8ne-nous-raconte-son-p%C3%A9riple-autour-du-monde\/\"><strong>Madel\u00e8ne<\/strong><\/a>, amie des animaux, avocate et globe-trotter nous raconte son p\u00e9riple autour du monde.<\/li>\n<li>D\u00e9bat radiophonique sur l&rsquo;<a href=\"https:\/\/www.mixcloud.com\/LibrAdio\/d%C3%A9bat-radiophonique-sur-lath%C3%A9isme\/\"><strong>ath\u00e9isme.<\/strong><\/a><\/li>\n<\/ul>\n<p>&nbsp;<\/p>\n<p><span style=\"text-decoration: underline;\">[Podcasts]<\/span><\/p>\n<p>L&rsquo;Ath\u00e9isme: quatri\u00e8me religion du monde<\/p>\n<p><a href=\"https:\/\/www.mixcloud.com\/LibrAdio\/andr%C3%A9-comte-sponville-lesprit-de-lath%C3%A9isme\/\"><strong>Andr\u00e9 Comte-Sponville<\/strong><\/a>: L&rsquo;esprit de l&rsquo;ath\u00e9isme<\/p>\n<p>Un ath\u00e9e en action: <a href=\"https:\/\/www.mixcloud.com\/LibrAdio\/un-ath%C3%A9e-en-action-salvatore-pertutti\/\"><strong>Salvatore Pertutti<\/strong><\/a><\/p>\n<p>&nbsp;<\/p>\n<hr \/>\n<p><strong>[01.09.216] Manif d&rsquo;alarme\/AVSplus <\/strong><\/p>\n<ul>\n<li><a href=\"https:\/\/www.mixcloud.com\/kramps\/manif-dalerte-de-la-cgas-et-alli%C3%A9es-avs-plus\/\" target=\"_blank\"><strong>Podcast<\/strong><\/a> des prises de parole en vue du scrutin du 25 septembre 2016. Pour un \u00ab\u00a0OUI\u00a0\u00bb r\u00e9solu quant \u00e0 l&rsquo;initiative populaire f\u00e9d\u00e9rale \u00ab\u00a0AVSplus, pour une AVS forte.\u00a0\u00bb CGAS et Alli\u00e9.e.s \u2013 Gen\u00e8ve<\/li>\n<\/ul>\n<p>Dure\u00e9 totale\u00a0: 26&rsquo;17. Bande son\u00a0: Black Sails\u00a0: \u00ab\u00a0The Parson&rsquo;s Farewell\u00a0\u00bb.<br \/>\nProd. LibrAdio. Anti-copyright.<\/p>\n<p><a href=\"http:\/\/www.cgas.ch\/SPIP\/spip.php?article3196\" target=\"_blank\"><strong>http:\/\/www.cgas.ch\/SPIP\/spip.php?article3196<\/strong><\/a><\/p>\n<ul>\n<li>Page d\u00e9di\u00e9e: [<a href=\"https:\/\/old.libradio.org\/?page_id=2263\" target=\"_blank\"><strong>ContrAust\u00e9rit\u00e9<\/strong><\/a>]<\/li>\n<\/ul>\n<p><a href=\"https:\/\/old.libradio.org\/wp-content\/uploads\/2016\/02\/visu.png\"><img decoding=\"async\" loading=\"lazy\" class=\"alignleft size-medium wp-image-2499\" src=\"https:\/\/old.libradio.org\/wp-content\/uploads\/2016\/02\/visu-300x135.png\" alt=\"visu\" width=\"300\" height=\"135\" srcset=\"https:\/\/old.libradio.org\/wp-content\/uploads\/2016\/02\/visu-300x135.png 300w, https:\/\/old.libradio.org\/wp-content\/uploads\/2016\/02\/visu.png 574w\" sizes=\"(max-width: 300px) 100vw, 300px\" \/><\/a><\/p>\n<p>&nbsp;<\/p>\n<hr \/>\n<p>&nbsp;<\/p>\n<p><strong>Emission du 20.08.016. depuis le studio de Fort-Barreau:<br \/>\n<\/strong><\/p>\n<ul>\n<li><a href=\"[mixcloud%20https:\/\/www.mixcloud.com\/LibrAdio\/20082016-sommaire-de-l%C3%A9mission\/ width=100% height=60 hide_cover=1 mini=1 light=1]\"><strong>Sommaire<\/strong><\/a> de l&rsquo;\u00e9mission<\/li>\n<li>La situation des Migrants \u00e0 C\u00f4me: d\u00e9bunkage avec Cristina <a href=\"https:\/\/www.mixcloud.com\/LibrAdio\/la-situation-des-migrants-%C3%A0-c%C3%B4me-d%C3%A9bunkage-avec-cristina-partie-1\/\"><strong>Part I<\/strong><\/a>; <a href=\"https:\/\/www.mixcloud.com\/LibrAdio\/la-situation-des-migrants-%C3%A0-c%C3%B4me-d%C3%A9bunkage-avec-cristina-partie-2\/\"><strong>Part II<\/strong><\/a><\/li>\n<li><a href=\"https:\/\/www.mixcloud.com\/LibrAdio\/josef-nous-parle-de-la-journ%C3%A9e-mondiale-pour-la-fin-du-sp%C3%A9cisme\/\"><strong>Josef, dans sa rubrique Les Graines de la Discordes<\/strong><\/a> nous parle de la journ\u00e9e mondiale pour la fin du sp\u00e9cisme.<\/li>\n<li><a href=\"https:\/\/www.mixcloud.com\/LibrAdio\/extro-de-l%C3%A9mission\/\"><strong>Extro<\/strong><\/a> de l&rsquo;\u00e9mission.<\/li>\n<li>Les deux podcasts: <a href=\"https:\/\/podcasts.frequencebanane.ch\/files\/1471736878_20160821dialogai.mp3\"><strong>Dialogai<\/strong><\/a> &#8211; <a href=\"https:\/\/www.frequencebanane.ch\/podcast\/festival-le-petit-theatre-1603\/\"><strong>Le petit th\u00e9\u00e2tre<\/strong><\/a><\/li>\n<\/ul>\n<p>&nbsp;<\/p>\n<hr \/>\n<p><strong>Podcast du 18.08.2016<\/strong><\/p>\n<ul>\n<li>Entretien avec Fabien, charg\u00e9 de communication pour Dialogai [<a href=\"http:\/\/www.dialogai.org\/\" target=\"_blank\"><strong>www.dialogai.org<\/strong><\/a>]. Retour sur les violences homophobes qui ont eu cours \u00e0 Gen\u00e8ve. Analyse de la situation et mesures pour en sortir.<br \/>\n<a href=\"https:\/\/podcasts.frequencebanane.ch\/files\/1471736878_20160821dialogai.mp3\" target=\"_blank\"><strong>Entretien<\/strong><\/a> de 30&prime; suivi de \u00ab\u00a0Welcome to the New Age, Cover Anonymous\u00a0\u00bb 4&prime;. Total 35&prime;.<br \/>\n<a href=\"https:\/\/old.libradio.org\/wp-content\/uploads\/2016\/02\/did.png\"><img decoding=\"async\" loading=\"lazy\" class=\"alignright size-medium wp-image-2473\" src=\"https:\/\/old.libradio.org\/wp-content\/uploads\/2016\/02\/did-300x97.png\" alt=\"did\" width=\"300\" height=\"97\" srcset=\"https:\/\/old.libradio.org\/wp-content\/uploads\/2016\/02\/did-300x97.png 300w, https:\/\/old.libradio.org\/wp-content\/uploads\/2016\/02\/did-600x195.png 600w, https:\/\/old.libradio.org\/wp-content\/uploads\/2016\/02\/did.png 770w\" sizes=\"(max-width: 300px) 100vw, 300px\" \/><\/a><\/li>\n<\/ul>\n<p>&nbsp;<\/p>\n<ul>\n<li>Entretien avec Mirko Verdesca, com\u00e9dien et membre du Collectif Puck \u00e0 l&rsquo;occasion du festival \u00ab\u00a0Le Petit Th\u00e9\u00e2tre 1603\u00a0\u00bb. Programme complet: [<a href=\"https:\/\/petittheatre1603.wordpress.com\/\" target=\"_blank\"><strong>www.petittheatre1603.wordpress.com<\/strong><\/a>]<\/li>\n<\/ul>\n<p><a href=\"https:\/\/www.frequencebanane.ch\/podcast\/festival-le-petit-theatre-1603\/\" target=\"_blank\"><strong>Entretien<\/strong><\/a> de 25&prime; suivi d&rsquo;une chanson de Gaston Cout\u00e9: \u00ab\u00a0La Paysanne\u00a0\u00bb interpr\u00e9t\u00e9e par G\u00e9rard Pierron (5&prime;). Total: 31&prime;.<\/p>\n<p>&nbsp;<\/p>\n<p><a href=\"https:\/\/old.libradio.org\/wp-content\/uploads\/2016\/02\/ptit1.jpg\"><img decoding=\"async\" loading=\"lazy\" class=\"alignright size-medium wp-image-2462\" src=\"https:\/\/old.libradio.org\/wp-content\/uploads\/2016\/02\/ptit1-212x300.jpg\" alt=\"ptit1\" width=\"212\" height=\"300\" srcset=\"https:\/\/old.libradio.org\/wp-content\/uploads\/2016\/02\/ptit1-212x300.jpg 212w, https:\/\/old.libradio.org\/wp-content\/uploads\/2016\/02\/ptit1-600x848.jpg 600w, https:\/\/old.libradio.org\/wp-content\/uploads\/2016\/02\/ptit1.jpg 679w\" sizes=\"(max-width: 212px) 100vw, 212px\" \/><\/a><span style=\"text-decoration: underline;\"><strong>Emission du 13.08.2016.<br \/>\n<\/strong><\/span><\/p>\n<ul>\n<li>En direct depuis la roulotte de la r\u00e9sistance:<a href=\"https:\/\/www.mixcloud.com\/LibrAdio\/13082016-sommaire-de-l%C3%A9mission\/\"><strong>Sommaire<\/strong><\/a> de l&rsquo;\u00e9mission<\/li>\n<li>Solidarit\u00e9: le cas de la roulotte de David <a href=\"https:\/\/www.mixcloud.com\/LibrAdio\/solidarit%C3%A9-avec-david-le-droit-au-logement-%C3%A0-gen%C3%A8ve-partie1\/\"><strong>Part. I<\/strong><\/a><\/li>\n<li>Un direct-live depuis le <a href=\"https:\/\/www.mixcloud.com\/LibrAdio\/un-direct-live-depuis-le-radeau-utopique\/\"><strong>Radeau Utopique<\/strong><\/a><\/li>\n<li>Solidarit\u00e9: le cas de la roulotte de David <a href=\"https:\/\/www.mixcloud.com\/LibrAdio\/solidarit%C3%A9-le-cas-de-la-roulotte-de-david-partie-2\/\"><strong>Part. II<\/strong><\/a><\/li>\n<li>La situation des Migrants \u00e0 <a href=\"https:\/\/www.mixcloud.com\/LibrAdio\/la-situation-des-migrants-%C3%A0-c%C3%B4me-analyse-avec-cristina\/\"><strong>C\u00f4me<\/strong><\/a>: analyse avec Cristina.<\/li>\n<li>Le festival <a href=\"https:\/\/www.mixcloud.com\/LibrAdio\/le-festival-plein-les-watts-f%C3%AAte-ses-10-ans\/\"><strong>Plein les Watts<\/strong> <\/a>f\u00eate ses 10 ans.<\/li>\n<li>Solidarit\u00e9: le cas de la roulotte de David <a href=\"https:\/\/www.mixcloud.com\/LibrAdio\/solidarit%C3%A9-le-cas-de-la-roulotte-de-david-partie-3\/\"><strong>Part. III<\/strong><\/a><\/li>\n<\/ul>\n<p>&nbsp;<\/p>\n<p>&nbsp;<\/p>\n<p>&nbsp;<\/p>\n<p><span style=\"text-decoration: underline;\"><strong>Les podcasts de ch\u00e2teau-bruyant, comment les trouver:<\/strong><\/span><\/p>\n<p>1. Rendez-vous sur <a href=\"https:\/\/www.dropbox.com\/login?src=logout\">dropbox<\/a><\/p>\n<p>2. Entrez l&rsquo;adresse mail suivante: ramosarah@yahoo.fr<\/p>\n<p>3. Entrez le mot de passe suivant: libradio<\/p>\n<p>4. Bonne \u00e9coute!<\/p>\n<p>&nbsp;<\/p>\n<p>&nbsp;<\/p>\n<hr \/>\n<p>Entretien avec S. Prizeni [Usine Kugler] et D. Simonnin [A.R.V.-association pour la reconversion des Vernets].<\/p>\n<ul>\n<li><strong><a href=\"https:\/\/www.mixcloud.com\/kramps\/entretien-sp-et-ds-kugler-et-arv-p14\/\" target=\"_blank\">Partie I<\/a><\/strong><\/li>\n<\/ul>\n<p>\/Introduction et pr\u00e9sentation des Intervenant.e.s et P\u00e9tition pour un parc \u00e0 la Pointe de la Jonction.[27&rsquo;30]<\/p>\n<ul>\n<li><strong><a href=\"https:\/\/www.mixcloud.com\/kramps\/entretien-sp-et-ds-kugler-et-arv-p24\/\" target=\"_blank\">Partie II<\/a><\/strong><\/li>\n<\/ul>\n<p>\/A.R.V. et Usine Kugler, postures et desseins.[19&rsquo;30]<\/p>\n<ul>\n<li><strong><a href=\"https:\/\/www.mixcloud.com\/kramps\/entretien-sp-et-ds-kugler-et-arv-p34\/\" target=\"_blank\">Partie III<\/a><\/strong><\/li>\n<\/ul>\n<p>\/P\u00e9tition \u00e9tat des lieux et aspirations.[30&prime;]<\/p>\n<ul>\n<li><strong><a href=\"https:\/\/www.mixcloud.com\/kramps\/entretien-sp-et-ds-kugler-et-arv-p44\/\" target=\"_blank\">Partie IV<\/a><\/strong><\/li>\n<\/ul>\n<p>\/Synth\u00e8se et conclusion. [12&prime;]<br \/>\nP\u00e9tition \u00e0 t\u00e9l\u00e9charger. <a href=\"https:\/\/old.libradio.org\/wp-content\/uploads\/2016\/02\/P\u00e9tition-parc-Pointe-v4.pdf\"><strong>P\u00e9tition parc de la Pointe <\/strong><\/a><br \/>\nSites source:<br \/>\n<a href=\"http:\/\/www.usinekugler.ch\/\" target=\"_blank\">http:\/\/www.usinekugler.ch\/<\/a><br \/>\n<a href=\"http:\/\/www.arv-ge.ch\/\" target=\"_blank\">http:\/\/www.arv-ge.ch\/<\/a><\/p>\n<hr \/>\n<p>&nbsp;<\/p>\n<p><strong><span style=\"text-decoration: underline;\">Emission du 25 et 26 juin 2016 depuis la VAV \u00e0 Saint-Jean:<\/span><\/strong><\/p>\n<p><span style=\"text-decoration: underline;\">25 juin:<\/span><\/p>\n<ul>\n<li><a href=\"https:\/\/www.mixcloud.com\/LibrAdio\/intro-de-l%C3%A9mission\/\">Intro<\/a> de l&rsquo;\u00e9mission<\/li>\n<li>Franck nous pr\u00e9sente son projet pour le <a href=\"https:\/\/www.mixcloud.com\/LibrAdio\/franck-nous-pr%C3%A9sente-son-projet-pour-le-forum-mondial-social\/\">Forum Mondial social<\/a><\/li>\n<li>Bernadette nous pr\u00e9sente l&rsquo;association \u00ab\u00a0<a href=\"https:\/\/www.mixcloud.com\/LibrAdio\/bernadette-nous-pr%C3%A9sente-lassociation-juniors-pour-un-monde-uni\/\">Juniors pour un Monde Uni\u00a0\u00bb<\/a><\/li>\n<li><a href=\"https:\/\/www.mixcloud.com\/LibrAdio\/lina-nous-parle-de-ses-voyages-et-de-sa-vie\/\">Lina<\/a> nous parle de ses voyages et de sa vie<\/li>\n<li>Le groupe <a href=\"https:\/\/www.mixcloud.com\/LibrAdio\/le-groupe-withmay-se-confronte-aux-enfants-de-saint-jean\/\">Withmay<\/a> se confronte aux enfants de Saint-Jean<\/li>\n<li>Dominique nous pr\u00e9sente <a href=\"https:\/\/www.mixcloud.com\/LibrAdio\/dominique-nous-pr%C3%A9sente-la-monnaie-l%C3%A9man\/\">la monnaie L\u00e9man<\/a><\/li>\n<li>L&rsquo;\u00e9quipe des <a href=\"https:\/\/www.mixcloud.com\/LibrAdio\/l%C3%A9quipe-des-enfants-des-charmilles\/\">enfants<\/a> des Charmilles<\/li>\n<li>Chlo\u00e9 et G\u00e9rard nous parle du <a href=\"https:\/\/www.mixcloud.com\/LibrAdio\/chlo%C3%A9-et-g%C3%A9rard-nous-parle-du-foyer-frank-thomas\/\">Foyer Frank-Thomas<\/a><\/li>\n<li>Les enfants de Saint-Jean <a href=\"https:\/\/www.mixcloud.com\/LibrAdio\/les-enfants-de-saint-jean-partie-3\/\">part. III<\/a> et <a href=\"https:\/\/www.mixcloud.com\/LibrAdio\/les-enfants-de-saint-jean-partie-4\/\">part. IV<\/a><\/li>\n<\/ul>\n<p>&nbsp;<\/p>\n<p><span style=\"text-decoration: underline;\">26 juin:<\/span><\/p>\n<ul>\n<li>Mauro nous parle du cas de <a href=\"https:\/\/www.mixcloud.com\/LibrAdio\/mauro-nous-parle-du-cas-de-milagros-suivi-de-la-d%C3%A9dicace-%C3%A0-g-orwell\/\">Milagros<\/a> suivi de la d\u00e9dicace \u00e0 G. Orwell<\/li>\n<li>Encore les <a href=\"https:\/\/www.mixcloud.com\/LibrAdio\/encore-les-enfants-de-saint-jean\/\">enfants de Saint-Jean<\/a><\/li>\n<li>Travail de fonds de Flore au<a href=\"https:\/\/www.mixcloud.com\/LibrAdio\/travail-de-fonds-de-flore-au-quai-9\/\"> Quai 9<\/a><\/li>\n<li>Les enfants de Saint-Jean <a href=\"https:\/\/www.mixcloud.com\/LibrAdio\/les-enfants-de-saint-jean-part-ii\/\">part. II<\/a><\/li>\n<li>T\u00e9moignage d&rsquo;un <a href=\"https:\/\/www.mixcloud.com\/LibrAdio\/t%C3%A9moignage-dun-habitant-de-saint-jean\/\">habitant de Saint-Jean<\/a><\/li>\n<\/ul>\n<p>&nbsp;<\/p>\n<p>&nbsp;<\/p>\n<hr \/>\n<p><span style=\"text-decoration: underline;\"><strong>Emisssions du 21 et 22.05.2016. depuis Jours de f\u00eates aux Grottes<\/strong><\/span><\/p>\n<p>Entretien avec <a href=\"https:\/\/www.mixcloud.com\/LibrAdio\/21-et-22-mai-depuis-la-f%C3%AAte-des-grottes-entretien-avec-culture-lutte\/\">Culture Lutte<\/a><\/p>\n<p>Interview des <a href=\"https:\/\/www.mixcloud.com\/LibrAdio\/interview-des-the-emigrants\/\">\u00ab\u00a0The Emigrants\u00a0\u00bb<\/a><\/p>\n<p>Interview avec les <a href=\"https:\/\/www.mixcloud.com\/LibrAdio\/interview-avec-les-mudcats\/\">Mudcats<\/a><\/p>\n<p>Le mouvement <a href=\"https:\/\/www.mixcloud.com\/LibrAdio\/le-mouvement-breakfree\/\">BreakFree<\/a><\/p>\n<p>La conf\u00e9rence de presse de la <a href=\"https:\/\/www.mixcloud.com\/LibrAdio\/la-conf%C3%A9rence-de-presse-de-la-cgas-pour-la-manifestation-du-28-mais\/\">CGAS<\/a> pour la manifestation du 28 mais<\/p>\n<p>La chronique les graines de la discorde avec <a href=\"https:\/\/www.mixcloud.com\/LibrAdio\/la-chronique-les-graines-de-la-discorde-avec-josef-suivit-dun-petit-caf%C3%A9-v%C3%A9gan\/\">Josef<\/a> suivit d&rsquo;un petit caf\u00e9 v\u00e9gan<\/p>\n<p>Interview de <a href=\"https:\/\/www.mixcloud.com\/LibrAdio\/interview-de-johnny-le-d%C3%A9soss%C3%A9\/\">Johnny Le D\u00e9soss\u00e9<\/a><\/p>\n<p>Entretien avec <a href=\"https:\/\/www.mixcloud.com\/LibrAdio\/entretien-avec-stef-pour-la-mouche\/\">Stef pour La Mouche<\/a><\/p>\n<p>L&rsquo;association <a href=\"https:\/\/www.mixcloud.com\/LibrAdio\/lassociation-au-del%C3%A0-de-nos-murs-se-pr%C3%A9sente\/\">au del\u00e0 de nos Murs<\/a> se pr\u00e9sente<\/p>\n<p>&nbsp;<\/p>\n<p>&nbsp;<\/p>\n<p><span style=\"text-decoration: underline;\"><strong>Emissions du 15 et 16.05.2016. depuis la Ville est \u00e0 Vous de St-Gervais:<\/strong><\/span><\/p>\n<p>Entretien avec la professeur de <a href=\"https:\/\/www.mixcloud.com\/LibrAdio\/15-et-16-mai-%C3%A0-st-gervais-entretien-avec-la-professeur-de-tango\/\">Tango<\/a><\/p>\n<p>Le quartier de St-Gervais selon <a href=\"https:\/\/www.mixcloud.com\/LibrAdio\/le-quartier-de-st-gervais-selon-lhistorien-arnaud\/\">l&rsquo;historien Arnaud<\/a><\/p>\n<p>interview de <a href=\"https:\/\/www.mixcloud.com\/LibrAdio\/interview-de-culture-lutte\/\">Culture Lutte<\/a><\/p>\n<p>Entretien avec <a href=\"https:\/\/www.mixcloud.com\/LibrAdio\/entretien-avec-miriam-des-jardins-de-cocagne\/\">Miriam<\/a> des Jardins de Cocagne<\/p>\n<p><a href=\"https:\/\/www.mixcloud.com\/LibrAdio\/joe-et-le-rbi\/\">Joe<\/a> et le RBI<\/p>\n<p>Retour sur le RBI et la rencontre <a href=\"https:\/\/www.mixcloud.com\/LibrAdio\/retour-sur-le-rbi-et-la-rencontre-nuit-debout-depuis-plainpalais\/\">Nuit debout<\/a> depuis Plainpalais<\/p>\n<p>Entretien avec les cartographes de l&rsquo;<a href=\"https:\/\/www.mixcloud.com\/LibrAdio\/entretien-avec-les-cartographes-de-laidec-%C3%A0-st-gervais\/\">AIDEC<\/a> \u00e0 St-Gervais<\/p>\n<p><a href=\"https:\/\/www.mixcloud.com\/LibrAdio\/p%C3%A9tition-pour-la-ville-est-%C3%A0-vous\/\">P\u00e9tition<\/a> pour la Ville est \u00e0 Vous<\/p>\n<p>L&rsquo;\u00e9cole de danse <a href=\"https:\/\/www.mixcloud.com\/LibrAdio\/l%C3%A9cole-de-danse-rouge-d%C3%A9sert-se-pr%C3%A9sente\/\">Rouge d\u00e9sert<\/a> se pr\u00e9sente<\/p>\n<p>Une <a href=\"https:\/\/www.mixcloud.com\/LibrAdio\/une-organisatrice-dresse-un-premier-bilan-de-st-gervais\/\">organisatrice<\/a> dresse un premier bilan de St-Gervais<\/p>\n<p>Entretien avec <a href=\"https:\/\/www.mixcloud.com\/LibrAdio\/entretien-avec-miriam-la-militante-anti-nucl%C3%A9aire\/\">Miriam<\/a>, la militante anti-nucl\u00e9aire<\/p>\n<p>Lecture de l&rsquo;<a href=\"https:\/\/www.mixcloud.com\/LibrAdio\/lecture-de-larticle-du-temps-%C3%A0-propos-du-rbi\/\">article du Temps<\/a> \u00e0 propos du RBI\u00a0 et le <a href=\"https:\/\/www.mixcloud.com\/LibrAdio\/et-le-droit-de-r%C3%A9ponse-%C3%A0-larticle\/\">droit de r\u00e9ponse<\/a> \u00e0 l&rsquo;article<\/p>\n<p>&nbsp;<\/p>\n<p>&nbsp;<\/p>\n<p>&nbsp;<\/p>\n<p><strong><span style=\"text-decoration: underline;\">Emission du 14.05.2016. depuis les studios de Fort-Barreau:<\/span><\/strong><\/p>\n<p>On d\u00e9bute avec le sommaire de l&rsquo;\u00e9mission puis, \u00e0 13&rsquo;27 vous pourrez entendre l&rsquo;interview de l&rsquo;Association Mboumba. Nous terminons cette premi\u00e8re partie avec la voix Anonyme de Charles Baudelaire \u00e0 49&rsquo;27 =====&gt; <a href=\"https:\/\/podcasts.frequencebanane.ch\/files\/1464865350_14052016-1234libradio.mp3\"><span style=\"text-decoration: underline;\"><strong>ICI<\/strong><\/span><\/a><\/p>\n<p>&nbsp;<\/p>\n<p>Derni\u00e8re partie de l&rsquo;\u00e9mission: Entretien avec Nuit Debout ===&gt; ICI<\/p>\n<p>&nbsp;<\/p>\n<p>&nbsp;<\/p>\n<p>&nbsp;<\/p>\n<p><strong><span style=\"text-decoration: underline;\">Emission sp\u00e9ciale \u00ab\u00a0Radios Libres\u00a0\u00bb du 09.05.2016. depuis les studios de la Tambourine<\/span><\/strong><\/p>\n<ul>\n<li><a href=\"http:\/\/www.frequencebanane.ch\/?p=5476\"><strong><span style=\"text-decoration: underline;\">Sommaire<\/span><\/strong><\/a> de l&rsquo;\u00e9mission<\/li>\n<li>Qui \u00e9tait <a href=\"http:\/\/www.frequencebanane.ch\/?p=5478\"><strong><span style=\"text-decoration: underline;\">Peppino Impastato<\/span><\/strong><\/a><\/li>\n<li><a href=\"http:\/\/www.frequencebanane.ch\/?p=5482\"><strong><span style=\"text-decoration: underline;\">Archives sonores<\/span><\/strong><\/a>: le suicide Peppino Impastato suivit de l&rsquo;analyse<\/li>\n<li>Balade pour l&rsquo;Anarchiste <a href=\"http:\/\/www.frequencebanane.ch\/?p=5485\"><strong><span style=\"text-decoration: underline;\">Pinelli<\/span><\/strong><\/a><\/li>\n<li>La Vie de G. Pinelli <a href=\"http:\/\/www.frequencebanane.ch\/?p=5487\"><strong><span style=\"text-decoration: underline;\">Part I<\/span><\/strong><\/a> ; <a href=\"http:\/\/www.frequencebanane.ch\/?p=5489\"><strong><span style=\"text-decoration: underline;\">Part II<\/span><\/strong><\/a><\/li>\n<li>Qu&rsquo;est-ce que <a href=\"http:\/\/www.frequencebanane.ch\/?p=5491\"><strong><span style=\"text-decoration: underline;\">Radio Aut<\/span><\/strong><\/a><\/li>\n<li>Retour sur la vie de <a href=\"http:\/\/www.frequencebanane.ch\/?p=5493\"><strong><span style=\"text-decoration: underline;\">Peppino Impastato<\/span><\/strong><\/a><\/li>\n<li>Fin de la partie sur les <a href=\"http:\/\/www.frequencebanane.ch\/?p=5495\"><span style=\"text-decoration: underline;\"><strong>radio libres italiennes<\/strong><\/span><\/a><\/li>\n<li><a href=\"http:\/\/www.frequencebanane.ch\/?p=5497\"><strong><span style=\"text-decoration: underline;\">Radio Ghetto Africa<\/span><\/strong><\/a><\/li>\n<li>Archives sonores: les <a href=\"http:\/\/www.frequencebanane.ch\/?p=5499\"><strong><span style=\"text-decoration: underline;\">radios libres en France<\/span><\/strong><\/a><\/li>\n<li>Archives sonores: <a href=\"http:\/\/www.frequencebanane.ch\/?p=5501\"><span style=\"text-decoration: underline;\"><strong>Radio Lorraine Coeur d&rsquo;Acier<\/strong><\/span><\/a><\/li>\n<li>Archives sonores: interview part <a href=\"http:\/\/www.frequencebanane.ch\/?p=5507\"><span style=\"text-decoration: underline;\"><strong>Libradio<\/strong><\/span><\/a> du projet Guin\u00e9e-Conakry<\/li>\n<\/ul>\n<p>&nbsp;<\/p>\n<p>&nbsp;<\/p>\n<hr \/>\n<p>&nbsp;<\/p>\n<p>&nbsp;<\/p>\n<p><span style=\"text-decoration: underline;\"><strong>Emission sp\u00e9ciale du 07.05.2016. depuis les Eaux-Vives \u00e0 vous:<\/strong><\/span><\/p>\n<ul>\n<li>L&rsquo;association pour la cuisine solaire <a href=\"http:\/\/www.frequencebanane.ch\/?p=5468\"><strong><span style=\"text-decoration: underline;\">Solemyo<\/span><\/strong><\/a> se pr\u00e9sente<\/li>\n<li>le projet <a href=\"http:\/\/www.frequencebanane.ch\/?p=5470\"><strong><span style=\"text-decoration: underline;\">Guin\u00e9e Conakry<\/span><\/strong><\/a><\/li>\n<li>Entretien avec le <a href=\"http:\/\/www.frequencebanane.ch\/?p=5472\"><strong><span style=\"text-decoration: underline;\">Pop Club<\/span><\/strong><\/a><\/li>\n<li>La Voix Anonyme de <a href=\"http:\/\/www.frequencebanane.ch\/?p=5474\"><strong><span style=\"text-decoration: underline;\">Baudelaire<\/span><\/strong><\/a>: La mort des pauvres<\/li>\n<\/ul>\n<p>&nbsp;<\/p>\n<hr \/>\n<p>&nbsp;<\/p>\n<p><script type=\"text\/javascript\">\/\/ <![CDATA[\nvar cpo = []; cpo[\"_object\"] =\"cp_widget_d2138130-6393-4a7e-b349-0035139b6f5d\"; cpo[\"_fid\"] = \"AMIAxdtHzedo\"; var _cpmp = _cpmp || []; _cpmp.push(cpo); (function() { var cp = document.createElement(\"script\"); cp.type = \"text\/javascript\"; cp.async = true; cp.src = \"\/\/www.cincopa.com\/media-platform\/runtime\/libasync.js\"; var c = document.getElementsByTagName(\"script\")[0]; c.parentNode.insertBefore(cp, c); })();\n\/\/ ]]><\/script><noscript>Powered by Cincopa <a href='http:\/\/www.cincopa.com\/video-hosting'>Video Hosting Platform<\/a> for Business solution.<span>LibRadio<\/span><span>Podcast<\/span><span>LibrAdio<\/span><span>Podcast Guin\u00e9e<\/span><span>originaldate<\/span><span> 1\/1\/0001 6:00:00 AM<\/span><span>height<\/span><span> 626<\/span><span>width<\/span><span> 1074<\/span><span>orientation<\/span><span> 1<\/span><span>camerasoftware<\/span><span> Adobe Photoshop CS6 <\/span><\/noscript><\/p>\n<p><strong><span style=\"text-decoration: underline;\">Emission du 30.04.2016. depuis le studio de fort-barreau<\/span><\/strong><\/p>\n<ul>\n<li>La <a href=\"http:\/\/www.frequencebanane.ch\/?p=5285\"><span style=\"text-decoration: underline;\"><strong>d\u00e9dicace<\/strong><\/span><\/a> de l&rsquo;\u00e9mission \u00e0 Walter PP<\/li>\n<li>Sommaire suivit des propos d&rsquo;<a href=\"http:\/\/www.frequencebanane.ch\/?p=5287\"><span style=\"text-decoration: underline;\"><strong>Ivar<\/strong><\/span><\/a> sur le 1er mai<\/li>\n<li>Steph nous pr\u00e9sente le nouveau num\u00e9ro de La Mouche <a href=\"http:\/\/www.frequencebanane.ch\/?p=5289\"><span style=\"text-decoration: underline;\"><strong>Part I<\/strong><\/span><\/a> ; <a href=\"http:\/\/www.frequencebanane.ch\/?p=5291\"><span style=\"text-decoration: underline;\"><strong>Part II<\/strong><\/span><\/a><\/li>\n<li>La Voix Anonyme de <a href=\"http:\/\/www.frequencebanane.ch\/?p=5293\"><span style=\"text-decoration: underline;\"><strong>Baudelaire<\/strong><\/span><\/a>: Brume et Pluie<\/li>\n<li>Entretien (enregistr\u00e9) avec Lynn pour les <a href=\"http:\/\/www.frequencebanane.ch\/?p=5295\"><span style=\"text-decoration: underline;\"><strong>Chikitas<\/strong><\/span><\/a><\/li>\n<li>Les <a href=\"http:\/\/www.frequencebanane.ch\/?p=5297\"><span style=\"text-decoration: underline;\"><strong>Mots de Queneau<\/strong><\/span><\/a> part Flore, suivit de la <a href=\"http:\/\/www.frequencebanane.ch\/?p=5302\"><span style=\"text-decoration: underline;\"><strong>discussion<\/strong><\/span><\/a><\/li>\n<li>Retour sur le <a href=\"http:\/\/www.frequencebanane.ch\/?p=5305\"><span style=\"text-decoration: underline;\"><strong>1er Mai<\/strong><\/span><\/a> et son histoire<\/li>\n<\/ul>\n<p>&nbsp;<\/p>\n<hr \/>\n<p><strong><span style=\"text-decoration: underline;\">Emission du 23.04.2016. depuis le studio de fort-barreau<\/span><\/strong><\/p>\n<ul>\n<li style=\"text-decoration: underline;\"><a href=\"http:\/\/www.frequencebanane.ch\/?p=5135\"><strong>Sommaire<\/strong><\/a> de l&rsquo;\u00e9mission<\/li>\n<li style=\"text-decoration: underline;\">Le Cycle du <a href=\"http:\/\/www.frequencebanane.ch\/?p=5149\"><strong>Calcin\u00e9<\/strong><\/a>: Le RBI<\/li>\n<li style=\"text-decoration: underline;\">La Temp\u00e9rature du Peuple: le Grand Conseil de la Nuit <a href=\"http:\/\/www.frequencebanane.ch\/?p=5151\"><strong>Part I<\/strong><\/a> ; <strong><a href=\"http:\/\/www.frequencebanane.ch\/?p=5153\">Part II<\/a><\/strong><\/li>\n<li style=\"text-decoration: underline;\">Les <a href=\"http:\/\/www.frequencebanane.ch\/?p=5155\"><strong>Mots de Queneau<\/strong><\/a> par Flore<\/li>\n<li style=\"text-decoration: underline;\">Des news de <a href=\"http:\/\/www.frequencebanane.ch\/?p=5157\"><strong>Philou<\/strong><\/a><\/li>\n<li style=\"text-decoration: underline;\">D\u00e9bat \u00e0 propos du RBI en pr\u00e9sence de Chlo\u00e9 et Roger <strong><a href=\"http:\/\/www.frequencebanane.ch\/?p=5161\">Part I<\/a><\/strong> ; <strong>P<a href=\"http:\/\/www.frequencebanane.ch\/?p=5163\">art II<\/a><\/strong><\/li>\n<\/ul>\n<p>&nbsp;<\/p>\n<hr \/>\n<p><span style=\"text-decoration: underline;\">Emission du 16.04.2016. depuis le studio de fort-barreau<\/span><\/p>\n<ul>\n<li><a href=\"http:\/\/www.frequencebanane.ch\/?p=5082\"><span style=\"text-decoration: underline;\"><strong>Sommaire<\/strong><\/span><\/a> de l&rsquo;\u00e9mission<\/li>\n<li><a href=\"http:\/\/www.frequencebanane.ch\/?p=5084\"><strong><span style=\"text-decoration: underline;\">Teaser<\/span><\/strong><\/a> du festival Queer: Rature Festival<\/li>\n<li>Entretien avec les organisatrices du Rature Festival <a href=\"http:\/\/www.frequencebanane.ch\/?p=5086\"><strong><span style=\"text-decoration: underline;\">Part I<\/span><\/strong><\/a> ; <a href=\"http:\/\/www.frequencebanane.ch\/?p=5088\"><strong><span style=\"text-decoration: underline;\">Part II<\/span><\/strong><\/a><\/li>\n<li>La <a href=\"http:\/\/www.frequencebanane.ch\/?p=5090\"><strong><span style=\"text-decoration: underline;\">voix anonyme<\/span><\/strong><\/a> de Charles Beaudelaire: la Cloche F\u00eal\u00e9e<\/li>\n<li>Roger nous parle du RBI <a href=\"http:\/\/www.frequencebanane.ch\/?p=5092\"><strong><span style=\"text-decoration: underline;\">Part I<\/span><\/strong><\/a> ; <a href=\"http:\/\/www.frequencebanane.ch\/?p=5094\"><strong><span style=\"text-decoration: underline;\">Part II<\/span><\/strong><\/a> ; <a href=\"http:\/\/www.frequencebanane.ch\/?p=5096\"><strong><span style=\"text-decoration: underline;\">Part III<\/span><\/strong><\/a><\/li>\n<li>Communiqu\u00e9 de presse et live depuis Paname avec <a href=\"http:\/\/www.frequencebanane.ch\/?p=5098\"><strong><span style=\"text-decoration: underline;\">Nuit Debout<\/span><\/strong><\/a><\/li>\n<\/ul>\n<p>&nbsp;<\/p>\n<hr \/>\n<p><strong><span style=\"text-decoration: underline;\">Emission du 09.04.2016. depuis le studio de fort-barreau<\/span><\/strong><\/p>\n<ul>\n<li><a href=\"http:\/\/www.frequencebanane.ch\/?p=5064\"><strong>Sommaire<\/strong><\/a> de l&rsquo;\u00e9mission<\/li>\n<li>Les <strong><a href=\"http:\/\/www.frequencebanane.ch\/?p=5066\">Ateliers d&rsquo;Ethnomusicologie<\/a><\/strong>: l&rsquo;\u00e9pop\u00e9e Mongole<\/li>\n<li>La <a href=\"http:\/\/www.frequencebanane.ch\/?p=5068\"><span style=\"text-decoration: underline;\"><strong>Temp\u00e9rature du peuple<\/strong><\/span><\/a>: Crazy Horse<\/li>\n<li>La Trace: le livre de CLaudette Plumey <a href=\"http:\/\/www.frequencebanane.ch\/?p=5070\"><strong><span style=\"text-decoration: underline;\">Part I<\/span><\/strong><\/a> ; <a href=\"http:\/\/www.frequencebanane.ch\/?p=5072\"><strong><span style=\"text-decoration: underline;\">Part II<\/span><\/strong><\/a> ; <a href=\"http:\/\/www.frequencebanane.ch\/?p=5074\"><strong><span style=\"text-decoration: underline;\">Part III<\/span><\/strong><\/a><\/li>\n<li><a href=\"http:\/\/www.frequencebanane.ch\/?p=5076\"><strong><span style=\"text-decoration: underline;\">La Cour des Miracle<\/span><\/strong><\/a>&#8230;.: potagers urbains aux grottes<\/li>\n<li>Des news de la <a href=\"http:\/\/www.frequencebanane.ch\/?p=5078\"><strong><span style=\"text-decoration: underline;\">Bidule<\/span><\/strong><\/a><\/li>\n<li>Entretien avec le collectif <a href=\"http:\/\/www.frequencebanane.ch\/?p=5080\"><strong><span style=\"text-decoration: underline;\">Nuits Debout<\/span><\/strong><\/a><\/li>\n<\/ul>\n<p>&nbsp;<\/p>\n<p>&nbsp;<\/p>\n<hr \/>\n<p><strong><span style=\"text-decoration: underline;\">Emission du 20.02.2016. depuis le studio de fort-barreau<\/span><\/strong><\/p>\n<ul>\n<li><a href=\"https:\/\/www.frequencebanane.ch\/podcast\/emissions-podcast\/la-comete-a-la-banane-du-20-sommaire-de-lemission\/\"><strong>Sommaire<\/strong><\/a> de l&rsquo;\u00e9mission<\/li>\n<li>La Bidule organise le retour du Cal-Cin\u00e9. Causerie autour du vote sur l&rsquo;initiative de Mise en en Oeuvre et projection en souvenir de Steve Biko<a href=\"https:\/\/www.frequencebanane.ch\/podcast\/la-comete-a-la-banane-du-20-calcine-et-la-bidule\/\"><strong> .Pr\u00e9sentation.<\/strong><\/a><\/li>\n<li>Le Collectif Nocturne se pr\u00e9sente. Comment mieux habiter et rendre habitable les nuits de Kalvingtad. <a href=\"https:\/\/www.frequencebanane.ch\/podcast\/la-comete-a-la-banane-du-20-02-2016-collectif-nocturne\/\"><strong>Entretien crois\u00e9.<\/strong><\/a><\/li>\n<li><a href=\"https:\/\/www.frequencebanane.ch\/podcast\/emissions-podcast\/la-comete-a-la-banane-du-20-02-2016-radio-ghetto\/\"><strong>Radio Ghetto<\/strong><\/a>, denier \u00e9pisode. Une \u00e9mission depuis la radio-libre du camp de Migrant.e.s pr\u00e8s de Foggia en Italie du sud.<\/li>\n<li><a href=\"https:\/\/www.frequencebanane.ch\/podcast\/la-comete-a-la-banane-du-20-02-0216poemes-anonymes\/\"><strong>Une s\u00e9lection de po\u00e8mes<\/strong><\/a> originaux \u00e9nonc\u00e9s par leur auteur<\/li>\n<li><a href=\"https:\/\/www.frequencebanane.ch\/podcast\/la-comete-a-la-banane-du-20-02-2016-quelquepart-la-chine\/\"><strong>Quelque-part la Chine<\/strong><\/a>, ou l&rsquo;apaisement venu d&rsquo;extr\u00eame-orient.<\/li>\n<li><a href=\"https:\/\/www.frequencebanane.ch\/podcast\/la-comete-a-la-banane-du-20-02-2016speleologie-en-theatre-vivant\/\"><strong>Sp\u00e9l\u00e9ologie e Th\u00e9\u00e2tre Vivant<\/strong><\/a>. Une rubrique de Carole Schafroth.<\/li>\n<li><a href=\"https:\/\/www.frequencebanane.ch\/podcast\/la-comete-a-la-banane-du-20-02-2016la-t-du-peuple\/\"><strong>La T\u00b0emp\u00e9rature du Peuple<\/strong><\/a>, la trahison, les trahisons.<\/li>\n<li><a href=\"https:\/\/www.frequencebanane.ch\/podcast\/la-comete-a-la-banane-du-20-02-2016le-vain-minute\/\"><strong>Le Vain Minute<\/strong><\/a>, en souvenir de Umberto Eco.<\/li>\n<li><a href=\"https:\/\/www.frequencebanane.ch\/podcast\/la-comete-a-la-banane-du-20-02-2016la-voix-anonyme\/\"><strong>La Voix Anonyme<\/strong><\/a> \u00e9voque Baudelaire.<\/li>\n<\/ul>\n<p>&nbsp;<\/p>\n<hr \/>\n<p><strong><span style=\"text-decoration: underline;\">Emission du 13.02.2016. depuis le studio de fort-barreau<\/span><\/strong><\/p>\n<ul>\n<li>Le <strong><a href=\"http:\/\/www.frequencebanane.ch\/?p=4679\">sommaire<\/a><\/strong> de l&rsquo;\u00e9mission<\/li>\n<li>Igore s&rsquo;est rendu \u00e0 <strong><a href=\"http:\/\/www.frequencebanane.ch\/?p=4681\">couleurs 3<\/a><\/strong><\/li>\n<li>Conf\u00e9rence de <strong><a href=\"http:\/\/www.frequencebanane.ch\/?p=4683\">S. Bendahan<\/a><\/strong> sur le RIB \u00e0 l&rsquo;UniGE<\/li>\n<li><a href=\"http:\/\/www.frequencebanane.ch\/?p=4685\"><strong><span style=\"text-decoration: underline;\">Merissa<\/span><\/strong><\/a> nous pr\u00e9sente Radio Sans-Cha\u00eene<\/li>\n<li>La Biblioth\u00e8que du peuple ou <a href=\"http:\/\/www.frequencebanane.ch\/?p=4687\"><strong><span style=\"text-decoration: underline;\">Bidule<\/span><\/strong><\/a><\/li>\n<li>Le <a href=\"http:\/\/www.frequencebanane.ch\/?p=4689\"><strong><span style=\"text-decoration: underline;\">VAIN Minutes<\/span><\/strong><\/a>: Le cas Afluenza<\/li>\n<li>Quelque part <a href=\"http:\/\/www.frequencebanane.ch\/?p=4691\"><strong><span style=\"text-decoration: underline;\">la Chine<\/span><\/strong><\/a>, lecture de l&rsquo;article de M. Barratier: P\u00e9kin sous la neige<\/li>\n<li>F\u00e9tichisme et marchandise: symposium au MAMCO <a href=\"http:\/\/www.frequencebanane.ch\/?p=4693\"><strong><span style=\"text-decoration: underline;\">Part I<\/span><\/strong><\/a> ; <a href=\"http:\/\/www.frequencebanane.ch\/?p=4695\"><strong><span style=\"text-decoration: underline;\">Part II<\/span><\/strong><\/a><\/li>\n<\/ul>\n<p>&nbsp;<\/p>\n<hr \/>\n<p><strong><span style=\"text-decoration: underline;\">Emission du 06.02.2016. depuis le studio de fort-barreau<\/span><\/strong><\/p>\n<ul>\n<ul>\n<ul>\n<li><a href=\"http:\/\/www.frequencebanane.ch\/?p=3849\"><strong>Sommaire<\/strong><\/a> de l&rsquo;\u00e9mission<\/li>\n<li><a href=\"https:\/\/www.frequencebanane.ch\/podcast\/06-02-2016-speleologie-en-theatre-vivant-par-carole\/\"><span style=\"text-decoration: underline;\"><strong>Sp\u00e9l\u00e9ologie en <\/strong><strong>th\u00e9\u00e2tre<\/strong> <\/span><\/a>vivant par Carole<\/li>\n<li>Patrick, le responsable prog du Bouffon de la taverne <a href=\"http:\/\/www.frequencebanane.ch\/?p=3853\"><strong><span style=\"text-decoration: underline;\">Part I<\/span><\/strong><\/a> ; <strong><span style=\"text-decoration: underline;\"><a href=\"http:\/\/www.frequencebanane.ch\/?p=3855\">Part II<\/a><\/span><\/strong><\/li>\n<li><a href=\"http:\/\/www.frequencebanane.ch\/?p=3857\"><strong><span style=\"text-decoration: underline;\">Le VAIN Minutes<\/span><\/strong><\/a>: L&rsquo;ancien directeur du FMI se fait juger<\/li>\n<li>Pablo et Matthieu nous pr\u00e9sentent l&rsquo;ACAB <a href=\"http:\/\/www.frequencebanane.ch\/?p=3859\"><strong><span style=\"text-decoration: underline;\">Part I<\/span><\/strong><\/a> ; <strong><span style=\"text-decoration: underline;\"><a href=\"http:\/\/www.frequencebanane.ch\/?p=3861\">Part II<\/a><\/span><\/strong><\/li>\n<li><a href=\"http:\/\/www.frequencebanane.ch\/?p=3863\"><strong><span style=\"text-decoration: underline;\">Les mots de Queneau<\/span><\/strong><\/a> et analyse par Flore<\/li>\n<li>Mise en chanson de la vie de <a href=\"http:\/\/www.frequencebanane.ch\/?p=3865\"><strong><span style=\"text-decoration: underline;\">Ph\u00fblan Dev\u00ee<\/span><\/strong><\/a><\/li>\n<li><a href=\"http:\/\/www.frequencebanane.ch\/?p=3869\"><strong><span style=\"text-decoration: underline;\">La temp\u00e9rature du peuple<\/span><\/strong><\/a>: Les Kurdes de Turquie<\/li>\n<\/ul>\n<\/ul>\n<\/ul>\n<p>&nbsp;<\/p>\n<hr \/>\n<p>&nbsp;<\/p>\n<p><strong><span style=\"text-decoration: underline;\">Emission du 30.01.2016. depuis le studio de fort-barreau<\/span><\/strong><\/p>\n<ul>\n<ul>\n<ul>\n<ul>\n<ul>\n<ul>\n<li><a href=\"https:\/\/www.frequencebanane.ch\/podcast\/la-comete-a-la-banane-sommaire-du-30\/\"><strong>Sommaire<\/strong><\/a> de l&rsquo;\u00e9mission<\/li>\n<li>Festival Ch\u00e2teau-Bruyant 2016, du 05 au 16 juillet, pour sa 8\u00e8me \u00e9dition. <a href=\"https:\/\/www.frequencebanane.ch\/podcast\/la-comete-a-la-banane-du-30-chateau-bruyant\/\"><strong>Utopie au village urbain des P\u00e2quis<\/strong><\/a><\/li>\n<li>l&rsquo;ADTS, association de d\u00e9fense des Travailleuses du sexe en bonne compagnie tient \u00e0 pr\u00e9ciser des choses. <a href=\"https:\/\/www.frequencebanane.ch\/podcast\/la-comete-a-la-banane-du-30-ladts-en-bonne-compagnie\/\"><strong>Entretien crois\u00e9<\/strong><\/a> en compagnie de MAGALI, auteure-compositeure int\u00e9rpr\u00e8te et de Sirop dla Rue en solo de guitare!<\/li>\n<li><a href=\"https:\/\/www.frequencebanane.ch\/podcast\/la-comete-a-la-banane-du-30-les-khmers-rouges-par-caro\/\"><strong>Les khmers Rouges<\/strong><\/a>. Une rubrique historique qui en dit long et le dis bien.<\/li>\n<li><a href=\"https:\/\/www.frequencebanane.ch\/podcast\/la-comete-a-la-banane-du-30-les-mots-de-queneau\/\"><strong>Les Mots de Queneau<\/strong><\/a>. Flor nous conte Les Mots Bleus de Raymond Queneau.<\/li>\n<li><a href=\"https:\/\/www.frequencebanane.ch\/podcast\/la-comete-a-la-banane-du-30-entretien-avec-sirop-dla-rue\/\"><strong>Sirop dla Rue<\/strong><\/a> St\u00e9phanie, guitare en main, nous conte l&rsquo;aventure de Sirop dla Rue, un projet au long cours et aux chansons intemporelles<\/li>\n<li><a href=\"https:\/\/www.frequencebanane.ch\/podcast\/la-comete-a-la-banane-du-30-la-bidule\/\"><strong>La BIDULE<\/strong><\/a>: La Biblioth\u00e8que du Peuple dit son actualit\u00e9.<\/li>\n<\/ul>\n<\/ul>\n<\/ul>\n<\/ul>\n<\/ul>\n<\/ul>\n<p>&nbsp;<\/p>\n<hr \/>\n<p>&nbsp;<\/p>\n<p><strong><span style=\"text-decoration: underline;\">Emission du 23.01.2016. depuis le studio de fort-barreau<\/span><\/strong><\/p>\n<ul>\n<ul>\n<ul>\n<ul>\n<ul>\n<ul>\n<li><a href=\"https:\/\/www.frequencebanane.ch\/?p=3511\"><strong>Intro<\/strong><\/a> et <a href=\"https:\/\/www.frequencebanane.ch\/?p=3513\"><strong>sommaire<\/strong><\/a> de l&rsquo;\u00e9mission<\/li>\n<li>Nicolas nous pr\u00e9sente le nouveau restaurant Baobab Kitchen <a href=\"https:\/\/www.frequencebanane.ch\/?p=3515\"><strong>Part I<\/strong><\/a> ; <a href=\"https:\/\/www.frequencebanane.ch\/?p=3519\"><strong>Part II<\/strong><\/a><\/li>\n<li>Catherine inaugure son nouveau magazine, Carotte Invader <a href=\"https:\/\/www.frequencebanane.ch\/?p=3525\"><strong>Part I<\/strong><\/a> ; <a href=\"https:\/\/www.frequencebanane.ch\/?p=3528\"><strong>Part II<\/strong><\/a><\/li>\n<li><a href=\"https:\/\/www.frequencebanane.ch\/?p=3532\"><strong>La temp\u00e9rature du peuple<\/strong><\/a>: Demande de d\u00e9ch\u00e9ance de nationalit\u00e9.<\/li>\n<li><a href=\"https:\/\/www.frequencebanane.ch\/?p=3535\"><strong>Radio Ghetto Africa<\/strong><\/a> deuxi\u00e8me \u00e9pisode<\/li>\n<li><a href=\"https:\/\/www.frequencebanane.ch\/?p=3537\"><strong>Les mots de Queneau<\/strong><\/a> par Flor.<\/li>\n<li><a href=\"https:\/\/www.frequencebanane.ch\/?p=3543\"><strong>Sp\u00e9l\u00e9ologie en th\u00e9\u00e2tre vivant<\/strong><\/a>: la mastication des morts par Carole.<\/li>\n<\/ul>\n<\/ul>\n<\/ul>\n<\/ul>\n<\/ul>\n<\/ul>\n<p>&nbsp;<\/p>\n<hr \/>\n<p>&nbsp;<\/p>\n<p><strong><span style=\"text-decoration: underline;\">Emission du 17.01.2016. depuis le th\u00e9\u00e2tre Am Stram Gram lors de la Pi\u00e8ce \u00ab\u00a0Les Olympiades\u00a0\u00bb de la compagnie Pierre Caillou<\/span><\/strong><\/p>\n<ul>\n<ul>\n<ul>\n<ul>\n<ul>\n<ul>\n<li><a href=\"https:\/\/www.frequencebanane.ch\/?p=3374\"><strong>Intro <\/strong><\/a>de l&rsquo;\u00e9mission.<\/li>\n<li><a href=\"https:\/\/www.frequencebanane.ch\/?p=3376\"><strong>Pr\u00e9sentation <\/strong><\/a>de la pi\u00e8ce \u00ab\u00a0Les Olympiades\u00a0\u00bb.<\/li>\n<li>Place \u00e0 la pi\u00e8ce: <a href=\"https:\/\/www.frequencebanane.ch\/podcast\/3382\/\" target=\"_blank\"><strong>filage<\/strong><\/a> du lundi 11.01.2016<\/li>\n<li><a href=\"https:\/\/www.frequencebanane.ch\/?p=3378\"><strong>Retour <\/strong><\/a>\u00ab\u00a0\u00e0 chaud\u00a0\u00bb des artistes apr\u00e8s leur premi\u00e8re repr\u00e9sentation.<\/li>\n<li><a href=\"https:\/\/www.frequencebanane.ch\/?p=3380\"><strong>Podcast<\/strong> <\/a>de l&rsquo;entretien avec les artistes Aude et Louis.<\/li>\n<\/ul>\n<\/ul>\n<\/ul>\n<\/ul>\n<\/ul>\n<\/ul>\n<p>&nbsp;<\/p>\n<hr \/>\n<p>&nbsp;<\/p>\n<p><strong><span style=\"text-decoration: underline;\">\u00c9mission du 16.01.2016. depuis les studios de Fort-Barreau<\/span><\/strong><\/p>\n<ul>\n<ul>\n<ul>\n<ul>\n<ul>\n<ul>\n<li><strong><a href=\"https:\/\/www.frequencebanane.ch\/?p=3428\">Sommaire<\/a><\/strong> de l&rsquo;\u00e9mission.<\/li>\n<li>Entretien avec: The Bonnie Situations:<strong> <a href=\"https:\/\/www.frequencebanane.ch\/?p=3430\">Part.I<\/a> <a href=\"https:\/\/www.frequencebanane.ch\/?p=3433\">Part.II<\/a><\/strong><\/li>\n<li>Petit rappel sur la suite du <strong><a href=\"https:\/\/www.frequencebanane.ch\/?p=3435\">programme<\/a> <\/strong>de l&rsquo;\u00e9mission.<\/li>\n<li>Camille vient nous parler du Mottattom et de ses luttes: <strong><a href=\"https:\/\/www.frequencebanane.ch\/?p=3437\">Part.I<\/a> <a href=\"https:\/\/www.frequencebanane.ch\/?p=3439\">Part.II<\/a><\/strong><\/li>\n<li>Chronique hebdomadaire de Carole Schafroth: Sp\u00e9l\u00e9ologie en<strong> <a href=\"https:\/\/www.frequencebanane.ch\/?p=3441\">th\u00e9\u00e2tre<\/a> <\/strong>vivant.<\/li>\n<li>Entretien concernant l&rsquo;association Metro, Boulot, Kino: <strong><a href=\"https:\/\/www.frequencebanane.ch\/?p=3443\">Part.I<\/a> <a href=\"https:\/\/www.frequencebanane.ch\/?p=3445\">Part.II<\/a><\/strong><\/li>\n<li>La voix <strong><a href=\"https:\/\/www.frequencebanane.ch\/?p=3447\">anonyme<\/a><\/strong> termine l&rsquo;\u00e9mission avec un passage de Baudelaire.<\/li>\n<\/ul>\n<\/ul>\n<\/ul>\n<\/ul>\n<\/ul>\n<\/ul>\n<p>&nbsp;<\/p>\n<hr \/>\n<p>&nbsp;<\/p>\n<p><strong><span style=\"text-decoration: underline;\">\u00c9mission du 09.01.2016. depuis les studios de Fort-Barreau<\/span><\/strong><\/p>\n<ul>\n<ul>\n<ul>\n<ul>\n<ul>\n<ul>\n<li>Le <a href=\"https:\/\/www.frequencebanane.ch\/?p=3304\"><strong>sommaire <\/strong><\/a>de l&rsquo;\u00e9mission.<\/li>\n<li>Introduction et agenda de la semaine: Les deux journ\u00e9es sur la La\u00efcit\u00e9 <a href=\"https:\/\/www.frequencebanane.ch\/?p=3306\"><strong>Part I<\/strong><\/a> ; <a href=\"https:\/\/www.frequencebanane.ch\/?p=3308\"><strong>Part II<\/strong><\/a> ; <a href=\"https:\/\/www.frequencebanane.ch\/?p=3310\"><strong>Part III<\/strong><\/a><\/li>\n<li>Le <a href=\"https:\/\/www.frequencebanane.ch\/?p=3312\"><strong>VAIN<\/strong><\/a>Minute: Les migrants.<\/li>\n<li>Radio Ghetto Africa, le <a href=\"https:\/\/www.frequencebanane.ch\/?p=3315\"><strong>podcast<\/strong><\/a><\/li>\n<li>Carole Schafroth revient avec sa rubrique \u00ab\u00a0Sp\u00e9l\u00e9ologie en <a href=\"https:\/\/www.frequencebanane.ch\/?p=3317\"><strong>th\u00e9\u00e2tre<\/strong> <\/a>vivant\u00a0\u00bb.<\/li>\n<li>Tize, Pacap et Yan nous parlent de leur Crew Dessin de Presse &#8211; <a href=\"https:\/\/www.frequencebanane.ch\/?p=3319\"><strong>Partie I<\/strong><\/a> &#8211; <a href=\"https:\/\/www.frequencebanane.ch\/?p=3323\"><strong>Partie II<\/strong><\/a><\/li>\n<li>Pr\u00e9sentation du projet <a href=\"https:\/\/www.frequencebanane.ch\/?p=3325\"><strong>N\u00e9mesis<\/strong><\/a> ou le NO-WEF.<\/li>\n<li>Lecture du collectif d&rsquo;Emma <a href=\"https:\/\/www.frequencebanane.ch\/?p=3327\"><strong>Goldman<\/strong><\/a>: la l\u00e9gende du policier intelligent.<\/li>\n<\/ul>\n<\/ul>\n<\/ul>\n<\/ul>\n<\/ul>\n<\/ul>\n<p>&nbsp;<\/p>\n<hr \/>\n<p>&nbsp;<\/p>\n<p><strong><span style=\"text-decoration: underline;\">\u00c9mission du 02.01.2016. depuis les studios de Fort-Barreau<\/span><\/strong><\/p>\n<ul>\n<ul>\n<ul>\n<ul>\n<ul>\n<ul>\n<li>Le <a href=\"https:\/\/www.frequencebanane.ch\/?p=3270\"><strong>sommaire <\/strong><\/a> de l&rsquo;\u00e9mission.<\/li>\n<li>Rencontre avec l&rsquo;association AudioGraphy &#8211; <a href=\"https:\/\/www.frequencebanane.ch\/?p=3272\"><strong>Partie I<\/strong><\/a> &#8211; <a href=\"https:\/\/www.frequencebanane.ch\/?p=3274\"><strong>Partie II<\/strong><\/a><\/li>\n<li>Texte cont\u00e9 par la voix <strong><a href=\"https:\/\/www.frequencebanane.ch\/?p=3276\">anonyme<\/a><\/strong><\/li>\n<li>Entrevue avec l&rsquo;ACAB &#8211;<a href=\"https:\/\/www.frequencebanane.ch\/?p=3278\"><strong>Partie I<\/strong><\/a> &#8211;<strong> <a href=\"https:\/\/www.frequencebanane.ch\/?p=3280\">Partie II<\/a>&#8211;<\/strong> <a href=\"https:\/\/www.frequencebanane.ch\/podcast\/02-01-2016-entrevue-avec-lacab-partie-3\/\"><strong>Partie III<\/strong><\/a><\/li>\n<li>Nouvelle rubrique: \u00ab\u00a0Sp\u00e9l\u00e9ologie en <a href=\"https:\/\/www.frequencebanane.ch\/?p=3370\"><strong>th\u00e9\u00e2tre<\/strong><\/a> vivant\u00a0\u00bb par Carole Schafroth, suivi de son <a href=\"https:\/\/www.frequencebanane.ch\/?p=3372\"><strong>entrevue<\/strong><\/a><\/li>\n<li>Chronique sur l&rsquo;ann\u00e9e <a href=\"https:\/\/www.frequencebanane.ch\/?p=3284\"><strong>DADA<\/strong><\/a><\/li>\n<li><a href=\"https:\/\/www.frequencebanane.ch\/?p=3286\"><strong>Piotr Evguenie<\/strong><\/a> prend de nos nouvelles avec sa chronique \u00ab\u00a0Bonjour, \u00e7a va?\u00a0\u00bb, avant une petite <a href=\"https:\/\/www.frequencebanane.ch\/?p=3288\"><strong>entrevue<\/strong><\/a><\/li>\n<li>AVO refait surface chez LibrAdio: &#8211;<a href=\"https:\/\/www.frequencebanane.ch\/?p=3290\"><strong>Partie I<\/strong><\/a> &#8211; <a href=\"https:\/\/www.frequencebanane.ch\/?p=3292\"><strong>Partie II<\/strong><\/a> &#8211; <a href=\"https:\/\/www.frequencebanane.ch\/?p=3294\"><strong>Partie III<\/strong><\/a><\/li>\n<\/ul>\n<\/ul>\n<\/ul>\n<\/ul>\n<\/ul>\n<\/ul>\n<p>&nbsp;<\/p>\n<hr \/>\n<\/li>\n<\/ul>\n","protected":false},"excerpt":{"rendered":"<p>\u00c9mission du vendredi 23 d\u00e9cembre durant les Sanculotides. Entretien avec Damien qui a particip\u00e9 \u00e0 une r\u00e9cup\u00e9ration \u00e0 Bienne de d\u00e9chets d\u2019une Coop. Intervention de la Police sur la demande de la Coop. Plus d\u2019un millier de franc d\u2019amende par personne. Comment se battre pour que les d\u00e9chets deviennent une propri\u00e9t\u00e9 publique que l\u2019on puisse [&hellip;]<\/p>\n","protected":false},"author":2,"featured_media":0,"parent":3683,"menu_order":2,"comment_status":"open","ping_status":"closed","template":"","meta":[],"_links":{"self":[{"href":"https:\/\/old.libradio.org\/index.php?rest_route=\/wp\/v2\/pages\/1981"}],"collection":[{"href":"https:\/\/old.libradio.org\/index.php?rest_route=\/wp\/v2\/pages"}],"about":[{"href":"https:\/\/old.libradio.org\/index.php?rest_route=\/wp\/v2\/types\/page"}],"author":[{"embeddable":true,"href":"https:\/\/old.libradio.org\/index.php?rest_route=\/wp\/v2\/users\/2"}],"replies":[{"embeddable":true,"href":"https:\/\/old.libradio.org\/index.php?rest_route=%2Fwp%2Fv2%2Fcomments&post=1981"}],"version-history":[{"count":204,"href":"https:\/\/old.libradio.org\/index.php?rest_route=\/wp\/v2\/pages\/1981\/revisions"}],"predecessor-version":[{"id":2944,"href":"https:\/\/old.libradio.org\/index.php?rest_route=\/wp\/v2\/pages\/1981\/revisions\/2944"}],"up":[{"embeddable":true,"href":"https:\/\/old.libradio.org\/index.php?rest_route=\/wp\/v2\/pages\/3683"}],"wp:attachment":[{"href":"https:\/\/old.libradio.org\/index.php?rest_route=%2Fwp%2Fv2%2Fmedia&parent=1981"}],"curies":[{"name":"wp","href":"https:\/\/api.w.org\/{rel}","templated":true}]}}