{"id":215,"date":"2013-12-21T14:15:22","date_gmt":"2013-12-21T13:15:22","guid":{"rendered":"http:\/\/old.libradio.org\/?page_id=215"},"modified":"2020-01-06T06:56:34","modified_gmt":"2020-01-06T05:56:34","slug":"repertoire","status":"publish","type":"page","link":"https:\/\/old.libradio.org\/?page_id=215","title":{"rendered":"<li>Les \u00e9missions par th\u00e8mes<\/li>"},"content":{"rendered":"<p>Ici les \u00e9missions par th\u00e8mes. Mise \u00e0 jour suspendue pour le moment.<\/p>\n<hr>\n<p>&nbsp;<\/p>\n<ul>\n<li><span style=\"text-decoration: underline;\"><em>Les Groupes<\/em><\/span><\/li>\n<\/ul>\n<ol>\n<li>The Monk Berry Moon Orchestra: <a href=\"http:\/\/podcast.frequencebanane.ch\/files\/1387361922_01-popclub.mp3\">part.1<\/a>,<a href=\"http:\/\/podcast.frequencebanane.ch\/files\/1387363870_02-monkberry.mp3\">part.2<\/a><\/li>\n<li>Destress Family: <a href=\"http:\/\/podcast.frequencebanane.ch\/files\/1386251650_05-desstres.mp3\">part.1<\/a>,\u00a0<a href=\"http:\/\/podcast.frequencebanane.ch\/files\/1386252257_06-desstres2.mp3\">part.2<\/a><\/li>\n<li>Effet13Sp\u00e9cial et Double3, le rap qui d\u00e9pote:\u00a0<a href=\"http:\/\/podcast.frequencebanane.ch\/files\/1382708014_05-double3.mp3\">Part.1<\/a>,\u00a0<a href=\"http:\/\/podcast.frequencebanane.ch\/files\/1382708543_06-double3.mp3\">Part.2<\/a>,\u00a0<a href=\"http:\/\/podcast.frequencebanane.ch\/files\/1382709387_07-double3.mp3\">Part.3<\/a><\/li>\n<li>\u00a0Rayon Mortel, du muscle, du biceps et du punk \u00e0 barbe.\u00a0<a href=\"http:\/\/podcast.frequencebanane.ch\/files\/1382787454_10-rayon-mortel-1.mp3\">Part.1<\/a>,\u00a0<a href=\"http:\/\/podcast.frequencebanane.ch\/files\/1382788268_11-rayon-mortel-2.mp3\">Part.2<\/a>,\u00a0<a href=\"http:\/\/podcast.frequencebanane.ch\/files\/1382789465_12-rayon-mortel-3.mp3\">Part.3<\/a><\/li>\n<li>A. Campbell, la nouvelle voix:\u00a0<a href=\"http:\/\/podcast.frequencebanane.ch\/files\/1318154044_06-campbell-partie1.mp3\">part.1<\/a>,\u00a0<a href=\"http:\/\/podcast.frequencebanane.ch\/files\/1318154291_08-campbell-partie2.mp3\">part.2<\/a>\u00a0(09.10.11.)<\/li>\n<li>Prisma:\u00a0<a href=\"http:\/\/podcast.frequencebanane.ch\/files\/1318153485_02-prisma-partie1.mp3\">part.1<\/a>,\u00a0<a href=\"http:\/\/podcast.frequencebanane.ch\/files\/1318153593_03-prisma-partie2.mp3\">part.2<\/a>,\u00a0<a href=\"http:\/\/podcast.frequencebanane.ch\/files\/1318153716_04-prisma-partie3.mp3\">part.3<\/a>\u00a0(09.10.11.)<\/li>\n<li>Des Filles et du poils: The Chikitas:\u00a0<a href=\"http:\/\/podcast.frequencebanane.ch\/files\/1316012327_06-the-chikitas-partie3.mp3\">part.1<\/a>,\u00a0<a href=\"http:\/\/podcast.frequencebanane.ch\/files\/1316012381_05-the-chikitas-partie2.mp3\">part.2<\/a>,\u00a0<a href=\"http:\/\/podcast.frequencebanane.ch\/files\/1316012436_04-the-chikitas-partie1.mp3\">part.3<\/a>\u00a0(14.09.11.)<\/li>\n<li>Signs Of Misfortune\u00a0<a href=\"http:\/\/podcast.frequencebanane.ch\/files\/1316012283_07-som-partie1.mp3\">part.1<\/a>,\u00a0<a href=\"http:\/\/podcast.frequencebanane.ch\/files\/1316012249_08-som-partie2.mp3\">part.2<\/a>,\u00a0<a href=\"http:\/\/podcast.frequencebanane.ch\/files\/1316012211_09-som-partie3.mp3\">part.3<\/a>\u00a0(14.09.11.)<\/li>\n<li>La Magnificence des Ostap Bender\u00a0<a href=\"http:\/\/podcast.frequencebanane.ch\/files\/1306069641_02-ostap-bender-partie1.mp3\">part.1<\/a>,\u00a0<a href=\"http:\/\/podcast.frequencebanane.ch\/files\/1306070158_03-osta-bernder-partie2.mp3\">part.2<\/a>,\u00a0<a href=\"http:\/\/podcast.frequencebanane.ch\/files\/1306070941_04-ostap-bender-partie3.mp3\">part.3<\/a>\u00a0(22.05.11.)<\/li>\n<li>Interview de Giul\u00a0<a href=\"http:\/\/podcast.frequencebanane.ch\/files\/1304851701_07-interview-giul-partie1.mp3\">part.1<\/a>,\u00a0<a href=\"http:\/\/podcast.frequencebanane.ch\/files\/1304851943_08-interview-giul-partie2.mp3\">part.2<\/a>\u00a0(08.05.11.)<\/li>\n<li>R\u00e9cup\u00e8re et Fils\u00a0<a href=\"http:\/\/podcast.frequencebanane.ch\/files\/1304850981_05-interview-recupere-fils-partie1.mp3\">part.1<\/a>,\u00a0<a href=\"http:\/\/podcast.frequencebanane.ch\/files\/1304851127_06-interview-recupere-fils-partie2.mp3\">part.2<\/a>\u00a0(08.05.11.)<\/li>\n<li><span style=\"line-height: 1.5;\">Hellbrain <\/span><a style=\"line-height: 1.5;\" href=\"http:\/\/podcast.frequencebanane.ch\/files\/1303649363_04-interview-hellbrain.mp3\">part.1<\/a><span style=\"line-height: 1.5;\">,\u00a0\u00a0<\/span><a style=\"line-height: 1.5;\" href=\"http:\/\/podcast.frequencebanane.ch\/files\/1303649568_05-interview-hellbrain-bwp.mp3\">part.2<\/a><span style=\"line-height: 1.5;\">\u00a0et Intro des Black Widows Project <\/span><a style=\"line-height: 1.5;\" href=\"http:\/\/podcast.frequencebanane.ch\/files\/1303649755_06-interview-bwp2.mp3\">part.2<\/a><span style=\"line-height: 1.5;\">\u00a0(24.04.11.)<\/span><\/li>\n<li><span style=\"line-height: 1.5;\"> Cool cool rain <\/span><a style=\"line-height: 1.5;\" href=\"http:\/\/podcast.frequencebanane.ch\/files\/1302445743_06-cool-cool-rain.mp3\">part. 1<\/a><span style=\"line-height: 1.5;\">,\u00a0<\/span><a style=\"line-height: 1.5;\" href=\"http:\/\/podcast.frequencebanane.ch\/files\/1302445902_07-micro-agenda-extro.mp3\">part.2<\/a><span style=\"line-height: 1.5;\">\u00a0(10.04.11.) <\/span><\/li>\n<li><span style=\"line-height: 1.5;\">Vortex <\/span><a style=\"line-height: 1.5;\" href=\"http:\/\/podcast.frequencebanane.ch\/files\/1302445303_04-vortex.mp3\">part.1<\/a><span style=\"line-height: 1.5;\">,\u00a0<\/span><a style=\"line-height: 1.5;\" href=\"http:\/\/podcast.frequencebanane.ch\/files\/1302445597_05-vortex2.mp3\">part.2<\/a><span style=\"line-height: 1.5;\">\u00a0(10.04.11.) <\/span><\/li>\n<li><span style=\"line-height: 1.5;\">Les Hellsight <\/span><a style=\"line-height: 1.5;\" href=\"http:\/\/podcast.frequencebanane.ch\/files\/1301385092_06-extro-interview-fin.mp3\">part. unique<\/a><span style=\"line-height: 1.5;\">\u00a0(29.03.11.) <\/span><\/li>\n<li><span style=\"line-height: 1.5;\">\u00a0Nos amis les\u00a0<\/span><a style=\"line-height: 1.5;\" href=\"http:\/\/podcast.frequencebanane.ch\/files\/1301384946_05-interview3.mp3\">Gloryhole<\/a><span style=\"line-height: 1.5;\">, pour la premi\u00e8re fois (29.03.11.)<\/span><\/li>\n<li><span style=\"line-height: 1.5;\">Brokenhead <\/span><a style=\"line-height: 1.5;\" href=\"http:\/\/podcast.frequencebanane.ch\/files\/1301384378_03-interview1-son.mp3\">part.1<\/a><span style=\"line-height: 1.5;\">,\u00a0<\/span><a style=\"line-height: 1.5;\" href=\"http:\/\/podcast.frequencebanane.ch\/files\/1301384782_04-interview2.mp3\">part.2<\/a><span style=\"line-height: 1.5;\">\u00a0(29.03.11.)<\/span><\/li>\n<li><span style=\"line-height: 1.5;\">Les LODD <\/span><a style=\"line-height: 1.5;\" href=\"http:\/\/podcast.frequencebanane.ch\/files\/1300286202_03-interview1.mp3\">part.1<\/a><span style=\"line-height: 1.5;\">, <\/span><a style=\"line-height: 1.5;\" href=\"http:\/\/podcast.frequencebanane.ch\/files\/1300286314_04-interview2.mp3\">part.2<\/a><span style=\"line-height: 1.5;\">,\u00a0<\/span><a style=\"line-height: 1.5;\" href=\"http:\/\/podcast.frequencebanane.ch\/files\/1300286461_05-interview3.mp3\">part.3<\/a><span style=\"line-height: 1.5;\">,\u00a0<\/span><a style=\"line-height: 1.5;\" href=\"http:\/\/podcast.frequencebanane.ch\/files\/1300286742_07-interview4.mp3\">part.4<\/a><span style=\"line-height: 1.5;\">,\u00a0du Ska d\u00e9jant\u00e9 (16.03.11.) ET <a href=\"http:\/\/podcast.frequencebanane.ch\/files\/1337957759_lodd%201.mp3\">part.1<\/a>, <a href=\"http:\/\/podcast.frequencebanane.ch\/files\/1337957966_lodd%202.mp3\">part.2<\/a>, <a href=\"http:\/\/podcast.frequencebanane.ch\/files\/1337958073_lodd%203.mp3\">part.3<\/a> (12.05.12)<\/span><\/li>\n<li><span style=\"line-height: 1.5;\">Interview de S\u00e9b, guitariste des Montevid\u00e9o (03.03.11) <\/span><a style=\"line-height: 1.5;\" href=\"http:\/\/podcast.frequencebanane.ch\/files\/1299149480_interview-partie1.wav\">part.1<\/a><span style=\"line-height: 1.5;\">,\u00a0<\/span><a style=\"line-height: 1.5;\" href=\"http:\/\/podcast.frequencebanane.ch\/files\/1299149732_interview-partie2-rebirth.wav\">part.2<\/a><span style=\"line-height: 1.5;\">,\u00a0<\/span><a style=\"line-height: 1.5;\" href=\"http:\/\/podcast.frequencebanane.ch\/files\/1299149974_interview-partie3-fiction-reelle.wav\">part.3<\/a><\/li>\n<li>Go To Bamas (19.04.14.) <a href=\"http:\/\/podcast.frequencebanane.ch\/files\/1398091601_19-04-2014gotobamas.mp3\">part.1,<\/a> <a href=\"http:\/\/podcast.frequencebanane.ch\/files\/1398092292_19-04-2014gotobamas2.mp3\">part.2<\/a><\/li>\n<li>Critical Heartbeat\u00a0(19.04.14.) <a href=\"http:\/\/podcast.frequencebanane.ch\/files\/1398094158_19-04-2014criticalheartbeat1.mp3\">part.1<\/a>, <a href=\"http:\/\/podcast.frequencebanane.ch\/files\/1398094456_19-04-2014criticalheartbeat2.mp3\">part.2<\/a>, <a href=\"http:\/\/podcast.frequencebanane.ch\/files\/1398095910_19-04-2014criticalheartbeat3.mp3\">part3<\/a><\/li>\n<li>KIF\u00a0(19.04.14.) <a href=\"http:\/\/podcast.frequencebanane.ch\/files\/1398097951_19-04-2014kif1.mp3\">part.1<\/a>, <a href=\"http:\/\/podcast.frequencebanane.ch\/files\/1398098189_19-04-2014kif2.mp3\">part.2<\/a>, <a href=\"http:\/\/podcast.frequencebanane.ch\/files\/1398098751_19-04-2014kif3.mp3\">part.3<\/a><\/li>\n<li>City Circus (05.04.14) <a href=\"http:\/\/podcast.frequencebanane.ch\/files\/1398076206_05-04-2014citycircus1.mp3\">part. 1<\/a>, <a href=\"http:\/\/podcast.frequencebanane.ch\/files\/1398076328_05-04-2014citycircus2.mp3\">part.2<\/a>, <a href=\"http:\/\/podcast.frequencebanane.ch\/files\/1398076592_05-04-2014citycircus3.mp3\">part.3<\/a><\/li>\n<li>ZY-AMM \u00a0(12.05.12) <a href=\"http:\/\/podcast.frequencebanane.ch\/files\/1337959019_zy-amm.mp3\">part.unique<\/a><\/li>\n<li>Skim (15.05.12) <a href=\"http:\/\/podcast.frequencebanane.ch\/files\/1337958590_skimm%201.mp3\">part.1<\/a>, <a href=\"http:\/\/podcast.frequencebanane.ch\/files\/1337958717_skimm%202.mp3\">part.2<\/a><\/li>\n<li>Random God partie <a href=\"http:\/\/podcast.frequencebanane.ch\/files\/1389969604_09-randomgod.mp3\">I<\/a>,<a href=\"http:\/\/podcast.frequencebanane.ch\/files\/1389970038_10-randomgod2.mp3\"> II<\/a>,<a href=\"http:\/\/podcast.frequencebanane.ch\/files\/1390308372_11-randomgod3.mp3\"> III<\/a>, <a href=\"http:\/\/podcast.frequencebanane.ch\/files\/1389972225_12-randomgod4.mp3\">IV<\/a><\/li>\n<li>Interview des Cool Cool Rain: Part. <a href=\"http:\/\/podcast.frequencebanane.ch\/files\/1391088761_02-coocoolrain.mp3\">I. <\/a><a href=\"http:\/\/podcast.frequencebanane.ch\/files\/1391090169_06-coolcoolrain2.mp3\">II.<\/a><\/li>\n<li>Interview de <a href=\"http:\/\/podcast.frequencebanane.ch\/files\/1391860571_06-leenc.mp3\">Leen-C<\/a><\/li>\n<li>Interview de <a href=\"http:\/\/podcast.frequencebanane.ch\/files\/1391860909_07-philippe.mp3\">Philippe Gindre<\/a>: Demain \u00e7a vient<\/li>\n<li>Interview <a href=\"http:\/\/podcast.frequencebanane.ch\/files\/1391861497_-01-zepless.mp3\">Zepless<\/a><\/li>\n<li>Entrevue de <a href=\"http:\/\/podcast.frequencebanane.ch\/files\/1393513975_13-roxyphazy.mp3\">Roxy<\/a> des PhazyLuckers<\/li>\n<li><a href=\"http:\/\/podcast.frequencebanane.ch\/files\/1409479211_06-avo.mp3\">AVO-Rock Alternatif<\/a><\/li>\n<li><a href=\"http:\/\/podcast.frequencebanane.ch\/files\/1409484280_07-nico-artiste.mp3\">Captain Ectetera<\/a><\/li>\n<li><a href=\"http:\/\/podcast.frequencebanane.ch\/files\/1409483743_08-yannisetnoemie.mp3\">Yannis pour Monkey Freakz<\/a><\/li>\n<li>Entrevue de Jean-No\u00ebl pour <a href=\"http:\/\/podcast.frequencebanane.ch\/files\/1409483341_09-overtuned.mp3\">Overtuned<\/a>.<\/li>\n<li>Entrevue de Lilla; auteure-compositeure-interpr\u00e8te, pour la sortie de son album \u00e9ponyme.\u00a0<a href=\"http:\/\/podcast.frequencebanane.ch\/files\/1412793241_30.09.14%2008-lilla%201.mp3\">Part. I<\/a>\/<a href=\"http:\/\/podcast.frequencebanane.ch\/files\/1412793565_30.09.14%2009-lilla%202.mp3\">Part.II<\/a><\/li>\n<\/ol>\n<p>&nbsp;<\/p>\n<ul>\n<li><em><span style=\"text-decoration: underline;\">Les grands entretiens :<\/span><\/em><\/li>\n<\/ul>\n<ol>\n<li>Pierre Bayenet (05.04.14) <a href=\"http:\/\/podcast.frequencebanane.ch\/files\/1398076759_05-04-2014bayenet1.mp3\">part.1<\/a>, <a href=\"http:\/\/podcast.frequencebanane.ch\/files\/1398076929_05-04-2014bayenet2.mp3\">part.2<\/a>, <a href=\"http:\/\/podcast.frequencebanane.ch\/files\/1398076959_05-04-2014bayenet3.mp3\">part.3<\/a>, <a href=\"http:\/\/podcast.frequencebanane.ch\/files\/1398077201_05-04-2014bayenet4_extro.mp3\">part.4<\/a><\/li>\n<li>Roderick Mounir<\/li>\n<li>Philippe Gindre<\/li>\n<li>Pierre Wirsch<\/li>\n<li>Ricardo Rodari<\/li>\n<li>Charles Heimberg<\/li>\n<li>J\u00e9r\u00f4me B\u00e9guin<\/li>\n<\/ol>\n<p>&nbsp;<\/p>\n<ul>\n<li><span style=\"text-decoration: underline;\"><em>Les Collectifs<\/em><\/span><\/li>\n<\/ul>\n<ol>\n<li>Le Popclub festival: <a href=\"http:\/\/podcast.frequencebanane.ch\/files\/1387364531_03-monk-popclub.mp3\">part. unique<\/a><\/li>\n<li>Les Funky Fant\u00f4mes (th\u00e9\u00e2tre d&rsquo;impro):\u00a0<a href=\"http:\/\/podcast.frequencebanane.ch\/files\/1387183931_03-adrien.mp3\">part.1<\/a>,<a href=\"http:\/\/podcast.frequencebanane.ch\/files\/1387183718_04-adrien2.mp3\">part.2<\/a><\/li>\n<li>Le Bureau de la Malchance (concert filmique):<a href=\"http:\/\/podcast.frequencebanane.ch\/files\/1386934533_05-malchance.mp3\"> part.unique<\/a><\/li>\n<li>Le Kino Kabaret de Gen\u00e8ve: <a href=\"http:\/\/podcast.frequencebanane.ch\/files\/1386672719_01-kino.mp3\">part.unique<\/a><\/li>\n<li>Longo Ma\u00ef (rural r\u00e9volution):\u00a0<a href=\"http:\/\/podcast.frequencebanane.ch\/files\/1386250980_03-longomai.mp3\">part.1<\/a>,<a href=\"http:\/\/podcast.frequencebanane.ch\/files\/1386251365_04-longomai2.mp3\">part.2<\/a>.<\/li>\n<li>Pierre nous parle de la Librairie\u00a0<a href=\"http:\/\/podcast.frequencebanane.ch\/files\/1306069187_01-pierre-partie1.mp3\">Fahrenheit 451<\/a>\u00a0(22.05.11.)<\/li>\n<li><span style=\"line-height: 1.5;\">G\u00e9n\u00e9ration Palestine <\/span><a style=\"line-height: 1.5;\" href=\"http:\/\/podcast.frequencebanane.ch\/files\/1303649266_03-interview-jp.mp3\">part. unique<\/a><span style=\"line-height: 1.5;\">\u00a0(24.04.11.)<\/span><\/li>\n<li><span style=\"line-height: 1.5;\">Th\u00e9o pr\u00e9sente BB Prod <\/span><a style=\"line-height: 1.5;\" href=\"http:\/\/podcast.frequencebanane.ch\/files\/1302444969_03-bb-prod.mp3\">art.1<\/a><span style=\"line-height: 1.5;\">,\u00a0<\/span><a style=\"line-height: 1.5;\" href=\"http:\/\/podcast.frequencebanane.ch\/files\/1302445100_03-bb-prod2.mp3\">part.2<\/a><span style=\"line-height: 1.5;\">\u00a0(10.04.11.)<\/span><\/li>\n<li><span style=\"line-height: 1.5;\">L&rsquo;Observatoire des Pratiques Polici\u00e8res <\/span><a style=\"line-height: 1.5;\" href=\"http:\/\/podcast.frequencebanane.ch\/files\/1301384162_02-opp-sons.mp3\">part. unique<\/a>\u00a0\u00a0<span style=\"line-height: 1.5;\">\u00a0(23.03.11.)<\/span><\/li>\n<li>L\u2019AESPRI se pr\u00e9sente partie <a href=\"http:\/\/podcast.frequencebanane.ch\/files\/1388768346_06-aespri.mp3\">I<\/a>. <a href=\"http:\/\/podcast.frequencebanane.ch\/files\/1388768428_07-aespri2.mp3\">II<\/a>.<\/li>\n<li>Interview du <a href=\"http:\/\/podcast.frequencebanane.ch\/files\/1388768790_08-nadir.mp3\">Nadir<\/a><\/li>\n<li>L\u2019<a href=\"http:\/\/podcast.frequencebanane.ch\/files\/1388769049_09-aes.mp3\">AES <\/a>se pr\u00e9sente et suivent quelques id\u00e9es de r\u00e9volution<\/li>\n<\/ol>\n<p>&nbsp;<\/p>\n<ul>\n<li><em><span style=\"text-decoration: underline;\">L&rsquo;information: le VAIN Minute<\/span>, l&rsquo;audio-journal des Dana\u00efdes, puisqu&rsquo;il remplit de vide des cerveaux d\u00e9j\u00e0\u00a0perc\u00e9s.<\/em><\/li>\n<\/ul>\n<ol>\n<li>Le <a href=\"http:\/\/podcast.frequencebanane.ch\/files\/1386247552_01-vain-meteo-tech.mp3\">VAIN Minute<\/a>: Un panoptique \u00e0 ciel ouvert (15.12.13.)<\/li>\n<li>Le\u00a0<a href=\"http:\/\/podcast.frequencebanane.ch\/files\/1383924957_01-vain.mp3\">VAIN Minute<\/a>:\u00a0Pacifiste (08.11.13.)<\/li>\n<li><a href=\"http:\/\/podcast.frequencebanane.ch\/files\/1384868531_01-vain.mp3\">Le VAIN Minute: M\u00e9moriel<\/a>\u00a0 (19.11.13.)<\/li>\n<li>Le\u00a0<span style=\"line-height: 1.5;\">VAIN Minute: <\/span><a style=\"line-height: 1.5;\" href=\"http:\/\/podcast.frequencebanane.ch\/files\/1300285956_01-infos.mp3\">Logement<\/a><span style=\"line-height: 1.5;\">\u00a0(25.10.13.)<\/span><span style=\"line-height: 1.5;\">\u00a0<\/span><\/li>\n<li>Le VAIN Minute: de la\u00a0<a href=\"http:\/\/podcast.frequencebanane.ch\/files\/1304847959_01-vain-minutes.mp3\">servilit\u00e9<\/a>\u00a0(08.05.11.)<\/li>\n<li><span style=\"text-align: justify; line-height: 1.5;\">Le <\/span><a style=\"text-align: justify; line-height: 1.5;\" href=\"http:\/\/podcast.frequencebanane.ch\/files\/1303648996_01-infos.mp3\">VAIN Minute<\/a>:<span style=\"text-align: justify; line-height: 1.5;\">\u00a0du d\u00e9lit de faci\u00e8s (24.04.11.) <\/span><\/li>\n<li><span style=\"text-align: justify; line-height: 1.5;\">Le\u00a0<\/span><a style=\"text-align: justify; line-height: 1.5;\" href=\"http:\/\/podcast.frequencebanane.ch\/files\/1302444602_01-infos-banzai.mp3\">VAIN Minute<\/a>:<span style=\"text-align: justify; line-height: 1.5;\">\u00a0s&rsquo;interroge sur les infos (10.04.11.) <\/span><\/li>\n<li><span style=\"text-align: justify; line-height: 1.5;\">Le VAIN Minute: <\/span><a style=\"text-align: justify; line-height: 1.5;\" href=\"http:\/\/podcast.frequencebanane.ch\/files\/1301383532_01-infos-son.mp3\">Radioactif<\/a><span style=\"text-align: justify; line-height: 1.5;\">\u00a0(29.03.11.)<\/span><\/li>\n<li>Le VAIN Minute:\u00a0<a href=\"http:\/\/podcast.frequencebanane.ch\/files\/1398089839_19-04-2014intro_vain%20minute.mp3\">P\u00e9trolier <\/a>(19.04.14)<\/li>\n<li>Le VAIN Minute: de la <a href=\"http:\/\/podcast.frequencebanane.ch\/files\/1398075825_05-04-2014vainminute.mp3\">Tribune de Gen\u00e8ve<\/a> (05.04.14)<\/li>\n<li>Le VAIN Minute: <a href=\"http:\/\/podcast.frequencebanane.ch\/files\/1337957427_vain%20minuuute.mp3\">L&rsquo;extr\u00eame gauche <\/a>, ce p\u00e9ril suisse (05.12.12)<\/li>\n<li>Le VAIN minute: <a href=\"http:\/\/podcast.frequencebanane.ch\/files\/1387281124_02-vain.mp3\">Queer<\/a> -14.12.2013<\/li>\n<li>Le VAIN Minute: <a href=\"http:\/\/podcast.frequencebanane.ch\/files\/1386674655_03-vain.mp3\">Mandela<\/a> &#8211; 09.12.2013<\/li>\n<li>La VAIN Minute: <a href=\"http:\/\/podcast.frequencebanane.ch\/files\/1388766525_03-vain.mp3\">Union Bancaire<\/a> &#8211; 19.12.2013<\/li>\n<li>Le VAIN Minute: <a href=\"http:\/\/podcast.frequencebanane.ch\/files\/1389083950_01-vain.mp3\">Gr\u00e8ve, le temps des utopies<\/a> &#8211; 23.12.2013<\/li>\n<li>Le VAIN Minute: <a href=\"http:\/\/podcast.frequencebanane.ch\/files\/1390480160_01-vain.mp3\">L&rsquo;avortement<\/a>\u00a0&#8211; 11.01.2014<\/li>\n<li>Le VAIN minute: <a href=\"http:\/\/podcast.frequencebanane.ch\/files\/1392216118_01-vainminute.mp3\">UBS, la petite entreprise<\/a> &#8211; 08.02.2014<\/li>\n<li>Le VAIN Minute: <a href=\"http:\/\/podcast.frequencebanane.ch\/files\/1393509364_01-vain.mp3\">Votation x\u00e9nophobe du 09.02.2014<\/a> &#8211; 22.02.2014<\/li>\n<li>Le VAIN Minute: <a href=\"http:\/\/podcast.frequencebanane.ch\/files\/1394632795_01-vain.mp3\">Salon de l&rsquo;auto, Salauds de longtemps<\/a>\u00a0&#8211; 08.03.2014<\/li>\n<li>Le VAIN Minute: La <a href=\"http:\/\/podcast.frequencebanane.ch\/files\/1409481148_01-vain.mp3\">Classe Moyenne<\/a> &#8211; 28.08.2014<\/li>\n<li>Le VAIN Minute: <a href=\"http:\/\/podcast.frequencebanane.ch\/files\/1412791299_30.09.14%2002-vain%20minutes.mp3\">Critical Mass<\/a> &#8211; 04.10.2014<\/li>\n<li>Le VAIN Minute: <a href=\"http:\/\/podcast.frequencebanane.ch\/files\/1413376136_01-vain.mp3\">Mis\u00e8reS <\/a>&#8211; 11.10.2014<\/li>\n<li>Le VAIN Minute: <a href=\"http:\/\/podcast.frequencebanane.ch\/files\/1416849884_01-vain%20minutes%20surveillance%20paquis.mp3\">La Vid\u00e9osurveillance aux P\u00e2quis<\/a> &#8211; 25.10.2014<\/li>\n<li>Le VAIN Minute: <a href=\"http:\/\/podcast.frequencebanane.ch\/files\/1401196301_01-vain.mp3\">La guerre d&rsquo;Espagne<\/a>\u00a0&#8211; 17.05.2014<\/li>\n<\/ol>\n<p>&nbsp;<\/p>\n<ul>\n<li>\u00a0<span style=\"text-decoration: underline;\"><em>Les Livres: La Minute Livresque<\/em><\/span><em>, la rubrique en lien de la librairie anarchiste: Fahrenheit 451, 24 r. Voltaire\/Gen\u00e8ve. Une lecture choisie de livres s\u00e9lectionn\u00e9s, disponibles \u00e0 la librairie.<\/em><\/li>\n<\/ul>\n<ol>\n<li>Post Tenebras Rock, une \u00e9pop\u00e9e \u00e9lectrique 1983-2013: <a href=\"http:\/\/podcast.frequencebanane.ch\/files\/1386252792_07-roderic.mp3\">part.I<\/a>,<a href=\"http:\/\/podcast.frequencebanane.ch\/files\/1386253285_08-roderic2.mp3\">part.II<\/a>.<\/li>\n<li>Des Lettres d&rsquo;insultes et de la Philo F\u00e9roce: la\u00a0<a href=\"http:\/\/podcast.frequencebanane.ch\/files\/1318153924_05-minute-livresque.mp3\">Minute Livresque<\/a> vous rassasie<\/li>\n<li>La Minute Livresque \u00e0 la Zona Mutante: <a href=\"http:\/\/podcast.frequencebanane.ch\/files\/1387281560_03-livresque.mp3\">Le Morpion<\/a>; <a href=\"http:\/\/podcast.frequencebanane.ch\/files\/1387282043_05-livresque.mp3\">Guerilla Kit<\/a>. <a href=\"http:\/\/podcast.frequencebanane.ch\/files\/1387282321_08-extro.mp3\">Fin et Extro<\/a>.<\/li>\n<li>Les <a href=\"http:\/\/podcast.frequencebanane.ch\/files\/1389968072_05-livresque.mp3\">Ultras<\/a> de Claude Cantini<\/li>\n<li>Les <a href=\"http:\/\/podcast.frequencebanane.ch\/files\/1390484414_08-livresque.mp3\">Vertus de l&rsquo;insurrection\u00a0<\/a><\/li>\n<li><a href=\"http:\/\/podcast.frequencebanane.ch\/files\/1390486730_13-livresque2.mp3\">Rablais par Ragon<\/a> !<\/li>\n<li>La <a href=\"http:\/\/podcast.frequencebanane.ch\/files\/1391089464_05-livresque.mp3\">musique<\/a> \u00e0 .. Auschwitz!<\/li>\n<li>Hommage \u00e0 Fran\u00e7ois Cavanna. <a href=\"http:\/\/podcast.frequencebanane.ch\/files\/1392325077_08-minutelivresque.mp3\">Part.I<\/a>, <a href=\"http:\/\/podcast.frequencebanane.ch\/files\/1392324717_06-minutelivresque.mp3\">Part.II<\/a><\/li>\n<li><a href=\"http:\/\/podcast.frequencebanane.ch\/files\/1393511813_06-livresque.mp3\">Laurent FLUTCH<\/a><\/li>\n<li><a href=\"http:\/\/podcast.frequencebanane.ch\/files\/1393514234_14-livresque.mp3\">Les CANUTS et la FAI<\/a>-f\u00e9d\u00e9ration anarchiste ib\u00e9rique<\/li>\n<\/ol>\n<p>&nbsp;<\/p>\n<ul>\n<li><span style=\"text-decoration: underline;\"><em>La M\u00e9t\u00e9o socio-climatique<\/em><\/span><\/li>\n<\/ul>\n<ol>\n<li>La M\u00e9t\u00e9o d\u00e9dicace \u00e0 <a href=\"http:\/\/podcast.frequencebanane.ch\/files\/1337957611_de%CC%81dicace%20igor%20et%20sommaire.mp3\">Igor de Chile<\/a> : 11 septembre 1973 (12.05.12)<\/li>\n<\/ol>\n<p>&nbsp;<\/p>\n<ul>\n<li><span style=\"text-decoration: underline;\"><em>Une rubrique: Le Gens \u00e0 l&rsquo;Index<\/em><\/span><\/li>\n<\/ul>\n<ol>\n<li>Guy Debord: <a href=\"http:\/\/podcast.frequencebanane.ch\/files\/1386279329_15-gensalindex.mp3\">part.unique<\/a>.<\/li>\n<li><a href=\"http:\/\/podcast.frequencebanane.ch\/files\/1398086581_05-04-2014legensindex.mp3\">Olivier Jornot<\/a><\/li>\n<\/ol>\n<p>&nbsp;<\/p>\n<ul>\n<li><span style=\"text-decoration: underline;\"><em style=\"line-height: 1.5;\">Une rubrique: C&rsquo;\u00e9tait mieux avant!<\/em><\/span><\/li>\n<\/ul>\n<ol>\n<li>\u00a0<a href=\"http:\/\/podcast.frequencebanane.ch\/files\/1398092731_19-04-2014mieuxavant.mp3\">Jos\u00e9phine Coueille <\/a>(19.04.14)<\/li>\n<\/ol>\n<p>&nbsp;<\/p>\n<ul>\n<li><span style=\"text-decoration: underline;\"><em>Le Cin\u00e9ma: Cal-Cin\u00e9 returns!<\/em><\/span><\/li>\n<\/ul>\n<ol>\n<li>Un documentaire essentiel: <em>La Barque n\u2019est pas pleine!<\/em>\u00a0<a href=\"http:\/\/podcast.frequencebanane.ch\/files\/1384873718_09-barque-pas-pleine.mp3\">Part.I<\/a>,\u00a0<a href=\"http:\/\/podcast.frequencebanane.ch\/files\/1384874087_10-barque-pas-pleine2.mp3\">Part.II<\/a><\/li>\n<li><a href=\"http:\/\/podcast.frequencebanane.ch\/files\/1318154485_07-lecalcine.mp3\">Deux films<\/a>: <em>H\u00e9ron City<\/em> et <em>Z\u00e9ro<\/em>, enqu\u00eate sur le 11 septembre (09.10.11.)<\/li>\n<li>De la\u00a0<a href=\"http:\/\/podcast.frequencebanane.ch\/files\/1316012066_11-calcine.mp3\">Servitude<\/a>\u00a0Moderne (14.09.11)<\/li>\n<li>Cycle sur les proc\u00e8s au cin\u00e9ma (<a href=\"http:\/\/podcast.frequencebanane.ch\/files\/1398075968_05-04-2014calcine.mp3\">05.04.14<\/a>)\u00a0(<a href=\"http:\/\/podcast.frequencebanane.ch\/files\/1398090916_19-04-2014calcine.mp3\">19.04.14<\/a>)<\/li>\n<\/ol>\n<p>&nbsp;<\/p>\n<ul>\n<li><span style=\"text-decoration: underline;\"><em>Le Coin d&rsquo;I-Gore: rubrique tendre.<\/em><\/span><\/li>\n<\/ul>\n<p>&nbsp;<\/p>\n<ul>\n<li><em><span style=\"text-decoration: underline;\">Micro-agenda et contre-agenda:<\/span><\/em><\/li>\n<\/ul>\n<p>Le <a href=\"http:\/\/podcast.frequencebanane.ch\/files\/1304852360_09-micro-agenda-extro.mp3\">Micro-agenda<\/a>\u00a0de la peinture, l&rsquo;OPP et soutient \u00e0 la Critical\u00a0\/ Le <a href=\"http:\/\/podcast.frequencebanane.ch\/files\/1300286583_06-micro-agenda.mp3\">micro-agenda<\/a>\u00a0de la Critical Mass (16.03.11.)<\/p>\n<p>&nbsp;<\/p>\n<ul>\n<li><span style=\"text-decoration: underline;\"><em>La technique:<\/em><\/span><\/li>\n<\/ul>\n<ol>\n<li><a href=\"http:\/\/podcast.frequencebanane.ch\/files\/1318153335_01-piotr.mp3\">Piotr<\/a>\u00a0et son AK-47 (09.10.11.)<\/li>\n<li><a href=\"http:\/\/podcast.frequencebanane.ch\/files\/1316012490_02-lucas-meteo.mp3\">Lucas<\/a>\u00a0la Main froide (14.09.11.)<\/li>\n<li><a href=\"http:\/\/podcast.frequencebanane.ch\/files\/1304848354_02-sommaire.mp3\">Quentin<\/a>\u00a0Le tecnard (08.05.11.)<\/li>\n<\/ol>\n<p>&nbsp;<\/p>\n<ul>\n<li><span style=\"text-decoration: underline;\"><em>Le Caf\u00e9-Libertaire, la Potence, le B\u00e2ton et la Carotte, les intro-extro&#8230;<\/em><\/span><\/li>\n<\/ul>\n<p><a href=\"http:\/\/podcast.frequencebanane.ch\/files\/1300286859_08-extro.mp3\">Extro<\/a>\u00a0(16.03.11.)\u00a0\/\u00a0<a style=\"line-height: 1.5;\" href=\"http:\/\/podcast.frequencebanane.ch\/files\/1299149250_intro.wav\">Introduction<\/a><span style=\"line-height: 1.5;\">\u00a0aux Derniers Bals avant la fin du Monde (03.03.11.)<\/span><\/p>\n","protected":false},"excerpt":{"rendered":"<p>Ici les \u00e9missions par th\u00e8mes. Mise \u00e0 jour suspendue pour le moment. &nbsp; Les Groupes The Monk Berry Moon Orchestra: part.1,part.2 Destress Family: part.1,\u00a0part.2 Effet13Sp\u00e9cial et Double3, le rap qui d\u00e9pote:\u00a0Part.1,\u00a0Part.2,\u00a0Part.3 \u00a0Rayon Mortel, du muscle, du biceps et du punk \u00e0 barbe.\u00a0Part.1,\u00a0Part.2,\u00a0Part.3 A. Campbell, la nouvelle voix:\u00a0part.1,\u00a0part.2\u00a0(09.10.11.) Prisma:\u00a0part.1,\u00a0part.2,\u00a0part.3\u00a0(09.10.11.) Des Filles et du poils: The Chikitas:\u00a0part.1,\u00a0part.2,\u00a0part.3\u00a0(14.09.11.) [&hellip;]<\/p>\n","protected":false},"author":2,"featured_media":0,"parent":3689,"menu_order":11,"comment_status":"open","ping_status":"closed","template":"","meta":[],"_links":{"self":[{"href":"https:\/\/old.libradio.org\/index.php?rest_route=\/wp\/v2\/pages\/215"}],"collection":[{"href":"https:\/\/old.libradio.org\/index.php?rest_route=\/wp\/v2\/pages"}],"about":[{"href":"https:\/\/old.libradio.org\/index.php?rest_route=\/wp\/v2\/types\/page"}],"author":[{"embeddable":true,"href":"https:\/\/old.libradio.org\/index.php?rest_route=\/wp\/v2\/users\/2"}],"replies":[{"embeddable":true,"href":"https:\/\/old.libradio.org\/index.php?rest_route=%2Fwp%2Fv2%2Fcomments&post=215"}],"version-history":[{"count":44,"href":"https:\/\/old.libradio.org\/index.php?rest_route=\/wp\/v2\/pages\/215\/revisions"}],"predecessor-version":[{"id":3740,"href":"https:\/\/old.libradio.org\/index.php?rest_route=\/wp\/v2\/pages\/215\/revisions\/3740"}],"up":[{"embeddable":true,"href":"https:\/\/old.libradio.org\/index.php?rest_route=\/wp\/v2\/pages\/3689"}],"wp:attachment":[{"href":"https:\/\/old.libradio.org\/index.php?rest_route=%2Fwp%2Fv2%2Fmedia&parent=215"}],"curies":[{"name":"wp","href":"https:\/\/api.w.org\/{rel}","templated":true}]}}