{"id":3162,"date":"2017-05-09T00:22:26","date_gmt":"2017-05-08T23:22:26","guid":{"rendered":"http:\/\/old.libradio.org\/?page_id=3162"},"modified":"2020-01-06T06:53:51","modified_gmt":"2020-01-06T05:53:51","slug":"onda-lissi","status":"publish","type":"page","link":"https:\/\/old.libradio.org\/?page_id=3162","title":{"rendered":"Radio Lissignol"},"content":{"rendered":"<hr \/>\n<p><strong>Les Rencontres du Lissignol 8, se tiennent \u00e0 la rue \u00e9ponyme \u00e0 Gen\u00e8ve. \u00ab\u00a0Les incontr\u00f4l\u00e9\u00b7e\u00b7s\u00a0\u00bb, collectif d&rsquo;organisation poreux en appelle \u00e0 tes suggestions et ta participation. Organisons, parlons; op\u00e9rons ensemble!<\/strong><\/p>\n<hr \/>\n<p><a href=\"https:\/\/old.libradio.org\/wp-content\/uploads\/2017\/05\/ondalissi.jpg\"><img decoding=\"async\" loading=\"lazy\" src=\"https:\/\/old.libradio.org\/wp-content\/uploads\/2017\/05\/ondalissi.jpg\" alt=\"ondalissi\" width=\"810\" height=\"292\" class=\"alignright size-full wp-image-3203\" \/><\/a><\/p>\n<p>&nbsp;<\/p>\n<h3>Pr\u00e9parer une bouffe pop ensemble? Proposer des invit\u00e9.e.s ou un th\u00e8me? D\u00e9guster un met tout en saisissant une id\u00e9e? Des pratiques autogestionnaires, dialectiques et bienveillantes.<br \/>\nTout est possible et ouvert \u00e0 tou.te.s! Bienvenue!<\/h3>\n<p>&nbsp;<br \/>\nCi-dessous les podcast des causeries. Remaques, questions, etc: info@libradio.org<\/p>\n<p><a href=\"https:\/\/old.libradio.org\/wp-content\/uploads\/2017\/05\/lissibando.png\"><img decoding=\"async\" loading=\"lazy\" class=\"aligncenter size-full wp-image-3163\" src=\"https:\/\/old.libradio.org\/wp-content\/uploads\/2017\/05\/lissibando.png\" alt=\"lissibando\" width=\"737\" height=\"108\" \/><\/a><\/p>\n<p>Deux Jingles d\u00e9di\u00e9s.<\/p>\n<p><!--[if lt IE 9]><script>document.createElement('audio');<\/script><![endif]-->\n<audio class=\"wp-audio-shortcode\" id=\"audio-3162-1\" preload=\"none\" style=\"width: 100%;\" controls=\"controls\"><source type=\"audio\/mpeg\" src=\"https:\/\/old.libradio.org\/wp-content\/uploads\/2017\/05\/Jignlelissi1.mp3?_=1\" \/><a href=\"https:\/\/old.libradio.org\/wp-content\/uploads\/2017\/05\/Jignlelissi1.mp3\">https:\/\/old.libradio.org\/wp-content\/uploads\/2017\/05\/Jignlelissi1.mp3<\/a><\/audio><br \/>\n&nbsp;<br \/>\n<audio class=\"wp-audio-shortcode\" id=\"audio-3162-2\" preload=\"none\" style=\"width: 100%;\" controls=\"controls\"><source type=\"audio\/mpeg\" src=\"https:\/\/old.libradio.org\/wp-content\/uploads\/2017\/05\/Jignlelissi2.mp3?_=2\" \/><a href=\"https:\/\/old.libradio.org\/wp-content\/uploads\/2017\/05\/Jignlelissi2.mp3\">https:\/\/old.libradio.org\/wp-content\/uploads\/2017\/05\/Jignlelissi2.mp3<\/a><\/audio><\/p>\n<p><a href=\"https:\/\/old.libradio.org\/wp-content\/uploads\/2017\/05\/ff451.jpg\"><img decoding=\"async\" loading=\"lazy\" src=\"https:\/\/old.libradio.org\/wp-content\/uploads\/2017\/05\/ff451.jpg\" alt=\"Badge F451.1\" width=\"142\" height=\"142\" class=\"alignright size-full wp-image-3198\" \/><\/a><br \/>\nFahrenheit 451 Librairie anarchiste. 24,r. Voltaire \u00e0 Gen\u00e8ve,<br \/>\n[<a href=\"http:\/\/www.fahrenheit451.ch\" target=\"_blank\"><strong>www.fahrenheit451.ch<\/strong><\/a>]<br \/>\n&nbsp;<\/p>\n<hr>\n<p>Podcast des causeries:<\/p>\n<hr>\n<li>Rencontre du 07.12.2018. \u00ab\u00a0Utilisation de l&rsquo;argent pour la fin de l&rsquo;argent\u00a0\u00bb. Par Alexandra, Daniel et Marc.  Accours dire tes exp\u00e9riences hors-capitalisme et \u00e9couter celles recens\u00e9es. R\u00e9alisons un rhizome op\u00e9rationnel pour en sortir enfin durablement&#8230;<\/li>\n<p><audio class=\"wp-audio-shortcode\" id=\"audio-3162-3\" preload=\"none\" style=\"width: 100%;\" controls=\"controls\"><source type=\"audio\/mpeg\" src=\"https:\/\/old.libradio.org\/wp-content\/uploads\/2018\/12\/podcast-Lissignol-1.mp3?_=3\" \/><a href=\"https:\/\/old.libradio.org\/wp-content\/uploads\/2018\/12\/podcast-Lissignol-1.mp3\">https:\/\/old.libradio.org\/wp-content\/uploads\/2018\/12\/podcast-Lissignol-1.mp3<\/a><\/audio><br \/>\n<a href=\"https:\/\/old.libradio.org\/wp-content\/uploads\/2018\/12\/image-conf.jpg\"><img decoding=\"async\" loading=\"lazy\" src=\"https:\/\/old.libradio.org\/wp-content\/uploads\/2018\/12\/image-conf-212x300.jpg\" alt=\"\" width=\"212\" height=\"300\" class=\"aligncenter size-medium wp-image-4994\" srcset=\"https:\/\/old.libradio.org\/wp-content\/uploads\/2018\/12\/image-conf-212x300.jpg 212w, https:\/\/old.libradio.org\/wp-content\/uploads\/2018\/12\/image-conf.jpg 595w\" sizes=\"(max-width: 212px) 100vw, 212px\" \/><\/a><\/p>\n<hr>\n<li>Rencontre du 16.11.2018. \u00ab\u00a0L&rsquo;antif\u00e9minisme n&rsquo;est pas l&rsquo;exclusivit\u00e9 de la droite\u00a0\u00bb. Par M\u00e9lissa BLAIS et Adela\u00efde JORIS.<br \/>\nAvancer cach\u00e9. Dans l\u2019ombre ou sous couvert, les attitudes antif\u00e9ministes recouvrent \u00e9galement des formulations sibyllines. Un brin d\u2019autocritique et un point lucide et s\u00e9rieux pour sortir de l\u2019ambigu\u00eft\u00e9 ou de la duplicit\u00e9.Sous pr\u00e9texte de \u00ab\u00a0crise de la masculinit\u00e9\u00a0\u00bb ou dissimul\u00e9 derri\u00e8re des postures, l\u2019antif\u00e9minisme a cours bien plus loin que dans les cercles r\u00e9actionnaires. Il s\u2019agit de d\u00e9construire ces discours ambigus et d\u2019en d\u00e9busquer les postures pernicieuses.<\/li>\n<p>&nbsp;<br \/>\n<audio class=\"wp-audio-shortcode\" id=\"audio-3162-4\" preload=\"none\" style=\"width: 100%;\" controls=\"controls\"><source type=\"audio\/mpeg\" src=\"https:\/\/old.libradio.org\/wp-content\/uploads\/2018\/11\/Lissi161118_Master.mp3?_=4\" \/><a href=\"https:\/\/old.libradio.org\/wp-content\/uploads\/2018\/11\/Lissi161118_Master.mp3\">https:\/\/old.libradio.org\/wp-content\/uploads\/2018\/11\/Lissi161118_Master.mp3<\/a><\/audio><br \/>\n<a href=\"https:\/\/old.libradio.org\/wp-content\/uploads\/2018\/11\/Affiche-16.11.18.jpg\"><img decoding=\"async\" loading=\"lazy\" src=\"https:\/\/old.libradio.org\/wp-content\/uploads\/2018\/11\/Affiche-16.11.18-212x300.jpg\" alt=\"\" width=\"212\" height=\"300\" class=\"aligncenter size-medium wp-image-4899\" srcset=\"https:\/\/old.libradio.org\/wp-content\/uploads\/2018\/11\/Affiche-16.11.18-212x300.jpg 212w, https:\/\/old.libradio.org\/wp-content\/uploads\/2018\/11\/Affiche-16.11.18.jpg 595w\" sizes=\"(max-width: 212px) 100vw, 212px\" \/><\/a><\/p>\n<hr>\n<p><em>The Red Pill est un film documentaire am\u00e9ricain de 2016 r\u00e9alis\u00e9 par Cassie Jay. Le film explore les mouvements pour le droits des hommes, Jaye ayant pass\u00e9 un an a filmer les leaders et adh\u00e9rents \u00e0 ces mouvements. The Red Pill a fait sa premi\u00e8re le 7 octobre 2017 au Cinema Village de New York City, suivi par plusieurs repr\u00e9sentations uniques \u00e0 l&rsquo;internationale. Le film a \u00e9t\u00e9 publi\u00e9 en DVD et blu-ray le 7 mars 2017 par Gravitas Ventures. Des controverses sur le documentaire ont provoqu\u00e9 certaines protestations et annulations des repr\u00e9sentations du film.<br \/>\n<strong><a href=\"https:\/\/rutube.ru\/video\/bd2dd2af4b18083c620eacf7448e0114\/\" rel=\"noopener\" target=\"_blank\">PART1<\/a>|<a href=\"https:\/\/rutube.ru\/video\/3c1e6a00456d263a11a67b5ca5934198\/\" rel=\"noopener\" target=\"_blank\">PART2<\/a>|<a href=\"https:\/\/rutube.ru\/video\/982ff55bedc30117eba251c2751acfbd\/\" rel=\"noopener\" target=\"_blank\">PART3<\/a><\/strong><br \/>\nPolytechnique est un film qu\u00e9b\u00e9cois r\u00e9alis\u00e9 par Denis Villeneuve sorti en 2009. Le film est fond\u00e9 sur les faits r\u00e9els de la tuerie de l&rsquo;\u00c9cole polytechnique de Montr\u00e9al qui a eu lieu le 6 d\u00e9cembre 1989 au Qu\u00e9bec. <a href=\"http:\/\/wwv.french-stream.co\/946-polytechnique-streaming.html\" rel=\"noopener\" target=\"_blank\"><strong>ICI<\/strong><\/a>. Il raconte l\u2019histoire de la tuerie v\u00e9cue par deux \u00e9tudiant\u00b7e\u00b7s, Val\u00e9rie et Jean-Fran\u00e7ois, dont la vie a bascul\u00e9 apr\u00e8s qu\u2019un jeune homme se fut introduit dans l\u2019\u00e9cole afin de tuer le plus de femmes possible avant de se suicider. Le film est bas\u00e9 sur les t\u00e9moignages des survivant\u00b7e\u00b7s du drame.<br \/>\n<\/em><\/p>\n<hr>\n<li>Rencontre du 02.11.2018. \u00ab\u00a0Les black blocs, 20 apr\u00e8s Seattle\u00a0\u00bb. Par Francis Dupuis-D\u00e9ri.<br \/>\nPodcast de l&rsquo;intervention de l&rsquo;auteur de: \u00ab\u00a0Les black blocs, la libert\u00e9 et l&rsquo;\u00e9galit\u00e9 se manifestent\u00a0\u00bb. Paru aux \u00e9dition Lux, nouvelle \u00e9dition augment\u00e9e, 2016. Disponible \u00e0 la Librairie Fahrenheit 451, rue Voltaire 24 \u00e0 Gen\u00e8ve. [www.fahrenheit451.ch]. Puis mot quant aux Rencontres du Lissignol 8 et br\u00e8ve annonce de la prochaine session du 16 novembre sur l&rsquo;antif\u00e9minisme en milieu de gauche&#8230;<br \/>\nInterventions du public non enregistr\u00e9es.<\/li>\n<p>&nbsp;<br \/>\n<audio class=\"wp-audio-shortcode\" id=\"audio-3162-5\" preload=\"none\" style=\"width: 100%;\" controls=\"controls\"><source type=\"audio\/mpeg\" src=\"https:\/\/old.libradio.org\/wp-content\/uploads\/2018\/11\/lissi_fdd_Master.mp3?_=5\" \/><a href=\"https:\/\/old.libradio.org\/wp-content\/uploads\/2018\/11\/lissi_fdd_Master.mp3\">https:\/\/old.libradio.org\/wp-content\/uploads\/2018\/11\/lissi_fdd_Master.mp3<\/a><\/audio><br \/>\n&nbsp;<br \/>\n<a href=\"https:\/\/old.libradio.org\/wp-content\/uploads\/2018\/11\/Affiche-2.11.18.jpg\"><img decoding=\"async\" loading=\"lazy\" src=\"https:\/\/old.libradio.org\/wp-content\/uploads\/2018\/11\/Affiche-2.11.18-212x300.jpg\" alt=\"\" width=\"212\" height=\"300\" class=\"aligncenter size-medium wp-image-4818\" srcset=\"https:\/\/old.libradio.org\/wp-content\/uploads\/2018\/11\/Affiche-2.11.18-212x300.jpg 212w, https:\/\/old.libradio.org\/wp-content\/uploads\/2018\/11\/Affiche-2.11.18.jpg 595w\" sizes=\"(max-width: 212px) 100vw, 212px\" \/><\/a><\/p>\n<hr>\n<li>Rencontre du 29.06.2018. Mai 68, des t\u00e9moins racontent. A Gen\u00e8ve, en Suisse romande qu&rsquo;en fut-il et qu&rsquo;en reste-t-il. Et maintenant?[podcast d\u00e9di\u00e9s: <strong><a href=\"http:\/\/audioblog.arteradio.com\/post\/3086993\/rencontre_lissignol_mai68_a_geneve1\/\" rel=\"noopener\" target=\"_blank\">PART.1<\/a> | <a href=\"http:\/\/audioblog.arteradio.com\/post\/3086994\/rencontre_lissignol_mai68_a_geneve2\/\" rel=\"noopener\" target=\"_blank\">PART.2<\/a> | <a href=\"http:\/\/audioblog.arteradio.com\/post\/3086995\/rencontre_lissignol_mai68_a_geneve3\/\" rel=\"noopener\" target=\"_blank\">PART.3<\/a><\/strong>]<\/li>\n<p><a href=\"https:\/\/old.libradio.org\/wp-content\/uploads\/2018\/07\/Affiche-29.6.18-Mai-68.jpg\"><img decoding=\"async\" loading=\"lazy\" src=\"https:\/\/old.libradio.org\/wp-content\/uploads\/2018\/07\/Affiche-29.6.18-Mai-68-212x300.jpg\" alt=\"\" width=\"212\" height=\"300\" class=\"aligncenter size-medium wp-image-4474\" srcset=\"https:\/\/old.libradio.org\/wp-content\/uploads\/2018\/07\/Affiche-29.6.18-Mai-68-212x300.jpg 212w, https:\/\/old.libradio.org\/wp-content\/uploads\/2018\/07\/Affiche-29.6.18-Mai-68.jpg 595w\" sizes=\"(max-width: 212px) 100vw, 212px\" \/><\/a><\/p>\n<hr>\n<li>Rencontre du 08.06.2018. Science-Fiction et Anarchisme. Utopie et dystopies. Que dit la SF de l\u2019Anarchisme et inversement&#8230;[podcast d\u00e9di\u00e9s: <strong><a href=\"http:\/\/audioblog.arteradio.com\/post\/3086991\/rencontre_lissignol_sf-anarchisme_1\/\" rel=\"noopener\" target=\"_blank\">PART.1, intro<\/a> | <a href=\"http:\/\/audioblog.arteradio.com\/post\/3086992\/rencontre_lissignol_sf-anarchisme_2\/\" rel=\"noopener\" target=\"_blank\">PART.2, causerie<\/a><\/strong>]<\/li>\n<p><a href=\"https:\/\/old.libradio.org\/wp-content\/uploads\/2018\/07\/Affiche-8.6.18.jpg\"><img decoding=\"async\" loading=\"lazy\" src=\"https:\/\/old.libradio.org\/wp-content\/uploads\/2018\/07\/Affiche-8.6.18-212x300.jpg\" alt=\"\" width=\"212\" height=\"300\" class=\"aligncenter size-medium wp-image-4471\" srcset=\"https:\/\/old.libradio.org\/wp-content\/uploads\/2018\/07\/Affiche-8.6.18-212x300.jpg 212w, https:\/\/old.libradio.org\/wp-content\/uploads\/2018\/07\/Affiche-8.6.18.jpg 595w\" sizes=\"(max-width: 212px) 100vw, 212px\" \/><\/a> <\/p>\n<hr>\n<li>Rencontre du 27.04.2018. IWW-Industrial Workers of the World, syndicat r\u00e9volutionnaire, section JAM-Jura Alpes et Mitteland. Podcast <strong><a href=\"http:\/\/audioblog.arteradio.com\/post\/3085301\/rencontres_du_lissignol__iww__p_1\/\" rel=\"noopener\" target=\"_blank\">PART.1<\/a> | <a href=\"http:\/\/audioblog.arteradio.com\/post\/3085302\/rencontres_du_lissignol__iww_p_2\/\" rel=\"noopener\" target=\"_blank\">PART.2<\/a><\/strong><\/li>\n<p><a href=\"https:\/\/old.libradio.org\/wp-content\/uploads\/2018\/04\/Affiche-27.4.18.jpg\"><img decoding=\"async\" loading=\"lazy\" src=\"https:\/\/old.libradio.org\/wp-content\/uploads\/2018\/04\/Affiche-27.4.18-212x300.jpg\" alt=\"\" width=\"212\" height=\"300\" class=\"aligncenter size-medium wp-image-4057\" srcset=\"https:\/\/old.libradio.org\/wp-content\/uploads\/2018\/04\/Affiche-27.4.18-212x300.jpg 212w, https:\/\/old.libradio.org\/wp-content\/uploads\/2018\/04\/Affiche-27.4.18.jpg 595w\" sizes=\"(max-width: 212px) 100vw, 212px\" \/><\/a><\/p>\n<\/ul>\n<hr>\n<li>Rencontre du 16 mars 2018. Troisi\u00e8me partie autour de la critique de la Fabrication du Consentement. <strong><a href=\"http:\/\/audioblog.arteradio.com\/post\/3085322\/rencontres_du_lissignol_8\/\" rel=\"noopener\" target=\"_blank\">PODCAST<\/a><\/strong>.<\/li>\n<p><a href=\"https:\/\/old.libradio.org\/wp-content\/uploads\/2018\/04\/lissi_Affiche_16.3.18.jpg\"><img decoding=\"async\" loading=\"lazy\" src=\"https:\/\/old.libradio.org\/wp-content\/uploads\/2018\/04\/lissi_Affiche_16.3.18-212x300.jpg\" alt=\"\" width=\"212\" height=\"300\" class=\"aligncenter size-medium wp-image-4056\" srcset=\"https:\/\/old.libradio.org\/wp-content\/uploads\/2018\/04\/lissi_Affiche_16.3.18-212x300.jpg 212w, https:\/\/old.libradio.org\/wp-content\/uploads\/2018\/04\/lissi_Affiche_16.3.18.jpg 595w\" sizes=\"(max-width: 212px) 100vw, 212px\" \/><\/a>\n<\/ul>\n<hr>\n<li>Rencontre du 02.03.2018<\/li>\n<p><strong><a href=\"http:\/\/audioblog.arteradio.com\/post\/3084094\/02_03_2018_lissignol_8-part_i\/\" target=\"_blank\">Premi\u00e8re partie<\/a> (28&prime;)<\/strong>: pr\u00e9sentation et introduction par un collage audio.<br \/>\n<strong><a href=\"http:\/\/audioblog.arteradio.com\/post\/3084095\/02_03_2018_lissignol_8-part_ii\/\" target=\"_blank\">Deuxi\u00e8me partie<\/a> (86&prime;)<\/strong>: \u00e9changes dialectiques.<br \/>\n<a href=\"https:\/\/old.libradio.org\/wp-content\/uploads\/2017\/05\/Lissi_Affiche-2.3.18.jpg\"><img decoding=\"async\" loading=\"lazy\" src=\"https:\/\/old.libradio.org\/wp-content\/uploads\/2017\/05\/Lissi_Affiche-2.3.18-212x300.jpg\" alt=\"Lissi_Affiche 2.3.18\" width=\"212\" height=\"300\" class=\"aligncenter size-medium wp-image-3783\" srcset=\"https:\/\/old.libradio.org\/wp-content\/uploads\/2017\/05\/Lissi_Affiche-2.3.18-212x300.jpg 212w, https:\/\/old.libradio.org\/wp-content\/uploads\/2017\/05\/Lissi_Affiche-2.3.18.jpg 595w\" sizes=\"(max-width: 212px) 100vw, 212px\" \/><\/a>\n<\/ul>\n<hr>\n<li>Causerie du 02.02.2018.<\/li>\n<ul>\nPremi\u00e8re partie: pr\u00e9sentation de la soir\u00e9e puis captation du collage vid\u00e9o comme pr\u00e9ambule \u00e0 la discussion. <strong><a href=\"http:\/\/audioblog.arteradio.com\/post\/3083425\/02_02_2018_lissignol_8__part_1\/\" target=\"_blank\">ICI<\/a><\/strong> (40&prime;).<\/ul>\n<ul>\nDeuxi\u00e8me partie: discussions tous azimuts apr\u00e8s une courte mise en route par R. <strong><a href=\"http:\/\/audioblog.arteradio.com\/post\/3083426\/02_02_2018_lissignol_8__part_2\/\" target=\"_blank\">ICI<\/a><\/strong> (82&prime;).<\/ul>\n<p><a href=\"https:\/\/old.libradio.org\/wp-content\/uploads\/2017\/05\/Lissi_Affiche-2.2.18.jpg\"><img decoding=\"async\" loading=\"lazy\" src=\"https:\/\/old.libradio.org\/wp-content\/uploads\/2017\/05\/Lissi_Affiche-2.2.18-212x300.jpg\" alt=\"Lissi_Affiche 2.2.18\" width=\"212\" height=\"300\" class=\"aligncenter size-medium wp-image-3598\" srcset=\"https:\/\/old.libradio.org\/wp-content\/uploads\/2017\/05\/Lissi_Affiche-2.2.18-212x300.jpg 212w, https:\/\/old.libradio.org\/wp-content\/uploads\/2017\/05\/Lissi_Affiche-2.2.18.jpg 595w\" sizes=\"(max-width: 212px) 100vw, 212px\" \/><\/a><\/p>\n<hr>\n<li>Causerie du 15.12.2017. En cours de montage.<\/li>\n<p><a href=\"https:\/\/old.libradio.org\/wp-content\/uploads\/2017\/05\/Lissi_Affiche-15.12.17.jpg\"><img decoding=\"async\" loading=\"lazy\" src=\"https:\/\/old.libradio.org\/wp-content\/uploads\/2017\/05\/Lissi_Affiche-15.12.17-212x300.jpg\" alt=\"Lissi_Affiche 15.12.17\" width=\"212\" height=\"300\" class=\"aligncenter size-medium wp-image-3599\" srcset=\"https:\/\/old.libradio.org\/wp-content\/uploads\/2017\/05\/Lissi_Affiche-15.12.17-212x300.jpg 212w, https:\/\/old.libradio.org\/wp-content\/uploads\/2017\/05\/Lissi_Affiche-15.12.17.jpg 595w\" sizes=\"(max-width: 212px) 100vw, 212px\" \/><\/a><\/p>\n<hr>\n<li>29.09.2017|\u00a0\u00bbL&rsquo;\u00c9cologie Sociale, changer le syst\u00e8me pas le climat\u00a0\u00bb. <a href=\"http:\/\/audioblog.arteradio.com\/post\/3081122\/lissignol_8_ecologie_sociale__itw_\/\" target=\"_blank\"><strong>Interview<\/strong><\/a> de Vincent Gerber et Flor\u00e9al Rom\u00e9ro, intervenants de la soir\u00e9e. Causerie du soir. <strong><a href=\"http:\/\/audioblog.arteradio.com\/post\/3081125\/lissignol_8_ecologie_sociale_part_1\/\" target=\"_blank\">1\u00e8re partie<\/a><\/strong>. <strong><a href=\"http:\/\/audioblog.arteradio.com\/post\/3081124\/lissignol_8_ecologie_sociale_part_2\/\" target=\"_blank\">2\u00e8me partie<\/a><\/strong>. <strong><a href=\"http:\/\/audioblog.arteradio.com\/post\/3081123\/lissignol_8_ecologie_sociale_part_3\/\" target=\"_blank\">3\u00e8me partie<\/a><\/strong>.<\/li>\n<p>Rencontre avec <a href=\"https:\/\/www.youtube.com\/watch?v=G3j6vb3RMkA&#038;feature=em-uploademail\" rel=\"noopener\" target=\"_blank\"><strong>Flor\u00e9al Romero<\/strong><\/a> \u00e0 Toulouse au caf\u00e9 associatif culturel et politique Itin\u00e9raire Bis, le 5 f\u00e9vrier 2019.<br \/>\n&nbsp;<\/p>\n<p><a href=\"https:\/\/old.libradio.org\/wp-content\/uploads\/2014\/09\/Affiche-29.9.17.jpg\"><img decoding=\"async\" loading=\"lazy\" src=\"https:\/\/old.libradio.org\/wp-content\/uploads\/2014\/09\/Affiche-29.9.17-212x300.jpg\" alt=\"Affiche 29.9.17\" width=\"212\" height=\"300\" class=\"alignleft size-medium wp-image-3372\" srcset=\"https:\/\/old.libradio.org\/wp-content\/uploads\/2014\/09\/Affiche-29.9.17-212x300.jpg 212w, https:\/\/old.libradio.org\/wp-content\/uploads\/2014\/09\/Affiche-29.9.17.jpg 595w\" sizes=\"(max-width: 212px) 100vw, 212px\" \/><\/a><br \/>\n&nbsp;<br \/>\n&nbsp;<br \/>\n&nbsp;<br \/>\n&nbsp;<br \/>\n&nbsp;<br \/>\n&nbsp;<br \/>\n&nbsp;<br \/>\n&nbsp;<br \/>\n&nbsp;<br \/>\n&nbsp;<\/p>\n<hr>\n<li>22.09.2017|Le Front Polisario. La R\u00e9sistance pacifique au Sahara occidental occup\u00e9. <a href=\"http:\/\/audioblog.arteradio.com\/post\/3081028\/lissignol_8_front_polisario__intro_\/\" target=\"_blank\"><strong>Introduction du sujet<\/strong><\/a>.| <a href=\"http:\/\/audioblog.arteradio.com\/post\/3081048\/lissignol_8_front_polisario__part_1\/\" target=\"_blank\"><strong>Partie 1, interventions des d\u00e9l\u00e9gu\u00e9\u00b7e\u00b7s<\/strong><\/a>.| <a href=\"http:\/\/audioblog.arteradio.com\/post\/3081049\/lissignol_8_front_polisario__part_2\/\" target=\"_blank\"><strong>Partie 2, questions-r\u00e9ponses<\/strong><\/a>.<\/li>\n<p>&nbsp;<\/p>\n<p><a href=\"https:\/\/old.libradio.org\/wp-content\/uploads\/2017\/05\/Affiche-22.9.17.jpg\"><img decoding=\"async\" loading=\"lazy\" src=\"https:\/\/old.libradio.org\/wp-content\/uploads\/2017\/05\/Affiche-22.9.17-212x300.jpg\" alt=\"Affiche 22.9.17\" width=\"212\" height=\"300\" class=\"alignleft size-medium wp-image-3361\" srcset=\"https:\/\/old.libradio.org\/wp-content\/uploads\/2017\/05\/Affiche-22.9.17-212x300.jpg 212w, https:\/\/old.libradio.org\/wp-content\/uploads\/2017\/05\/Affiche-22.9.17.jpg 595w\" sizes=\"(max-width: 212px) 100vw, 212px\" \/><\/a><br \/>\n&nbsp;<br \/>\n&nbsp;<br \/>\n&nbsp;<br \/>\n&nbsp;<br \/>\n&nbsp;<br \/>\n&nbsp;<br \/>\n&nbsp;<br \/>\n&nbsp;<br \/>\n&nbsp;<br \/>\n&nbsp;<br \/>\n&nbsp;<\/p>\n<hr \/>\n<p>Pr\u00e9sentation des Causerie par des incontr\u00f4l\u00e9s et programme inaugural du vendredi 02 d\u00e9cembre 2016: Sergio Ghirardi autour des pratiques du Municipalisme Libertaire exprim\u00e9 par Murray Bookchin qui inspire actuellement les r\u00e9sistant.es.s kurdes au Rojava. <a href=\"https:\/\/www.mixcloud.com\/LibrAdio\/le-collctif-lincontr%C3%B4lable\/\" target=\"_blank\"><strong>Podcast 20&prime;<\/strong><\/a>.<br \/>\n&nbsp;<\/p>\n<ul>\n<li>22.09.2017|Le Front Polisario. La R\u00e9sistance pacifique au Sahara occidental occup\u00e9. <a href=\"http:\/\/audioblog.arteradio.com\/post\/3081028\/lissignol_8_front_polisario__intro_\/\" target=\"_blank\"><strong>Introduction du sujet<\/strong><\/a>.| <a href=\"http:\/\/audioblog.arteradio.com\/post\/3081048\/lissignol_8_front_polisario__part_1\/\" target=\"_blank\"><strong>Partie 1, interventions des d\u00e9l\u00e9gu\u00e9\u00b7e\u00b7s<\/strong><\/a>.| <a href=\"http:\/\/audioblog.arteradio.com\/post\/3081049\/lissignol_8_front_polisario__part_2\/\" target=\"_blank\"><strong>Partie 2, questions-r\u00e9ponses<\/strong><\/a>.<\/li>\n<\/ul>\n<ul>\n<li>05.05.2017|<a href=\"http:\/\/audioblog.arteradio.com\/post\/3078406\/les_rencontres_du_lissignol___contre_le_leviathan__contre_son_histoire__\/\" target=\"_blank\"><strong>Podcast 47&rsquo;12<\/strong><\/a>|Contre le L\u00e9viathan, contre son histoire. En compagnie des \u00e9diteurs [L&rsquo;\u00e2ne alphabet].<\/li>\n<\/ul>\n<ul>\n<li>28.04.2017|<a href=\"http:\/\/audioblog.arteradio.com\/post\/3078227\/rencontres_de_lissignol__francis_dupuis-deri_\/\" target=\"_blank\"><strong>Podcast 34&rsquo;21<\/strong><\/a>|La Peur du Peuple, agoraphobies et agoraphilies politiques. En compagnie de Francis Dupuis-D\u00e9ri, auteur.<\/li>\n<\/ul>\n<ul>\n<li>31.03.2017|<strong><a href=\"http:\/\/audioblog.arteradio.com\/post\/3077304\/i_w_w__one_big_union_\/\" target=\"_blank\">Podcast entretien 34&rsquo;27<\/a><\/strong>|<a href=\"https:\/\/www.mixcloud.com\/LibrAdio\/iww-soir%C3%A9e-de-pr%C3%A9sentation-du-31032017-%C3%A0-gen%C3%A8ve\/\" target=\"_blank\"><strong>Podcast soir\u00e9e 23&prime;<\/strong><\/a>|Industrial Workers of the World, un syndicalisme r\u00e9volutionnaire. En compagnie de Vanessa, membre des IWW-JAM (suisse).<\/li>\n<\/ul>\n<ul>\n<li>.03.2017|<a href=\"http:\/\/audioblog.arteradio.com\/post\/3076677\/andre_bosiger__souvenirs_d_un_rebelle__part__i\/\" target=\"_blank\"><strong>Part.1 45&rsquo;39<\/strong><\/a>|<a href=\"http:\/\/audioblog.arteradio.com\/post\/3076678\/andre_bosiger__souvenirs_d_un_rebelle__part__ii\/\" target=\"_blank\"><strong>Part.2 29&rsquo;42<\/strong><\/a>|Vernissage de la r\u00e9\u00e9dition du livre \u00ab\u00a0Souvenirs d&rsquo;un Rebelle\u00a0\u00bb d&rsquo;Andr\u00e9 B\u00f6siger. En compagnie de Ariane Mi\u00e9ville, pr\u00e9faci\u00e8re.<\/li>\n<\/ul>\n<ul>\n<li>03.03.2017|<a href=\"http:\/\/audioblog.arteradio.com\/post\/3076749\/geopolitique_de_la_bosnie-herzegovine\/\" target=\"_blank\"><strong>Podcast 48&rsquo;41<\/strong><\/a>|Bosnie-Herz\u00e9govine, la Marche pour la paix face au risque d&rsquo;\u00e9clatement. En compagnie d&rsquo;Ivar Petterson, de Solidarit\u00e9 Bosnie.<\/li>\n<\/ul>\n<ul>\n<li>03.02.2017|Podcast <a href=\"http:\/\/audioblog.arteradio.com\/post\/3076136\/supermarche_participatif_paysan_p_1\/\" target=\"_blank\"><strong>Part.1 24&rsquo;14<\/strong><\/a>|<a href=\"http:\/\/audioblog.arteradio.com\/post\/3076137\/supermarche_participatif_paysan_p_2\/\" target=\"_blank\"><strong>Part.2 50&rsquo;01<\/strong><\/a>|Les m\u00e9andres de la grande distribution cachent-ils un retour de l\u2019esclavage? En compagnie de Reto Cadotsch, du Supermarch\u00e9 participatif paysan des Vergers.<\/li>\n<\/ul>\n<ul>\n<li>02.12.2016|Podcast sous peu|Au del\u00e0 de la raret\u00e9, le municipalisme libertaire.En compagnie de Sergio Ghirardi, philosophe libertaire.\n\t\t<style type=\"text\/css\">\n\t\t\t#gallery-1 {\n\t\t\t\tmargin: auto;\n\t\t\t}\n\t\t\t#gallery-1 .gallery-item {\n\t\t\t\tfloat: left;\n\t\t\t\tmargin-top: 10px;\n\t\t\t\ttext-align: center;\n\t\t\t\twidth: 33%;\n\t\t\t}\n\t\t\t#gallery-1 img {\n\t\t\t\tborder: 2px solid #cfcfcf;\n\t\t\t}\n\t\t\t#gallery-1 .gallery-caption {\n\t\t\t\tmargin-left: 0;\n\t\t\t}\n\t\t\t\/* see gallery_shortcode() in wp-includes\/media.php *\/\n\t\t<\/style>\n\t\t<div id='gallery-1' class='gallery galleryid-3162 gallery-columns-3 gallery-size-medium'><dl class='gallery-item'>\n\t\t\t<dt class='gallery-icon portrait'>\n\t\t\t\t<a href='https:\/\/old.libradio.org\/?attachment_id=3174#main'><img width=\"222\" height=\"300\" src=\"https:\/\/old.libradio.org\/wp-content\/uploads\/2017\/05\/lissi5-222x300.png\" class=\"attachment-medium size-medium\" alt=\"\" decoding=\"async\" loading=\"lazy\" srcset=\"https:\/\/old.libradio.org\/wp-content\/uploads\/2017\/05\/lissi5-222x300.png 222w, https:\/\/old.libradio.org\/wp-content\/uploads\/2017\/05\/lissi5.png 394w\" sizes=\"(max-width: 222px) 100vw, 222px\" \/><\/a>\n\t\t\t<\/dt><\/dl><dl class='gallery-item'>\n\t\t\t<dt class='gallery-icon portrait'>\n\t\t\t\t<a href='https:\/\/old.libradio.org\/?attachment_id=3181#main'><img width=\"212\" height=\"300\" src=\"https:\/\/old.libradio.org\/wp-content\/uploads\/2017\/05\/lisisi-212x300.jpg\" class=\"attachment-medium size-medium\" alt=\"\" decoding=\"async\" loading=\"lazy\" srcset=\"https:\/\/old.libradio.org\/wp-content\/uploads\/2017\/05\/lisisi-212x300.jpg 212w, https:\/\/old.libradio.org\/wp-content\/uploads\/2017\/05\/lisisi.jpg 595w\" sizes=\"(max-width: 212px) 100vw, 212px\" \/><\/a>\n\t\t\t<\/dt><\/dl><dl class='gallery-item'>\n\t\t\t<dt class='gallery-icon portrait'>\n\t\t\t\t<a href='https:\/\/old.libradio.org\/?attachment_id=3182#main'><img width=\"212\" height=\"300\" src=\"https:\/\/old.libradio.org\/wp-content\/uploads\/2017\/05\/Soir\u00e9e-IWW-31.3.17-212x300.jpg\" class=\"attachment-medium size-medium\" alt=\"\" decoding=\"async\" loading=\"lazy\" srcset=\"https:\/\/old.libradio.org\/wp-content\/uploads\/2017\/05\/Soir\u00e9e-IWW-31.3.17-212x300.jpg 212w, https:\/\/old.libradio.org\/wp-content\/uploads\/2017\/05\/Soir\u00e9e-IWW-31.3.17.jpg 595w\" sizes=\"(max-width: 212px) 100vw, 212px\" \/><\/a>\n\t\t\t<\/dt><\/dl><br style=\"clear: both\" \/><dl class='gallery-item'>\n\t\t\t<dt class='gallery-icon portrait'>\n\t\t\t\t<a href='https:\/\/old.libradio.org\/?attachment_id=3172#main'><img width=\"212\" height=\"300\" src=\"https:\/\/old.libradio.org\/wp-content\/uploads\/2017\/05\/Affiche-10.3.17-212x300.jpg\" class=\"attachment-medium size-medium\" alt=\"\" decoding=\"async\" loading=\"lazy\" srcset=\"https:\/\/old.libradio.org\/wp-content\/uploads\/2017\/05\/Affiche-10.3.17-212x300.jpg 212w, https:\/\/old.libradio.org\/wp-content\/uploads\/2017\/05\/Affiche-10.3.17.jpg 595w\" sizes=\"(max-width: 212px) 100vw, 212px\" \/><\/a>\n\t\t\t<\/dt><\/dl><dl class='gallery-item'>\n\t\t\t<dt class='gallery-icon portrait'>\n\t\t\t\t<a href='https:\/\/old.libradio.org\/?attachment_id=3171#main'><img width=\"212\" height=\"300\" src=\"https:\/\/old.libradio.org\/wp-content\/uploads\/2017\/05\/Affiche-3.3.17-212x300.jpg\" class=\"attachment-medium size-medium\" alt=\"\" decoding=\"async\" loading=\"lazy\" srcset=\"https:\/\/old.libradio.org\/wp-content\/uploads\/2017\/05\/Affiche-3.3.17-212x300.jpg 212w, https:\/\/old.libradio.org\/wp-content\/uploads\/2017\/05\/Affiche-3.3.17.jpg 595w\" sizes=\"(max-width: 212px) 100vw, 212px\" \/><\/a>\n\t\t\t<\/dt><\/dl><dl class='gallery-item'>\n\t\t\t<dt class='gallery-icon portrait'>\n\t\t\t\t<a href='https:\/\/old.libradio.org\/?attachment_id=3170#main'><img width=\"212\" height=\"300\" src=\"https:\/\/old.libradio.org\/wp-content\/uploads\/2017\/05\/Lissi03f\u00e9vrier-212x300.jpg\" class=\"attachment-medium size-medium\" alt=\"\" decoding=\"async\" loading=\"lazy\" srcset=\"https:\/\/old.libradio.org\/wp-content\/uploads\/2017\/05\/Lissi03f\u00e9vrier-212x300.jpg 212w, https:\/\/old.libradio.org\/wp-content\/uploads\/2017\/05\/Lissi03f\u00e9vrier.jpg 451w\" sizes=\"(max-width: 212px) 100vw, 212px\" \/><\/a>\n\t\t\t<\/dt><\/dl><br style=\"clear: both\" \/><dl class='gallery-item'>\n\t\t\t<dt class='gallery-icon portrait'>\n\t\t\t\t<a href='https:\/\/old.libradio.org\/?attachment_id=3169#main'><img width=\"212\" height=\"300\" src=\"https:\/\/old.libradio.org\/wp-content\/uploads\/2017\/05\/Affiche-Sergio-212x300.jpg\" class=\"attachment-medium size-medium\" alt=\"\" decoding=\"async\" loading=\"lazy\" srcset=\"https:\/\/old.libradio.org\/wp-content\/uploads\/2017\/05\/Affiche-Sergio-212x300.jpg 212w, https:\/\/old.libradio.org\/wp-content\/uploads\/2017\/05\/Affiche-Sergio.jpg 595w\" sizes=\"(max-width: 212px) 100vw, 212px\" \/><\/a>\n\t\t\t<\/dt><\/dl>\n\t\t\t<br style='clear: both' \/>\n\t\t<\/div>\n<br \/>\n&nbsp;<br \/>\n&nbsp;<\/li>\n<\/ul>\n<p>&nbsp;<br \/>\n&nbsp;<\/p>\n<p><a href=\"https:\/\/old.libradio.org\/wp-content\/uploads\/2017\/05\/librr3.png\"><img decoding=\"async\" loading=\"lazy\" src=\"https:\/\/old.libradio.org\/wp-content\/uploads\/2017\/05\/librr3.png\" alt=\"librr3\" width=\"966\" height=\"425\" class=\"alignright size-full wp-image-3206\" srcset=\"https:\/\/old.libradio.org\/wp-content\/uploads\/2017\/05\/librr3.png 966w, https:\/\/old.libradio.org\/wp-content\/uploads\/2017\/05\/librr3-300x132.png 300w, https:\/\/old.libradio.org\/wp-content\/uploads\/2017\/05\/librr3-600x264.png 600w\" sizes=\"(max-width: 966px) 100vw, 966px\" \/><\/a><\/p>\n<p>&nbsp;<br \/>\n&nbsp;<\/p>\n","protected":false},"excerpt":{"rendered":"<p>Les Rencontres du Lissignol 8, se tiennent \u00e0 la rue \u00e9ponyme \u00e0 Gen\u00e8ve. \u00ab\u00a0Les incontr\u00f4l\u00e9\u00b7e\u00b7s\u00a0\u00bb, collectif d&rsquo;organisation poreux en appelle \u00e0 tes suggestions et ta participation. Organisons, parlons; op\u00e9rons ensemble! &nbsp; Pr\u00e9parer une bouffe pop ensemble? Proposer des invit\u00e9.e.s ou un th\u00e8me? D\u00e9guster un met tout en saisissant une id\u00e9e? Des pratiques autogestionnaires, dialectiques et [&hellip;]<\/p>\n","protected":false},"author":2,"featured_media":0,"parent":3689,"menu_order":2,"comment_status":"open","ping_status":"closed","template":"","meta":[],"_links":{"self":[{"href":"https:\/\/old.libradio.org\/index.php?rest_route=\/wp\/v2\/pages\/3162"}],"collection":[{"href":"https:\/\/old.libradio.org\/index.php?rest_route=\/wp\/v2\/pages"}],"about":[{"href":"https:\/\/old.libradio.org\/index.php?rest_route=\/wp\/v2\/types\/page"}],"author":[{"embeddable":true,"href":"https:\/\/old.libradio.org\/index.php?rest_route=\/wp\/v2\/users\/2"}],"replies":[{"embeddable":true,"href":"https:\/\/old.libradio.org\/index.php?rest_route=%2Fwp%2Fv2%2Fcomments&post=3162"}],"version-history":[{"count":96,"href":"https:\/\/old.libradio.org\/index.php?rest_route=\/wp\/v2\/pages\/3162\/revisions"}],"predecessor-version":[{"id":12445,"href":"https:\/\/old.libradio.org\/index.php?rest_route=\/wp\/v2\/pages\/3162\/revisions\/12445"}],"up":[{"embeddable":true,"href":"https:\/\/old.libradio.org\/index.php?rest_route=\/wp\/v2\/pages\/3689"}],"wp:attachment":[{"href":"https:\/\/old.libradio.org\/index.php?rest_route=%2Fwp%2Fv2%2Fmedia&parent=3162"}],"curies":[{"name":"wp","href":"https:\/\/api.w.org\/{rel}","templated":true}]}}