{"id":5231,"date":"2019-01-22T16:26:12","date_gmt":"2019-01-22T15:26:12","guid":{"rendered":"http:\/\/old.libradio.org\/?page_id=5231"},"modified":"2020-03-10T10:57:44","modified_gmt":"2020-03-10T09:57:44","slug":"les-podcasts","status":"publish","type":"page","link":"https:\/\/old.libradio.org\/?page_id=5231","title":{"rendered":"Les podcasts de la GFF"},"content":{"rendered":"<h1>8 mars 2020: journ\u00e9e de Luttes<\/h1>\n<ul>\n<li class=\"title\"><a href=\"https:\/\/audioblog.arteradio.com\/blog\/98384\/podcast\/143367\/8-m2020-introduction-de-la-journee-par-le-collectif#\" target=\"_blank\" rel=\"noopener\"><strong><span style=\"color: #993366;\">Introduction<\/span><\/strong><\/a> de la journ\u00e9e par le collectif<\/li>\n<li class=\"title\">Les <a href=\"https:\/\/audioblog.arteradio.com\/blog\/98384\/podcast\/143368\/8-m2020-intersyndicale#\" target=\"_blank\" rel=\"noopener\"><strong><span style=\"color: #993366;\">syndicats<\/span><\/strong><\/a> Unia, SIT et SSP posent leurs revendications<\/li>\n<li>Nous devons rappeler que notre journ\u00e9e n&rsquo;est pas un moyen de gagner des voix messieurs socialistes et lib\u00e9raux!<br \/>\n<a href=\"https:\/\/audioblog.arteradio.com\/blog\/98384\/podcast\/143369\/8-m2020-partis-politiques-et-pose-de-plaque-commemorative#\" target=\"_blank\" rel=\"noopener\"><strong><span style=\"color: #993366;\">Prise de paroles<\/span><\/strong><\/a> en vue de la pose de la plaque comm\u00e9morative de l&rsquo;ancienne maison des femmes!<\/li>\n<li>Action du SIT: Les Femmes du secteur de l<a href=\"https:\/\/audioblog.arteradio.com\/blog\/98384\/podcast\/143370\/8-m2020-action-du-sit#\" target=\"_blank\" rel=\"noopener\"><strong><span style=\"color: #993366;\">&lsquo;\u00e9conomie domestique<\/span><\/strong><\/a> se mobilisent<\/li>\n<li>Revendication de l&rsquo;association <a href=\"https:\/\/audioblog.arteradio.com\/blog\/98384\/podcast\/143371\/8-m2020-association-albatros#\" target=\"_blank\" rel=\"noopener\"><strong><span style=\"color: #993366;\">Albatros<\/span><\/strong><\/a><\/li>\n<li>Les femmes du <a href=\"https:\/\/audioblog.arteradio.com\/blog\/98384\/podcast\/143373\/8-m2020-sit-nettoyage#\" target=\"_blank\" rel=\"noopener\"><strong><span style=\"color: #993366;\">secteur nettoyage<\/span> <\/strong><\/a>du SIT revendiquent leurs droits!<\/li>\n<li>Ninna Lavic nous propose une petite <a href=\"https:\/\/audioblog.arteradio.com\/blog\/98384\/podcast\/143374\/8-m2020-une-journee-de-poesies#\" target=\"_blank\" rel=\"noopener\"><strong><span style=\"color: #993366;\">parenth\u00e8se po\u00e9tique<\/span><\/strong><\/a> dont elle est l&rsquo;auteure<\/li>\n<li>Entretien avec Amal, journaliste et <a href=\"https:\/\/audioblog.arteradio.com\/blog\/98384\/podcast\/143375\/8-m2020-amal-femme-d-egypte#\" target=\"_blank\" rel=\"noopener\"><strong><span style=\"color: #993366;\">f\u00e9ministe \u00e9gyptienne<\/span><\/strong><\/a><\/li>\n<li>\n<div class=\"presentation\"><a href=\"https:\/\/audioblog.arteradio.com\/blog\/98384\/podcast\/143376\/8-m2020-vieilles-femmes-indignes-et-indignees#\" target=\"_blank\" rel=\"noopener\"><strong><span style=\"color: #993366;\">Vieilles Femmes Indignes et Indign\u00e9es<\/span><\/strong><\/a>, occupation de la maison de Femmes et radio pirate!<\/div>\n<\/li>\n<li>Prise de paroles et revendication de <a href=\"https:\/\/audioblog.arteradio.com\/blog\/98384\/podcast\/143377\/8-m2020-ademag#\" target=\"_blank\" rel=\"noopener\"><strong><span style=\"color: #993366;\">ADEMAG<\/span><\/strong><\/a><\/li>\n<li>Perla Joe,<a href=\"https:\/\/audioblog.arteradio.com\/blog\/98384\/podcast\/143378\/8-m2020-femme-libanaise#\" target=\"_blank\" rel=\"noopener\"><strong><span style=\"color: #993366;\"> activiste libanaise<\/span><\/strong><\/a>, t\u00e9moigne<\/li>\n<li>Prise de parole du collectif<a href=\"https:\/\/audioblog.arteradio.com\/blog\/98384\/podcast\/143380\/8-m2020-foulard-violet#\" target=\"_blank\" rel=\"noopener\"><span style=\"color: #993366;\"><strong> Foulard Violet<\/strong><\/span><\/a><\/li>\n<li>Prise de parole <a href=\"https:\/\/audioblog.arteradio.com\/blog\/98384\/podcast\/143381\/8-m2020-les-meufs-prennent-la-parole#\" target=\"_blank\" rel=\"noopener\"><strong><span style=\"color: #993366;\">\u00ab\u00a0les MEUFS\u00a0\u00bb<\/span><\/strong><\/a><\/li>\n<li>Prise de parole de l&rsquo;association<a href=\"https:\/\/audioblog.arteradio.com\/blog\/98384\/podcast\/143382\/8-m2020#\" target=\"_blank\" rel=\"noopener\"><strong><span style=\"color: #993366;\"> Je Suis RDCongolaise<\/span><\/strong><\/a><\/li>\n<li>Revendications dans les <a href=\"https:\/\/audioblog.arteradio.com\/blog\/98384\/podcast\/143383\/8-m2020-femmes-d-eglises#\" target=\"_blank\" rel=\"noopener\"><strong><span style=\"color: #993366;\">communaut\u00e9s religieuses<\/span><\/strong><\/a><\/li>\n<li>Ambiance, tambours, et Flashmob:<a href=\"https:\/\/audioblog.arteradio.com\/blog\/98384\/podcast\/143384\/8-m2020-ambiance-feministe#\" target=\"_blank\" rel=\"noopener\"><strong><span style=\"color: #993366;\"> merci \u00e0 toutes!<\/span><\/strong><\/a>!!<\/li>\n<li style=\"text-align: left;\"><strong><span style=\"color: #993366;\"><a href=\"https:\/\/old.libradio.org\/wp-content\/uploads\/2020\/03\/G8_Paroles_Finales_Master.mp3\" target=\"_blank\" rel=\"noopener\"><span style=\"color: #993366;\">Prises de paroles finales:<\/span><\/a> <\/span><\/strong><\/li>\n<\/ul>\n<p style=\"padding-left: 90px;\">_Laura Drompt. Journaliste f\u00e9ministe 0-1\u2032<br \/>\n_Perla Joe Maalouli. Artiste. Liban 1\u2032-7\u2032<br \/>\n_Laurene Railola. \u00ab Je suis RDCongolaise \u00bb 7\u201930-15\u2032<br \/>\n_Z\u00e9oudi. Femmes \u00e9rythr\u00e9ennes 15\u201910-22\u201925<br \/>\n_Laura Drompt. Journaliste f\u00e9ministe 22\u201925-25\u2032<br \/>\n_Paule Mangeat. \u00ab P\u00e2quis Folles de Rage \u00bb : pr\u00e9carit\u00e9 menstruelle\u00bb 25\u2032-26\u201930<br \/>\n_Wissam. \u00ab Foulards Violets- Gr\u00e8ve des Femmes \u00bb. 16\u201930-31<br \/>\n_Groupe Femmes Latino-am\u00e9ricaines 31\u201910-[31\u201940 espagnol|35\u201930 fran\u00e7ais] \u00e9pilogue 38\u201930<\/p>\n<p>&nbsp;<\/p>\n<p>&nbsp;<\/p>\n<p>&nbsp;<\/p>\n<p>Comme \u00e0 son habitude, Libradio se saisit des mouvement sociaux et politique qui animent notre soci\u00e9t\u00e9 et se propose d&rsquo;en relayer le contenu au plus grand nombre. Sur cette page vous trouverez tout ce qui est en lien de la Gr\u00e8ve F\u00e9ministe du 14 juin 2019.<\/p>\n<p>&nbsp;<\/p>\n<div class=\"cartouche\">\n<h1>14 juin: en direct de la manifestation<\/h1>\n<ul>\n<li><span style=\"color: #800080;\"><a style=\"color: #800080;\" href=\"https:\/\/audioblog.arteradio.com\/blog\/98384\/podcast\/137647\/gff-appel\" target=\"_blank\" rel=\"noopener\"><strong>Appel<\/strong><\/a><\/span> multilingue lors du d\u00e9part de la manifestation<\/li>\n<li>\n<div class=\"presentation\">Prise de parole du <span style=\"color: #800080;\"><a style=\"color: #800080;\" href=\"https:\/\/audioblog.arteradio.com\/blog\/98384\/podcast\/137648\/gff-le-collectif-s-exprime\" target=\"_blank\" rel=\"noopener\"><strong>Collectif<\/strong><\/a><\/span> d&rsquo;organisation de la Gr\u00e8ve des Femmes * &#8211; Gr\u00e8ve F\u00e9ministe<\/div>\n<\/li>\n<li>\n<div class=\"presentation\">Revendications des Etudiantes de la <a href=\"https:\/\/audioblog.arteradio.com\/blog\/98384\/podcast\/137649\/gff-hets\" target=\"_blank\" rel=\"noopener\"><strong><span style=\"color: #800080;\">Haute \u00c9cole de Travail Social<\/span><\/strong><\/a><\/div>\n<\/li>\n<li>\n<div class=\"presentation\">Revendication du <a href=\"https:\/\/audioblog.arteradio.com\/blog\/98384\/podcast\/137650\/gff-harcelement-sexuel\" target=\"_blank\" rel=\"noopener\"><strong><span style=\"color: #800080;\">Comit\u00e9 de Lutte contre le harc\u00e8lement sexuel<\/span><\/strong><\/a><\/div>\n<\/li>\n<li>\n<div class=\"presentation\"><a href=\"https:\/\/audioblog.arteradio.com\/blog\/98384\/podcast\/137651\/gff-syndicats\" target=\"_blank\" rel=\"noopener\"><strong><span style=\"color: #800080;\">Revendications Syndicales<\/span><\/strong><\/a> exprim\u00e9es par Val\u00e9rie Buchs (SIT) et Anne Michel (SSP)<\/div>\n<\/li>\n<li>\n<div class=\"presentation\">La <a href=\"https:\/\/audioblog.arteradio.com\/blog\/98384\/podcast\/137652\/gff-novuelle-generation\" target=\"_blank\" rel=\"noopener\"><strong><span style=\"color: #800080;\">nouvelle g\u00e9n\u00e9ration<\/span><\/strong><\/a> F\u00e9ministe s&rsquo;exprime<\/div>\n<\/li>\n<li>\n<div class=\"presentation\">Revendications de l&rsquo;<a href=\"https:\/\/audioblog.arteradio.com\/blog\/98384\/podcast\/137653\/gff-viol-secours\" target=\"_blank\" rel=\"noopener\"><strong><span style=\"color: #800080;\">Association Viol-Secours<\/span><\/strong><\/a><\/div>\n<\/li>\n<li>\n<div class=\"presentation\">Revendications de l&rsquo;<a href=\"https:\/\/audioblog.arteradio.com\/blog\/98384\/podcast\/137654\/gff-femmes-migrantes\" target=\"_blank\" rel=\"noopener\"><strong><span style=\"color: #800080;\">Association des Femmes Migrantes \u00e0 Gen\u00e8ve<\/span><\/strong><\/a><\/div>\n<\/li>\n<li>\n<div class=\"presentation\">Revendications du <a href=\"https:\/\/audioblog.arteradio.com\/blog\/98384\/podcast\/137655\/gff-la-culture\" target=\"_blank\" rel=\"noopener\"><strong><span style=\"color: #800080;\">Groupe Culture<\/span><\/strong><\/a> du Collectif de la Gr\u00e8ve<\/div>\n<\/li>\n<\/ul>\n<p>&nbsp;<\/p>\n<p>&nbsp;<\/p>\n<h1>8 mars 2019: journ\u00e9e internationale de lutte pour les droits des femmes<\/h1>\n<\/div>\n<div class=\"texte\">\n<h3 class=\"spip\">Go\u00fbter f\u00e9ministe solidaire et international en direct depuis le Rond-Point de Plainpalais<\/h3>\n<p>38 ans apr\u00e8s l\u2019inscription du principe d\u2019\u00e9galit\u00e9 dans la Constitution, nous voulons des faits. Nos salaires et nos retraites sont toujours insuffisants. Les femmes assurent les deux-tiers du travail domestique, \u00e9ducatif et de soins, ce qui conduit \u00e0 des temps partiels contraints et \u00e0 des interruptions de carri\u00e8re p\u00e9nalisantes. Les places en cr\u00e8ches et le soutien \u00e0 domicile sont insuffisants. Nous voulons changer un syst\u00e8me qui d\u00e9valorise le travail des femmes, tol\u00e8re le sexisme, le harc\u00e8lement sexuel et la violence \u00e0 l\u2019\u00e9gard des femmes et des personnes LGBTIQ. Nous voulons vivre sans la peur d\u2019\u00eatre agress\u00e9-e-s dans la rue, harcel\u00e9-e-s sur le lieu de travail ou de formation, maltrait\u00e9-e-s \u00e0 la maison. Nous voulons une soci\u00e9t\u00e9 fond\u00e9e sur l\u2019\u00e9galit\u00e9 et la solidarit\u00e9 quels que soient notre couleur de peau, notre culture, origine ou religion, notre passeport, notre situation familiale ou affective, ou notre \u00e2ge. Notre travail, sans lequel la Suisse ne fonctionnerait tout simplement pas, produit de la richesse. Il doit \u00eatre valoris\u00e9.<\/p>\n<p>&nbsp;<\/p>\n<\/div>\n<p><span style=\"color: #800080;\"><strong><a style=\"color: #800080;\" href=\"https:\/\/audioblog.arteradio.com\/blog\/98384\/podcast\/134532\/journee-internationale-de-lutte-pour-les-droits-des-femmes#\" target=\"_blank\" rel=\"noopener\">Introduction avec Camille S.<\/a><\/strong><\/span><\/p>\n<p><span style=\"color: #800080;\"><strong><a style=\"color: #800080;\" href=\"https:\/\/audioblog.arteradio.com\/blog\/98384\/podcast\/134533\/solidarite-avec-la-lutte-bresilienne\" target=\"_blank\" rel=\"noopener\">Mouvement des affect\u00e9es par les barrages au Br\u00e9sil<\/a><\/strong><\/span><\/p>\n<p><span style=\"color: #800080;\"><strong><a style=\"color: #800080;\" href=\"https:\/\/audioblog.arteradio.com\/blog\/98384\/podcast\/134534\/solidarite-avec-la-lutte-belge\" target=\"_blank\" rel=\"noopener\">Solidarit\u00e9 avec la lutte belge: en direct avec Elisa<\/a><\/strong><\/span><\/p>\n<p><span style=\"color: #800080;\"><strong><a style=\"color: #800080;\" href=\"https:\/\/audioblog.arteradio.com\/blog\/98384\/podcast\/134535\/les-statistiques-suisses\" target=\"_blank\" rel=\"noopener\">L&rsquo;in\u00e9galit\u00e9 salariale et les retraites en Suisse: un point sur la situation<\/a><\/strong><\/span><\/p>\n<p><span style=\"color: #800080;\"><strong><a style=\"color: #800080;\" href=\"https:\/\/audioblog.arteradio.com\/blog\/98384\/podcast\/134536\/solidarite-avec-la-lutte-italienne\" target=\"_blank\" rel=\"noopener\">Solidarit\u00e9 avec la lutte italienne: en direct avec Valentina<\/a><\/strong><\/span><\/p>\n<p><span style=\"color: #800080;\"><strong><a style=\"color: #800080;\" href=\"https:\/\/audioblog.arteradio.com\/blog\/98384\/podcast\/134537\/presentation-de-la-marche-noctrune-genenvoise\" target=\"_blank\" rel=\"noopener\">Pr\u00e9sentation de la marche nocturne genevoise par Alix<\/a><\/strong><\/span><\/p>\n<p><span style=\"color: #800080;\"><strong><a style=\"color: #800080;\" href=\"https:\/\/audioblog.arteradio.com\/blog\/98384\/podcast\/134538\/solidarite-avec-la-lutte-allemande\" target=\"_blank\" rel=\"noopener\">Solidarit\u00e9 avec la lutte allemande: en direct avec Kristen<\/a><\/strong><\/span><\/p>\n<p><span style=\"color: #800080;\"><strong><a style=\"color: #800080;\" href=\"https:\/\/audioblog.arteradio.com\/blog\/98384\/podcast\/134539\/solidarite-avec-la-lutte-espagnole\" target=\"_blank\" rel=\"noopener\">Solidarit\u00e9 avec la lutte espagnole: en direct avec Roc\u00edo<\/a><\/strong><\/span><\/p>\n<p><span style=\"color: #800080;\"><a style=\"color: #800080;\" href=\"https:\/\/audioblog.arteradio.com\/blog\/98384\/podcast\/134540\/expression-libre\" target=\"_blank\" rel=\"noopener\"><strong>Micro-ouvert<\/strong><\/a><\/span><\/p>\n<p>&nbsp;<\/p>\n<p>&nbsp;<\/p>\n<h1>14 Janvier 2019<\/h1>\n<p><span style=\"color: #800080;\"><a style=\"color: #800080;\" href=\"https:\/\/audioblog.arteradio.com\/blog\/98384\/podcast\/132752\/greve-feministe-action-faire-du-bruit-du-16-janvier-2019#\" target=\"_blank\" rel=\"noopener\"><strong>Action \u00ab\u00a0Faire du bruit\u00a0\u00bb<\/strong><\/a><\/span><\/p>\n<p><em>Contacts et informations:<\/em><\/p>\n<p><em><a href=\"https:\/\/frauenstreik2019.ch\/startseite\/agenda-2\/collectif-geneve\/\" target=\"_blank\" rel=\"noopener\">Collectif gen\u00e8ve<\/a><\/em><\/p>\n<p><em>grevefeministe@gmail.com<\/em><\/p>\n<p>&nbsp;<\/p>\n<p>&nbsp;<\/p>\n<p>&nbsp;<\/p>\n<p><span style=\"color: #800080;\"><a style=\"color: #800080;\" href=\"https:\/\/audioblog.arteradio.com\/blog\/98384\/podcast\/132753\/conference-de-presse-du-14-janvier-2019-au-sit-les-nettoyeuses-d-orgapropre-font-greve#\" target=\"_blank\" rel=\"noopener\"><strong>Conf\u00e9rence de Presse au SIT: les nettoyeuses d&rsquo;Orgapropre font gr\u00e8ve!<\/strong><\/a><\/span><\/p>\n<p><em>Contact et informations:<\/em><\/p>\n<p><em>melezi@sit-syndicat.ch<\/em><\/p>\n<p><em>\u00a0<\/em><\/p>\n<p>&nbsp;<\/p>\n<p>&nbsp;<\/p>\n<p>&nbsp;<\/p>\n<p>&nbsp;<\/p>\n","protected":false},"excerpt":{"rendered":"<p>8 mars 2020: journ\u00e9e de Luttes Introduction de la journ\u00e9e par le collectif Les syndicats Unia, SIT et SSP posent leurs revendications Nous devons rappeler que notre journ\u00e9e n&rsquo;est pas un moyen de gagner des voix messieurs socialistes et lib\u00e9raux! Prise de paroles en vue de la pose de la plaque comm\u00e9morative de l&rsquo;ancienne maison [&hellip;]<\/p>\n","protected":false},"author":3,"featured_media":0,"parent":0,"menu_order":2,"comment_status":"closed","ping_status":"closed","template":"","meta":[],"_links":{"self":[{"href":"https:\/\/old.libradio.org\/index.php?rest_route=\/wp\/v2\/pages\/5231"}],"collection":[{"href":"https:\/\/old.libradio.org\/index.php?rest_route=\/wp\/v2\/pages"}],"about":[{"href":"https:\/\/old.libradio.org\/index.php?rest_route=\/wp\/v2\/types\/page"}],"author":[{"embeddable":true,"href":"https:\/\/old.libradio.org\/index.php?rest_route=\/wp\/v2\/users\/3"}],"replies":[{"embeddable":true,"href":"https:\/\/old.libradio.org\/index.php?rest_route=%2Fwp%2Fv2%2Fcomments&post=5231"}],"version-history":[{"count":17,"href":"https:\/\/old.libradio.org\/index.php?rest_route=\/wp\/v2\/pages\/5231\/revisions"}],"predecessor-version":[{"id":8287,"href":"https:\/\/old.libradio.org\/index.php?rest_route=\/wp\/v2\/pages\/5231\/revisions\/8287"}],"wp:attachment":[{"href":"https:\/\/old.libradio.org\/index.php?rest_route=%2Fwp%2Fv2%2Fmedia&parent=5231"}],"curies":[{"name":"wp","href":"https:\/\/api.w.org\/{rel}","templated":true}]}}